{"id":2889,"date":"2021-05-08T12:33:57","date_gmt":"2021-05-08T10:33:57","guid":{"rendered":"https:\/\/next.chemin-neuf.be\/wie-zijn-we\/in-parochies\/"},"modified":"2026-03-25T11:07:27","modified_gmt":"2026-03-25T10:07:27","slug":"in-parochies","status":"publish","type":"page","link":"https:\/\/www.chemin-neuf.be\/nl\/in-parochies\/","title":{"rendered":"In parochies"},"content":{"rendered":"\n<div class=\"wp-block-buttons is-content-justification-center is-layout-flex wp-block-buttons-is-layout-flex\">\n<div class=\"wp-block-button\"><a class=\"wp-block-button__link no-border-radius\" href=\"#notrevision\">ONZE VISIE <br\/>van een missionaris parochie<\/a><\/div>\n\n\n\n<div class=\"wp-block-button\"><a class=\"wp-block-button__link no-border-radius\" href=\"https:\/\/www.bethechurch.fr\/\" target=\"_blank\" rel=\"noreferrer noopener\">BE THE CHURCH<br\/>Het parochiefestival<\/a><\/div>\n\n\n\n<div class=\"wp-block-button\"><a class=\"wp-block-button__link no-border-radius\" href=\"https:\/\/chemin-neuf.fr\/ou-nous-trouver\/?cat=paroisses\" target=\"_blank\" rel=\"noreferrer noopener\">PAROCHIES <br\/>toevertrouwd aan Chemin Neuf<\/a><\/div>\n<\/div>\n\n<p class=\"has-drop-cap has-large-font-size\" id=\"notrevision\">ONZE VISIE<\/p>\n\n<p>Wij willen van onze <strong>parochies<\/strong> echte <strong>broederlijke gemeenschappen maken, diepgaand omgevormd<\/strong> door Gods liefde en <strong>missionair,<\/strong> waar iedereen een <strong>persoonlijke ontmoeting met de Heer<\/strong> heeft gehad en zich inzet voor een weg van <strong>geestelijke groei,<\/strong> bereid om <strong>zijn vreugde en hoop te delen<\/strong> met de wereld.<\/p>\n\n<p>Samen, leden van de <strong>Gemeenschap Chemin Neuf en parochianen,<\/strong> willen wij meewerken aan de vernieuwing van de Kerk door van deze parochies <strong>levende, warme<\/strong> en<strong>stralende<\/strong> plaatsen te blijven maken.<\/p>\n\n<p>Wij bieden <strong>een visie<\/strong> en een <strong>spiritueel groeiproces<\/strong> met als doel <strong>parochianen te vormen en toe te rusten<\/strong> om <strong>missionaire discipelen<\/strong> te worden.<\/p>\n\n<p>De inbreng van de <strong>spiritualiteit van de gemeenschap<\/strong> (via de liturgie, de eredienst, de gemeenschappelijke broederschappen en de Ignatiaanse inleidingen en retraites) maakt deze <strong>grotere rijkdom mogelijk van voorstellen<\/strong> die aangepast zijn aan eenieder naar gelang van zijn leeftijd en levensstaat.<\/p>\n\n<p class=\"has-drop-cap\">Samen met de broeders en zusters van de gemeenschap willen wij de parochi\u00eble missionaire broederschappen een <strong>lichaam van dienaren<\/strong>op te bouwen, toegewijd aan een pad van <strong>geestelijke rijpheid,<\/strong> evormd tot een ware <strong>medeverantwoordelijkheid<\/strong> en een gemeenschappelijke visie, zodat anderen op hun beurt deze overweldigende ervaring van Gods oneindige liefde kunnen hebben.<\/p>\n\n<p>Als ieder van ons zijn of haar gaven en talenten erkent, aanvaardt zich te laten leiden door de heilige Geest en getuigt van Gods onvoorwaardelijke liefde, kunnen <strong>onze parochies<\/strong> <strong>groeien<\/strong> en hopen we elke zondag meer en meer nieuwe bekeerlingen of herbekeerden <strong>hun leven aan Jezus te zien geven<\/strong>.<\/p>\n\n<h2 class=\"has-text-align-center wp-block-heading\"><strong>ONZE PIJLERS<\/strong><\/h2>\n\n<div class=\"wp-block-columns is-layout-flex wp-container-core-columns-is-layout-9d6595d7 wp-block-columns-is-layout-flex\">\n<div class=\"wp-block-column is-layout-flow wp-block-column-is-layout-flow\">\n<figure class=\"wp-block-image size-large\"><img decoding=\"async\" src=\"http:\/\/chemin-neuf.fr\/wp-content\/uploads\/2020\/11\/carre-GP-1.jpg\" alt=\"\" class=\"wp-image-2603\"\/><figcaption><strong>HET GEBED BELEVEN<\/strong> EN <strong>LOFPRIJZING<\/strong><br\/>Onze persoonlijke relatie met Christus verdiepen<\/figcaption><\/figure>\n\n\n\n<figure class=\"wp-block-image size-large\"><img decoding=\"async\" src=\"http:\/\/chemin-neuf.fr\/wp-content\/uploads\/2020\/11\/carre-Fran&#xE7;ois-M-ens..jpg\" alt=\"\" class=\"wp-image-2621\"\/><figcaption><strong>ZICH VORMEN<\/strong><br\/>Een vormingstraject ingaan<\/figcaption><\/figure>\n<\/div>\n\n\n\n<div class=\"wp-block-column is-layout-flow wp-block-column-is-layout-flow\">\n<figure class=\"wp-block-image size-large\"><img decoding=\"async\" src=\"http:\/\/chemin-neuf.fr\/wp-content\/uploads\/2020\/10\/carre-adoration.jpg\" alt=\"\" class=\"wp-image-969\"\/><figcaption><strong>SAMEN VIEREN<\/strong><br\/>met prachtige liturgie\u00ebn en de aanbidding van het Heilig Sacrament.<\/figcaption><\/figure>\n\n\n\n<figure class=\"wp-block-image size-large\"><img decoding=\"async\" src=\"http:\/\/chemin-neuf.fr\/wp-content\/uploads\/2020\/11\/carre-ancel.jpg\" alt=\"\" class=\"wp-image-1071\"\/><figcaption><strong>DE BROEDERSCHAP BELEVEN<\/strong><br\/>Regelmatig delen in fraterniteit in waarheid.<\/figcaption><\/figure>\n<\/div>\n\n\n\n<div class=\"wp-block-column is-layout-flow wp-block-column-is-layout-flow\">\n<figure class=\"wp-block-image size-large\"><img decoding=\"async\" src=\"http:\/\/chemin-neuf.fr\/wp-content\/uploads\/2020\/11\/carre-cana-parent-enft.jpg\" alt=\"\" class=\"wp-image-2600\"\/><figcaption><strong>ONTMOETEN<\/strong><br\/>Onze broederlijke, echtelijke en familiale relaties verdiepen<\/figcaption><\/figure>\n\n\n\n<figure class=\"wp-block-image size-large\"><img decoding=\"async\" src=\"http:\/\/chemin-neuf.fr\/wp-content\/uploads\/2020\/11\/carre-Temoignage-Laura.jpg\" alt=\"\" class=\"wp-image-2624\"\/><figcaption><strong>MISSIONARISSEN WORDEN<\/strong><br\/>echte missionaire discipelen van Christus.<\/figcaption><\/figure>\n<\/div>\n\n\n\n<div class=\"wp-block-column is-layout-flow wp-block-column-is-layout-flow\">\n<figure class=\"wp-block-image size-large\"><img decoding=\"async\" src=\"http:\/\/chemin-neuf.fr\/wp-content\/uploads\/2020\/11\/carre-vie-co.jpg\" alt=\"\" class=\"wp-image-2627\"\/><figcaption><strong>DELEN<\/strong><br\/>het gemeenschapsleven, klein en groot allemaal samen<\/figcaption><\/figure>\n\n\n\n<figure class=\"wp-block-image size-large\"><img decoding=\"async\" src=\"http:\/\/chemin-neuf.fr\/wp-content\/uploads\/2020\/11\/carre-BTC-F&#xEA;te.jpg\" alt=\"\" class=\"wp-image-2631\"\/><figcaption><strong>EN VIEREN<\/strong><br\/>de Blijde Boodschap dat we willen overbrengen<\/figcaption><\/figure>\n<\/div>\n<\/div>\n\n<h2 class=\"has-text-align-center wp-block-heading\"><strong>Internationaal Festival van de Parochies<\/strong><\/h2>\n\n<div class=\"wp-block-cover has-background-dim-20 has-background-dim\"><img decoding=\"async\" class=\"wp-block-cover__image-background wp-image-3707\" alt=\"\" src=\"http:\/\/chemin-neuf.fr\/wp-content\/uploads\/2020\/12\/1-21.jpg\" data-object-fit=\"cover\"\/><div class=\"wp-block-cover__inner-container is-layout-flow wp-block-cover-is-layout-flow\">\n<p class=\"has-text-align-center has-large-font-size\"><strong>BE THE CHURCH<\/strong><\/p>\n\n\n\n<div class=\"wp-block-buttons is-content-justification-center is-layout-flex wp-block-buttons-is-layout-flex\">\n<div class=\"wp-block-button\"><a class=\"wp-block-button__link has-very-light-gray-color has-vivid-green-cyan-background-color has-text-color has-background no-border-radius\" href=\"https:\/\/www.bethechurch.fr\/\" target=\"_blank\" rel=\"noreferrer noopener\">Ontdek het Festival<\/a><\/div>\n<\/div>\n\n\n\n<p class=\"has-text-align-center has-text-color has-medium-font-size\" style=\"color:#c95609\"><strong><span style=\"color:#ebedee\" class=\"has-inline-color\">EEN UNIEKE WEEK<br\/>om samen de nieuwheid van de Heilige Geest te ontvangen<br\/>in elk van onze parochies en<br\/>om een familie van missionare discipelen te vormen.<\/span><\/strong><\/p>\n<\/div><\/div>\n\n<div style=\"height:20px\" aria-hidden=\"true\" class=\"wp-block-spacer\"><\/div>\n\n<div class=\"wp-block-columns is-layout-flex wp-container-core-columns-is-layout-9d6595d7 wp-block-columns-is-layout-flex\">\n<div class=\"wp-block-column is-layout-flow wp-block-column-is-layout-flow\">\n<p><strong>Inter-parochiaal<\/strong>. Een ontmoeting van parochianen uit verschillende parochies die aan de gemeenschap zijn toevertrouwd, van zeer verschillende grootte en kenmerken, uit alle lagen van de bevolking&#8230; stadscentra en ook uit landelijke gebieden.<\/p>\n<\/div>\n\n\n\n<div class=\"wp-block-column is-layout-flow wp-block-column-is-layout-flow\">\n<p><strong>Voor de familie<\/strong> Alle levenstoelevenstanden zijn welkom, families en singles! De kinderen hebben een sessie aangepast aan hun leeftijd. De kleintjes &#8211; tot 7 jaar &#8211; blijven ter plaatse. De oudere kinderen gaan per leeftijdsgroep naar andere plaatsen.<\/p>\n<\/div>\n\n\n\n<div class=\"wp-block-column is-layout-flow wp-block-column-is-layout-flow\">\n<p><strong>Internationale<\/strong>. Delegaties uit meer dan 25 landen: Duitsland, Brazili\u00eb, Groot-Brittanni\u00eb, Polen, Tsjechi\u00eb&#8230; Deze internationale dimensie is voor iedereen een kans op verrijking.<\/p>\n<\/div>\n<\/div>\n\n<div class=\"wp-block-columns is-layout-flex wp-container-core-columns-is-layout-9d6595d7 wp-block-columns-is-layout-flex\">\n<div class=\"wp-block-column is-layout-flow wp-block-column-is-layout-flow\">\n<p><strong>Theologisch<\/strong>. Deze week is een gelegenheid om gevormd te worden rond een van de 10 thema&#8217;s die gekozen zijn voor deze theologische vorming op lange termijn, die een van de belangrijke punten is van de Missionaire Fraterniteiten.<\/p>\n<\/div>\n\n\n\n<div class=\"wp-block-column is-layout-flow wp-block-column-is-layout-flow\">\n<p><strong>Oecumenisch<\/strong>. De oecumenische dimensie blijft centraal staan in alle door de Gemeenschap gegeven opleidingen.<\/p>\n<\/div>\n\n\n\n<div class=\"wp-block-column is-layout-flow wp-block-column-is-layout-flow\">\n<p><strong>Ignaciaans<\/strong>. Deze week, een ware school van gebed en onderscheiding, stelt ons in staat opnieuw te lezen hoe God ons leidt.<\/p>\n<\/div>\n<\/div>\n\n<div class=\"wp-block-columns is-layout-flex wp-container-core-columns-is-layout-9d6595d7 wp-block-columns-is-layout-flex\">\n<div class=\"wp-block-column is-layout-flow wp-block-column-is-layout-flow\">\n<p><strong>Charismatisch<\/strong>. In het middelpunt van onze week staat het charismatische leven, een fundamenteel element van het hele Festival&#8230; Een ervaring van leven in de Heilige Geest met de verwelkoming van charismatische gaven!<\/p>\n<\/div>\n\n\n\n<div class=\"wp-block-column is-layout-flow wp-block-column-is-layout-flow\">\n<p><strong>Missionaris<\/strong>. Deze Parochiale Fraterniteit is missionair in zijn essentie!<br\/>Wij willen meer en meer getuigen worden en meer en meer de Blijde Boodschap verkondigen in het hart van de parochies.<\/p>\n<\/div>\n\n\n\n<div class=\"wp-block-column is-layout-flow wp-block-column-is-layout-flow\">\n<p><strong>In de geest van Vaticanum II.<\/strong> Deze Raad is een echte schat. Wij willen van deze Raad blijven ontvangen wat de Kerk zich nog niet heeft toege\u00ebigend en in praktijk gebracht.<\/p>\n<\/div>\n<\/div>\n\n<div class=\"wp-block-columns is-layout-flex wp-container-core-columns-is-layout-9d6595d7 wp-block-columns-is-layout-flex\">\n<div class=\"wp-block-column is-layout-flow wp-block-column-is-layout-flow\">\n<figure class=\"wp-block-embed is-type-video is-provider-youtube wp-block-embed-youtube wp-embed-aspect-16-9 wp-has-aspect-ratio\"><div class=\"wp-block-embed__wrapper\">\n<iframe loading=\"lazy\" title=\"Festival Be The Church 2020\" width=\"500\" height=\"281\" src=\"https:\/\/www.youtube.com\/embed\/X0ZOgoNwhq4?feature=oembed\" frameborder=\"0\" allow=\"accelerometer; autoplay; clipboard-write; encrypted-media; gyroscope; picture-in-picture; web-share\" referrerpolicy=\"strict-origin-when-cross-origin\" allowfullscreen><\/iframe>\n<\/div><\/figure>\n<\/div>\n\n\n\n<div class=\"wp-block-column is-layout-flow wp-block-column-is-layout-flow\">\n<figure class=\"wp-block-embed is-type-video is-provider-youtube wp-block-embed-youtube wp-embed-aspect-16-9 wp-has-aspect-ratio\"><div class=\"wp-block-embed__wrapper\">\n<iframe loading=\"lazy\" title=\"BE THE CHURCH Aftermovie 2019\" width=\"500\" height=\"281\" src=\"https:\/\/www.youtube.com\/embed\/a-6jSxjmO-o?feature=oembed\" frameborder=\"0\" allow=\"accelerometer; autoplay; clipboard-write; encrypted-media; gyroscope; picture-in-picture; web-share\" referrerpolicy=\"strict-origin-when-cross-origin\" allowfullscreen><\/iframe>\n<\/div><\/figure>\n<\/div>\n<\/div>\n","protected":false},"excerpt":{"rendered":"<p>ONZE VISIE Wij willen van onze parochies echte broederlijke gemeenschappen maken, diepgaand omgevormd door Gods liefde en missionair, waar iedereen een persoonlijke ontmoeting met de Heer heeft gehad en zich inzet voor een weg van geestelijke groei, bereid om zijn vreugde en hoop te delen met de wereld. Samen, leden van de Gemeenschap Chemin Neuf [&hellip;]<\/p>\n","protected":false},"author":1,"featured_media":1967,"parent":0,"menu_order":7,"comment_status":"closed","ping_status":"closed","template":"","meta":{"_acf_changed":false,"footnotes":""},"class_list":["post-2889","page","type-page","status-publish","has-post-thumbnail","hentry"],"acf":[],"yoast_head":"<!-- This site is optimized with the Yoast SEO plugin v27.5 - https:\/\/yoast.com\/product\/yoast-seo-wordpress\/ -->\n<title>In parochies - Chemin Neuf Belgi\u00eb<\/title>\n<meta name=\"description\" content=\"ONZE VISIE van een missionaris parochie BE THE CHURCHHet parochiefestival PAROCHIES toevertrouwd aan Chemin Neuf ONZE VISIE Wij willen van onze parochies\" \/>\n<meta name=\"robots\" content=\"index, follow, max-snippet:-1, max-image-preview:large, max-video-preview:-1\" \/>\n<link rel=\"canonical\" href=\"https:\/\/www.chemin-neuf.be\/nl\/in-parochies\/\" \/>\n<meta property=\"og:locale\" content=\"nl_BE\" \/>\n<meta property=\"og:type\" content=\"article\" \/>\n<meta property=\"og:title\" content=\"In parochies - Chemin Neuf Belgi\u00eb\" \/>\n<meta property=\"og:description\" content=\"ONZE VISIE van een missionaris parochie BE THE CHURCHHet parochiefestival PAROCHIES toevertrouwd aan Chemin Neuf ONZE VISIE Wij willen van onze parochies\" \/>\n<meta property=\"og:url\" content=\"https:\/\/www.chemin-neuf.be\/nl\/in-parochies\/\" \/>\n<meta property=\"og:site_name\" content=\"Chemin Neuf Belgi\u00eb\" \/>\n<meta property=\"article:modified_time\" content=\"2026-03-25T10:07:27+00:00\" \/>\n<meta property=\"og:image\" content=\"https:\/\/www.chemin-neuf.be\/wp-content\/uploads\/2021\/04\/GS-enft-bougie.jpeg\" \/>\n\t<meta property=\"og:image:width\" content=\"2048\" \/>\n\t<meta property=\"og:image:height\" content=\"1362\" \/>\n\t<meta property=\"og:image:type\" content=\"image\/jpeg\" \/>\n<meta name=\"twitter:card\" content=\"summary_large_image\" \/>\n<meta name=\"twitter:label1\" content=\"Geschatte leestijd\" \/>\n\t<meta name=\"twitter:data1\" content=\"3 minuten\" \/>\n<script type=\"application\/ld+json\" class=\"yoast-schema-graph\">{\"@context\":\"https:\\\/\\\/schema.org\",\"@graph\":[{\"@type\":\"WebPage\",\"@id\":\"https:\\\/\\\/www.chemin-neuf.be\\\/nl\\\/in-parochies\\\/\",\"url\":\"https:\\\/\\\/www.chemin-neuf.be\\\/nl\\\/in-parochies\\\/\",\"name\":\"In parochies - Chemin Neuf Belgi\u00eb\",\"isPartOf\":{\"@id\":\"https:\\\/\\\/www.chemin-neuf.be\\\/nl\\\/#website\"},\"primaryImageOfPage\":{\"@id\":\"https:\\\/\\\/www.chemin-neuf.be\\\/nl\\\/in-parochies\\\/#primaryimage\"},\"image\":{\"@id\":\"https:\\\/\\\/www.chemin-neuf.be\\\/nl\\\/in-parochies\\\/#primaryimage\"},\"thumbnailUrl\":\"https:\\\/\\\/www.chemin-neuf.be\\\/wp-content\\\/uploads\\\/2021\\\/04\\\/GS-enft-bougie.jpeg\",\"datePublished\":\"2021-05-08T10:33:57+00:00\",\"dateModified\":\"2026-03-25T10:07:27+00:00\",\"description\":\"ONZE VISIE van een missionaris parochie BE THE CHURCHHet parochiefestival PAROCHIES toevertrouwd aan Chemin Neuf ONZE VISIE Wij willen van onze parochies\",\"breadcrumb\":{\"@id\":\"https:\\\/\\\/www.chemin-neuf.be\\\/nl\\\/in-parochies\\\/#breadcrumb\"},\"inLanguage\":\"nl-BE\",\"potentialAction\":[{\"@type\":\"ReadAction\",\"target\":[\"https:\\\/\\\/www.chemin-neuf.be\\\/nl\\\/in-parochies\\\/\"]}]},{\"@type\":\"ImageObject\",\"inLanguage\":\"nl-BE\",\"@id\":\"https:\\\/\\\/www.chemin-neuf.be\\\/nl\\\/in-parochies\\\/#primaryimage\",\"url\":\"https:\\\/\\\/www.chemin-neuf.be\\\/wp-content\\\/uploads\\\/2021\\\/04\\\/GS-enft-bougie.jpeg\",\"contentUrl\":\"https:\\\/\\\/www.chemin-neuf.be\\\/wp-content\\\/uploads\\\/2021\\\/04\\\/GS-enft-bougie.jpeg\",\"width\":2048,\"height\":1362},{\"@type\":\"BreadcrumbList\",\"@id\":\"https:\\\/\\\/www.chemin-neuf.be\\\/nl\\\/in-parochies\\\/#breadcrumb\",\"itemListElement\":[{\"@type\":\"ListItem\",\"position\":1,\"name\":\"Home\",\"item\":\"https:\\\/\\\/www.chemin-neuf.be\\\/nl\\\/\"},{\"@type\":\"ListItem\",\"position\":2,\"name\":\"In parochies\"}]},{\"@type\":\"WebSite\",\"@id\":\"https:\\\/\\\/www.chemin-neuf.be\\\/nl\\\/#website\",\"url\":\"https:\\\/\\\/www.chemin-neuf.be\\\/nl\\\/\",\"name\":\"Chemin Neuf Belgi\u00eb\",\"description\":\"Gemeenschap Chemin Neuf Belgi\u00eb\",\"potentialAction\":[{\"@type\":\"SearchAction\",\"target\":{\"@type\":\"EntryPoint\",\"urlTemplate\":\"https:\\\/\\\/www.chemin-neuf.be\\\/nl\\\/?s={search_term_string}\"},\"query-input\":{\"@type\":\"PropertyValueSpecification\",\"valueRequired\":true,\"valueName\":\"search_term_string\"}}],\"inLanguage\":\"nl-BE\"}]}<\/script>\n<!-- \/ Yoast SEO plugin. -->","yoast_head_json":{"title":"In parochies - Chemin Neuf Belgi\u00eb","description":"ONZE VISIE van een missionaris parochie BE THE CHURCHHet parochiefestival PAROCHIES toevertrouwd aan Chemin Neuf ONZE VISIE Wij willen van onze parochies","robots":{"index":"index","follow":"follow","max-snippet":"max-snippet:-1","max-image-preview":"max-image-preview:large","max-video-preview":"max-video-preview:-1"},"canonical":"https:\/\/www.chemin-neuf.be\/nl\/in-parochies\/","og_locale":"nl_BE","og_type":"article","og_title":"In parochies - Chemin Neuf Belgi\u00eb","og_description":"ONZE VISIE van een missionaris parochie BE THE CHURCHHet parochiefestival PAROCHIES toevertrouwd aan Chemin Neuf ONZE VISIE Wij willen van onze parochies","og_url":"https:\/\/www.chemin-neuf.be\/nl\/in-parochies\/","og_site_name":"Chemin Neuf Belgi\u00eb","article_modified_time":"2026-03-25T10:07:27+00:00","og_image":[{"width":2048,"height":1362,"url":"https:\/\/www.chemin-neuf.be\/wp-content\/uploads\/2021\/04\/GS-enft-bougie.jpeg","type":"image\/jpeg"}],"twitter_card":"summary_large_image","twitter_misc":{"Geschatte leestijd":"3 minuten"},"schema":{"@context":"https:\/\/schema.org","@graph":[{"@type":"WebPage","@id":"https:\/\/www.chemin-neuf.be\/nl\/in-parochies\/","url":"https:\/\/www.chemin-neuf.be\/nl\/in-parochies\/","name":"In parochies - Chemin Neuf Belgi\u00eb","isPartOf":{"@id":"https:\/\/www.chemin-neuf.be\/nl\/#website"},"primaryImageOfPage":{"@id":"https:\/\/www.chemin-neuf.be\/nl\/in-parochies\/#primaryimage"},"image":{"@id":"https:\/\/www.chemin-neuf.be\/nl\/in-parochies\/#primaryimage"},"thumbnailUrl":"https:\/\/www.chemin-neuf.be\/wp-content\/uploads\/2021\/04\/GS-enft-bougie.jpeg","datePublished":"2021-05-08T10:33:57+00:00","dateModified":"2026-03-25T10:07:27+00:00","description":"ONZE VISIE van een missionaris parochie BE THE CHURCHHet parochiefestival PAROCHIES toevertrouwd aan Chemin Neuf ONZE VISIE Wij willen van onze parochies","breadcrumb":{"@id":"https:\/\/www.chemin-neuf.be\/nl\/in-parochies\/#breadcrumb"},"inLanguage":"nl-BE","potentialAction":[{"@type":"ReadAction","target":["https:\/\/www.chemin-neuf.be\/nl\/in-parochies\/"]}]},{"@type":"ImageObject","inLanguage":"nl-BE","@id":"https:\/\/www.chemin-neuf.be\/nl\/in-parochies\/#primaryimage","url":"https:\/\/www.chemin-neuf.be\/wp-content\/uploads\/2021\/04\/GS-enft-bougie.jpeg","contentUrl":"https:\/\/www.chemin-neuf.be\/wp-content\/uploads\/2021\/04\/GS-enft-bougie.jpeg","width":2048,"height":1362},{"@type":"BreadcrumbList","@id":"https:\/\/www.chemin-neuf.be\/nl\/in-parochies\/#breadcrumb","itemListElement":[{"@type":"ListItem","position":1,"name":"Home","item":"https:\/\/www.chemin-neuf.be\/nl\/"},{"@type":"ListItem","position":2,"name":"In parochies"}]},{"@type":"WebSite","@id":"https:\/\/www.chemin-neuf.be\/nl\/#website","url":"https:\/\/www.chemin-neuf.be\/nl\/","name":"Chemin Neuf Belgi\u00eb","description":"Gemeenschap Chemin Neuf Belgi\u00eb","potentialAction":[{"@type":"SearchAction","target":{"@type":"EntryPoint","urlTemplate":"https:\/\/www.chemin-neuf.be\/nl\/?s={search_term_string}"},"query-input":{"@type":"PropertyValueSpecification","valueRequired":true,"valueName":"search_term_string"}}],"inLanguage":"nl-BE"}]}},"_links":{"self":[{"href":"https:\/\/www.chemin-neuf.be\/nl\/wp-json\/wp\/v2\/pages\/2889","targetHints":{"allow":["GET"]}}],"collection":[{"href":"https:\/\/www.chemin-neuf.be\/nl\/wp-json\/wp\/v2\/pages"}],"about":[{"href":"https:\/\/www.chemin-neuf.be\/nl\/wp-json\/wp\/v2\/types\/page"}],"author":[{"embeddable":true,"href":"https:\/\/www.chemin-neuf.be\/nl\/wp-json\/wp\/v2\/users\/1"}],"replies":[{"embeddable":true,"href":"https:\/\/www.chemin-neuf.be\/nl\/wp-json\/wp\/v2\/comments?post=2889"}],"version-history":[{"count":1,"href":"https:\/\/www.chemin-neuf.be\/nl\/wp-json\/wp\/v2\/pages\/2889\/revisions"}],"predecessor-version":[{"id":2890,"href":"https:\/\/www.chemin-neuf.be\/nl\/wp-json\/wp\/v2\/pages\/2889\/revisions\/2890"}],"wp:featuredmedia":[{"embeddable":true,"href":"https:\/\/www.chemin-neuf.be\/nl\/wp-json\/wp\/v2\/media\/1967"}],"wp:attachment":[{"href":"https:\/\/www.chemin-neuf.be\/nl\/wp-json\/wp\/v2\/media?parent=2889"}],"curies":[{"name":"wp","href":"https:\/\/api.w.org\/{rel}","templated":true}]}}