{"id":36389,"date":"2023-04-22T11:09:15","date_gmt":"2023-04-22T09:09:15","guid":{"rendered":"https:\/\/www.chemin-neuf.be\/?post_type=proposition&#038;p=36389"},"modified":"2023-04-23T20:50:45","modified_gmt":"2023-04-23T18:50:45","slug":"le-don-et-la-gratuite-dans-ma-vie-professionnelle","status":"publish","type":"proposition","link":"https:\/\/www.chemin-neuf.be\/fr\/evenement\/le-don-et-la-gratuite-dans-ma-vie-professionnelle\/","title":{"rendered":"Le don et la gratuit\u00e9 dans ma vie professionnelle"},"content":{"rendered":"\n<h2 class=\"wp-block-heading\">Proposition<\/h2>\n\n\n\n<p class=\"has-text-align-center has-orange-color has-beige-background-color has-text-color has-background has-normal-font-size\"><strong>Pour cheminer ensemble et accueillir Dieu<\/strong> <strong>dans nos vies professionnelles<\/strong><\/p>\n\n\n\n<p class=\"has-text-align-center has-orange-color has-beige-background-color has-text-color has-background has-normal-font-size\"><strong>Troisi\u00e8me samedi \u00ab Nicod\u00e8me \u00bb,<\/strong> <strong>le 6 mai 2023 de 9h \u00e0 16h<\/strong><\/p>\n\n\n\n<p class=\"has-normal-font-size\"><strong>Th\u00e8me: Quelle place la gratuit\u00e9 et le don<\/strong> <strong>ont-ils dans ma vie professionnelle ?<\/strong><\/p>\n\n\n\n<p><strong>Dans <em>Caritas in Veritate<\/em> (\u00a736), le pape Benoit XVI a \u00e9crit&nbsp;:<\/strong><\/p>\n\n\n\n<p><strong><em>\u00ab \u2026 dans les relations marchandes, le principe de gratuit\u00e9 et la logique du don, comme expression de la fraternit\u00e9, peuvent et doivent trouver leur place \u00e0 l\u2019int\u00e9rieur de l\u2019activit\u00e9 \u00e9conomique normale. C\u2019est une exigence de l\u2019homme de ce temps, mais aussi de la raison \u00e9conomique elle-m\u00eame \u00bb.&nbsp;&nbsp;<\/em><\/strong><\/p>\n\n\n\n<p><strong>Nous prendrons le temps de voir les enjeux d\u2019une telle affirmation :<\/strong><\/p>\n\n\n\n<p><strong>\u2022&nbsp;&nbsp;&nbsp; en la reliant \u00e0 notre vocation premi\u00e8re d\u2019\u00eatre \u00e0 l\u2019image du Dieu Amour et Don.<\/strong><\/p>\n\n\n\n<p><strong>\u2022&nbsp;&nbsp;&nbsp; en voyant comment elle a pu \u00eatre abord\u00e9e par des sociologues, des \u00e9conomistes\u2026<\/strong><strong><\/strong><\/p>\n\n\n\n<p><strong>\u2022&nbsp;&nbsp;&nbsp; en cherchant comment nous pouvons en faire l\u2019exp\u00e9rience dans notre vie professionnelle.<\/strong><strong>&nbsp;\u2026et en nous laissant guider par l\u2019Esprit Saint&nbsp;!<\/strong><\/p>\n\n\n\n<h2 class=\"wp-block-heading\">Infos <\/h2>\n\n\n\n<p>Avec la Communaut\u00e9 du Chemin Neuf&nbsp;au Carmel de Mehagne, Chemin du Carmel 27- 4053 Embourg \u2013 Chaudfontaine, \u00e0 cot\u00e9 de Li\u00e8ge<\/p>\n\n\n\n<p>&nbsp; Au programme: enseignement, t\u00e9moignage, temps de partage, pri\u00e8re personnelle et communautaire<\/p>\n\n\n\n<p>&nbsp; Participation aux frais : 20 \u00e0 25 euros<\/p>\n\n\n\n<p>&nbsp; Animateurs&nbsp;:&nbsp;&nbsp;&nbsp;&nbsp;&nbsp; <\/p>\n\n\n\n<p>&nbsp; Sabass Rugwiza, informaticien, Communion du Chemin Neuf<\/p>\n\n\n\n<p>&nbsp; P. Emmanuel Daublain, pr\u00eatre de la Ct\u00e9 du Chemin Neuf<\/p>\n\n\n\n<p>&nbsp; <\/p>\n","protected":false},"excerpt":{"rendered":"<p>Proposition Pour cheminer ensemble et accueillir Dieu dans nos vies professionnelles Troisi\u00e8me samedi \u00ab Nicod\u00e8me \u00bb, le 6 mai 2023 de 9h \u00e0 16h Th\u00e8me: Quelle place la gratuit\u00e9 et le don ont-ils dans ma vie professionnelle ? Dans Caritas in Veritate (\u00a736), le pape Benoit XVI a \u00e9crit&nbsp;: \u00ab \u2026 dans les relations marchandes, [&hellip;]<\/p>\n","protected":false},"featured_media":36390,"menu_order":0,"template":"","meta":{"_acf_changed":false,"footnotes":""},"prop-category":[41],"prop-duration":[],"class_list":["post-36389","proposition","type-proposition","status-publish","has-post-thumbnail","hentry","prop-category-nicodeme"],"acf":[],"yoast_head":"<!-- This site is optimized with the Yoast SEO plugin v27.5 - https:\/\/yoast.com\/product\/yoast-seo-wordpress\/ -->\n<title>Le don et la gratuit\u00e9 dans ma vie professionnelle - Chemin Neuf Belgique<\/title>\n<meta name=\"description\" content=\"Proposition Pour cheminer ensemble et accueillir Dieu dans nos vies professionnelles Troisi\u00e8me samedi \u00ab Nicod\u00e8me \u00bb, le 6 mai 2023 de 9h \u00e0 16h Th\u00e8me:\" \/>\n<meta name=\"robots\" content=\"index, follow, max-snippet:-1, max-image-preview:large, max-video-preview:-1\" \/>\n<link rel=\"canonical\" href=\"https:\/\/www.chemin-neuf.be\/fr\/evenement\/le-don-et-la-gratuite-dans-ma-vie-professionnelle\/\" \/>\n<meta property=\"og:locale\" content=\"fr_FR\" \/>\n<meta property=\"og:type\" content=\"article\" \/>\n<meta property=\"og:title\" content=\"Le don et la gratuit\u00e9 dans ma vie professionnelle - Chemin Neuf Belgique\" \/>\n<meta property=\"og:description\" content=\"Proposition Pour cheminer ensemble et accueillir Dieu dans nos vies professionnelles Troisi\u00e8me samedi \u00ab Nicod\u00e8me \u00bb, le 6 mai 2023 de 9h \u00e0 16h Th\u00e8me:\" \/>\n<meta property=\"og:url\" content=\"https:\/\/www.chemin-neuf.be\/fr\/evenement\/le-don-et-la-gratuite-dans-ma-vie-professionnelle\/\" \/>\n<meta property=\"og:site_name\" content=\"Chemin Neuf Belgique\" \/>\n<meta property=\"article:modified_time\" content=\"2023-04-23T18:50:45+00:00\" \/>\n<meta property=\"og:image\" content=\"https:\/\/erbbbfbm7du.exactdn.com\/wp-content\/uploads\/2023\/04\/sluit-omhoog-van-de-hand-die-van-de-vrouw-kleine-oranje-bloem-geven-aan-kind_3248-2431.webp?strip=all&lossy=1&ssl=1\" \/>\n\t<meta property=\"og:image:width\" content=\"626\" \/>\n\t<meta property=\"og:image:height\" content=\"388\" \/>\n\t<meta property=\"og:image:type\" content=\"image\/webp\" \/>\n<meta name=\"twitter:card\" content=\"summary_large_image\" \/>\n<meta name=\"twitter:label1\" content=\"Dur\u00e9e de lecture est.\" \/>\n\t<meta name=\"twitter:data1\" content=\"2 minutes\" \/>\n<script type=\"application\/ld+json\" class=\"yoast-schema-graph\">{\"@context\":\"https:\\\/\\\/schema.org\",\"@graph\":[{\"@type\":\"WebPage\",\"@id\":\"https:\\\/\\\/www.chemin-neuf.be\\\/fr\\\/evenement\\\/le-don-et-la-gratuite-dans-ma-vie-professionnelle\\\/\",\"url\":\"https:\\\/\\\/www.chemin-neuf.be\\\/fr\\\/evenement\\\/le-don-et-la-gratuite-dans-ma-vie-professionnelle\\\/\",\"name\":\"Le don et la gratuit\u00e9 dans ma vie professionnelle - Chemin Neuf Belgique\",\"isPartOf\":{\"@id\":\"https:\\\/\\\/www.chemin-neuf.be\\\/fr\\\/#website\"},\"primaryImageOfPage\":{\"@id\":\"https:\\\/\\\/www.chemin-neuf.be\\\/fr\\\/evenement\\\/le-don-et-la-gratuite-dans-ma-vie-professionnelle\\\/#primaryimage\"},\"image\":{\"@id\":\"https:\\\/\\\/www.chemin-neuf.be\\\/fr\\\/evenement\\\/le-don-et-la-gratuite-dans-ma-vie-professionnelle\\\/#primaryimage\"},\"thumbnailUrl\":\"https:\\\/\\\/www.chemin-neuf.be\\\/wp-content\\\/uploads\\\/2023\\\/04\\\/sluit-omhoog-van-de-hand-die-van-de-vrouw-kleine-oranje-bloem-geven-aan-kind_3248-2431.webp\",\"datePublished\":\"2023-04-22T09:09:15+00:00\",\"dateModified\":\"2023-04-23T18:50:45+00:00\",\"description\":\"Proposition Pour cheminer ensemble et accueillir Dieu dans nos vies professionnelles Troisi\u00e8me samedi \u00ab Nicod\u00e8me \u00bb, le 6 mai 2023 de 9h \u00e0 16h Th\u00e8me:\",\"breadcrumb\":{\"@id\":\"https:\\\/\\\/www.chemin-neuf.be\\\/fr\\\/evenement\\\/le-don-et-la-gratuite-dans-ma-vie-professionnelle\\\/#breadcrumb\"},\"inLanguage\":\"fr-BE\",\"potentialAction\":[{\"@type\":\"ReadAction\",\"target\":[\"https:\\\/\\\/www.chemin-neuf.be\\\/fr\\\/evenement\\\/le-don-et-la-gratuite-dans-ma-vie-professionnelle\\\/\"]}]},{\"@type\":\"ImageObject\",\"inLanguage\":\"fr-BE\",\"@id\":\"https:\\\/\\\/www.chemin-neuf.be\\\/fr\\\/evenement\\\/le-don-et-la-gratuite-dans-ma-vie-professionnelle\\\/#primaryimage\",\"url\":\"https:\\\/\\\/www.chemin-neuf.be\\\/wp-content\\\/uploads\\\/2023\\\/04\\\/sluit-omhoog-van-de-hand-die-van-de-vrouw-kleine-oranje-bloem-geven-aan-kind_3248-2431.webp\",\"contentUrl\":\"https:\\\/\\\/www.chemin-neuf.be\\\/wp-content\\\/uploads\\\/2023\\\/04\\\/sluit-omhoog-van-de-hand-die-van-de-vrouw-kleine-oranje-bloem-geven-aan-kind_3248-2431.webp\",\"width\":626,\"height\":388},{\"@type\":\"BreadcrumbList\",\"@id\":\"https:\\\/\\\/www.chemin-neuf.be\\\/fr\\\/evenement\\\/le-don-et-la-gratuite-dans-ma-vie-professionnelle\\\/#breadcrumb\",\"itemListElement\":[{\"@type\":\"ListItem\",\"position\":1,\"name\":\"Home\",\"item\":\"https:\\\/\\\/www.chemin-neuf.be\\\/fr\\\/\"},{\"@type\":\"ListItem\",\"position\":2,\"name\":\"Propositions\",\"item\":\"https:\\\/\\\/www.chemin-neuf.be\\\/fr\\\/evenement\\\/\"},{\"@type\":\"ListItem\",\"position\":3,\"name\":\"Le don et la gratuit\u00e9 dans ma vie professionnelle\"}]},{\"@type\":\"WebSite\",\"@id\":\"https:\\\/\\\/www.chemin-neuf.be\\\/fr\\\/#website\",\"url\":\"https:\\\/\\\/www.chemin-neuf.be\\\/fr\\\/\",\"name\":\"Chemin Neuf Belgique\",\"description\":\"Communaut\u00e9 du Chemin Neuf en Belgique\",\"potentialAction\":[{\"@type\":\"SearchAction\",\"target\":{\"@type\":\"EntryPoint\",\"urlTemplate\":\"https:\\\/\\\/www.chemin-neuf.be\\\/fr\\\/?s={search_term_string}\"},\"query-input\":{\"@type\":\"PropertyValueSpecification\",\"valueRequired\":true,\"valueName\":\"search_term_string\"}}],\"inLanguage\":\"fr-BE\"}]}<\/script>\n<!-- \/ Yoast SEO plugin. -->","yoast_head_json":{"title":"Le don et la gratuit\u00e9 dans ma vie professionnelle - Chemin Neuf Belgique","description":"Proposition Pour cheminer ensemble et accueillir Dieu dans nos vies professionnelles Troisi\u00e8me samedi \u00ab Nicod\u00e8me \u00bb, le 6 mai 2023 de 9h \u00e0 16h Th\u00e8me:","robots":{"index":"index","follow":"follow","max-snippet":"max-snippet:-1","max-image-preview":"max-image-preview:large","max-video-preview":"max-video-preview:-1"},"canonical":"https:\/\/www.chemin-neuf.be\/fr\/evenement\/le-don-et-la-gratuite-dans-ma-vie-professionnelle\/","og_locale":"fr_FR","og_type":"article","og_title":"Le don et la gratuit\u00e9 dans ma vie professionnelle - Chemin Neuf Belgique","og_description":"Proposition Pour cheminer ensemble et accueillir Dieu dans nos vies professionnelles Troisi\u00e8me samedi \u00ab Nicod\u00e8me \u00bb, le 6 mai 2023 de 9h \u00e0 16h Th\u00e8me:","og_url":"https:\/\/www.chemin-neuf.be\/fr\/evenement\/le-don-et-la-gratuite-dans-ma-vie-professionnelle\/","og_site_name":"Chemin Neuf Belgique","article_modified_time":"2023-04-23T18:50:45+00:00","og_image":[{"width":626,"height":388,"url":"https:\/\/erbbbfbm7du.exactdn.com\/wp-content\/uploads\/2023\/04\/sluit-omhoog-van-de-hand-die-van-de-vrouw-kleine-oranje-bloem-geven-aan-kind_3248-2431.webp?strip=all&lossy=1&ssl=1","type":"image\/webp"}],"twitter_card":"summary_large_image","twitter_misc":{"Dur\u00e9e de lecture est.":"2 minutes"},"schema":{"@context":"https:\/\/schema.org","@graph":[{"@type":"WebPage","@id":"https:\/\/www.chemin-neuf.be\/fr\/evenement\/le-don-et-la-gratuite-dans-ma-vie-professionnelle\/","url":"https:\/\/www.chemin-neuf.be\/fr\/evenement\/le-don-et-la-gratuite-dans-ma-vie-professionnelle\/","name":"Le don et la gratuit\u00e9 dans ma vie professionnelle - Chemin Neuf Belgique","isPartOf":{"@id":"https:\/\/www.chemin-neuf.be\/fr\/#website"},"primaryImageOfPage":{"@id":"https:\/\/www.chemin-neuf.be\/fr\/evenement\/le-don-et-la-gratuite-dans-ma-vie-professionnelle\/#primaryimage"},"image":{"@id":"https:\/\/www.chemin-neuf.be\/fr\/evenement\/le-don-et-la-gratuite-dans-ma-vie-professionnelle\/#primaryimage"},"thumbnailUrl":"https:\/\/www.chemin-neuf.be\/wp-content\/uploads\/2023\/04\/sluit-omhoog-van-de-hand-die-van-de-vrouw-kleine-oranje-bloem-geven-aan-kind_3248-2431.webp","datePublished":"2023-04-22T09:09:15+00:00","dateModified":"2023-04-23T18:50:45+00:00","description":"Proposition Pour cheminer ensemble et accueillir Dieu dans nos vies professionnelles Troisi\u00e8me samedi \u00ab Nicod\u00e8me \u00bb, le 6 mai 2023 de 9h \u00e0 16h Th\u00e8me:","breadcrumb":{"@id":"https:\/\/www.chemin-neuf.be\/fr\/evenement\/le-don-et-la-gratuite-dans-ma-vie-professionnelle\/#breadcrumb"},"inLanguage":"fr-BE","potentialAction":[{"@type":"ReadAction","target":["https:\/\/www.chemin-neuf.be\/fr\/evenement\/le-don-et-la-gratuite-dans-ma-vie-professionnelle\/"]}]},{"@type":"ImageObject","inLanguage":"fr-BE","@id":"https:\/\/www.chemin-neuf.be\/fr\/evenement\/le-don-et-la-gratuite-dans-ma-vie-professionnelle\/#primaryimage","url":"https:\/\/www.chemin-neuf.be\/wp-content\/uploads\/2023\/04\/sluit-omhoog-van-de-hand-die-van-de-vrouw-kleine-oranje-bloem-geven-aan-kind_3248-2431.webp","contentUrl":"https:\/\/www.chemin-neuf.be\/wp-content\/uploads\/2023\/04\/sluit-omhoog-van-de-hand-die-van-de-vrouw-kleine-oranje-bloem-geven-aan-kind_3248-2431.webp","width":626,"height":388},{"@type":"BreadcrumbList","@id":"https:\/\/www.chemin-neuf.be\/fr\/evenement\/le-don-et-la-gratuite-dans-ma-vie-professionnelle\/#breadcrumb","itemListElement":[{"@type":"ListItem","position":1,"name":"Home","item":"https:\/\/www.chemin-neuf.be\/fr\/"},{"@type":"ListItem","position":2,"name":"Propositions","item":"https:\/\/www.chemin-neuf.be\/fr\/evenement\/"},{"@type":"ListItem","position":3,"name":"Le don et la gratuit\u00e9 dans ma vie professionnelle"}]},{"@type":"WebSite","@id":"https:\/\/www.chemin-neuf.be\/fr\/#website","url":"https:\/\/www.chemin-neuf.be\/fr\/","name":"Chemin Neuf Belgique","description":"Communaut\u00e9 du Chemin Neuf en Belgique","potentialAction":[{"@type":"SearchAction","target":{"@type":"EntryPoint","urlTemplate":"https:\/\/www.chemin-neuf.be\/fr\/?s={search_term_string}"},"query-input":{"@type":"PropertyValueSpecification","valueRequired":true,"valueName":"search_term_string"}}],"inLanguage":"fr-BE"}]}},"_links":{"self":[{"href":"https:\/\/www.chemin-neuf.be\/fr\/wp-json\/wp\/v2\/proposition\/36389","targetHints":{"allow":["GET"]}}],"collection":[{"href":"https:\/\/www.chemin-neuf.be\/fr\/wp-json\/wp\/v2\/proposition"}],"about":[{"href":"https:\/\/www.chemin-neuf.be\/fr\/wp-json\/wp\/v2\/types\/proposition"}],"version-history":[{"count":9,"href":"https:\/\/www.chemin-neuf.be\/fr\/wp-json\/wp\/v2\/proposition\/36389\/revisions"}],"predecessor-version":[{"id":36416,"href":"https:\/\/www.chemin-neuf.be\/fr\/wp-json\/wp\/v2\/proposition\/36389\/revisions\/36416"}],"wp:featuredmedia":[{"embeddable":true,"href":"https:\/\/www.chemin-neuf.be\/fr\/wp-json\/wp\/v2\/media\/36390"}],"wp:attachment":[{"href":"https:\/\/www.chemin-neuf.be\/fr\/wp-json\/wp\/v2\/media?parent=36389"}],"wp:term":[{"taxonomy":"prop-category","embeddable":true,"href":"https:\/\/www.chemin-neuf.be\/fr\/wp-json\/wp\/v2\/prop-category?post=36389"},{"taxonomy":"prop-duration","embeddable":true,"href":"https:\/\/www.chemin-neuf.be\/fr\/wp-json\/wp\/v2\/prop-duration?post=36389"}],"curies":[{"name":"wp","href":"https:\/\/api.w.org\/{rel}","templated":true}]}}