{"id":1337,"date":"2021-04-12T16:06:47","date_gmt":"2021-04-12T14:06:47","guid":{"rendered":"https:\/\/next.chemin-neuf.be\/?post_type=place&#038;p=1337"},"modified":"2025-09-17T11:21:07","modified_gmt":"2025-09-17T09:21:07","slug":"baslique-sacre-coeur-berchem","status":"publish","type":"place","link":"https:\/\/www.chemin-neuf.be\/fr\/place\/baslique-sacre-coeur-berchem\/","title":{"rendered":"Monast\u00e8re Sacr\u00e9 C\u0153ur"},"content":{"rendered":"\n<h2 class=\"wp-block-heading\">Monast\u00e8re et Basilique Sacr\u00e9 C\u0153ur \u00e0 Berchem (Anvers)<\/h2>\n\n\n\n<p>Le monast\u00e8re et la basilique Sacr\u00e9 C\u0153ur \u00e0 Berchem ont \u00e9t\u00e9 repris par la Communaut\u00e9 du Chemin Neuf en 2014 suite le d\u00e9part des s\u0153urs <em>Filles du C\u0153ur de J\u00e9sus<\/em> \u00e0 Rome. La vocation de la maison est double : un lieu de pri\u00e8re et de silence, ouvert \u00e0 tous, et un <a href=\"https:\/\/www.chemin-neuf.be\/fr\/missions\/kot-detudiants\/\">kot d&rsquo;\u00e9tudiants<\/a> chr\u00e9tien international.<\/p>\n\n\n\n<div class=\"wp-block-buttons is-horizontal is-content-justification-right is-layout-flex wp-container-core-buttons-is-layout-ae2fe186 wp-block-buttons-is-layout-flex\">\n<div class=\"wp-block-button is-style-fill\"><a class=\"wp-block-button__link has-orange-color has-dark-gray-background-color has-text-color has-background wp-element-button\" style=\"border-radius:12px\">Sur l&rsquo;histoire de la Basilique&#8230;<\/a><\/div>\n<\/div>\n\n\n\n<h4 class=\"wp-block-heading\" id=\"contact\">Contact<\/h4>\n\n\n\n<div class=\"wp-block-columns is-style-restricted-width is-layout-flex wp-container-core-columns-is-layout-9d6595d7 wp-block-columns-is-layout-flex\">\n<div class=\"wp-block-column is-vertically-aligned-top is-layout-flow wp-block-column-is-layout-flow\" style=\"flex-basis:0%\">\n<p class=\"has-orange-color has-text-color\"><i class=\"fas fa-envelope ccn-fa-icon\" aria-hidden=\"true\"> <\/i><\/p>\n<\/div>\n\n\n\n<div class=\"wp-block-column is-layout-flow wp-block-column-is-layout-flow\" style=\"flex-basis:66%\">\n<p>Klooster Heilig Hart<br>De Merodelei 12<br>2600 Berchem (Anvers)<br>BELGIQUE<\/p>\n<\/div>\n\n\n\n<div class=\"wp-block-column is-layout-flow wp-block-column-is-layout-flow\">\n<p class=\"has-orange-color has-text-color\"><i class=\"fas fa-phone-alt ccn-fa-icon\" aria-hidden=\"true\"> <\/i><\/p>\n\n\n\n<p class=\"has-orange-color has-text-color\"><i class=\"fab fa-facebook-square ccn-fa-icon\" aria-hidden=\"true\"> <\/i><\/p>\n\n\n\n<p class=\"has-orange-color has-text-color\"><i class=\"fab fa-instagram ccn-fa-icon\"> <\/i><\/p>\n<\/div>\n\n\n\n<div class=\"wp-block-column is-layout-flow wp-block-column-is-layout-flow\"><\/div>\n\n\n\n<div class=\"wp-block-column is-layout-flow wp-block-column-is-layout-flow\" style=\"flex-basis:33%\">\n<p>(+32) 32308170 <\/p>\n\n\n\n<p><a href=\"https:\/\/www.facebook.com\/kloosterheilighart\" target=\"_blank\" rel=\"noreferrer noopener\">kloosterheilighart<\/a><\/p>\n\n\n\n<p><a href=\"https:\/\/www.instagram.com\/kloosterheilighart\/\" target=\"_blank\" rel=\"noreferrer noopener\">kloosterheilighart<\/a><\/p>\n<\/div>\n<\/div>\n\n\n\n<div class=\"wp-block-buttons is-horizontal is-content-justification-center is-layout-flex wp-container-core-buttons-is-layout-499968f5 wp-block-buttons-is-layout-flex\">\n<div class=\"wp-block-button is-style-outline is-style-outline--1\"><a class=\"wp-block-button__link has-orange-color has-beige-background-color has-text-color has-background wp-element-button\" href=\"https:\/\/www.chemin-neuf.be\/fr\/ou-nous-trouver\/contact\/\" style=\"border-radius:12px\">Nous contacter<\/a><\/div>\n<\/div>\n\n\n\n<h4 class=\"wp-block-heading\">Ouverture de la basilique<\/h4>\n\n\n\n<div class=\"wp-block-columns is-style-restricted-width is-layout-flex wp-container-core-columns-is-layout-9d6595d7 wp-block-columns-is-layout-flex\">\n<div class=\"wp-block-column is-layout-flow wp-block-column-is-layout-flow\" style=\"flex-basis:100%\">\n<figure class=\"wp-block-table is-style-stripes\"><table><tbody><tr><td>Lundi<br>Mardi<br>Mercredi<br>Jeudi<br>Vendredi<br>Samedi<\/td><td>08h00-18h45<\/td><\/tr><tr><td>Dimanche<\/td><td>09h00-18.45h<\/td><\/tr><\/tbody><\/table><\/figure>\n<\/div>\n<\/div>\n\n\n\n<h4 class=\"wp-block-heading\">C\u00e9l\u00e9brations<\/h4>\n\n\n\n<p>Vous \u00eates la bienvenue \u00e0 vivre les c\u00e9l\u00e9brations dans la Basilique. <\/p>\n\n\n\n<ul class=\"wp-block-list\">\n<li><strong>Eucharistie<\/strong>: vendredi \u00e0 12h<\/li>\n\n\n\n<li><strong>Adoration eucharistique<\/strong> (pri\u00e8re en silence) : de 18h00 \u00e0 18h45 (lundi, mercredi, jeudi, vendredi)<\/li>\n\n\n\n<li>Pri\u00e8re pour l&rsquo;unit\u00e9 des chr\u00e9tiens: jeudi \u00e0 12.15h<\/li>\n<\/ul>\n\n\n\n<p>Les c\u00e9l\u00e9brations sont en n\u00e9erlandais. Il n&rsquo;y a pas de c\u00e9l\u00e9brations en juillet et ao\u00fbt.<\/p>\n\n\n\n<div class=\"wp-block-buttons is-horizontal is-content-justification-center is-layout-flex wp-container-core-buttons-is-layout-499968f5 wp-block-buttons-is-layout-flex\">\n<div class=\"wp-block-button is-style-outline is-style-outline--2\"><a class=\"wp-block-button__link has-orange-color has-beige-background-color has-text-color has-background wp-element-button\" href=\"https:\/\/www.chemin-neuf.be\/fr\/priez-avec-nous\/priez-avec-nous-anvers\/\" style=\"border-radius:12px\">Horaires de la semaine<\/a><\/div>\n<\/div>\n\n\n\n<div class=\"wp-block-columns is-style-restricted-width is-layout-flex wp-container-core-columns-is-layout-9d6595d7 wp-block-columns-is-layout-flex\">\n<div class=\"wp-block-column is-layout-flow wp-block-column-is-layout-flow\" style=\"flex-basis:100%\">\n<div><div class=\"ootb-openstreetmap--map\" data-provider=\"openstreetmap\" data-shapestyle=\"%7B%7D\" data-markers=\"%5B%7B%22lat%22%3A%2251.197079200000005%22%2C%22lng%22%3A%224.411521094883891%22%2C%22text%22%3A%22%3Cp%3EBasiliek%20van%20het%20Heilig%20Hart%2C%2012%2C%20De%20Merodelei%2C%20Berchem%2C%20Antwerp%2C%20Flanders%2C%202600%2C%20Belgium%3C%2Fp%3E%22%7D%5D\" data-bounds=\"[51.197079200000005,4.411521094883891]\" data-zoom=\"8\" data-minzoom=\"2\" data-maxzoom=\"18\" data-dragging=\"true\" data-touchzoom=\"true\" data-doubleclickzoom=\"true\" data-scrollwheelzoom=\"true\" data-marker=\"%7B%22iconUrl%22%3A%22https%3A%2F%2Fwww.chemin-neuf.be%2Fwp-content%2Fplugins%2Footb-openstreetmap%2Fassets%2Fvendor%2Fleaflet%2Fimages%2Fmarker-icon.png%22%2C%22iconAnchor%22%3A%5B12%2C41%5D%2C%22popupAnchor%22%3A%5B0%2C-41%5D%7D\" style=\"height:400px\"><\/div><\/div>\n<\/div>\n<\/div>\n","protected":false},"excerpt":{"rendered":"<p>Monast\u00e8re et Basilique Sacr\u00e9 C\u0153ur \u00e0 Berchem (Anvers) Le monast\u00e8re et la basilique Sacr\u00e9 C\u0153ur \u00e0 Berchem ont \u00e9t\u00e9 repris par la Communaut\u00e9 du Chemin Neuf en 2014 suite le d\u00e9part des s\u0153urs Filles du C\u0153ur de J\u00e9sus \u00e0 Rome. La vocation de la maison est double : un lieu de pri\u00e8re et de silence, [&hellip;]<\/p>\n","protected":false},"featured_media":68968,"menu_order":0,"template":"","meta":{"_acf_changed":false,"footnotes":""},"place-category":[11,15],"class_list":["post-1337","place","type-place","status-publish","has-post-thumbnail","hentry","place-category-maisons","place-category-points-net"],"acf":[],"yoast_head":"<!-- This site is optimized with the Yoast SEO plugin v27.5 - https:\/\/yoast.com\/product\/yoast-seo-wordpress\/ -->\n<title>Monast\u00e8re Sacr\u00e9 C\u0153ur - Chemin Neuf Belgique<\/title>\n<meta name=\"description\" content=\"Monast\u00e8re et Basilique Sacr\u00e9 C\u0153ur \u00e0 Berchem (Anvers) Le monast\u00e8re et la basilique Sacr\u00e9 C\u0153ur \u00e0 Berchem ont \u00e9t\u00e9 repris par la Communaut\u00e9 du Chemin Neuf en\" \/>\n<meta name=\"robots\" content=\"index, follow, max-snippet:-1, max-image-preview:large, max-video-preview:-1\" \/>\n<link rel=\"canonical\" href=\"https:\/\/www.chemin-neuf.be\/fr\/place\/baslique-sacre-coeur-berchem\/\" \/>\n<meta property=\"og:locale\" content=\"fr_FR\" \/>\n<meta property=\"og:type\" content=\"article\" \/>\n<meta property=\"og:title\" content=\"Monast\u00e8re Sacr\u00e9 C\u0153ur - Chemin Neuf Belgique\" \/>\n<meta property=\"og:description\" content=\"Monast\u00e8re et Basilique Sacr\u00e9 C\u0153ur \u00e0 Berchem (Anvers) Le monast\u00e8re et la basilique Sacr\u00e9 C\u0153ur \u00e0 Berchem ont \u00e9t\u00e9 repris par la Communaut\u00e9 du Chemin Neuf en\" \/>\n<meta property=\"og:url\" content=\"https:\/\/www.chemin-neuf.be\/fr\/place\/baslique-sacre-coeur-berchem\/\" \/>\n<meta property=\"og:site_name\" content=\"Chemin Neuf Belgique\" \/>\n<meta property=\"article:modified_time\" content=\"2025-09-17T09:21:07+00:00\" \/>\n<meta property=\"og:image\" content=\"https:\/\/www.chemin-neuf.be\/wp-content\/uploads\/2021\/04\/Anvers.jpg\" \/>\n\t<meta property=\"og:image:width\" content=\"1920\" \/>\n\t<meta property=\"og:image:height\" content=\"1440\" \/>\n\t<meta property=\"og:image:type\" content=\"image\/jpeg\" \/>\n<meta name=\"twitter:card\" content=\"summary_large_image\" \/>\n<meta name=\"twitter:label1\" content=\"Dur\u00e9e de lecture est.\" \/>\n\t<meta name=\"twitter:data1\" content=\"1 minute\" \/>\n<script type=\"application\/ld+json\" class=\"yoast-schema-graph\">{\"@context\":\"https:\\\/\\\/schema.org\",\"@graph\":[{\"@type\":\"WebPage\",\"@id\":\"https:\\\/\\\/www.chemin-neuf.be\\\/fr\\\/place\\\/baslique-sacre-coeur-berchem\\\/\",\"url\":\"https:\\\/\\\/www.chemin-neuf.be\\\/fr\\\/place\\\/baslique-sacre-coeur-berchem\\\/\",\"name\":\"Monast\u00e8re Sacr\u00e9 C\u0153ur - Chemin Neuf Belgique\",\"isPartOf\":{\"@id\":\"https:\\\/\\\/www.chemin-neuf.be\\\/fr\\\/#website\"},\"primaryImageOfPage\":{\"@id\":\"https:\\\/\\\/www.chemin-neuf.be\\\/fr\\\/place\\\/baslique-sacre-coeur-berchem\\\/#primaryimage\"},\"image\":{\"@id\":\"https:\\\/\\\/www.chemin-neuf.be\\\/fr\\\/place\\\/baslique-sacre-coeur-berchem\\\/#primaryimage\"},\"thumbnailUrl\":\"https:\\\/\\\/www.chemin-neuf.be\\\/wp-content\\\/uploads\\\/2021\\\/04\\\/Anvers.jpg\",\"datePublished\":\"2021-04-12T14:06:47+00:00\",\"dateModified\":\"2025-09-17T09:21:07+00:00\",\"description\":\"Monast\u00e8re et Basilique Sacr\u00e9 C\u0153ur \u00e0 Berchem (Anvers) Le monast\u00e8re et la basilique Sacr\u00e9 C\u0153ur \u00e0 Berchem ont \u00e9t\u00e9 repris par la Communaut\u00e9 du Chemin Neuf en\",\"breadcrumb\":{\"@id\":\"https:\\\/\\\/www.chemin-neuf.be\\\/fr\\\/place\\\/baslique-sacre-coeur-berchem\\\/#breadcrumb\"},\"inLanguage\":\"fr-BE\",\"potentialAction\":[{\"@type\":\"ReadAction\",\"target\":[\"https:\\\/\\\/www.chemin-neuf.be\\\/fr\\\/place\\\/baslique-sacre-coeur-berchem\\\/\"]}]},{\"@type\":\"ImageObject\",\"inLanguage\":\"fr-BE\",\"@id\":\"https:\\\/\\\/www.chemin-neuf.be\\\/fr\\\/place\\\/baslique-sacre-coeur-berchem\\\/#primaryimage\",\"url\":\"https:\\\/\\\/www.chemin-neuf.be\\\/wp-content\\\/uploads\\\/2021\\\/04\\\/Anvers.jpg\",\"contentUrl\":\"https:\\\/\\\/www.chemin-neuf.be\\\/wp-content\\\/uploads\\\/2021\\\/04\\\/Anvers.jpg\",\"width\":1920,\"height\":1440},{\"@type\":\"BreadcrumbList\",\"@id\":\"https:\\\/\\\/www.chemin-neuf.be\\\/fr\\\/place\\\/baslique-sacre-coeur-berchem\\\/#breadcrumb\",\"itemListElement\":[{\"@type\":\"ListItem\",\"position\":1,\"name\":\"Home\",\"item\":\"https:\\\/\\\/www.chemin-neuf.be\\\/fr\\\/\"},{\"@type\":\"ListItem\",\"position\":2,\"name\":\"Lieux\",\"item\":\"https:\\\/\\\/www.chemin-neuf.be\\\/fr\\\/place\\\/\"},{\"@type\":\"ListItem\",\"position\":3,\"name\":\"Monast\u00e8re Sacr\u00e9 C\u0153ur\"}]},{\"@type\":\"WebSite\",\"@id\":\"https:\\\/\\\/www.chemin-neuf.be\\\/fr\\\/#website\",\"url\":\"https:\\\/\\\/www.chemin-neuf.be\\\/fr\\\/\",\"name\":\"Chemin Neuf Belgique\",\"description\":\"Communaut\u00e9 du Chemin Neuf en Belgique\",\"potentialAction\":[{\"@type\":\"SearchAction\",\"target\":{\"@type\":\"EntryPoint\",\"urlTemplate\":\"https:\\\/\\\/www.chemin-neuf.be\\\/fr\\\/?s={search_term_string}\"},\"query-input\":{\"@type\":\"PropertyValueSpecification\",\"valueRequired\":true,\"valueName\":\"search_term_string\"}}],\"inLanguage\":\"fr-BE\"}]}<\/script>\n<!-- \/ Yoast SEO plugin. -->","yoast_head_json":{"title":"Monast\u00e8re Sacr\u00e9 C\u0153ur - Chemin Neuf Belgique","description":"Monast\u00e8re et Basilique Sacr\u00e9 C\u0153ur \u00e0 Berchem (Anvers) Le monast\u00e8re et la basilique Sacr\u00e9 C\u0153ur \u00e0 Berchem ont \u00e9t\u00e9 repris par la Communaut\u00e9 du Chemin Neuf en","robots":{"index":"index","follow":"follow","max-snippet":"max-snippet:-1","max-image-preview":"max-image-preview:large","max-video-preview":"max-video-preview:-1"},"canonical":"https:\/\/www.chemin-neuf.be\/fr\/place\/baslique-sacre-coeur-berchem\/","og_locale":"fr_FR","og_type":"article","og_title":"Monast\u00e8re Sacr\u00e9 C\u0153ur - Chemin Neuf Belgique","og_description":"Monast\u00e8re et Basilique Sacr\u00e9 C\u0153ur \u00e0 Berchem (Anvers) Le monast\u00e8re et la basilique Sacr\u00e9 C\u0153ur \u00e0 Berchem ont \u00e9t\u00e9 repris par la Communaut\u00e9 du Chemin Neuf en","og_url":"https:\/\/www.chemin-neuf.be\/fr\/place\/baslique-sacre-coeur-berchem\/","og_site_name":"Chemin Neuf Belgique","article_modified_time":"2025-09-17T09:21:07+00:00","og_image":[{"width":1920,"height":1440,"url":"https:\/\/www.chemin-neuf.be\/wp-content\/uploads\/2021\/04\/Anvers.jpg","type":"image\/jpeg"}],"twitter_card":"summary_large_image","twitter_misc":{"Dur\u00e9e de lecture est.":"1 minute"},"schema":{"@context":"https:\/\/schema.org","@graph":[{"@type":"WebPage","@id":"https:\/\/www.chemin-neuf.be\/fr\/place\/baslique-sacre-coeur-berchem\/","url":"https:\/\/www.chemin-neuf.be\/fr\/place\/baslique-sacre-coeur-berchem\/","name":"Monast\u00e8re Sacr\u00e9 C\u0153ur - Chemin Neuf Belgique","isPartOf":{"@id":"https:\/\/www.chemin-neuf.be\/fr\/#website"},"primaryImageOfPage":{"@id":"https:\/\/www.chemin-neuf.be\/fr\/place\/baslique-sacre-coeur-berchem\/#primaryimage"},"image":{"@id":"https:\/\/www.chemin-neuf.be\/fr\/place\/baslique-sacre-coeur-berchem\/#primaryimage"},"thumbnailUrl":"https:\/\/www.chemin-neuf.be\/wp-content\/uploads\/2021\/04\/Anvers.jpg","datePublished":"2021-04-12T14:06:47+00:00","dateModified":"2025-09-17T09:21:07+00:00","description":"Monast\u00e8re et Basilique Sacr\u00e9 C\u0153ur \u00e0 Berchem (Anvers) Le monast\u00e8re et la basilique Sacr\u00e9 C\u0153ur \u00e0 Berchem ont \u00e9t\u00e9 repris par la Communaut\u00e9 du Chemin Neuf en","breadcrumb":{"@id":"https:\/\/www.chemin-neuf.be\/fr\/place\/baslique-sacre-coeur-berchem\/#breadcrumb"},"inLanguage":"fr-BE","potentialAction":[{"@type":"ReadAction","target":["https:\/\/www.chemin-neuf.be\/fr\/place\/baslique-sacre-coeur-berchem\/"]}]},{"@type":"ImageObject","inLanguage":"fr-BE","@id":"https:\/\/www.chemin-neuf.be\/fr\/place\/baslique-sacre-coeur-berchem\/#primaryimage","url":"https:\/\/www.chemin-neuf.be\/wp-content\/uploads\/2021\/04\/Anvers.jpg","contentUrl":"https:\/\/www.chemin-neuf.be\/wp-content\/uploads\/2021\/04\/Anvers.jpg","width":1920,"height":1440},{"@type":"BreadcrumbList","@id":"https:\/\/www.chemin-neuf.be\/fr\/place\/baslique-sacre-coeur-berchem\/#breadcrumb","itemListElement":[{"@type":"ListItem","position":1,"name":"Home","item":"https:\/\/www.chemin-neuf.be\/fr\/"},{"@type":"ListItem","position":2,"name":"Lieux","item":"https:\/\/www.chemin-neuf.be\/fr\/place\/"},{"@type":"ListItem","position":3,"name":"Monast\u00e8re Sacr\u00e9 C\u0153ur"}]},{"@type":"WebSite","@id":"https:\/\/www.chemin-neuf.be\/fr\/#website","url":"https:\/\/www.chemin-neuf.be\/fr\/","name":"Chemin Neuf Belgique","description":"Communaut\u00e9 du Chemin Neuf en Belgique","potentialAction":[{"@type":"SearchAction","target":{"@type":"EntryPoint","urlTemplate":"https:\/\/www.chemin-neuf.be\/fr\/?s={search_term_string}"},"query-input":{"@type":"PropertyValueSpecification","valueRequired":true,"valueName":"search_term_string"}}],"inLanguage":"fr-BE"}]}},"_links":{"self":[{"href":"https:\/\/www.chemin-neuf.be\/fr\/wp-json\/wp\/v2\/place\/1337","targetHints":{"allow":["GET"]}}],"collection":[{"href":"https:\/\/www.chemin-neuf.be\/fr\/wp-json\/wp\/v2\/place"}],"about":[{"href":"https:\/\/www.chemin-neuf.be\/fr\/wp-json\/wp\/v2\/types\/place"}],"version-history":[{"count":38,"href":"https:\/\/www.chemin-neuf.be\/fr\/wp-json\/wp\/v2\/place\/1337\/revisions"}],"predecessor-version":[{"id":68741,"href":"https:\/\/www.chemin-neuf.be\/fr\/wp-json\/wp\/v2\/place\/1337\/revisions\/68741"}],"wp:featuredmedia":[{"embeddable":true,"href":"https:\/\/www.chemin-neuf.be\/fr\/wp-json\/wp\/v2\/media\/68968"}],"wp:attachment":[{"href":"https:\/\/www.chemin-neuf.be\/fr\/wp-json\/wp\/v2\/media?parent=1337"}],"wp:term":[{"taxonomy":"place-category","embeddable":true,"href":"https:\/\/www.chemin-neuf.be\/fr\/wp-json\/wp\/v2\/place-category?post=1337"}],"curies":[{"name":"wp","href":"https:\/\/api.w.org\/{rel}","templated":true}]}}