{"id":1128,"date":"2021-02-06T12:32:58","date_gmt":"2021-02-06T11:32:58","guid":{"rendered":"https:\/\/next.chemin-neuf.be\/?post_type=place&#038;p=1128"},"modified":"2026-02-03T11:58:18","modified_gmt":"2026-02-03T10:58:18","slug":"carmel-de-mehagne","status":"publish","type":"place","link":"https:\/\/www.chemin-neuf.be\/fr\/place\/carmel-de-mehagne\/","title":{"rendered":"Carmel de Mehagne"},"content":{"rendered":"\n<p>En 2011, Mgr Jousten, \u00e9v\u00eaque de Li\u00e8ge, invite la Communaut\u00e9 du Chemin Neuf \u00e0 continuer une pr\u00e9sence chr\u00e9tienne et spirituelle au&nbsp;Carmel de Mehagne \u00e0 Li\u00e8ge.<\/p>\n\n\n\n<h4 class=\"wp-block-heading\" id=\"contact\">Contact<\/h4>\n\n\n\n<div class=\"wp-block-columns is-style-restricted-width is-layout-flex wp-container-core-columns-is-layout-9d6595d7 wp-block-columns-is-layout-flex\">\n<div class=\"wp-block-column is-vertically-aligned-top is-layout-flow wp-block-column-is-layout-flow\" style=\"flex-basis:0%\">\n<p class=\"has-orange-color has-text-color\"><i class=\"fas fa-envelope ccn-fa-icon\" aria-hidden=\"true\"> <\/i><\/p>\n<\/div>\n\n\n\n<div class=\"wp-block-column is-layout-flow wp-block-column-is-layout-flow\" style=\"flex-basis:66%\">\n<p>Carmel de Mehagne<br>Chemin du Carmel 27<br>4053 Embourg &#8211; Chaudfontaine<br>BELGIQUE<\/p>\n<\/div>\n\n\n\n<div class=\"wp-block-column is-layout-flow wp-block-column-is-layout-flow\">\n<p class=\"has-orange-color has-text-color\"><i class=\"fas fa-phone-alt ccn-fa-icon\" aria-hidden=\"true\"> <\/i><\/p>\n\n\n\n<p class=\"has-orange-color has-text-color\"><i class=\"fab fa-facebook-square ccn-fa-icon\"> <\/i><\/p>\n<\/div>\n\n\n\n<div class=\"wp-block-column is-layout-flow wp-block-column-is-layout-flow\"><\/div>\n\n\n\n<div class=\"wp-block-column is-layout-flow wp-block-column-is-layout-flow\" style=\"flex-basis:33%\">\n<p>(+32) 43651081<\/p>\n\n\n\n<p><a href=\"https:\/\/www.facebook.com\/Carmel-de-Mehagne-108370527474425\" target=\"_blank\" rel=\"noreferrer noopener\">Carmel-de-Mehagne-108370527474425<\/a><\/p>\n<\/div>\n<\/div>\n\n\n\n<div class=\"wp-block-buttons is-horizontal is-content-justification-center is-layout-flex wp-container-core-buttons-is-layout-499968f5 wp-block-buttons-is-layout-flex\">\n<div class=\"wp-block-button is-style-outline is-style-outline--1\"><a class=\"wp-block-button__link has-orange-color has-beige-background-color has-text-color has-background wp-element-button\" href=\"mailto:mehagne@chemin-neuf.be\" style=\"border-radius:12px\">Nous contacter<\/a><\/div>\n<\/div>\n\n\n\n<h4 class=\"wp-block-heading\">Ouverture de la chapelle<\/h4>\n\n\n\n<div class=\"wp-block-columns is-style-restricted-width is-layout-flex wp-container-core-columns-is-layout-9d6595d7 wp-block-columns-is-layout-flex\">\n<div class=\"wp-block-column is-layout-flow wp-block-column-is-layout-flow\" style=\"flex-basis:100%\">\n<figure class=\"wp-block-table is-style-stripes\"><table class=\"has-fixed-layout\"><tbody><tr><td>Tous les jours<br>(sauf le mardi)<\/td><td>08h30-19h15<\/td><\/tr><\/tbody><\/table><\/figure>\n<\/div>\n<\/div>\n\n\n\n<p><em><strong>La maison est ferm\u00e9e la journ\u00e9e du mardi (jour de silence et de pri\u00e8re pour la communaut\u00e9)<\/strong><\/em>.<\/p>\n\n\n\n<h3 class=\"wp-block-heading has-orange-color has-text-color\">Rencontres r\u00e9guli\u00e8res<\/h3>\n\n\n\n<h4 class=\"wp-block-heading\">Groupe de pri\u00e8re<\/h4>\n\n\n\n<p>Chaque mardi soir \u00e0 20h00 : louange et pri\u00e8re autour de la Parole de Dieu.<\/p>\n\n\n\n<h4 class=\"wp-block-heading\">Jeudis du Carmel<\/h4>\n\n\n\n<p>Chaque jeudi, \u00e0 partir de 9h00, chacun est invit\u00e9 \u00e0 partager un temps fraternel de service et de rencontre autour de petits travaux. Eucharistie \u00e0 12h00 suivi d&rsquo;un repas fraternel.<\/p>\n\n\n\n<h4 class=\"wp-block-heading\">C\u00e9l\u00e9brations<\/h4>\n\n\n\n<p><strong>Eucharistie<\/strong> : en semaine \u00e0 12h00, le dimanche \u00e0 11h00<br><strong>Laudes<\/strong> : en semaine \u00e0 8h45 (sauf le mardi et le jeudi)<br><strong>Adoration eucharistique<\/strong> : de 18h30 \u00e0 19h30.<\/p>\n\n\n\n<p class=\"has-text-align-center\"><\/p>\n\n\n\n<div class=\"wp-block-buttons is-horizontal is-content-justification-center is-layout-flex wp-container-core-buttons-is-layout-499968f5 wp-block-buttons-is-layout-flex\">\n<div class=\"wp-block-button is-style-outline is-style-outline--2\"><a class=\"wp-block-button__link has-orange-color has-beige-background-color has-text-color has-background wp-element-button\" href=\"https:\/\/www.chemin-neuf.be\/fr\/priez-avec-nous\/temps-de-priere-carmel-de-mehagne\/\" style=\"border-radius:12px\">Horaires de la semaine<\/a><\/div>\n<\/div>\n\n\n\n<h3 class=\"wp-block-heading has-orange-color has-text-color\" id=\"accueil\">Accueil<\/h3>\n\n\n\n<p>La Communaut\u00e9 du Chemin Neuf anime dans ce lieu divers temps de retraites, activit\u00e9s pour les jeunes, les couples et les personnes seules. Elle vous invite \u00e0 partager ses temps de pri\u00e8re.<\/p>\n\n\n\n<p>Possibilit\u00e9 d&rsquo;accueil individuel pour des retraites ou exp\u00e9rience de vie communautaire, ou de groupes (location d&rsquo;une salle \u00e9quip\u00e9e (max. 60 personnes).<\/p>\n\n\n\n<div class=\"wp-block-buttons is-horizontal is-content-justification-center is-layout-flex wp-container-core-buttons-is-layout-499968f5 wp-block-buttons-is-layout-flex\">\n<div class=\"wp-block-button is-style-outline is-style-outline--3\"><a class=\"wp-block-button__link has-orange-color has-beige-background-color has-text-color has-background wp-element-button\" href=\"#contact\" style=\"border-radius:12px\">Nous contacter<\/a><\/div>\n<\/div>\n\n\n\n<h3 class=\"wp-block-heading has-orange-color has-text-color\">Les Jardins du Carmel : Vent de terre<\/h3>\n\n\n\n<div class=\"wp-block-columns is-style-restricted-width is-layout-flex wp-container-core-columns-is-layout-9d6595d7 wp-block-columns-is-layout-flex\">\n<div class=\"wp-block-column is-vertically-aligned-top is-layout-flow wp-block-column-is-layout-flow\" style=\"flex-basis:160px\">\n<figure class=\"wp-block-image is-resized\"><a href=\"https:\/\/www.ventdeterre.be\"><img decoding=\"async\" src=\"https:\/\/www.ventdeterre.be\/images\/vdt-logo-160.png\" alt=\"\" style=\"width:160px;height:94px\"\/><\/a><\/figure>\n<\/div>\n\n\n\n<div class=\"wp-block-column is-vertically-aligned-center is-layout-flow wp-block-column-is-layout-flow\" style=\"flex-basis:100%\">\n<p class=\"has-text-align-right has-orange-color has-text-color\"><i class=\"fab fa-facebook-square ccn-fa-icon\"> <\/i><a href=\"https:\/\/www.facebook.com\/vdterre\/\" target=\"_blank\" rel=\"noreferrer noopener\"> vdterre<\/a><\/p>\n\n\n\n<p>Sur les terres du Carmel nous accueillons <a href=\"https:\/\/www.ventdeterre.be\/le-projet\/les-sites\/les-jardins-du-carmel\">Vent de terre<\/a>. Cette association s&rsquo;inspire de la permaculture et de l\u2019agro\u00e9cologie, fait pousser les l\u00e9gumes et cultive les fruitiers aux Jardins du Carmel.<\/p>\n<\/div>\n<\/div>\n\n\n\n<div style=\"height:53px\" aria-hidden=\"true\" class=\"wp-block-spacer\"><\/div>\n\n\n\n<div class=\"wp-block-group alignfull\"><div class=\"wp-block-group__inner-container is-layout-constrained wp-block-group-is-layout-constrained\">\n<iframe class=\"ccn_map_iframe\" src=\"https:\/\/dam.chemin-neuf.net\/iframe-map?lat=50.6176345&#038;lng=5.6184994&#038;zoom=11&#038;cat=foyer,monastere,maison,formation,paroisse,magasin&#038;btn=yes\"><\/iframe>\n<\/div><\/div>\n","protected":false},"excerpt":{"rendered":"<p>Communaut\u00e9 du Chemin Neuf<br \/>\nCarmel de Mehagne<br \/>\nChemin du Carmel 27<br \/>\n4053 Embourg &#8211; Chaudfontaine<\/p>\n","protected":false},"featured_media":1093,"menu_order":0,"template":"","meta":{"_acf_changed":false,"footnotes":""},"place-category":[12,11,15],"class_list":["post-1128","place","type-place","status-publish","has-post-thumbnail","hentry","place-category-groupes-de-priere","place-category-maisons","place-category-points-net"],"acf":[],"yoast_head":"<!-- This site is optimized with the Yoast SEO plugin v27.5 - https:\/\/yoast.com\/product\/yoast-seo-wordpress\/ -->\n<title>Carmel de Mehagne - Chemin Neuf Belgique<\/title>\n<meta name=\"description\" content=\"Communaut\u00e9 du Chemin Neuf Carmel de Mehagne Chemin du Carmel 27 4053 Embourg - Chaudfontaine\" \/>\n<meta name=\"robots\" content=\"index, follow, max-snippet:-1, max-image-preview:large, max-video-preview:-1\" \/>\n<link rel=\"canonical\" href=\"https:\/\/www.chemin-neuf.be\/fr\/place\/carmel-de-mehagne\/\" \/>\n<meta property=\"og:locale\" content=\"fr_FR\" \/>\n<meta property=\"og:type\" content=\"article\" \/>\n<meta property=\"og:title\" content=\"Carmel de Mehagne - Chemin Neuf Belgique\" \/>\n<meta property=\"og:description\" content=\"Communaut\u00e9 du Chemin Neuf Carmel de Mehagne Chemin du Carmel 27 4053 Embourg - Chaudfontaine\" \/>\n<meta property=\"og:url\" content=\"https:\/\/www.chemin-neuf.be\/fr\/place\/carmel-de-mehagne\/\" \/>\n<meta property=\"og:site_name\" content=\"Chemin Neuf Belgique\" \/>\n<meta property=\"article:modified_time\" content=\"2026-02-03T10:58:18+00:00\" \/>\n<meta property=\"og:image\" content=\"https:\/\/www.chemin-neuf.be\/wp-content\/uploads\/2021\/02\/Communaute-Belgique.jpg\" \/>\n\t<meta property=\"og:image:width\" content=\"1800\" \/>\n\t<meta property=\"og:image:height\" content=\"1200\" \/>\n\t<meta property=\"og:image:type\" content=\"image\/jpeg\" \/>\n<meta name=\"twitter:card\" content=\"summary_large_image\" \/>\n<meta name=\"twitter:label1\" content=\"Dur\u00e9e de lecture est.\" \/>\n\t<meta name=\"twitter:data1\" content=\"2 minutes\" \/>\n<script type=\"application\/ld+json\" class=\"yoast-schema-graph\">{\"@context\":\"https:\\\/\\\/schema.org\",\"@graph\":[{\"@type\":\"WebPage\",\"@id\":\"https:\\\/\\\/www.chemin-neuf.be\\\/fr\\\/place\\\/carmel-de-mehagne\\\/\",\"url\":\"https:\\\/\\\/www.chemin-neuf.be\\\/fr\\\/place\\\/carmel-de-mehagne\\\/\",\"name\":\"Carmel de Mehagne - Chemin Neuf Belgique\",\"isPartOf\":{\"@id\":\"https:\\\/\\\/www.chemin-neuf.be\\\/fr\\\/#website\"},\"primaryImageOfPage\":{\"@id\":\"https:\\\/\\\/www.chemin-neuf.be\\\/fr\\\/place\\\/carmel-de-mehagne\\\/#primaryimage\"},\"image\":{\"@id\":\"https:\\\/\\\/www.chemin-neuf.be\\\/fr\\\/place\\\/carmel-de-mehagne\\\/#primaryimage\"},\"thumbnailUrl\":\"https:\\\/\\\/www.chemin-neuf.be\\\/wp-content\\\/uploads\\\/2021\\\/02\\\/Communaute-Belgique.jpg\",\"datePublished\":\"2021-02-06T11:32:58+00:00\",\"dateModified\":\"2026-02-03T10:58:18+00:00\",\"description\":\"Communaut\u00e9 du Chemin Neuf Carmel de Mehagne Chemin du Carmel 27 4053 Embourg - Chaudfontaine\",\"breadcrumb\":{\"@id\":\"https:\\\/\\\/www.chemin-neuf.be\\\/fr\\\/place\\\/carmel-de-mehagne\\\/#breadcrumb\"},\"inLanguage\":\"fr-BE\",\"potentialAction\":[{\"@type\":\"ReadAction\",\"target\":[\"https:\\\/\\\/www.chemin-neuf.be\\\/fr\\\/place\\\/carmel-de-mehagne\\\/\"]}]},{\"@type\":\"ImageObject\",\"inLanguage\":\"fr-BE\",\"@id\":\"https:\\\/\\\/www.chemin-neuf.be\\\/fr\\\/place\\\/carmel-de-mehagne\\\/#primaryimage\",\"url\":\"https:\\\/\\\/www.chemin-neuf.be\\\/wp-content\\\/uploads\\\/2021\\\/02\\\/Communaute-Belgique.jpg\",\"contentUrl\":\"https:\\\/\\\/www.chemin-neuf.be\\\/wp-content\\\/uploads\\\/2021\\\/02\\\/Communaute-Belgique.jpg\",\"width\":1800,\"height\":1200},{\"@type\":\"BreadcrumbList\",\"@id\":\"https:\\\/\\\/www.chemin-neuf.be\\\/fr\\\/place\\\/carmel-de-mehagne\\\/#breadcrumb\",\"itemListElement\":[{\"@type\":\"ListItem\",\"position\":1,\"name\":\"Home\",\"item\":\"https:\\\/\\\/www.chemin-neuf.be\\\/fr\\\/\"},{\"@type\":\"ListItem\",\"position\":2,\"name\":\"Lieux\",\"item\":\"https:\\\/\\\/www.chemin-neuf.be\\\/fr\\\/place\\\/\"},{\"@type\":\"ListItem\",\"position\":3,\"name\":\"Carmel de Mehagne\"}]},{\"@type\":\"WebSite\",\"@id\":\"https:\\\/\\\/www.chemin-neuf.be\\\/fr\\\/#website\",\"url\":\"https:\\\/\\\/www.chemin-neuf.be\\\/fr\\\/\",\"name\":\"Chemin Neuf Belgique\",\"description\":\"Communaut\u00e9 du Chemin Neuf en Belgique\",\"potentialAction\":[{\"@type\":\"SearchAction\",\"target\":{\"@type\":\"EntryPoint\",\"urlTemplate\":\"https:\\\/\\\/www.chemin-neuf.be\\\/fr\\\/?s={search_term_string}\"},\"query-input\":{\"@type\":\"PropertyValueSpecification\",\"valueRequired\":true,\"valueName\":\"search_term_string\"}}],\"inLanguage\":\"fr-BE\"}]}<\/script>\n<!-- \/ Yoast SEO plugin. -->","yoast_head_json":{"title":"Carmel de Mehagne - Chemin Neuf Belgique","description":"Communaut\u00e9 du Chemin Neuf Carmel de Mehagne Chemin du Carmel 27 4053 Embourg - Chaudfontaine","robots":{"index":"index","follow":"follow","max-snippet":"max-snippet:-1","max-image-preview":"max-image-preview:large","max-video-preview":"max-video-preview:-1"},"canonical":"https:\/\/www.chemin-neuf.be\/fr\/place\/carmel-de-mehagne\/","og_locale":"fr_FR","og_type":"article","og_title":"Carmel de Mehagne - Chemin Neuf Belgique","og_description":"Communaut\u00e9 du Chemin Neuf Carmel de Mehagne Chemin du Carmel 27 4053 Embourg - Chaudfontaine","og_url":"https:\/\/www.chemin-neuf.be\/fr\/place\/carmel-de-mehagne\/","og_site_name":"Chemin Neuf Belgique","article_modified_time":"2026-02-03T10:58:18+00:00","og_image":[{"width":1800,"height":1200,"url":"https:\/\/www.chemin-neuf.be\/wp-content\/uploads\/2021\/02\/Communaute-Belgique.jpg","type":"image\/jpeg"}],"twitter_card":"summary_large_image","twitter_misc":{"Dur\u00e9e de lecture est.":"2 minutes"},"schema":{"@context":"https:\/\/schema.org","@graph":[{"@type":"WebPage","@id":"https:\/\/www.chemin-neuf.be\/fr\/place\/carmel-de-mehagne\/","url":"https:\/\/www.chemin-neuf.be\/fr\/place\/carmel-de-mehagne\/","name":"Carmel de Mehagne - Chemin Neuf Belgique","isPartOf":{"@id":"https:\/\/www.chemin-neuf.be\/fr\/#website"},"primaryImageOfPage":{"@id":"https:\/\/www.chemin-neuf.be\/fr\/place\/carmel-de-mehagne\/#primaryimage"},"image":{"@id":"https:\/\/www.chemin-neuf.be\/fr\/place\/carmel-de-mehagne\/#primaryimage"},"thumbnailUrl":"https:\/\/www.chemin-neuf.be\/wp-content\/uploads\/2021\/02\/Communaute-Belgique.jpg","datePublished":"2021-02-06T11:32:58+00:00","dateModified":"2026-02-03T10:58:18+00:00","description":"Communaut\u00e9 du Chemin Neuf Carmel de Mehagne Chemin du Carmel 27 4053 Embourg - Chaudfontaine","breadcrumb":{"@id":"https:\/\/www.chemin-neuf.be\/fr\/place\/carmel-de-mehagne\/#breadcrumb"},"inLanguage":"fr-BE","potentialAction":[{"@type":"ReadAction","target":["https:\/\/www.chemin-neuf.be\/fr\/place\/carmel-de-mehagne\/"]}]},{"@type":"ImageObject","inLanguage":"fr-BE","@id":"https:\/\/www.chemin-neuf.be\/fr\/place\/carmel-de-mehagne\/#primaryimage","url":"https:\/\/www.chemin-neuf.be\/wp-content\/uploads\/2021\/02\/Communaute-Belgique.jpg","contentUrl":"https:\/\/www.chemin-neuf.be\/wp-content\/uploads\/2021\/02\/Communaute-Belgique.jpg","width":1800,"height":1200},{"@type":"BreadcrumbList","@id":"https:\/\/www.chemin-neuf.be\/fr\/place\/carmel-de-mehagne\/#breadcrumb","itemListElement":[{"@type":"ListItem","position":1,"name":"Home","item":"https:\/\/www.chemin-neuf.be\/fr\/"},{"@type":"ListItem","position":2,"name":"Lieux","item":"https:\/\/www.chemin-neuf.be\/fr\/place\/"},{"@type":"ListItem","position":3,"name":"Carmel de Mehagne"}]},{"@type":"WebSite","@id":"https:\/\/www.chemin-neuf.be\/fr\/#website","url":"https:\/\/www.chemin-neuf.be\/fr\/","name":"Chemin Neuf Belgique","description":"Communaut\u00e9 du Chemin Neuf en Belgique","potentialAction":[{"@type":"SearchAction","target":{"@type":"EntryPoint","urlTemplate":"https:\/\/www.chemin-neuf.be\/fr\/?s={search_term_string}"},"query-input":{"@type":"PropertyValueSpecification","valueRequired":true,"valueName":"search_term_string"}}],"inLanguage":"fr-BE"}]}},"_links":{"self":[{"href":"https:\/\/www.chemin-neuf.be\/fr\/wp-json\/wp\/v2\/place\/1128","targetHints":{"allow":["GET"]}}],"collection":[{"href":"https:\/\/www.chemin-neuf.be\/fr\/wp-json\/wp\/v2\/place"}],"about":[{"href":"https:\/\/www.chemin-neuf.be\/fr\/wp-json\/wp\/v2\/types\/place"}],"version-history":[{"count":76,"href":"https:\/\/www.chemin-neuf.be\/fr\/wp-json\/wp\/v2\/place\/1128\/revisions"}],"predecessor-version":[{"id":74437,"href":"https:\/\/www.chemin-neuf.be\/fr\/wp-json\/wp\/v2\/place\/1128\/revisions\/74437"}],"wp:featuredmedia":[{"embeddable":true,"href":"https:\/\/www.chemin-neuf.be\/fr\/wp-json\/wp\/v2\/media\/1093"}],"wp:attachment":[{"href":"https:\/\/www.chemin-neuf.be\/fr\/wp-json\/wp\/v2\/media?parent=1128"}],"wp:term":[{"taxonomy":"place-category","embeddable":true,"href":"https:\/\/www.chemin-neuf.be\/fr\/wp-json\/wp\/v2\/place-category?post=1128"}],"curies":[{"name":"wp","href":"https:\/\/api.w.org\/{rel}","templated":true}]}}