{"id":82024,"date":"2020-11-20T10:59:43","date_gmt":"2020-11-20T09:59:43","guid":{"rendered":"https:\/\/www.chemin-neuf.be\/vie-consacree\/"},"modified":"2026-04-23T17:39:21","modified_gmt":"2026-04-23T15:39:21","slug":"vie-consacree","status":"publish","type":"page","link":"https:\/\/www.chemin-neuf.be\/fr\/vie-consacree\/","title":{"rendered":"Vie consacr\u00e9e"},"content":{"rendered":"\n<div class=\"wp-block-columns is-layout-flex wp-container-core-columns-is-layout-9d6595d7 wp-block-columns-is-layout-flex\">\n<div class=\"wp-block-column is-vertically-aligned-center is-layout-flow wp-block-column-is-layout-flow\">\n<h2 class=\"wp-block-heading alignwide has-text-align-center\"><strong>Fr\u00e8res &amp; Soeurs consacr\u00e9s<\/strong><\/h2>\n\n\n\n<blockquote class=\"wp-block-quote is-layout-flow wp-block-quote-is-layout-flow\">\n<p class=\"has-text-align-center\"><em>C\u2019est l\u2019Esprit qui suscite le d\u00e9sir d\u2019une r\u00e9ponse totale ; c\u2019est lui qui accompagne la croissance de ce d\u00e9sir, portant \u00e0 son terme la r\u00e9ponse affirmative et soutenant ensuite son ex\u00e9cution fid\u00e8le ; c\u2019est lui qui forme et fa\u00e7onne l\u2019esprit de ceux qui sont appel\u00e9s, en les configurant au Christ chaste, pauvre et ob\u00e9issant, et en les poussant \u00e0 faire leur sa mission. \u00bb<\/em><\/p>\n<cite>Jean-Paul II, Vita Consecrata, n\u00b019<\/cite><\/blockquote>\n<\/div>\n<\/div>\n\n\n\n<div class=\"wp-block-columns is-layout-flex wp-container-core-columns-is-layout-9d6595d7 wp-block-columns-is-layout-flex\">\n<div class=\"wp-block-column is-vertically-aligned-center is-layout-flow wp-block-column-is-layout-flow\">\n<figure class=\"wp-block-gallery has-nested-images columns-2 is-cropped wp-block-gallery-1 is-layout-flex wp-block-gallery-is-layout-flex\">\n<figure class=\"wp-block-image size-large\"><img decoding=\"async\" data-id=\"6684\" src=\"https:\/\/chemin-neuf.fr\/wp-content\/uploads\/2021\/04\/carre-vie-consacre-22.jpg\" alt=\"\" class=\"wp-image-6684\"\/><\/figure>\n\n\n\n<figure class=\"wp-block-image size-large\"><img decoding=\"async\" data-id=\"6685\" src=\"https:\/\/chemin-neuf.fr\/wp-content\/uploads\/2021\/04\/carre-vie-consacre-19.jpg\" alt=\"\" class=\"wp-image-6685\"\/><\/figure>\n\n\n\n<figure class=\"wp-block-image size-large\"><img decoding=\"async\" data-id=\"6686\" src=\"https:\/\/chemin-neuf.fr\/wp-content\/uploads\/2021\/04\/carre-vie-consacre-18.jpg\" alt=\"\" class=\"wp-image-6686\"\/><\/figure>\n\n\n\n<figure class=\"wp-block-image size-large\"><img decoding=\"async\" data-id=\"6687\" src=\"https:\/\/chemin-neuf.fr\/wp-content\/uploads\/2021\/04\/carre-vie-consacre-16.jpg\" alt=\"\" class=\"wp-image-6687\"\/><\/figure>\n<\/figure>\n<\/div>\n\n\n\n<div class=\"wp-block-column is-vertically-aligned-center is-layout-flow wp-block-column-is-layout-flow\">\n<p class=\"has-medium-font-size\"><strong>Engag\u00e9s pour le Royaume<\/strong><\/p>\n\n\n\n<p>Au c\u0153ur de la Communaut\u00e9 du Chemin Neuf, les fr\u00e8res et s\u0153urs engag\u00e9s dans le c\u00e9libat pour le Royaume manifestent par leur cons\u00e9cration un appel sp\u00e9cifique du Seigneur.&nbsp; \u00ab&nbsp;Signe lumineux&nbsp;\u00bb dans l\u2019\u00c9glise, ils sont le signe avant-coureur du R\u00e8gne qui vient. Actuellement au nombre de 400 (180 hommes et 220 femmes) leur appel r\u00e9v\u00e8le et repr\u00e9sente au milieu de la Communaut\u00e9 la nature la plus int\u00e9rieure de la vocation chr\u00e9tienne et l\u2019aspiration de toute l\u2019\u00c9glise&nbsp;: suivre J\u00e9sus et \u00eatre uni \u00e0 lui.<\/p>\n\n\n\n<p>Les fr\u00e8res et s\u0153urs engag\u00e9s dans le c\u00e9libat vivent au c\u0153ur de la Communaut\u00e9 et partagent la vie apostolique et missionnaire en lien avec les couples et les familles. Ils suivent les Constitutions de l\u2019Institut du Chemin Neuf, \u00e9rig\u00e9 Institut religieux Cl\u00e9rical de Droit Dioc\u00e9sain&nbsp;en 1992 par le Cardinal Decourtray puis reconnu de droit Pontifical en 2009.&nbsp;&nbsp; \u00ab Nous nous engageons par les v\u0153ux publics de chastet\u00e9, pauvret\u00e9 et ob\u00e9issance \u00e0 vivre en communion avec le Christ dans une communaut\u00e9 apostolique au service de l\u2019Unit\u00e9 de l\u2019\u00e9glise et au service des hommes, en particulier des plus pauvres.&nbsp;\u00bb&nbsp;<\/p>\n<\/div>\n<\/div>\n\n\n\n<div class=\"wp-block-columns is-layout-flex wp-container-core-columns-is-layout-9d6595d7 wp-block-columns-is-layout-flex\">\n<div class=\"wp-block-column is-vertically-aligned-center is-layout-flow wp-block-column-is-layout-flow\">\n<p class=\"has-medium-font-size\"><strong>Consacr\u00e9s \u00e0 Dieu<\/strong><\/p>\n\n\n\n<p>Consacr\u00e9s \u00e0 Dieu dans le c\u00e9libat, les fr\u00e8res et s\u0153urs veulent \u00eatre des hommes et des femmes pour les autres, libres dans les relations et disponibles dans la communion avec tous.&nbsp; Ne poss\u00e9dant rien, partageant tout, ils vivent une parabole du partage dans le concret d\u2019une vie mettant sa s\u00e9curit\u00e9 dans la Providence. Libres par le v\u0153u d\u2019ob\u00e9issance, en \u00e9tant disponibles pour toute mission, ils se mettent ensemble au service de l\u2019\u00c9vangile.<\/p>\n\n\n\n<p>Un soin particulier est apport\u00e9 \u00e0 leur formation initiale et continue. Le noviciat pour les fr\u00e8res et soeurs engageant leur vie dans le c\u00e9libat pour le royaume se trouve actuellement \u00e0 l\u2019Abbaye de Melleray (dioc\u00e8se de Nantes). &nbsp;Dans leurs premi\u00e8res ann\u00e9es un cursus approfondi d\u2019\u00e9tudes philosophiques et th\u00e9ologiques est propos\u00e9 en lien avec diff\u00e9rentes facult\u00e9s de th\u00e9ologie (Paris, Lyon, Rome, Kinshasa, Fribourg etc..). Par la suite, des temps de formation et de retraite aident \u00e0 fortifier l&rsquo;amour pour le Seigneur et l&rsquo;ardeur apostolique. Lors de l\u2019engagement \u00e0 vie (apr\u00e8s les ann\u00e9es de profession temporaire), celui qui s\u2019engage dit&nbsp;: \u00ab&nbsp;je d\u00e9sire donner ma vie pour l\u2019unit\u00e9 de l\u2019\u00c9glise&nbsp;\u00bb.<\/p>\n<\/div>\n\n\n\n<div class=\"wp-block-column is-vertically-aligned-center is-layout-flow wp-block-column-is-layout-flow\">\n<figure class=\"wp-block-gallery has-nested-images columns-2 is-cropped wp-block-gallery-2 is-layout-flex wp-block-gallery-is-layout-flex\">\n<figure class=\"wp-block-image size-large\"><img decoding=\"async\" data-id=\"6683\" src=\"https:\/\/chemin-neuf.fr\/wp-content\/uploads\/2021\/04\/carre-vie-consacre-5.jpg\" alt=\"\" class=\"wp-image-6683\"\/><\/figure>\n\n\n\n<figure class=\"wp-block-image size-large\"><img decoding=\"async\" data-id=\"6682\" src=\"https:\/\/chemin-neuf.fr\/wp-content\/uploads\/2021\/04\/carre-vie-consacre-6.jpg\" alt=\"\" class=\"wp-image-6682\"\/><\/figure>\n\n\n\n<figure class=\"wp-block-image size-large\"><img decoding=\"async\" data-id=\"6681\" src=\"https:\/\/chemin-neuf.fr\/wp-content\/uploads\/2021\/04\/carre-vie-consacre-9.jpg\" alt=\"\" class=\"wp-image-6681\"\/><\/figure>\n\n\n\n<figure class=\"wp-block-image size-large\"><img decoding=\"async\" data-id=\"6680\" src=\"https:\/\/chemin-neuf.fr\/wp-content\/uploads\/2021\/04\/carre-vie-consacre-3.jpg\" alt=\"\" class=\"wp-image-6680\"\/><\/figure>\n<\/figure>\n<\/div>\n<\/div>\n\n\n\n<div class=\"wp-block-columns is-layout-flex wp-container-core-columns-is-layout-9d6595d7 wp-block-columns-is-layout-flex\">\n<div class=\"wp-block-column is-vertically-aligned-center is-layout-flow wp-block-column-is-layout-flow\">\n<figure class=\"wp-block-gallery has-nested-images columns-2 is-cropped wp-block-gallery-3 is-layout-flex wp-block-gallery-is-layout-flex\">\n<figure class=\"wp-block-image size-large\"><img decoding=\"async\" data-id=\"6689\" src=\"https:\/\/chemin-neuf.fr\/wp-content\/uploads\/2021\/04\/carre-vie-consacre-11.jpg\" alt=\"\" class=\"wp-image-6689\"\/><\/figure>\n\n\n\n<figure class=\"wp-block-image size-large\"><img decoding=\"async\" data-id=\"6688\" src=\"https:\/\/chemin-neuf.fr\/wp-content\/uploads\/2021\/04\/carre-vie-consacre-13.jpg\" alt=\"\" class=\"wp-image-6688\"\/><\/figure>\n\n\n\n<figure class=\"wp-block-image size-large\"><img decoding=\"async\" data-id=\"6694\" src=\"https:\/\/chemin-neuf.fr\/wp-content\/uploads\/2021\/04\/carre-vie-consacre-8.jpg\" alt=\"\" class=\"wp-image-6694\"\/><\/figure>\n\n\n\n<figure class=\"wp-block-image size-large\"><img decoding=\"async\" data-id=\"6696\" src=\"https:\/\/chemin-neuf.fr\/wp-content\/uploads\/2021\/04\/carre-vie-consacre-10.jpg\" alt=\"\" class=\"wp-image-6696\"\/><\/figure>\n<\/figure>\n<\/div>\n\n\n\n<div class=\"wp-block-column is-vertically-aligned-center is-layout-flow wp-block-column-is-layout-flow\">\n<p class=\"has-medium-font-size\"><strong>Enracin\u00e9s et \u00e9difi\u00e9s en Lui<\/strong><\/p>\n\n\n\n<p>L\u2019accompagnement spirituel r\u00e9gulier permet \u00e0 chacun de grandir dans la libert\u00e9 et le discernement des esprits. De m\u00eame, la vie fraternelle et le partage hebdomadaire en fraternit\u00e9 offrent un lieu d\u2019\u00e9coute, d\u2019humilit\u00e9 et d\u2019apprentissage du discernement communautaire.<br><\/p>\n\n\n\n<p>La vie de pri\u00e8re alterne l\u2019eucharistie quotidienne, les offices de la liturgie des heures (offices des Laudes et des V\u00eapres chant\u00e9s ensemble dans nos maisons), la pri\u00e8re personnelle (oraison le matin et adoration en fin d\u2019apr\u00e8s-midi) et la pri\u00e8re communautaire charismatique (le groupe de pri\u00e8re le mardi soir).&nbsp;<\/p>\n\n\n\n<p class=\"has-medium-font-size\">\u00ab\u00a0<strong>La saintet\u00e9 est ton chemin\u00a0\u00bb Ps 76,14<\/strong><\/p>\n<\/div>\n<\/div>\n\n\n\n<div class=\"wp-block-columns is-layout-flex wp-container-core-columns-is-layout-9d6595d7 wp-block-columns-is-layout-flex\">\n<div class=\"wp-block-column is-vertically-aligned-center is-layout-flow wp-block-column-is-layout-flow\">\n<p class=\"has-medium-font-size\"><strong>Consacr\u00e9s au service de l\u2019\u00c9vangile<\/strong><\/p>\n\n\n\n<p>Parmi les fr\u00e8res, ceux qui sont appel\u00e9s \u00e0 \u00eatre ordonn\u00e9s pr\u00eatres sont incardin\u00e9s dans l\u2019Institut du Chemin Neuf.&nbsp; Les pr\u00eatres exercent leur mission dans des minist\u00e8res vari\u00e9s en fonction des appels de l\u2019\u00c9glise et des missions de la communaut\u00e9&nbsp;: paroisses (30 paroisses confi\u00e9s \u00e0 la communaut\u00e9), centres de formation, foyers d\u2019\u00e9tudiants, maisons de retraite et diverses missions aupr\u00e8s des jeunes, des couples, dans des \u00e9coles et aupr\u00e8s des plus pauvres\u2026&nbsp;<\/p>\n\n\n\n<p>Fr\u00e8res et s\u0153urs engag\u00e9s dans le c\u00e9libat pour le Royaume nous sommes consacr\u00e9s au service de l\u2019\u00c9vangile. \u00ab&nbsp;C\u2019est Lui qui nous rassemble en communaut\u00e9 d\u2019\u00c9glise afin de faire de nous vraiment ses disciples \u00bb.<\/p>\n\n\n\n<p class=\"has-medium-font-size\"><strong>C\u2019est \u00ab&nbsp;<em>en lui qu\u2019il nous faut marcher, enracin\u00e9s et \u00e9difi\u00e9s en Lui et d\u00e9bordant d\u2019action de gr\u00e2ces<\/em>&nbsp;\u00bb. Col 2,6-7 (Constitutions, n\u00b02).<\/strong><\/p>\n<\/div>\n\n\n\n<div class=\"wp-block-column is-vertically-aligned-center is-layout-flow wp-block-column-is-layout-flow\">\n<figure class=\"wp-block-gallery has-nested-images columns-2 is-cropped wp-block-gallery-4 is-layout-flex wp-block-gallery-is-layout-flex\">\n<figure class=\"wp-block-image size-large\"><img decoding=\"async\" data-id=\"6679\" src=\"https:\/\/chemin-neuf.fr\/wp-content\/uploads\/2021\/04\/carre-vie-consacre-1.jpg\" alt=\"\" class=\"wp-image-6679\"\/><\/figure>\n\n\n\n<figure class=\"wp-block-image size-large\"><img decoding=\"async\" data-id=\"6678\" src=\"https:\/\/chemin-neuf.fr\/wp-content\/uploads\/2021\/04\/carre-vie-consacre-20.jpg\" alt=\"\" class=\"wp-image-6678\"\/><\/figure>\n\n\n\n<figure class=\"wp-block-image size-large\"><img decoding=\"async\" data-id=\"6677\" src=\"https:\/\/chemin-neuf.fr\/wp-content\/uploads\/2021\/04\/carre-vie-consacre-15.jpg\" alt=\"\" class=\"wp-image-6677\"\/><\/figure>\n\n\n\n<figure class=\"wp-block-image size-large\"><img decoding=\"async\" data-id=\"6676\" src=\"https:\/\/chemin-neuf.fr\/wp-content\/uploads\/2021\/04\/carre-vie-consacre-17.jpg\" alt=\"\" class=\"wp-image-6676\"\/><\/figure>\n<\/figure>\n<\/div>\n<\/div>\n\n\n\n<figure class=\"wp-block-gallery has-nested-images columns-default is-cropped wp-block-gallery-5 is-layout-flex wp-block-gallery-is-layout-flex\">\n<figure class=\"wp-block-image size-large\"><img decoding=\"async\" data-id=\"18663\" src=\"https:\/\/dam.chemin-neuf.net\/wp-content\/uploads\/2026\/03\/CCNoku1-1024x683.jpg\" alt=\"\" class=\"wp-image-18663\"\/><\/figure>\n\n\n\n<figure class=\"wp-block-image size-large\"><img decoding=\"async\" data-id=\"5586\" src=\"https:\/\/chemin-neuf.fr\/wp-content\/uploads\/2021\/02\/carre-engagement-a-vie.jpg\" alt=\"\" class=\"wp-image-5586\"\/><\/figure>\n\n\n\n<figure class=\"wp-block-image size-large\"><img decoding=\"async\" data-id=\"1399\" src=\"https:\/\/chemin-neuf.fr\/wp-content\/uploads\/2020\/11\/carre-ccn-soeurs.jpg\" alt=\"\" class=\"wp-image-1399\"\/><\/figure>\n<\/figure>\n\n\n\n<h2 class=\"wp-block-heading\">Institut du Chemin Neuf<\/h2>\n\n\n\n<p><strong>Le 24 juin 1992<\/strong>, l\u2019Institut du Chemin Neuf a \u00e9t\u00e9 \u00e9rig\u00e9, pour les pr\u00eatres et les religieux, en Institut Religieux Cl\u00e9rical de Droit Dioc\u00e9sain par le Cardinal Albert Decourtray, Archev\u00eaque de Lyon.<\/p>\n\n\n\n<p><strong>Le 14 septembre 2009<\/strong>, l\u2019Institut du Chemin Neuf a \u00e9t\u00e9 reconnu comme Institut Religieux Cl\u00e9rical de Droit Pontifical par le Cardinal Franc Rod\u00e9, Pr\u00e9fet de la Congr\u00e9gation pour les Instituts de Vie Consacr\u00e9e et les Soci\u00e9t\u00e9s de Vie Apostolique, au Vatican, Rome.<\/p>\n\n\n\n<figure class=\"wp-block-gallery has-nested-images columns-default is-cropped wp-block-gallery-6 is-layout-flex wp-block-gallery-is-layout-flex\">\n<figure class=\"wp-block-image size-large\"><img decoding=\"async\" data-id=\"5272\" src=\"https:\/\/chemin-neuf.fr\/wp-content\/uploads\/2021\/02\/carre-zrg-stephan-lange.jpg\" alt=\"\" class=\"wp-image-5272\"\/><\/figure>\n\n\n\n<figure class=\"wp-block-image size-large\"><img decoding=\"async\" data-id=\"1972\" src=\"https:\/\/chemin-neuf.fr\/wp-content\/uploads\/2020\/06\/fm.jpg\" alt=\"\" class=\"wp-image-1972\"\/><\/figure>\n\n\n\n<figure class=\"wp-block-image size-large\"><img decoding=\"async\" data-id=\"969\" src=\"https:\/\/chemin-neuf.fr\/wp-content\/uploads\/2020\/10\/carre-adoration.jpg\" alt=\"\" class=\"wp-image-969\"\/><\/figure>\n<\/figure>\n\n\n\n<h2 class=\"wp-block-heading\">Noviciat \u00e0 l&rsquo;Abbaye de Melleraye<\/h2>\n\n\n\n<p>D\u00e9couvrez le noviciat de la Communaut\u00e9 du Chemin Neuf au travers de cette petite video<\/p>\n\n\n\n<p><\/p>\n\n\n\n<figure class=\"wp-block-embed is-type-video is-provider-youtube wp-block-embed-youtube wp-embed-aspect-16-9 wp-has-aspect-ratio\"><div class=\"wp-block-embed__wrapper\">\n<iframe loading=\"lazy\" title=\"Le Noviciat dans la Communaut\u00e9 du Chemin Neuf\" width=\"500\" height=\"281\" src=\"https:\/\/www.youtube.com\/embed\/teBIyMxDn2Y?feature=oembed\" frameborder=\"0\" allow=\"accelerometer; autoplay; clipboard-write; encrypted-media; gyroscope; picture-in-picture; web-share\" referrerpolicy=\"strict-origin-when-cross-origin\" allowfullscreen><\/iframe>\n<\/div><\/figure>\n","protected":false},"excerpt":{"rendered":"<p>Fr\u00e8res &amp; Soeurs consacr\u00e9s C\u2019est l\u2019Esprit qui suscite le d\u00e9sir d\u2019une r\u00e9ponse totale ; c\u2019est lui qui accompagne la croissance de ce d\u00e9sir, portant \u00e0 son terme la r\u00e9ponse affirmative et soutenant ensuite son ex\u00e9cution fid\u00e8le ; c\u2019est lui qui forme et fa\u00e7onne l\u2019esprit de ceux qui sont appel\u00e9s, en les configurant au Christ chaste, [&hellip;]<\/p>\n","protected":false},"author":1,"featured_media":82029,"parent":0,"menu_order":0,"comment_status":"closed","ping_status":"closed","template":"","meta":{"_acf_changed":false,"footnotes":""},"class_list":["post-82024","page","type-page","status-publish","has-post-thumbnail","hentry"],"acf":[],"yoast_head":"<!-- This site is optimized with the Yoast SEO plugin v27.5 - https:\/\/yoast.com\/product\/yoast-seo-wordpress\/ -->\n<title>Vie consacr\u00e9e - Chemin Neuf Belgique<\/title>\n<meta name=\"description\" content=\"Fr\u00e8res &amp; Soeurs consacr\u00e9s C\u2019est l\u2019Esprit qui suscite le d\u00e9sir d\u2019une r\u00e9ponse totale ; c\u2019est lui qui accompagne la croissance de ce d\u00e9sir, portant \u00e0 son\" \/>\n<meta name=\"robots\" content=\"index, follow, max-snippet:-1, max-image-preview:large, max-video-preview:-1\" \/>\n<link rel=\"canonical\" href=\"https:\/\/www.chemin-neuf.be\/fr\/vie-consacree\/\" \/>\n<meta property=\"og:locale\" content=\"fr_FR\" \/>\n<meta property=\"og:type\" content=\"article\" \/>\n<meta property=\"og:title\" content=\"Vie consacr\u00e9e - Chemin Neuf Belgique\" \/>\n<meta property=\"og:description\" content=\"Fr\u00e8res &amp; Soeurs consacr\u00e9s C\u2019est l\u2019Esprit qui suscite le d\u00e9sir d\u2019une r\u00e9ponse totale ; c\u2019est lui qui accompagne la croissance de ce d\u00e9sir, portant \u00e0 son\" \/>\n<meta property=\"og:url\" content=\"https:\/\/www.chemin-neuf.be\/fr\/vie-consacree\/\" \/>\n<meta property=\"og:site_name\" content=\"Chemin Neuf Belgique\" \/>\n<meta property=\"article:modified_time\" content=\"2026-04-23T15:39:21+00:00\" \/>\n<meta property=\"og:image\" content=\"https:\/\/www.chemin-neuf.be\/wp-content\/uploads\/2020\/11\/httpsdam.chemin-neuf.netwp-contentuploads202011httpswww.chemin-neuf.frwp-contentuploads202011GS-Aubes.jpeg\" \/>\n\t<meta property=\"og:image:width\" content=\"2048\" \/>\n\t<meta property=\"og:image:height\" content=\"1366\" \/>\n\t<meta property=\"og:image:type\" content=\"image\/jpeg\" \/>\n<meta name=\"twitter:card\" content=\"summary_large_image\" \/>\n<meta name=\"twitter:label1\" content=\"Dur\u00e9e de lecture est.\" \/>\n\t<meta name=\"twitter:data1\" content=\"4 minutes\" \/>\n<script type=\"application\/ld+json\" class=\"yoast-schema-graph\">{\"@context\":\"https:\\\/\\\/schema.org\",\"@graph\":[{\"@type\":\"WebPage\",\"@id\":\"https:\\\/\\\/www.chemin-neuf.be\\\/fr\\\/vie-consacree\\\/\",\"url\":\"https:\\\/\\\/www.chemin-neuf.be\\\/fr\\\/vie-consacree\\\/\",\"name\":\"Vie consacr\u00e9e - Chemin Neuf Belgique\",\"isPartOf\":{\"@id\":\"https:\\\/\\\/www.chemin-neuf.be\\\/fr\\\/#website\"},\"primaryImageOfPage\":{\"@id\":\"https:\\\/\\\/www.chemin-neuf.be\\\/fr\\\/vie-consacree\\\/#primaryimage\"},\"image\":{\"@id\":\"https:\\\/\\\/www.chemin-neuf.be\\\/fr\\\/vie-consacree\\\/#primaryimage\"},\"thumbnailUrl\":\"https:\\\/\\\/www.chemin-neuf.be\\\/wp-content\\\/uploads\\\/2020\\\/11\\\/httpsdam.chemin-neuf.netwp-contentuploads202011httpswww.chemin-neuf.frwp-contentuploads202011GS-Aubes.jpeg\",\"datePublished\":\"2020-11-20T09:59:43+00:00\",\"dateModified\":\"2026-04-23T15:39:21+00:00\",\"description\":\"Fr\u00e8res &amp; Soeurs consacr\u00e9s C\u2019est l\u2019Esprit qui suscite le d\u00e9sir d\u2019une r\u00e9ponse totale ; c\u2019est lui qui accompagne la croissance de ce d\u00e9sir, portant \u00e0 son\",\"breadcrumb\":{\"@id\":\"https:\\\/\\\/www.chemin-neuf.be\\\/fr\\\/vie-consacree\\\/#breadcrumb\"},\"inLanguage\":\"fr-BE\",\"potentialAction\":[{\"@type\":\"ReadAction\",\"target\":[\"https:\\\/\\\/www.chemin-neuf.be\\\/fr\\\/vie-consacree\\\/\"]}]},{\"@type\":\"ImageObject\",\"inLanguage\":\"fr-BE\",\"@id\":\"https:\\\/\\\/www.chemin-neuf.be\\\/fr\\\/vie-consacree\\\/#primaryimage\",\"url\":\"https:\\\/\\\/www.chemin-neuf.be\\\/wp-content\\\/uploads\\\/2020\\\/11\\\/httpsdam.chemin-neuf.netwp-contentuploads202011httpswww.chemin-neuf.frwp-contentuploads202011GS-Aubes.jpeg\",\"contentUrl\":\"https:\\\/\\\/www.chemin-neuf.be\\\/wp-content\\\/uploads\\\/2020\\\/11\\\/httpsdam.chemin-neuf.netwp-contentuploads202011httpswww.chemin-neuf.frwp-contentuploads202011GS-Aubes.jpeg\",\"width\":2048,\"height\":1366},{\"@type\":\"BreadcrumbList\",\"@id\":\"https:\\\/\\\/www.chemin-neuf.be\\\/fr\\\/vie-consacree\\\/#breadcrumb\",\"itemListElement\":[{\"@type\":\"ListItem\",\"position\":1,\"name\":\"Home\",\"item\":\"https:\\\/\\\/www.chemin-neuf.be\\\/fr\\\/\"},{\"@type\":\"ListItem\",\"position\":2,\"name\":\"Vie consacr\u00e9e\"}]},{\"@type\":\"WebSite\",\"@id\":\"https:\\\/\\\/www.chemin-neuf.be\\\/fr\\\/#website\",\"url\":\"https:\\\/\\\/www.chemin-neuf.be\\\/fr\\\/\",\"name\":\"Chemin Neuf Belgique\",\"description\":\"Communaut\u00e9 du Chemin Neuf en Belgique\",\"potentialAction\":[{\"@type\":\"SearchAction\",\"target\":{\"@type\":\"EntryPoint\",\"urlTemplate\":\"https:\\\/\\\/www.chemin-neuf.be\\\/fr\\\/?s={search_term_string}\"},\"query-input\":{\"@type\":\"PropertyValueSpecification\",\"valueRequired\":true,\"valueName\":\"search_term_string\"}}],\"inLanguage\":\"fr-BE\"}]}<\/script>\n<!-- \/ Yoast SEO plugin. -->","yoast_head_json":{"title":"Vie consacr\u00e9e - Chemin Neuf Belgique","description":"Fr\u00e8res &amp; Soeurs consacr\u00e9s C\u2019est l\u2019Esprit qui suscite le d\u00e9sir d\u2019une r\u00e9ponse totale ; c\u2019est lui qui accompagne la croissance de ce d\u00e9sir, portant \u00e0 son","robots":{"index":"index","follow":"follow","max-snippet":"max-snippet:-1","max-image-preview":"max-image-preview:large","max-video-preview":"max-video-preview:-1"},"canonical":"https:\/\/www.chemin-neuf.be\/fr\/vie-consacree\/","og_locale":"fr_FR","og_type":"article","og_title":"Vie consacr\u00e9e - Chemin Neuf Belgique","og_description":"Fr\u00e8res &amp; Soeurs consacr\u00e9s C\u2019est l\u2019Esprit qui suscite le d\u00e9sir d\u2019une r\u00e9ponse totale ; c\u2019est lui qui accompagne la croissance de ce d\u00e9sir, portant \u00e0 son","og_url":"https:\/\/www.chemin-neuf.be\/fr\/vie-consacree\/","og_site_name":"Chemin Neuf Belgique","article_modified_time":"2026-04-23T15:39:21+00:00","og_image":[{"width":2048,"height":1366,"url":"https:\/\/www.chemin-neuf.be\/wp-content\/uploads\/2020\/11\/httpsdam.chemin-neuf.netwp-contentuploads202011httpswww.chemin-neuf.frwp-contentuploads202011GS-Aubes.jpeg","type":"image\/jpeg"}],"twitter_card":"summary_large_image","twitter_misc":{"Dur\u00e9e de lecture est.":"4 minutes"},"schema":{"@context":"https:\/\/schema.org","@graph":[{"@type":"WebPage","@id":"https:\/\/www.chemin-neuf.be\/fr\/vie-consacree\/","url":"https:\/\/www.chemin-neuf.be\/fr\/vie-consacree\/","name":"Vie consacr\u00e9e - Chemin Neuf Belgique","isPartOf":{"@id":"https:\/\/www.chemin-neuf.be\/fr\/#website"},"primaryImageOfPage":{"@id":"https:\/\/www.chemin-neuf.be\/fr\/vie-consacree\/#primaryimage"},"image":{"@id":"https:\/\/www.chemin-neuf.be\/fr\/vie-consacree\/#primaryimage"},"thumbnailUrl":"https:\/\/www.chemin-neuf.be\/wp-content\/uploads\/2020\/11\/httpsdam.chemin-neuf.netwp-contentuploads202011httpswww.chemin-neuf.frwp-contentuploads202011GS-Aubes.jpeg","datePublished":"2020-11-20T09:59:43+00:00","dateModified":"2026-04-23T15:39:21+00:00","description":"Fr\u00e8res &amp; Soeurs consacr\u00e9s C\u2019est l\u2019Esprit qui suscite le d\u00e9sir d\u2019une r\u00e9ponse totale ; c\u2019est lui qui accompagne la croissance de ce d\u00e9sir, portant \u00e0 son","breadcrumb":{"@id":"https:\/\/www.chemin-neuf.be\/fr\/vie-consacree\/#breadcrumb"},"inLanguage":"fr-BE","potentialAction":[{"@type":"ReadAction","target":["https:\/\/www.chemin-neuf.be\/fr\/vie-consacree\/"]}]},{"@type":"ImageObject","inLanguage":"fr-BE","@id":"https:\/\/www.chemin-neuf.be\/fr\/vie-consacree\/#primaryimage","url":"https:\/\/www.chemin-neuf.be\/wp-content\/uploads\/2020\/11\/httpsdam.chemin-neuf.netwp-contentuploads202011httpswww.chemin-neuf.frwp-contentuploads202011GS-Aubes.jpeg","contentUrl":"https:\/\/www.chemin-neuf.be\/wp-content\/uploads\/2020\/11\/httpsdam.chemin-neuf.netwp-contentuploads202011httpswww.chemin-neuf.frwp-contentuploads202011GS-Aubes.jpeg","width":2048,"height":1366},{"@type":"BreadcrumbList","@id":"https:\/\/www.chemin-neuf.be\/fr\/vie-consacree\/#breadcrumb","itemListElement":[{"@type":"ListItem","position":1,"name":"Home","item":"https:\/\/www.chemin-neuf.be\/fr\/"},{"@type":"ListItem","position":2,"name":"Vie consacr\u00e9e"}]},{"@type":"WebSite","@id":"https:\/\/www.chemin-neuf.be\/fr\/#website","url":"https:\/\/www.chemin-neuf.be\/fr\/","name":"Chemin Neuf Belgique","description":"Communaut\u00e9 du Chemin Neuf en Belgique","potentialAction":[{"@type":"SearchAction","target":{"@type":"EntryPoint","urlTemplate":"https:\/\/www.chemin-neuf.be\/fr\/?s={search_term_string}"},"query-input":{"@type":"PropertyValueSpecification","valueRequired":true,"valueName":"search_term_string"}}],"inLanguage":"fr-BE"}]}},"_links":{"self":[{"href":"https:\/\/www.chemin-neuf.be\/fr\/wp-json\/wp\/v2\/pages\/82024","targetHints":{"allow":["GET"]}}],"collection":[{"href":"https:\/\/www.chemin-neuf.be\/fr\/wp-json\/wp\/v2\/pages"}],"about":[{"href":"https:\/\/www.chemin-neuf.be\/fr\/wp-json\/wp\/v2\/types\/page"}],"author":[{"embeddable":true,"href":"https:\/\/www.chemin-neuf.be\/fr\/wp-json\/wp\/v2\/users\/1"}],"replies":[{"embeddable":true,"href":"https:\/\/www.chemin-neuf.be\/fr\/wp-json\/wp\/v2\/comments?post=82024"}],"version-history":[{"count":7,"href":"https:\/\/www.chemin-neuf.be\/fr\/wp-json\/wp\/v2\/pages\/82024\/revisions"}],"predecessor-version":[{"id":82036,"href":"https:\/\/www.chemin-neuf.be\/fr\/wp-json\/wp\/v2\/pages\/82024\/revisions\/82036"}],"wp:featuredmedia":[{"embeddable":true,"href":"https:\/\/www.chemin-neuf.be\/fr\/wp-json\/wp\/v2\/media\/82029"}],"wp:attachment":[{"href":"https:\/\/www.chemin-neuf.be\/fr\/wp-json\/wp\/v2\/media?parent=82024"}],"curies":[{"name":"wp","href":"https:\/\/api.w.org\/{rel}","templated":true}]}}