{"id":82023,"date":"2020-10-07T00:53:42","date_gmt":"2020-10-06T22:53:42","guid":{"rendered":"https:\/\/www.chemin-neuf.be\/reconnaissances-ecclesiale-civil\/"},"modified":"2026-04-23T17:08:03","modified_gmt":"2026-04-23T15:08:03","slug":"reconnaissances-ecclesiale-civil","status":"publish","type":"page","link":"https:\/\/www.chemin-neuf.be\/fr\/reconnaissances-ecclesiale-civil\/","title":{"rendered":"Reconnaissances"},"content":{"rendered":"\n<h2 class=\"wp-block-heading has-text-align-center\"><strong>Reconnaissances<br>eccl\u00e9siales et civiles<\/strong><\/h2>\n\n\n\n<div style=\"height:15px\" aria-hidden=\"true\" class=\"wp-block-spacer\"><\/div>\n\n\n\n<h3 class=\"wp-block-heading\"><strong>I. Statuts canoniques<\/strong><\/h3>\n\n\n\n<p>Fond\u00e9e en 1973, et d\u2019abord reconnue comme \u00ab pieuse union \u00bb par le Cardinal Alexandre Renard, Archev\u00eaque de Lyon, la communaut\u00e9 du Chemin Neuf est \u00e9rig\u00e9e en Association Publique de Fid\u00e8les par le Cardinal Albert Decourtray, Archev\u00eaque de Lyon, <strong>le 20 avril 1984<\/strong>.<\/p>\n\n\n\n<p><strong>Le 24 juin 1992<\/strong>, l\u2019Institut du Chemin Neuf a \u00e9t\u00e9 \u00e9rig\u00e9, pour les pr\u00eatres et les religieux, en Institut Religieux Cl\u00e9rical de Droit Dioc\u00e9sain par le Cardinal Albert Decourtray, Archev\u00eaque de Lyon.<\/p>\n\n\n\n<p><strong>Le 14 septembre 2009<\/strong>, l\u2019Institut du Chemin Neuf a \u00e9t\u00e9 reconnu comme Institut Religieux Cl\u00e9rical de Droit Pontifical par le Cardinal Franc Rod\u00e9, Pr\u00e9fet de la Congr\u00e9gation pour les Instituts de Vie Consacr\u00e9e et les Soci\u00e9t\u00e9s de Vie Apostolique, au Vatican, Rome.<\/p>\n\n\n\n<p>La maison g\u00e9n\u00e9rale est \u00e0 l\u2019Abbaye Notre Dame des Dombes, France. L\u2019ouverture de nouvelles maisons de l\u2019Association Publique de Fid\u00e8les ou de l\u2019Institut Religieux dans les dioc\u00e8ses se fait, conform\u00e9ment au droit canon, en accord avec l\u2019\u00e9v\u00eaque du lieu.<\/p>\n\n\n\n<p>Plusieurs rencontres avec le Dicast\u00e8re pour les Instituts de Vie Consacr\u00e9e et les Soci\u00e9t\u00e9s de Vie Apostolique ont eu lieu au Vatican ces derni\u00e8res ann\u00e9es. Les s\u0153urs de la Communaut\u00e9, actuellement plus de 200, sont reconnues canoniquement comme \u00ab c\u00e9libataires pour le Royaume \u00bb et font des v\u0153ux priv\u00e9s de pauvret\u00e9, de chastet\u00e9 et d\u2019ob\u00e9issance, m\u00e8nent la vie commune et vivent le partage des revenus.<\/p>\n\n\n\n<p>Aujourd\u2019hui, la reconnaissance de l&rsquo;Institut du Chemin Neuf qui est \u00ab masculin \u00bb ne fait pas droit canoniquement \u00e0 un statut public pour les s\u0153urs de la Communaut\u00e9.<\/p>\n\n\n\n<p>Lors de la derni\u00e8re rencontre qui a eu lieu en janvier 2026, le Dicast\u00e8re a encourag\u00e9 la Communaut\u00e9 du Chemin Neuf \u00e0 poursuivre son travail en vue de parvenir \u00e0 la reconnaissance canonique de la vie consacr\u00e9e qui est, de fait, men\u00e9e par les s\u0153urs de la Communaut\u00e9. Le travail se poursuit donc dans ce sens.&nbsp;<\/p>\n\n\n\n<div style=\"height:15px\" aria-hidden=\"true\" class=\"wp-block-spacer\"><\/div>\n\n\n\n<h3 class=\"wp-block-heading\"><strong>II . Statuts civils<\/strong><\/h3>\n\n\n\n<p>La Communaut\u00e9 du Chemin Neuf demande \u00e0 \u00eatre civilement reconnue dans les pays o\u00f9 elle est appel\u00e9e. Le type de reconnaissance varie d\u2019un pays \u00e0 l\u2019autre en fonction des l\u00e9gislations nationales.<\/p>\n\n\n\n<p>En France par exemple, la Communaut\u00e9 est une Congr\u00e9gation l\u00e9galement reconnue, par d\u00e9cret du Ministre de l\u2019Int\u00e9rieur en date du 23 juillet 1993, et paru au Journal Officiel du 30 juillet 1993. Son si\u00e8ge social est 49, Mont\u00e9e du Chemin Neuf, 69005 Lyon, France.<\/p>\n","protected":false},"excerpt":{"rendered":"<p>Reconnaissanceseccl\u00e9siales et civiles I. Statuts canoniques Fond\u00e9e en 1973, et d\u2019abord reconnue comme \u00ab pieuse union \u00bb par le Cardinal Alexandre Renard, Archev\u00eaque de Lyon, la communaut\u00e9 du Chemin Neuf est \u00e9rig\u00e9e en Association Publique de Fid\u00e8les par le Cardinal Albert Decourtray, Archev\u00eaque de Lyon, le 20 avril 1984. Le 24 juin 1992, l\u2019Institut du [&hellip;]<\/p>\n","protected":false},"author":1,"featured_media":82026,"parent":0,"menu_order":0,"comment_status":"closed","ping_status":"closed","template":"","meta":{"_acf_changed":false,"footnotes":""},"class_list":["post-82023","page","type-page","status-publish","has-post-thumbnail","hentry"],"acf":[],"yoast_head":"<!-- This site is optimized with the Yoast SEO plugin v27.5 - https:\/\/yoast.com\/product\/yoast-seo-wordpress\/ -->\n<title>Reconnaissances - Chemin Neuf Belgique<\/title>\n<meta name=\"description\" content=\"Reconnaissanceseccl\u00e9siales et civiles I. Statuts canoniques Fond\u00e9e en 1973, et d\u2019abord reconnue comme \u00ab pieuse union \u00bb par le Cardinal Alexandre Renard,\" \/>\n<meta name=\"robots\" content=\"index, follow, max-snippet:-1, max-image-preview:large, max-video-preview:-1\" \/>\n<link rel=\"canonical\" href=\"https:\/\/www.chemin-neuf.be\/fr\/reconnaissances-ecclesiale-civil\/\" \/>\n<meta property=\"og:locale\" content=\"fr_FR\" \/>\n<meta property=\"og:type\" content=\"article\" \/>\n<meta property=\"og:title\" content=\"Reconnaissances - Chemin Neuf Belgique\" \/>\n<meta property=\"og:description\" content=\"Reconnaissanceseccl\u00e9siales et civiles I. Statuts canoniques Fond\u00e9e en 1973, et d\u2019abord reconnue comme \u00ab pieuse union \u00bb par le Cardinal Alexandre Renard,\" \/>\n<meta property=\"og:url\" content=\"https:\/\/www.chemin-neuf.be\/fr\/reconnaissances-ecclesiale-civil\/\" \/>\n<meta property=\"og:site_name\" content=\"Chemin Neuf Belgique\" \/>\n<meta property=\"article:modified_time\" content=\"2026-04-23T15:08:03+00:00\" \/>\n<meta name=\"twitter:card\" content=\"summary_large_image\" \/>\n<meta name=\"twitter:label1\" content=\"Dur\u00e9e de lecture est.\" \/>\n\t<meta name=\"twitter:data1\" content=\"2 minutes\" \/>\n<script type=\"application\/ld+json\" class=\"yoast-schema-graph\">{\"@context\":\"https:\\\/\\\/schema.org\",\"@graph\":[{\"@type\":\"WebPage\",\"@id\":\"https:\\\/\\\/www.chemin-neuf.be\\\/fr\\\/reconnaissances-ecclesiale-civil\\\/\",\"url\":\"https:\\\/\\\/www.chemin-neuf.be\\\/fr\\\/reconnaissances-ecclesiale-civil\\\/\",\"name\":\"Reconnaissances - Chemin Neuf Belgique\",\"isPartOf\":{\"@id\":\"https:\\\/\\\/www.chemin-neuf.be\\\/fr\\\/#website\"},\"primaryImageOfPage\":{\"@id\":\"https:\\\/\\\/www.chemin-neuf.be\\\/fr\\\/reconnaissances-ecclesiale-civil\\\/#primaryimage\"},\"image\":{\"@id\":\"https:\\\/\\\/www.chemin-neuf.be\\\/fr\\\/reconnaissances-ecclesiale-civil\\\/#primaryimage\"},\"thumbnailUrl\":\"https:\\\/\\\/www.chemin-neuf.be\\\/wp-content\\\/uploads\\\/2020\\\/10\\\/httpsdam.chemin-neuf.netwp-contentuploads202010httpswww.chemin-neuf.frwp-contentuploads202010htc-vue-de-haut.jpg\",\"datePublished\":\"2020-10-06T22:53:42+00:00\",\"dateModified\":\"2026-04-23T15:08:03+00:00\",\"description\":\"Reconnaissanceseccl\u00e9siales et civiles I. Statuts canoniques Fond\u00e9e en 1973, et d\u2019abord reconnue comme \u00ab pieuse union \u00bb par le Cardinal Alexandre Renard,\",\"breadcrumb\":{\"@id\":\"https:\\\/\\\/www.chemin-neuf.be\\\/fr\\\/reconnaissances-ecclesiale-civil\\\/#breadcrumb\"},\"inLanguage\":\"fr-BE\",\"potentialAction\":[{\"@type\":\"ReadAction\",\"target\":[\"https:\\\/\\\/www.chemin-neuf.be\\\/fr\\\/reconnaissances-ecclesiale-civil\\\/\"]}]},{\"@type\":\"ImageObject\",\"inLanguage\":\"fr-BE\",\"@id\":\"https:\\\/\\\/www.chemin-neuf.be\\\/fr\\\/reconnaissances-ecclesiale-civil\\\/#primaryimage\",\"url\":\"https:\\\/\\\/www.chemin-neuf.be\\\/wp-content\\\/uploads\\\/2020\\\/10\\\/httpsdam.chemin-neuf.netwp-contentuploads202010httpswww.chemin-neuf.frwp-contentuploads202010htc-vue-de-haut.jpg\",\"contentUrl\":\"https:\\\/\\\/www.chemin-neuf.be\\\/wp-content\\\/uploads\\\/2020\\\/10\\\/httpsdam.chemin-neuf.netwp-contentuploads202010httpswww.chemin-neuf.frwp-contentuploads202010htc-vue-de-haut.jpg\",\"width\":1800,\"height\":1195},{\"@type\":\"BreadcrumbList\",\"@id\":\"https:\\\/\\\/www.chemin-neuf.be\\\/fr\\\/reconnaissances-ecclesiale-civil\\\/#breadcrumb\",\"itemListElement\":[{\"@type\":\"ListItem\",\"position\":1,\"name\":\"Home\",\"item\":\"https:\\\/\\\/www.chemin-neuf.be\\\/fr\\\/\"},{\"@type\":\"ListItem\",\"position\":2,\"name\":\"Reconnaissances\"}]},{\"@type\":\"WebSite\",\"@id\":\"https:\\\/\\\/www.chemin-neuf.be\\\/fr\\\/#website\",\"url\":\"https:\\\/\\\/www.chemin-neuf.be\\\/fr\\\/\",\"name\":\"Chemin Neuf Belgique\",\"description\":\"Communaut\u00e9 du Chemin Neuf en Belgique\",\"potentialAction\":[{\"@type\":\"SearchAction\",\"target\":{\"@type\":\"EntryPoint\",\"urlTemplate\":\"https:\\\/\\\/www.chemin-neuf.be\\\/fr\\\/?s={search_term_string}\"},\"query-input\":{\"@type\":\"PropertyValueSpecification\",\"valueRequired\":true,\"valueName\":\"search_term_string\"}}],\"inLanguage\":\"fr-BE\"}]}<\/script>\n<!-- \/ Yoast SEO plugin. -->","yoast_head_json":{"title":"Reconnaissances - Chemin Neuf Belgique","description":"Reconnaissanceseccl\u00e9siales et civiles I. Statuts canoniques Fond\u00e9e en 1973, et d\u2019abord reconnue comme \u00ab pieuse union \u00bb par le Cardinal Alexandre Renard,","robots":{"index":"index","follow":"follow","max-snippet":"max-snippet:-1","max-image-preview":"max-image-preview:large","max-video-preview":"max-video-preview:-1"},"canonical":"https:\/\/www.chemin-neuf.be\/fr\/reconnaissances-ecclesiale-civil\/","og_locale":"fr_FR","og_type":"article","og_title":"Reconnaissances - Chemin Neuf Belgique","og_description":"Reconnaissanceseccl\u00e9siales et civiles I. Statuts canoniques Fond\u00e9e en 1973, et d\u2019abord reconnue comme \u00ab pieuse union \u00bb par le Cardinal Alexandre Renard,","og_url":"https:\/\/www.chemin-neuf.be\/fr\/reconnaissances-ecclesiale-civil\/","og_site_name":"Chemin Neuf Belgique","article_modified_time":"2026-04-23T15:08:03+00:00","twitter_card":"summary_large_image","twitter_misc":{"Dur\u00e9e de lecture est.":"2 minutes"},"schema":{"@context":"https:\/\/schema.org","@graph":[{"@type":"WebPage","@id":"https:\/\/www.chemin-neuf.be\/fr\/reconnaissances-ecclesiale-civil\/","url":"https:\/\/www.chemin-neuf.be\/fr\/reconnaissances-ecclesiale-civil\/","name":"Reconnaissances - Chemin Neuf Belgique","isPartOf":{"@id":"https:\/\/www.chemin-neuf.be\/fr\/#website"},"primaryImageOfPage":{"@id":"https:\/\/www.chemin-neuf.be\/fr\/reconnaissances-ecclesiale-civil\/#primaryimage"},"image":{"@id":"https:\/\/www.chemin-neuf.be\/fr\/reconnaissances-ecclesiale-civil\/#primaryimage"},"thumbnailUrl":"https:\/\/www.chemin-neuf.be\/wp-content\/uploads\/2020\/10\/httpsdam.chemin-neuf.netwp-contentuploads202010httpswww.chemin-neuf.frwp-contentuploads202010htc-vue-de-haut.jpg","datePublished":"2020-10-06T22:53:42+00:00","dateModified":"2026-04-23T15:08:03+00:00","description":"Reconnaissanceseccl\u00e9siales et civiles I. Statuts canoniques Fond\u00e9e en 1973, et d\u2019abord reconnue comme \u00ab pieuse union \u00bb par le Cardinal Alexandre Renard,","breadcrumb":{"@id":"https:\/\/www.chemin-neuf.be\/fr\/reconnaissances-ecclesiale-civil\/#breadcrumb"},"inLanguage":"fr-BE","potentialAction":[{"@type":"ReadAction","target":["https:\/\/www.chemin-neuf.be\/fr\/reconnaissances-ecclesiale-civil\/"]}]},{"@type":"ImageObject","inLanguage":"fr-BE","@id":"https:\/\/www.chemin-neuf.be\/fr\/reconnaissances-ecclesiale-civil\/#primaryimage","url":"https:\/\/www.chemin-neuf.be\/wp-content\/uploads\/2020\/10\/httpsdam.chemin-neuf.netwp-contentuploads202010httpswww.chemin-neuf.frwp-contentuploads202010htc-vue-de-haut.jpg","contentUrl":"https:\/\/www.chemin-neuf.be\/wp-content\/uploads\/2020\/10\/httpsdam.chemin-neuf.netwp-contentuploads202010httpswww.chemin-neuf.frwp-contentuploads202010htc-vue-de-haut.jpg","width":1800,"height":1195},{"@type":"BreadcrumbList","@id":"https:\/\/www.chemin-neuf.be\/fr\/reconnaissances-ecclesiale-civil\/#breadcrumb","itemListElement":[{"@type":"ListItem","position":1,"name":"Home","item":"https:\/\/www.chemin-neuf.be\/fr\/"},{"@type":"ListItem","position":2,"name":"Reconnaissances"}]},{"@type":"WebSite","@id":"https:\/\/www.chemin-neuf.be\/fr\/#website","url":"https:\/\/www.chemin-neuf.be\/fr\/","name":"Chemin Neuf Belgique","description":"Communaut\u00e9 du Chemin Neuf en Belgique","potentialAction":[{"@type":"SearchAction","target":{"@type":"EntryPoint","urlTemplate":"https:\/\/www.chemin-neuf.be\/fr\/?s={search_term_string}"},"query-input":{"@type":"PropertyValueSpecification","valueRequired":true,"valueName":"search_term_string"}}],"inLanguage":"fr-BE"}]}},"_links":{"self":[{"href":"https:\/\/www.chemin-neuf.be\/fr\/wp-json\/wp\/v2\/pages\/82023","targetHints":{"allow":["GET"]}}],"collection":[{"href":"https:\/\/www.chemin-neuf.be\/fr\/wp-json\/wp\/v2\/pages"}],"about":[{"href":"https:\/\/www.chemin-neuf.be\/fr\/wp-json\/wp\/v2\/types\/page"}],"author":[{"embeddable":true,"href":"https:\/\/www.chemin-neuf.be\/fr\/wp-json\/wp\/v2\/users\/1"}],"replies":[{"embeddable":true,"href":"https:\/\/www.chemin-neuf.be\/fr\/wp-json\/wp\/v2\/comments?post=82023"}],"version-history":[{"count":1,"href":"https:\/\/www.chemin-neuf.be\/fr\/wp-json\/wp\/v2\/pages\/82023\/revisions"}],"predecessor-version":[{"id":82025,"href":"https:\/\/www.chemin-neuf.be\/fr\/wp-json\/wp\/v2\/pages\/82023\/revisions\/82025"}],"wp:featuredmedia":[{"embeddable":true,"href":"https:\/\/www.chemin-neuf.be\/fr\/wp-json\/wp\/v2\/media\/82026"}],"wp:attachment":[{"href":"https:\/\/www.chemin-neuf.be\/fr\/wp-json\/wp\/v2\/media?parent=82023"}],"curies":[{"name":"wp","href":"https:\/\/api.w.org\/{rel}","templated":true}]}}