{"id":75012,"date":"2026-03-17T17:36:48","date_gmt":"2026-03-17T16:36:48","guid":{"rendered":"https:\/\/www.chemin-neuf.be\/?page_id=75012"},"modified":"2026-04-23T18:39:18","modified_gmt":"2026-04-23T16:39:18","slug":"la-communaute-du-chemin-neuf-en-belgique","status":"publish","type":"page","link":"https:\/\/www.chemin-neuf.be\/fr\/","title":{"rendered":"La Communaut\u00e9 du Chemin Neuf en Belgique"},"content":{"rendered":"\n<div class=\"wp-block-buttons alignwide is-content-justification-center is-layout-flex wp-container-core-buttons-is-layout-16018d1d wp-block-buttons-is-layout-flex\">\n<div class=\"wp-block-button\"><a class=\"wp-block-button__link wp-element-button\" href=\"#news\">Actualit\u00e9s<\/a><\/div>\n\n\n\n<div class=\"wp-block-button\"><a class=\"wp-block-button__link wp-element-button\" href=\"#propositions\">Propositions<\/a><\/div>\n\n\n\n<div class=\"wp-block-button\"><a class=\"wp-block-button__link wp-element-button\" href=\"#about-us\">Qui sommes nous?<\/a><\/div>\n\n\n\n<div class=\"wp-block-button\"><a class=\"wp-block-button__link wp-element-button\" href=\"#places\">Nos lieux<\/a><\/div>\n\n\n\n<div class=\"wp-block-button\"><a class=\"wp-block-button__link wp-element-button\" href=\"#cnm\">Chemin Neuf M\u00e9dia<\/a><\/div>\n\n\n\n<div class=\"wp-block-button\"><a class=\"wp-block-button__link wp-element-button\" href=\"#prier-pour-lunite\">Prier pour l&rsquo;unit\u00e9<\/a><\/div>\n<\/div>\n\n\n\n<div style=\"height:57px\" aria-hidden=\"true\" id=\"news\" class=\"wp-block-spacer\"><\/div>\n\n\n<!-- for each card -->\n<div class=\"cards-container one_line columns- align-full\">\n\n    <!-- scroll arrow left\/previous -->\n            <div class=\"scroll-arrow arrow-prev\">&#8249;<\/div>\n    \n\n    <div class=\"cards-list one_line columns- align-full\">\n\n\n                        \n            <!-- The card -->\n            <article class=\"card standard\" data-animate-onshow=\"show-card\">\n                \n                <!-- card link -->\n                <a href=\"https:\/\/www.chemin-neuf.be\/fr\/?post_type=page&#038;p=1471\"\n                                        >\n\n                    <!-- card image -->\n                    <div class=\"card-image\" style=\"background: no-repeat center \/ cover url('https:\/\/www.chemin-neuf.be\/wp-content\/uploads\/2021\/11\/Communaute-Belgique2-300x165.jpg')\">\n                    <\/div>\n\n                    <!-- card title -->\n                    <div class=\"card-content\">\n                                                    <h3 class=\"card-title\">Priez avec nous au Carmel<\/h3>\n                        \n\n                                                    <div class=\"card-subtitle-container\">\n                                                                    <p class=\"card-subtitle\">Carmel de Mehagne\r\nChemin du Carmel 27\r\n4053 Embourg<\/p>\n                                \n                                \n                            <\/div>\n\n                                            <\/div>\n                <\/a>\n\n                \n\n            <\/article>\n\n\n                        \n            <!-- The card -->\n            <article class=\"card standard\" data-animate-onshow=\"show-card\">\n                \n                <!-- card link -->\n                <a href=\"https:\/\/www.chemin-neuf.be\/fr\/place\/carmel-de-mehagne\/\"\n                                        >\n\n                    <!-- card image -->\n                    <div class=\"card-image\" style=\"background: no-repeat center \/ cover url('https:\/\/www.chemin-neuf.be\/wp-content\/uploads\/2021\/02\/Communaute-Belgique-300x200.jpg')\">\n                    <\/div>\n\n                    <!-- card title -->\n                    <div class=\"card-content\">\n                                                    <h3 class=\"card-title\">Carmel de Mehagne<\/h3>\n                        \n\n                                            <\/div>\n                <\/a>\n\n                \n\n            <\/article>\n\n\n        \n    <\/div>\n\n\n    <!-- scroll arrow right\/next -->\n            <div class=\"scroll-arrow arrow-next\">&#8250;<\/div>\n    \n\n<\/div>\n\n\n<div class=\"wp-block-cover has-parallax is-style-click-link\" id=\"propositions\"><div class=\"wp-block-cover__image-background wp-image-35425 has-parallax\" style=\"background-position:50% 50%;background-image:url(https:\/\/www.chemin-neuf.ch\/wp-content\/uploads\/2023\/10\/MiniExerzitien.jpg)\"><\/div><span aria-hidden=\"true\" class=\"wp-block-cover__background has-orange-background-color has-background-dim-30 has-background-dim\"><\/span><div class=\"wp-block-cover__inner-container is-layout-constrained wp-block-cover-is-layout-constrained\">\n<h1 class=\"wp-block-heading has-text-align-center has-white-color has-text-color has-extra-large-font-size\"><strong>Nos propositions<\/strong><\/h1>\n<\/div><\/div>\n\n\n\n<div class=\"wp-block-group alignfull\" style=\"padding-top:var(--wp--preset--spacing--70);padding-right:var(--wp--preset--spacing--60);padding-bottom:var(--wp--preset--spacing--30);padding-left:var(--wp--preset--spacing--60)\"><div class=\"wp-block-group__inner-container is-layout-constrained wp-container-core-group-is-layout-e54a0138 wp-block-group-is-layout-constrained\">\n<h3 class=\"wp-block-heading alignfull\"><strong>Propositions \u00e0 venir<\/strong><\/h3>\n<\/div><\/div>\n\n\n\n<div class=\"cards-container one_line  align-full\">\n\n    <!-- scroll arrow left\/previous -->\n            <div class=\"scroll-arrow arrow-prev\">&#8249;<\/div>\n    \n    <div class=\"cards-list one_line proposition  align-full\">\n\n        \n<article class=\"card proposition  proposition\" data-animate-onshow=\"show-card\">\n\n    <!-- edit post link -->\n    \n    <a href=\"https:\/\/www.chemin-neuf.be\/fr\/evenement\/anamnese2023\/\"\n       >\n\n        <div class=\"post-date\">\n                        <div class=\"post-time\">\n                <time datetime=\"29-04-2026\">\n                    <span class=\"day\">29<\/span>\n                    <span class=\"month\">Avr<\/span>\n                    <span class=\"year\">2026<\/span>\n                <\/time>\n            <\/div>\n                        \n                        <div class=\"post-time\">\n                <time datetime=\"03-05-2026\">\n                    <span class=\"day\">3<\/span>\n                    <span class=\"month\">Mai<\/span>\n                    <span class=\"year\">2026<\/span>\n                <\/time>\n            <\/div>\n                    <\/div>\n\n                <div class=\"bandeau\">\n            <span>Liste d&rsquo;attente<\/span>\n        <\/div>\n\n        <!-- Proposition image -->\n        <div class=\"post-thumb\">\n            <span style=\"background-image: url(https:\/\/www.chemin-neuf.be\/wp-content\/uploads\/2021\/04\/keygvoqztja.jpg);\"><\/span>\n        <\/div>\n\n        <!-- Proposition category -->\n        <div class=\"post-text\">\n            <div class=\"post-infos\">\n                                <div class=\"post-cat\">\n                                        <span class=\"cat-name\">Retraite Spirituelle<\/span>\n                <\/div>\n                            <\/div>\n            <h2 class=\"post-title\">Retraite Silo\u00e9<\/h2>\n            <div class=\"post-excerpt\">\n                <p>Une retraite pour relire son histoire avec la Parole de Dieu <\/p>\n            <\/div>\n        <\/div>\n\n        <div class=\"post-lieu\">Carmel de Mehagne<\/div>\n    <\/a>\n<\/article>\n<article class=\"card proposition  proposition\" data-animate-onshow=\"show-card\">\n\n    <!-- edit post link -->\n    \n    <a href=\"https:\/\/www.chemin-neuf.be\/fr\/evenement\/semaine-cana\/\"\n       >\n\n        <div class=\"post-date\">\n                        <div class=\"post-time\">\n                <time datetime=\"05-07-2026\">\n                    <span class=\"day\">5<\/span>\n                    <span class=\"month\">Juil<\/span>\n                    <span class=\"year\">2026<\/span>\n                <\/time>\n            <\/div>\n                        \n                        <div class=\"post-time\">\n                <time datetime=\"11-07-2026\">\n                    <span class=\"day\">11<\/span>\n                    <span class=\"month\">Juil<\/span>\n                    <span class=\"year\">2026<\/span>\n                <\/time>\n            <\/div>\n                    <\/div>\n\n                <div class=\"bandeau\">\n            <span>Inscriptions ouvertes<\/span>\n        <\/div>\n\n        <!-- Proposition image -->\n        <div class=\"post-thumb\">\n            <span style=\"background-image: url(https:\/\/www.chemin-neuf.be\/wp-content\/uploads\/2025\/08\/4le7k9xvyje.jpg);\"><\/span>\n        <\/div>\n\n        <!-- Proposition category -->\n        <div class=\"post-text\">\n            <div class=\"post-infos\">\n                                <div class=\"post-cat\">\n                                        <span class=\"cat-name\">Couples &amp; Familles<\/span>\n                <\/div>\n                            <\/div>\n            <h2 class=\"post-title\">Semaine CANA<\/h2>\n            <div class=\"post-excerpt\">\n                <p>Une semaine pour mieux s&rsquo;aimer&#8230;<\/p>\n            <\/div>\n        <\/div>\n\n        <div class=\"post-lieu\">Carmel de Mehagne B <\/div>\n    <\/a>\n<\/article>\n    <\/div>\n\n    <!-- scroll arrow right\/next -->\n            <div class=\"scroll-arrow arrow-next\">&#8250;<\/div>\n    \n<\/div>\n\n\n<div class=\"wp-block-group alignfull\" style=\"padding-top:var(--wp--preset--spacing--70);padding-right:var(--wp--preset--spacing--60);padding-bottom:var(--wp--preset--spacing--30);padding-left:var(--wp--preset--spacing--60)\"><div class=\"wp-block-group__inner-container is-layout-constrained wp-container-core-group-is-layout-e54a0138 wp-block-group-is-layout-constrained\">\n<h3 class=\"wp-block-heading alignfull\"><strong>Vivre un week-end, une session, une retraite<\/strong><\/h3>\n<\/div><\/div>\n\n\n<!-- for each card -->\n<div class=\"cards-container one_line columns- align-full\">\n\n    <!-- scroll arrow left\/previous -->\n            <div class=\"scroll-arrow arrow-prev\">&#8249;<\/div>\n    \n\n    <div class=\"cards-list one_line columns- align-full\">\n\n\n                        \n            <!-- The card -->\n            <article class=\"card standard\" data-animate-onshow=\"show-card\">\n                \n                <!-- card link -->\n                <a href=\"https:\/\/www.chemin-neuf.be\/fr\/?post_type=page&#038;p=1618\"\n                                        >\n\n                    <!-- card image -->\n                    <div class=\"card-image\" style=\"background: no-repeat center \/ cover url('https:\/\/www.chemin-neuf.be\/wp-content\/uploads\/2021\/04\/19il-6uc5c4-300x200.jpg')\">\n                    <\/div>\n\n                    <!-- card title -->\n                    <div class=\"card-content\">\n                                                    <h3 class=\"card-title\">Retraites<\/h3>\n                        \n\n                                            <\/div>\n                <\/a>\n\n                \n\n            <\/article>\n\n\n                        \n            <!-- The card -->\n            <article class=\"card standard\" data-animate-onshow=\"show-card\">\n                \n                <!-- card link -->\n                <a href=\"https:\/\/www.chemin-neuf.be\/fr\/?post_type=page&#038;p=44508\"\n                                        >\n\n                    <!-- card image -->\n                    <div class=\"card-image\" style=\"background: no-repeat center \/ cover url('https:\/\/www.chemin-neuf.be\/wp-content\/uploads\/2023\/12\/ac5_efhq7fs-300x200.jpg')\">\n                    <\/div>\n\n                    <!-- card title -->\n                    <div class=\"card-content\">\n                                                    <h3 class=\"card-title\">Mission CANA<\/h3>\n                        \n\n                                            <\/div>\n                <\/a>\n\n                \n\n            <\/article>\n\n\n                        \n            <!-- The card -->\n            <article class=\"card standard\" data-animate-onshow=\"show-card\">\n                \n                <!-- card link -->\n                <a href=\"https:\/\/www.chemin-neuf.be\/fr\/?post_type=page&#038;p=354\"\n                                        >\n\n                    <!-- card image -->\n                    <div class=\"card-image\" style=\"background: no-repeat center \/ cover url('https:\/\/www.chemin-neuf.be\/wp-content\/uploads\/2025\/09\/Welcome-to-Paradise-belgen-1-300x300.jpeg')\">\n                    <\/div>\n\n                    <!-- card title -->\n                    <div class=\"card-content\">\n                                                    <h3 class=\"card-title\">Jeunes 18-30<\/h3>\n                        \n\n                                            <\/div>\n                <\/a>\n\n                \n\n            <\/article>\n\n\n        \n    <\/div>\n\n\n    <!-- scroll arrow right\/next -->\n            <div class=\"scroll-arrow arrow-next\">&#8250;<\/div>\n    \n\n<\/div>\n\n\n<div class=\"wp-block-group alignfull\" style=\"padding-top:var(--wp--preset--spacing--70);padding-right:var(--wp--preset--spacing--60);padding-bottom:var(--wp--preset--spacing--30);padding-left:var(--wp--preset--spacing--60)\"><div class=\"wp-block-group__inner-container is-layout-constrained wp-container-core-group-is-layout-e54a0138 wp-block-group-is-layout-constrained\">\n<h3 class=\"wp-block-heading alignfull\"><strong>Prier ensemble<\/strong><\/h3>\n<\/div><\/div>\n\n\n<!-- for each card -->\n<div class=\"cards-container one_line columns- align-full\">\n\n    <!-- scroll arrow left\/previous -->\n            <div class=\"scroll-arrow arrow-prev\">&#8249;<\/div>\n    \n\n    <div class=\"cards-list one_line columns- align-full\">\n\n\n                        \n            <!-- The card -->\n            <article class=\"card standard\" data-animate-onshow=\"show-card\">\n                \n                <!-- card link -->\n                <a href=\"https:\/\/www.chemin-neuf.be\/fr\/?post_type=page&#038;p=1371\"\n                                        >\n\n                    <!-- card image -->\n                    <div class=\"card-image\" style=\"background: no-repeat center \/ cover url('https:\/\/www.chemin-neuf.be\/wp-content\/uploads\/2021\/01\/carre-GP-300x199.jpeg')\">\n                    <\/div>\n\n                    <!-- card title -->\n                    <div class=\"card-content\">\n                                                    <h3 class=\"card-title\">Groupes de pri\u00e8re<\/h3>\n                        \n\n                                                    <div class=\"card-subtitle-container\">\n                                                                    <p class=\"card-subtitle\">\u00c0 Bruxelles et \u00e0 Li\u00e8ge<\/p>\n                                \n                                \n                            <\/div>\n\n                                            <\/div>\n                <\/a>\n\n                \n\n            <\/article>\n\n\n                        \n            <!-- The card -->\n            <article class=\"card standard\" data-animate-onshow=\"show-card\">\n                \n                <!-- card link -->\n                <a href=\"https:\/\/www.chemin-neuf.be\/fr\/?post_type=page&#038;p=68677\"\n                                        >\n\n                    <!-- card image -->\n                    <div class=\"card-image\" style=\"background: no-repeat center \/ cover url('https:\/\/www.chemin-neuf.be\/wp-content\/uploads\/2025\/08\/x4_tkde1_gs-300x300.jpg')\">\n                    <\/div>\n\n                    <!-- card title -->\n                    <div class=\"card-content\">\n                                                    <h3 class=\"card-title\">Haltes spirituelles<\/h3>\n                        \n\n                                                    <div class=\"card-subtitle-container\">\n                                                                    <p class=\"card-subtitle\">\u00e0 Mehagne<\/p>\n                                \n                                \n                            <\/div>\n\n                                            <\/div>\n                <\/a>\n\n                \n\n            <\/article>\n\n\n                        \n            <!-- The card -->\n            <article class=\"card standard\" data-animate-onshow=\"show-card\">\n                \n                <!-- card link -->\n                <a href=\"https:\/\/www.chemin-neuf.be\/fr\/?post_type=page&#038;p=2638\"\n                                        >\n\n                    <!-- card image -->\n                    <div class=\"card-image\" style=\"background: no-repeat center \/ cover url('https:\/\/www.chemin-neuf.be\/wp-content\/uploads\/2021\/05\/DSC_2203-300x169.jpg')\">\n                    <\/div>\n\n                    <!-- card title -->\n                    <div class=\"card-content\">\n                                                    <h3 class=\"card-title\">Journ\u00e9es ouvertes<\/h3>\n                        \n\n                                            <\/div>\n                <\/a>\n\n                \n\n            <\/article>\n\n\n                        \n            <!-- The card -->\n            <article class=\"card standard\" data-animate-onshow=\"show-card\">\n                \n                <!-- card link -->\n                <a href=\"https:\/\/www.chemin-neuf.be\/fr\/?post_type=page&#038;p=1471\"\n                                        >\n\n                    <!-- card image -->\n                    <div class=\"card-image\" style=\"background: no-repeat center \/ cover url('https:\/\/www.chemin-neuf.be\/wp-content\/uploads\/2021\/11\/Communaute-Belgique2-300x165.jpg')\">\n                    <\/div>\n\n                    <!-- card title -->\n                    <div class=\"card-content\">\n                                                    <h3 class=\"card-title\">Priez avec nous au Carmel<\/h3>\n                        \n\n                                                    <div class=\"card-subtitle-container\">\n                                                                    <p class=\"card-subtitle\">Carmel de Mehagne\r\nChemin du Carmel 27\r\n4053 Embourg<\/p>\n                                \n                                \n                            <\/div>\n\n                                            <\/div>\n                <\/a>\n\n                \n\n            <\/article>\n\n\n                        \n            <!-- The card -->\n            <article class=\"card standard\" data-animate-onshow=\"show-card\">\n                \n                <!-- card link -->\n                <a href=\"https:\/\/www.chemin-neuf.be\/fr\/?post_type=page&#038;p=2104\"\n                                        >\n\n                    <!-- card image -->\n                    <div class=\"card-image\" style=\"background: no-repeat center \/ cover url('https:\/\/www.chemin-neuf.be\/wp-content\/uploads\/2021\/05\/basilique_tymp-scaled-e1620285583240-300x177.jpg')\">\n                    <\/div>\n\n                    <!-- card title -->\n                    <div class=\"card-content\">\n                                                    <h3 class=\"card-title\">Priez avec nous \u00e0 Anvers<\/h3>\n                        \n\n                                                    <div class=\"card-subtitle-container\">\n                                                                    <p class=\"card-subtitle\">De Merodelei 12\r\n2600 Berchem (Anvers)<\/p>\n                                \n                                \n                            <\/div>\n\n                                            <\/div>\n                <\/a>\n\n                \n\n            <\/article>\n\n\n                        \n            <!-- The card -->\n            <article class=\"card standard\" data-animate-onshow=\"show-card\">\n                \n                <!-- card link -->\n                <a href=\"#prier-pour-lunite\"\n                                        >\n\n                    <!-- card image -->\n                    <div class=\"card-image\" style=\"background: no-repeat center \/ cover url('https:\/\/www.chemin-neuf.be\/wp-content\/uploads\/2025\/09\/allemagne-oecumenisme-1024x468-1.jpg')\">\n                    <\/div>\n\n                    <!-- card title -->\n                    <div class=\"card-content\">\n                                                    <h3 class=\"card-title\">Prier pour l&rsquo;unit\u00e9 <\/h3>\n                        \n\n                                            <\/div>\n                <\/a>\n\n                \n\n            <\/article>\n\n\n                        \n            <!-- The card -->\n            <article class=\"card standard\" data-animate-onshow=\"show-card\">\n                \n                <!-- card link -->\n                <a href=\"https:\/\/www.chemin-neuf.be\/fr\/?post_type=page&#038;p=1622\"\n                                        >\n\n                    <!-- card image -->\n                    <div class=\"card-image\" style=\"background: no-repeat center \/ cover url('https:\/\/www.chemin-neuf.be\/wp-content\/uploads\/2021\/02\/carre-carte-monde-NFG-300x300.jpg')\">\n                    <\/div>\n\n                    <!-- card title -->\n                    <div class=\"card-content\">\n                                                    <h3 class=\"card-title\">Soir\u00e9e Net for God<\/h3>\n                        \n\n                                            <\/div>\n                <\/a>\n\n                \n\n            <\/article>\n\n\n        \n    <\/div>\n\n\n    <!-- scroll arrow right\/next -->\n            <div class=\"scroll-arrow arrow-next\">&#8250;<\/div>\n    \n\n<\/div>\n\n\n<div class=\"wp-block-group alignfull\" style=\"padding-top:var(--wp--preset--spacing--70);padding-right:var(--wp--preset--spacing--60);padding-bottom:var(--wp--preset--spacing--30);padding-left:var(--wp--preset--spacing--60)\"><div class=\"wp-block-group__inner-container is-layout-constrained wp-container-core-group-is-layout-e54a0138 wp-block-group-is-layout-constrained\">\n<h3 class=\"wp-block-heading alignfull\"><strong>Habiter un Kot Etudiant<\/strong><\/h3>\n<\/div><\/div>\n\n\n<!-- for each card -->\n<div class=\"cards-container one_line columns- align-full\">\n\n    <!-- scroll arrow left\/previous -->\n            <div class=\"scroll-arrow arrow-prev\">&#8249;<\/div>\n    \n\n    <div class=\"cards-list one_line columns- align-full\">\n\n\n                        \n            <!-- The card -->\n            <article class=\"card standard\" data-animate-onshow=\"show-card\">\n                \n                <!-- card link -->\n                <a href=\"https:\/\/www.chemin-neuf.be\/fr\/?post_type=page&#038;p=2336\"\n                                        >\n\n                    <!-- card image -->\n                    <div class=\"card-image\" style=\"background: no-repeat center \/ cover url('https:\/\/www.chemin-neuf.be\/wp-content\/uploads\/2021\/05\/xkkcui44im0-300x200.jpg')\">\n                    <\/div>\n\n                    <!-- card title -->\n                    <div class=\"card-content\">\n                                                    <h3 class=\"card-title\">Kot d&rsquo;\u00e9tudiants<\/h3>\n                        \n\n                                                    <div class=\"card-subtitle-container\">\n                                                                    <p class=\"card-subtitle\">\u00c0 Li\u00e8ge et \u00e0 Anvers<\/p>\n                                \n                                \n                            <\/div>\n\n                                            <\/div>\n                <\/a>\n\n                \n\n            <\/article>\n\n\n        \n    <\/div>\n\n\n    <!-- scroll arrow right\/next -->\n            <div class=\"scroll-arrow arrow-next\">&#8250;<\/div>\n    \n\n<\/div>\n\n\n<div class=\"wp-block-group alignfull\" style=\"padding-top:var(--wp--preset--spacing--70);padding-right:var(--wp--preset--spacing--60);padding-bottom:var(--wp--preset--spacing--30);padding-left:var(--wp--preset--spacing--60)\"><div class=\"wp-block-group__inner-container is-layout-constrained wp-container-core-group-is-layout-e54a0138 wp-block-group-is-layout-constrained\">\n<h3 class=\"wp-block-heading alignfull\"><strong>Se former<\/strong><\/h3>\n<\/div><\/div>\n\n\n<!-- for each card -->\n<div class=\"cards-container one_line columns- align-full\">\n\n    <!-- scroll arrow left\/previous -->\n            <div class=\"scroll-arrow arrow-prev\">&#8249;<\/div>\n    \n\n    <div class=\"cards-list one_line columns- align-full\">\n\n\n                        \n            <!-- The card -->\n            <article class=\"card standard\" data-animate-onshow=\"show-card\">\n                \n                <!-- card link -->\n                <a href=\"https:\/\/hds.chemin-neuf.org\/\"\n                    target=\"_blank\"                    >\n\n                    <!-- card image -->\n                    <div class=\"card-image\" style=\"background: no-repeat center \/ cover url('https:\/\/www.chemin-neuf.be\/wp-content\/uploads\/2025\/04\/abdij-hautecombe.webp')\">\n                    <\/div>\n\n                    <!-- card title -->\n                    <div class=\"card-content\">\n                                                    <h3 class=\"card-title\">HAUTECOMBE DISCIPLESHIP SCHOOL (HDS)<\/h3>\n                        \n\n                                                    <div class=\"card-subtitle-container\">\n                                                                    <p class=\"card-subtitle\">Une ann\u00e9e pour Dieu : formation biblique, th\u00e9ologique et spirituelle <\/p>\n                                \n                                \n                            <\/div>\n\n                                            <\/div>\n                <\/a>\n\n                \n\n            <\/article>\n\n\n                        \n            <!-- The card -->\n            <article class=\"card standard\" data-animate-onshow=\"show-card\">\n                \n                <!-- card link -->\n                <a href=\"https:\/\/formations.chemin-neuf.fr\/formation-a-saragosse\/\"\n                    target=\"_blank\"                    >\n\n                    <!-- card image -->\n                    <div class=\"card-image\" style=\"background: no-repeat center \/ cover url('https:\/\/www.chemin-neuf.be\/wp-content\/uploads\/2025\/10\/WhatsApp-Image-2025-10-01-at-12.25.42-scaled.jpeg')\">\n                    <\/div>\n\n                    <!-- card title -->\n                    <div class=\"card-content\">\n                                                    <h3 class=\"card-title\">Aula Dei Experiment (Saragosse, Espagne)<\/h3>\n                        \n\n                                                    <div class=\"card-subtitle-container\">\n                                                                    <p class=\"card-subtitle\">Formation de 3 mois ou un an, en famille ou seul<\/p>\n                                \n                                \n                            <\/div>\n\n                                            <\/div>\n                <\/a>\n\n                \n\n            <\/article>\n\n\n                        \n            <!-- The card -->\n            <article class=\"card standard\" data-animate-onshow=\"show-card\">\n                \n                <!-- card link -->\n                <a href=\"https:\/\/www.chemin-neuf.media\/fr\/\"\n                    target=\"_blank\"                    >\n\n                    <!-- card image -->\n                    <div class=\"card-image\" style=\"background: no-repeat center \/ cover url('https:\/\/www.chemin-neuf.be\/wp-content\/uploads\/2025\/10\/WhatsApp-Image-2025-10-03-at-18.09.03-e1759765381779.jpeg')\">\n                    <\/div>\n\n                    <!-- card title -->\n                    <div class=\"card-content\">\n                                                    <h3 class=\"card-title\">Chemin Neuf M\u00e9dia <\/h3>\n                        \n\n                                                    <div class=\"card-subtitle-container\">\n                                                                    <p class=\"card-subtitle\">4000 vid\u00e9os, 700 articles, des podcasts de toute la communaut\u00e9<\/p>\n                                \n                                \n                            <\/div>\n\n                                            <\/div>\n                <\/a>\n\n                \n\n            <\/article>\n\n\n        \n    <\/div>\n\n\n    <!-- scroll arrow right\/next -->\n            <div class=\"scroll-arrow arrow-next\">&#8250;<\/div>\n    \n\n<\/div>\n\n\n<div class=\"wp-block-group alignfull\" style=\"padding-top:var(--wp--preset--spacing--70);padding-right:var(--wp--preset--spacing--60);padding-bottom:var(--wp--preset--spacing--30);padding-left:var(--wp--preset--spacing--60)\"><div class=\"wp-block-group__inner-container is-layout-constrained wp-container-core-group-is-layout-e54a0138 wp-block-group-is-layout-constrained\">\n<h3 class=\"wp-block-heading alignfull\"><strong>Partir avec nous<\/strong><\/h3>\n<\/div><\/div>\n\n\n<!-- for each card -->\n<div class=\"cards-container one_line columns- align-full\">\n\n    <!-- scroll arrow left\/previous -->\n            <div class=\"scroll-arrow arrow-prev\">&#8249;<\/div>\n    \n\n    <div class=\"cards-list one_line columns- align-full\">\n\n\n                        \n            <!-- The card -->\n            <article class=\"card standard\" data-animate-onshow=\"show-card\">\n                \n                <!-- card link -->\n                <a href=\"https:\/\/jet.chemin-neuf.fr\/\"\n                    target=\"_blank\"                    >\n\n                    <!-- card image -->\n                    <div class=\"card-image\" style=\"background: no-repeat center \/ cover url('https:\/\/www.chemin-neuf.be\/wp-content\/uploads\/2025\/10\/maxresdefault-1.jpg')\">\n                    <\/div>\n\n                    <!-- card title -->\n                    <div class=\"card-content\">\n                                                    <h3 class=\"card-title\">Volontariat International JET<\/h3>\n                        \n\n                                                    <div class=\"card-subtitle-container\">\n                                                                    <p class=\"card-subtitle\">Une exp\u00e9rience interculturelle au service des autres et de Dieu<\/p>\n                                \n                                \n                            <\/div>\n\n                                            <\/div>\n                <\/a>\n\n                \n\n            <\/article>\n\n\n                        \n            <!-- The card -->\n            <article class=\"card standard\" data-animate-onshow=\"show-card\">\n                \n                <!-- card link -->\n                <a href=\"https:\/\/ephata.chemin-neuf.fr\/\"\n                    target=\"_blank\"                    >\n\n                    <!-- card image -->\n                    <div class=\"card-image\" style=\"background: no-repeat center \/ cover url('https:\/\/www.chemin-neuf.be\/wp-content\/uploads\/2025\/10\/jerusalem_3e9f75228b4a9beac5d52384ac8ef67c-scaled.avif')\">\n                    <\/div>\n\n                    <!-- card title -->\n                    <div class=\"card-content\">\n                                                    <h3 class=\"card-title\">Ephata Voyages et P\u00e9lerinages <\/h3>\n                        \n\n                                                    <div class=\"card-subtitle-container\">\n                                                                    <p class=\"card-subtitle\">Un Chemin Neuf pour vous ressourcer <\/p>\n                                \n                                \n                            <\/div>\n\n                                            <\/div>\n                <\/a>\n\n                \n\n            <\/article>\n\n\n        \n    <\/div>\n\n\n    <!-- scroll arrow right\/next -->\n            <div class=\"scroll-arrow arrow-next\">&#8250;<\/div>\n    \n\n<\/div>\n\n\n<div class=\"wp-block-cover\" id=\"about-us\"><img decoding=\"async\" class=\"wp-block-cover__image-background wp-image-6809\" alt=\"\" src=\"https:\/\/www.chemin-neuf.fr\/wp-content\/uploads\/2021\/04\/abf2b76cedccf7363494c00ebfa6e7cb.jpeg\" data-object-fit=\"cover\"\/><span aria-hidden=\"true\" class=\"wp-block-cover__background has-orange-background-color has-background-dim-30 has-background-dim\"><\/span><div class=\"wp-block-cover__inner-container is-layout-constrained wp-block-cover-is-layout-constrained\">\n<h1 class=\"wp-block-heading has-text-align-center has-white-color has-text-color has-link-color has-extra-large-font-size wp-elements-a9ac116f81e0405945dad0f4c3da4f58\"><strong>Qui sommes-nous?<\/strong><\/h1>\n<\/div><\/div>\n\n\n\n<div class=\"wp-block-group alignfull\" style=\"padding-top:var(--wp--preset--spacing--70);padding-right:var(--wp--preset--spacing--60);padding-bottom:var(--wp--preset--spacing--30);padding-left:var(--wp--preset--spacing--60)\"><div class=\"wp-block-group__inner-container is-layout-constrained wp-container-core-group-is-layout-e54a0138 wp-block-group-is-layout-constrained\">\n<h3 class=\"wp-block-heading alignfull\"><strong>Notre manifeste<\/strong><\/h3>\n\n\n\n<h5 class=\"wp-block-heading alignfull has-text-align-left\"><strong>Nous avons \u00e9t\u00e9 saisis par le CHRIST<\/strong><\/h5>\n<\/div><\/div>\n\n\n\n<div class=\"wp-block-group is-layout-flex wp-block-group-is-layout-flex\" style=\"padding-top:var(--wp--preset--spacing--40);padding-right:var(--wp--preset--spacing--70);padding-bottom:var(--wp--preset--spacing--40);padding-left:var(--wp--preset--spacing--70)\">\n<p class=\"has-text-align-left\"><mark style=\"background-color:rgba(0, 0, 0, 0);color:#6f6f6f\" class=\"has-inline-color\">Alors <strong>ENSEMBLE<\/strong>,<br>Hommes et femmes,<br>Couples et c\u00e9libataires consacr\u00e9s,<br>De toutes langues et cultures,<br>Chr\u00e9tiens de diff\u00e9rentes confessions, <\/mark><br><mark style=\"background-color:rgba(0, 0, 0, 0);color:#6f6f6f\" class=\"has-inline-color\">catholique, orthodoxe, protestante, \u00e9vang\u00e9lique&#8230;<\/mark><\/p>\n\n\n\n<p><mark style=\"background-color:rgba(0, 0, 0, 0);color:#6f6f6f\" class=\"has-inline-color\">Et <strong>SANS PLUS ATTENDRE<\/strong>,<\/mark><br><mark style=\"background-color:rgba(0, 0, 0, 0);color:#6f6f6f\" class=\"has-inline-color\">Nous engageons notre vie pour prier, <br>Nous d\u00e9sirons vivre la fraternit\u00e9 entre tous,<br>Nous osons t\u00e9moigner de l\u2019\u0153uvre de Dieu dans nos vies, <br>Nous choisissons de travailler au service de l\u2019\u00c9glise et du monde.<\/mark><\/p>\n<\/div>\n\n\n\n<div class=\"wp-block-group alignfull\" style=\"padding-top:var(--wp--preset--spacing--70);padding-right:var(--wp--preset--spacing--60);padding-bottom:var(--wp--preset--spacing--30);padding-left:var(--wp--preset--spacing--60)\"><div class=\"wp-block-group__inner-container is-layout-constrained wp-container-core-group-is-layout-e54a0138 wp-block-group-is-layout-constrained\">\n<h3 class=\"wp-block-heading alignfull\"><strong>La Communaut\u00e9 du Chemin Neuf<\/strong><\/h3>\n<\/div><\/div>\n\n\n<!-- for each card -->\n<div class=\"cards-container one_line columns- align-full\">\n\n    <!-- scroll arrow left\/previous -->\n            <div class=\"scroll-arrow arrow-prev\">&#8249;<\/div>\n    \n\n    <div class=\"cards-list one_line columns- align-full\">\n\n\n                        \n            <!-- The card -->\n            <article class=\"card standard\" data-animate-onshow=\"show-card\">\n                \n                <!-- card link -->\n                <a href=\"https:\/\/www.chemin-neuf.be\/fr\/?post_type=page&#038;p=1312\"\n                                        >\n\n                    <!-- card image -->\n                    <div class=\"card-image\" style=\"background: no-repeat center \/ cover url('https:\/\/www.chemin-neuf.be\/wp-content\/uploads\/2021\/04\/chemin-neuf-assemble-danse-300x200.jpeg')\">\n                    <\/div>\n\n                    <!-- card title -->\n                    <div class=\"card-content\">\n                                                    <h3 class=\"card-title\">La Communaut\u00e9  du Chemin Neuf<\/h3>\n                        \n\n                                            <\/div>\n                <\/a>\n\n                \n\n            <\/article>\n\n\n                        \n            <!-- The card -->\n            <article class=\"card standard\" data-animate-onshow=\"show-card\">\n                \n                <!-- card link -->\n                <a href=\"https:\/\/www.chemin-neuf.be\/fr\/?post_type=page&#038;p=346\"\n                                        >\n\n                    <!-- card image -->\n                    <div class=\"card-image\" style=\"background: no-repeat center \/ cover url('https:\/\/www.chemin-neuf.be\/wp-content\/uploads\/2021\/04\/chemin-neuf-engagement-300x200.jpeg')\">\n                    <\/div>\n\n                    <!-- card title -->\n                    <div class=\"card-content\">\n                                                    <h3 class=\"card-title\">Histoire de la Communaut\u00e9<\/h3>\n                        \n\n                                            <\/div>\n                <\/a>\n\n                \n\n            <\/article>\n\n\n                        \n            <!-- The card -->\n            <article class=\"card standard\" data-animate-onshow=\"show-card\">\n                \n                <!-- card link -->\n                <a href=\"https:\/\/www.chemin-neuf.be\/fr\/?post_type=page&#038;p=1332\"\n                                        >\n\n                    <!-- card image -->\n                    <div class=\"card-image\" style=\"background: no-repeat center \/ cover url('https:\/\/www.chemin-neuf.be\/wp-content\/uploads\/2021\/04\/candle-97505_1920-300x200.jpg')\">\n                    <\/div>\n\n                    <!-- card title -->\n                    <div class=\"card-content\">\n                                                    <h3 class=\"card-title\">Spiritualit\u00e9 de la Communaut\u00e9<\/h3>\n                        \n\n                                            <\/div>\n                <\/a>\n\n                \n\n            <\/article>\n\n\n                        \n            <!-- The card -->\n            <article class=\"card standard\" data-animate-onshow=\"show-card\">\n                \n                <!-- card link -->\n                <a href=\"https:\/\/www.chemin-neuf.be\/fr\/?post_type=page&#038;p=1283\"\n                                        >\n\n                    <!-- card image -->\n                    <div class=\"card-image\" style=\"background: no-repeat center \/ cover url('https:\/\/www.chemin-neuf.be\/wp-content\/uploads\/2021\/04\/earth-NFG-300x148.jpg')\">\n                    <\/div>\n\n                    <!-- card title -->\n                    <div class=\"card-content\">\n                                                    <h3 class=\"card-title\">Monast\u00e8re invisible<\/h3>\n                        \n\n                                            <\/div>\n                <\/a>\n\n                \n\n            <\/article>\n\n\n                        \n            <!-- The card -->\n            <article class=\"card standard\" data-animate-onshow=\"show-card\">\n                \n                <!-- card link -->\n                <a href=\"https:\/\/www.chemin-neuf.be\/fr\/?post_type=page&#038;p=82024\"\n                                        >\n\n                    <!-- card image -->\n                    <div class=\"card-image\" style=\"background: no-repeat center \/ cover url('https:\/\/www.chemin-neuf.be\/wp-content\/uploads\/2020\/11\/httpsdam.chemin-neuf.netwp-contentuploads202011httpswww.chemin-neuf.frwp-contentuploads202011GS-Aubes-300x300.jpeg')\">\n                    <\/div>\n\n                    <!-- card title -->\n                    <div class=\"card-content\">\n                                                    <h3 class=\"card-title\">Vie consacr\u00e9e<\/h3>\n                        \n\n                                            <\/div>\n                <\/a>\n\n                \n\n            <\/article>\n\n\n                        \n            <!-- The card -->\n            <article class=\"card standard\" data-animate-onshow=\"show-card\">\n                \n                <!-- card link -->\n                <a href=\"https:\/\/www.chemin-neuf.be\/fr\/?post_type=page&#038;p=1282\"\n                                        >\n\n                    <!-- card image -->\n                    <div class=\"card-image\" style=\"background: no-repeat center \/ cover url('https:\/\/www.chemin-neuf.be\/wp-content\/uploads\/2021\/05\/dnkonxqti3c-199x300.jpg')\">\n                    <\/div>\n\n                    <!-- card title -->\n                    <div class=\"card-content\">\n                                                    <h3 class=\"card-title\">Communion du Chemin Neuf<\/h3>\n                        \n\n                                            <\/div>\n                <\/a>\n\n                \n\n            <\/article>\n\n\n                        \n            <!-- The card -->\n            <article class=\"card standard\" data-animate-onshow=\"show-card\">\n                \n                <!-- card link -->\n                <a href=\"https:\/\/www.chemin-neuf.be\/fr\/?post_type=page&#038;p=82023\"\n                                        >\n\n                    <!-- card image -->\n                    <div class=\"card-image\" style=\"background: no-repeat center \/ cover url('https:\/\/www.chemin-neuf.be\/wp-content\/uploads\/2020\/10\/httpsdam.chemin-neuf.netwp-contentuploads202010httpswww.chemin-neuf.frwp-contentuploads202010htc-vue-de-haut-300x300.jpg')\">\n                    <\/div>\n\n                    <!-- card title -->\n                    <div class=\"card-content\">\n                                                    <h3 class=\"card-title\">Reconnaissances<\/h3>\n                        \n\n                                            <\/div>\n                <\/a>\n\n                \n\n            <\/article>\n\n\n        \n    <\/div>\n\n\n    <!-- scroll arrow right\/next -->\n            <div class=\"scroll-arrow arrow-next\">&#8250;<\/div>\n    \n\n<\/div>\n\n\n<div class=\"wp-block-group alignfull\" style=\"padding-top:var(--wp--preset--spacing--70);padding-right:var(--wp--preset--spacing--60);padding-bottom:var(--wp--preset--spacing--30);padding-left:var(--wp--preset--spacing--60)\"><div class=\"wp-block-group__inner-container is-layout-constrained wp-container-core-group-is-layout-e54a0138 wp-block-group-is-layout-constrained\">\n<h3 class=\"wp-block-heading alignfull\"><strong>Actualit\u00e9s internationales<\/strong><\/h3>\n<\/div><\/div>\n\n\n<!-- for each card -->\n<div class=\"cards-container one_line columns- align-full\">\n\n    <!-- scroll arrow left\/previous -->\n            <div class=\"scroll-arrow arrow-prev\">&#8249;<\/div>\n    \n\n    <div class=\"cards-list one_line columns- align-full\">\n\n\n                        \n            <!-- The card -->\n            <article class=\"card standard\" data-animate-onshow=\"show-card\">\n                \n                <!-- card link -->\n                <a href=\"https:\/\/www.chemin-neuf.be\/fr\/?post_type=post&#038;p=76524\"\n                                        >\n\n                    <!-- card image -->\n                    <div class=\"card-image\" style=\"background: no-repeat center \/ cover url('https:\/\/www.chemin-neuf.be\/wp-content\/uploads\/2026\/03\/httpsdam.chemin-neuf.netwp-contentuploads202603maxresdefault-e1774601897974-300x300.jpg')\">\n                    <\/div>\n\n                    <!-- card title -->\n                    <div class=\"card-content\">\n                                                    <h3 class=\"card-title\">Installation de la 106\u00e8me Archev\u00eaque de Canterbury<\/h3>\n                        \n\n                                                    <div class=\"card-subtitle-container\">\n                                                                    <p class=\"card-subtitle\">Nos deux soeurs de communaut\u00e9 ont particip\u00e9 le 25 mars \u00e0 l\u2019installation Sarah Mullally comme 106e Archev\u00eaque de Canterbury<\/p>\n                                \n                                \n                            <\/div>\n\n                                            <\/div>\n                <\/a>\n\n                \n\n            <\/article>\n\n\n                        \n            <!-- The card -->\n            <article class=\"card standard\" data-animate-onshow=\"show-card\">\n                \n                <!-- card link -->\n                <a href=\"https:\/\/www.chemin-neuf.be\/fr\/?post_type=post&#038;p=76462\"\n                                        >\n\n                    <!-- card image -->\n                    <div class=\"card-image\" style=\"background: no-repeat center \/ cover url('https:\/\/www.chemin-neuf.be\/wp-content\/uploads\/2026\/03\/httpsdam.chemin-neuf.netwp-contentuploads202603WhatsApp-Image-2026-03-12-at-15.13.23-300x300.jpeg')\">\n                    <\/div>\n\n                    <!-- card title -->\n                    <div class=\"card-content\">\n                                                    <h3 class=\"card-title\">Redonner espoir \u00e0 200 jeunes filles<\/h3>\n                        \n\n                                                    <div class=\"card-subtitle-container\">\n                                                                    <p class=\"card-subtitle\">Un projet port\u00e9 par la Communaut\u00e9 du Chemin Neuf  \u00e0 Bimbresso<\/p>\n                                \n                                \n                            <\/div>\n\n                                            <\/div>\n                <\/a>\n\n                \n\n            <\/article>\n\n\n                        \n            <!-- The card -->\n            <article class=\"card standard\" data-animate-onshow=\"show-card\">\n                \n                <!-- card link -->\n                <a href=\"https:\/\/www.chemin-neuf.be\/fr\/?post_type=post&#038;p=76368\"\n                                        >\n\n                    <!-- card image -->\n                    <div class=\"card-image\" style=\"background: no-repeat center \/ cover url('https:\/\/www.chemin-neuf.be\/wp-content\/uploads\/2026\/03\/httpsdam.chemin-neuf.netwp-contentuploads202603visite-2-2-scaled-1-300x300.jpg')\">\n                    <\/div>\n\n                    <!-- card title -->\n                    <div class=\"card-content\">\n                                                    <h3 class=\"card-title\">Les 10 ans de la communaut\u00e9 du Chemin Neuf \u00e0 Tibhirine<\/h3>\n                        \n\n                                                    <div class=\"card-subtitle-container\">\n                                                                    <p class=\"card-subtitle\">Le monast\u00e8re de Tibhirine est un lieu unique de partage entre chr\u00e9tiens et musulmans.<\/p>\n                                \n                                \n                            <\/div>\n\n                                            <\/div>\n                <\/a>\n\n                \n\n            <\/article>\n\n\n                        \n            <!-- The card -->\n            <article class=\"card standard\" data-animate-onshow=\"show-card\">\n                \n                <!-- card link -->\n                <a href=\"https:\/\/www.chemin-neuf.be\/fr\/?post_type=post&#038;p=76296\"\n                                        >\n\n                    <!-- card image -->\n                    <div class=\"card-image\" style=\"background: no-repeat center \/ cover url('https:\/\/www.chemin-neuf.be\/wp-content\/uploads\/2026\/03\/httpsdam.chemin-neuf.netwp-contentuploads202603CCNoku2-scaled-1-300x300.jpg')\">\n                    <\/div>\n\n                    <!-- card title -->\n                    <div class=\"card-content\">\n                                                    <h3 class=\"card-title\">Avancer sur le chemin de l&rsquo;unit\u00e9<\/h3>\n                        \n\n                                                    <div class=\"card-subtitle-container\">\n                                                                    <p class=\"card-subtitle\">2 jours de formation sur l&rsquo;\u0152cum\u00e9nisme,  avec les fr\u00e8res et soeurs en Hongrie.<\/p>\n                                \n                                \n                            <\/div>\n\n                                            <\/div>\n                <\/a>\n\n                \n\n            <\/article>\n\n\n                        \n            <!-- The card -->\n            <article class=\"card standard\" data-animate-onshow=\"show-card\">\n                \n                <!-- card link -->\n                <a href=\"https:\/\/www.chemin-neuf.be\/fr\/?post_type=post&#038;p=76289\"\n                                        >\n\n                    <!-- card image -->\n                    <div class=\"card-image\" style=\"background: no-repeat center \/ cover url('https:\/\/www.chemin-neuf.be\/wp-content\/uploads\/2026\/03\/httpsdam.chemin-neuf.netwp-contentuploads202603Tibhirine-scan-G-Moines-242-scaled-1-300x300.jpg')\">\n                    <\/div>\n\n                    <!-- card title -->\n                    <div class=\"card-content\">\n                                                    <h3 class=\"card-title\">Histoire de la croix de Tibhirine<\/h3>\n                        \n\n                                                    <div class=\"card-subtitle-container\">\n                                                                    <p class=\"card-subtitle\">Le P\u00e8re Eug\u00e8ne Lehembre nous raconte l&rsquo;histoire de la croix des moines martyrs.<\/p>\n                                \n                                \n                            <\/div>\n\n                                            <\/div>\n                <\/a>\n\n                \n\n            <\/article>\n\n\n                        \n            <!-- The card -->\n            <article class=\"card standard\" data-animate-onshow=\"show-card\">\n                \n                <!-- card link -->\n                <a href=\"https:\/\/www.chemin-neuf.be\/fr\/?post_type=post&#038;p=76283\"\n                                        >\n\n                    <!-- card image -->\n                    <div class=\"card-image\" style=\"background: no-repeat center \/ cover url('https:\/\/www.chemin-neuf.be\/wp-content\/uploads\/2026\/03\/httpsdam.chemin-neuf.netwp-contentuploads202603balade-300x300.jpg')\">\n                    <\/div>\n\n                    <!-- card title -->\n                    <div class=\"card-content\">\n                                                    <h3 class=\"card-title\">Rencontres des fr\u00e8res et s\u0153urs consacr\u00e9s d\u2019Europe centrale<\/h3>\n                        \n\n                                                    <div class=\"card-subtitle-container\">\n                                                                    <p class=\"card-subtitle\">Du 9 au 13 mars, 24 fr\u00e8res et s\u0153urs consacr\u00e9s se sont retrouv\u00e9s \u00e0 Kismaros, en Hongrie,<\/p>\n                                \n                                \n                            <\/div>\n\n                                            <\/div>\n                <\/a>\n\n                \n\n            <\/article>\n\n\n                        \n            <!-- The card -->\n            <article class=\"card standard\" data-animate-onshow=\"show-card\">\n                \n                <!-- card link -->\n                <a href=\"https:\/\/www.chemin-neuf.be\/fr\/?post_type=post&#038;p=76269\"\n                                        >\n\n                    <!-- card image -->\n                    <div class=\"card-image\" style=\"background: no-repeat center \/ cover url('https:\/\/www.chemin-neuf.be\/wp-content\/uploads\/2026\/03\/httpsdam.chemin-neuf.netwp-contentuploads202603WhatsApp-Image-2026-03-19-at-16.02.15-1-300x300.jpeg')\">\n                    <\/div>\n\n                    <!-- card title -->\n                    <div class=\"card-content\">\n                                                    <h3 class=\"card-title\">Un parcours de Car\u00eame sur Tibhirine<\/h3>\n                        \n\n                                                    <div class=\"card-subtitle-container\">\n                                                                    <p class=\"card-subtitle\">Une invitation \u00e0 la paix, au dialogue et \u00e0 une disponibilit\u00e9 renouvel\u00e9e \u00e0 l\u2019Esprit<\/p>\n                                \n                                \n                            <\/div>\n\n                                            <\/div>\n                <\/a>\n\n                \n\n            <\/article>\n\n\n                        \n            <!-- The card -->\n            <article class=\"card standard\" data-animate-onshow=\"show-card\">\n                \n                <!-- card link -->\n                <a href=\"https:\/\/www.chemin-neuf.be\/fr\/?post_type=post&#038;p=76267\"\n                                        >\n\n                    <!-- card image -->\n                    <div class=\"card-image\" style=\"background: no-repeat center \/ cover url('https:\/\/www.chemin-neuf.be\/wp-content\/uploads\/2026\/03\/httpsdam.chemin-neuf.netwp-contentuploads202603IMG_8588-scaled-1-300x300.jpeg')\">\n                    <\/div>\n\n                    <!-- card title -->\n                    <div class=\"card-content\">\n                                                    <h3 class=\"card-title\">Lettre d&rsquo;un fr\u00e8re en Isra\u00ebl<\/h3>\n                        \n\n                                                    <div class=\"card-subtitle-container\">\n                                                                    <p class=\"card-subtitle\">Le p\u00e8re Damien nous partage les nouvelles communautaires depuis J\u00e9rusalem<\/p>\n                                \n                                \n                            <\/div>\n\n                                            <\/div>\n                <\/a>\n\n                \n\n            <\/article>\n\n\n        \n    <\/div>\n\n\n    <!-- scroll arrow right\/next -->\n            <div class=\"scroll-arrow arrow-next\">&#8250;<\/div>\n    \n\n<\/div>\n\n\n<div class=\"wp-block-group alignfull\" style=\"padding-top:var(--wp--preset--spacing--70);padding-right:var(--wp--preset--spacing--60);padding-bottom:var(--wp--preset--spacing--30);padding-left:var(--wp--preset--spacing--60)\"><div class=\"wp-block-group__inner-container is-layout-constrained wp-container-core-group-is-layout-e54a0138 wp-block-group-is-layout-constrained\">\n<h3 class=\"wp-block-heading alignfull\"><strong>Derni\u00e8res newsletters<\/strong><\/h3>\n<\/div><\/div>\n\n\n<!-- for each card -->\n<div class=\"cards-container one_line columns- align-full\">\n\n    <!-- scroll arrow left\/previous -->\n            <div class=\"scroll-arrow arrow-prev\">&#8249;<\/div>\n    \n\n    <div class=\"cards-list one_line columns- align-full\">\n\n\n                        \n            <!-- The card -->\n            <article class=\"card standard\" data-animate-onshow=\"show-card\">\n                \n                <!-- card link -->\n                <a href=\"https:\/\/0gx.mj.am\/nl3\/GVT09TL-zRSFeSZdKrO3IQ?hl=fr\"\n                    target=\"_blank\"                    >\n\n                    <!-- card image -->\n                    <div class=\"card-image\" style=\"background: no-repeat center \/ cover url('https:\/\/www.chemin-neuf.be\/wp-content\/uploads\/2026\/03\/httpsdam.chemin-neuf.netwp-contentuploads202509Artboard-1-copy-5-8-300x300.png')\">\n                    <\/div>\n\n                    <!-- card title -->\n                    <div class=\"card-content\">\n                                                    <h3 class=\"card-title\">Point Com \u2013 Mars 2026<\/h3>\n                        \n\n                                            <\/div>\n                <\/a>\n\n                \n\n            <\/article>\n\n\n                        \n            <!-- The card -->\n            <article class=\"card standard\" data-animate-onshow=\"show-card\">\n                \n                <!-- card link -->\n                <a href=\"https:\/\/0gx.mj.am\/nl3\/3Pq6MvQQdhEek1twesjNaw?hl=fr\"\n                    target=\"_blank\"                    >\n\n                    <!-- card image -->\n                    <div class=\"card-image\" style=\"background: no-repeat center \/ cover url('https:\/\/www.chemin-neuf.be\/wp-content\/uploads\/2026\/02\/httpsdam.chemin-neuf.netwp-contentuploads202509Artboard-1-copy-5-8-300x300.png')\">\n                    <\/div>\n\n                    <!-- card title -->\n                    <div class=\"card-content\">\n                                                    <h3 class=\"card-title\">Point Com \u2013 F\u00e9vrier 2026<\/h3>\n                        \n\n                                            <\/div>\n                <\/a>\n\n                \n\n            <\/article>\n\n\n                        \n            <!-- The card -->\n            <article class=\"card standard\" data-animate-onshow=\"show-card\">\n                \n                <!-- card link -->\n                <a href=\"https:\/\/0gx.mj.am\/nl3\/CIxC6pm7opQpzjdXT_rL4g?hl=fr\"\n                    target=\"_blank\"                    >\n\n                    <!-- card image -->\n                    <div class=\"card-image\" style=\"background: no-repeat center \/ cover url('https:\/\/www.chemin-neuf.be\/wp-content\/uploads\/2026\/01\/httpsdam.chemin-neuf.netwp-contentuploads202509Artboard-1-copy-5-8-300x300.png')\">\n                    <\/div>\n\n                    <!-- card title -->\n                    <div class=\"card-content\">\n                                                    <h3 class=\"card-title\">Point Com \u2013 Janvier 2026<\/h3>\n                        \n\n                                            <\/div>\n                <\/a>\n\n                \n\n            <\/article>\n\n\n        \n    <\/div>\n\n\n    <!-- scroll arrow right\/next -->\n            <div class=\"scroll-arrow arrow-next\">&#8250;<\/div>\n    \n\n<\/div>\n\n\n<div class=\"wp-block-buttons is-layout-flex wp-block-buttons-is-layout-flex\">\n<div class=\"wp-block-button\"><a class=\"wp-block-button__link wp-element-button\" href=\"https:\/\/www.chemin-neuf.fr\/la-newsletter-de-la-communaute\/#abonnement\">S&rsquo;abonner<\/a><\/div>\n<\/div>\n\n\n\n<div class=\"wp-block-cover is-light has-parallax\" id=\"places\"><div class=\"wp-block-cover__image-background wp-image-1093 has-parallax\" style=\"background-position:50% 50%;background-image:url(https:\/\/www.chemin-neuf.be\/wp-content\/uploads\/2021\/02\/Communaute-Belgique.jpg)\"><\/div><span aria-hidden=\"true\" class=\"wp-block-cover__background has-orange-background-color has-background-dim-30 has-background-dim\"><\/span><div class=\"wp-block-cover__inner-container is-layout-constrained wp-block-cover-is-layout-constrained\">\n<h1 class=\"wp-block-heading has-text-align-center has-white-color has-text-color has-link-color has-extra-large-font-size wp-elements-597a54881456bc1ce2849ac289d194c1\"><strong>Nos lieux communautaires<\/strong><\/h1>\n<\/div><\/div>\n\n\n\n<div class=\"wp-block-group alignfull\" style=\"padding-top:var(--wp--preset--spacing--70);padding-right:var(--wp--preset--spacing--60);padding-bottom:var(--wp--preset--spacing--30);padding-left:var(--wp--preset--spacing--60)\"><div class=\"wp-block-group__inner-container is-layout-constrained wp-container-core-group-is-layout-e54a0138 wp-block-group-is-layout-constrained\">\n<h3 class=\"wp-block-heading alignfull\"><strong>En Belgique<\/strong><\/h3>\n<\/div><\/div>\n\n\n<!-- for each card -->\n<div class=\"cards-container one_line columns- align-full\">\n\n    <!-- scroll arrow left\/previous -->\n            <div class=\"scroll-arrow arrow-prev\">&#8249;<\/div>\n    \n\n    <div class=\"cards-list one_line columns- align-full\">\n\n\n                        \n            <!-- The card -->\n            <article class=\"card standard\" data-animate-onshow=\"show-card\">\n                \n                <!-- card link -->\n                <a href=\"https:\/\/www.chemin-neuf.be\/fr\/place\/carmel-de-mehagne\/\"\n                                        >\n\n                    <!-- card image -->\n                    <div class=\"card-image\" style=\"background: no-repeat center \/ cover url('https:\/\/www.chemin-neuf.be\/wp-content\/uploads\/2021\/02\/Communaute-Belgique-300x200.jpg')\">\n                    <\/div>\n\n                    <!-- card title -->\n                    <div class=\"card-content\">\n                                                    <h3 class=\"card-title\">Carmel de Mehagne<\/h3>\n                        \n\n                                            <\/div>\n                <\/a>\n\n                \n\n            <\/article>\n\n\n                        \n            <!-- The card -->\n            <article class=\"card standard\" data-animate-onshow=\"show-card\">\n                \n                <!-- card link -->\n                <a href=\"https:\/\/www.chemin-neuf.be\/fr\/place\/baslique-sacre-coeur-berchem\/\"\n                                        >\n\n                    <!-- card image -->\n                    <div class=\"card-image\" style=\"background: no-repeat center \/ cover url('https:\/\/www.chemin-neuf.be\/wp-content\/uploads\/2021\/04\/Anvers-300x300.jpg')\">\n                    <\/div>\n\n                    <!-- card title -->\n                    <div class=\"card-content\">\n                                                    <h3 class=\"card-title\">Monast\u00e8re Sacr\u00e9 C\u0153ur<\/h3>\n                        \n\n                                            <\/div>\n                <\/a>\n\n                \n\n            <\/article>\n\n\n                        \n            <!-- The card -->\n            <article class=\"card standard\" data-animate-onshow=\"show-card\">\n                \n                <!-- card link -->\n                <a href=\"https:\/\/www.chemin-neuf.be\/fr\/?post_type=page&#038;p=2336\"\n                                        >\n\n                    <!-- card image -->\n                    <div class=\"card-image\" style=\"background: no-repeat center \/ cover url('https:\/\/www.chemin-neuf.be\/wp-content\/uploads\/2021\/05\/xkkcui44im0-300x200.jpg')\">\n                    <\/div>\n\n                    <!-- card title -->\n                    <div class=\"card-content\">\n                                                    <h3 class=\"card-title\">Kot d&rsquo;\u00e9tudiants<\/h3>\n                        \n\n                                                    <div class=\"card-subtitle-container\">\n                                                                    <p class=\"card-subtitle\">\u00c0 Li\u00e8ge et \u00e0 Anvers<\/p>\n                                \n                                \n                            <\/div>\n\n                                            <\/div>\n                <\/a>\n\n                \n\n            <\/article>\n\n\n        \n    <\/div>\n\n\n    <!-- scroll arrow right\/next -->\n            <div class=\"scroll-arrow arrow-next\">&#8250;<\/div>\n    \n\n<\/div>\n\n\n<div class=\"wp-block-group alignfull\" style=\"padding-top:var(--wp--preset--spacing--70);padding-right:var(--wp--preset--spacing--60);padding-bottom:var(--wp--preset--spacing--30);padding-left:var(--wp--preset--spacing--60)\"><div class=\"wp-block-group__inner-container is-layout-constrained wp-container-core-group-is-layout-e54a0138 wp-block-group-is-layout-constrained\">\n<h3 class=\"wp-block-heading alignfull\"><strong>Aux Pays-Bas et dans le Nord de la France<\/strong><\/h3>\n<\/div><\/div>\n\n\n<!-- for each card -->\n<div class=\"cards-container one_line columns- align-full\">\n\n    <!-- scroll arrow left\/previous -->\n            <div class=\"scroll-arrow arrow-prev\">&#8249;<\/div>\n    \n\n    <div class=\"cards-list one_line columns- align-full\">\n\n\n                        \n            <!-- The card -->\n            <article class=\"card standard\" data-animate-onshow=\"show-card\">\n                \n                <!-- card link -->\n                <a href=\"https:\/\/www.chemin-neuf.nl\/over-ons\/geschiedenis-van-de-paulusabdij\/\"\n                    target=\"_blank\"                    >\n\n                    <!-- card image -->\n                    <div class=\"card-image\" style=\"background: no-repeat center \/ cover url('https:\/\/www.chemin-neuf.be\/wp-content\/uploads\/2025\/02\/oosterhout.jpg')\">\n                    <\/div>\n\n                    <!-- card title -->\n                    <div class=\"card-content\">\n                                                    <h3 class=\"card-title\">Abbaye de Oosterhout<\/h3>\n                        \n\n                                                    <div class=\"card-subtitle-container\">\n                                                                    <p class=\"card-subtitle\">aux Pays-Bas<\/p>\n                                \n                                \n                            <\/div>\n\n                                            <\/div>\n                <\/a>\n\n                \n\n            <\/article>\n\n\n                        \n            <!-- The card -->\n            <article class=\"card standard\" data-animate-onshow=\"show-card\">\n                \n                <!-- card link -->\n                <a href=\"https:\/\/bouvines.chemin-neuf.fr\/\"\n                    target=\"_blank\"                    >\n\n                    <!-- card image -->\n                    <div class=\"card-image\" style=\"background: no-repeat center \/ cover url('https:\/\/www.chemin-neuf.be\/wp-content\/uploads\/2025\/10\/accueil-groupe2.jpg')\">\n                    <\/div>\n\n                    <!-- card title -->\n                    <div class=\"card-content\">\n                                                    <h3 class=\"card-title\">Monast\u00e8re de Bouvines <\/h3>\n                        \n\n                                                    <div class=\"card-subtitle-container\">\n                                                                    <p class=\"card-subtitle\">pr\u00e8s de Lille<\/p>\n                                \n                                \n                            <\/div>\n\n                                            <\/div>\n                <\/a>\n\n                \n\n            <\/article>\n\n\n                        \n            <!-- The card -->\n            <article class=\"card standard\" data-animate-onshow=\"show-card\">\n                \n                <!-- card link -->\n                <a href=\"https:\/\/maison-neuf-media.chemin-neuf.fr\/\"\n                    target=\"_blank\"                    >\n\n                    <!-- card image -->\n                    <div class=\"card-image\" style=\"background: no-repeat center \/ cover url('https:\/\/www.chemin-neuf.be\/wp-content\/uploads\/2025\/10\/image-1.jpg')\">\n                    <\/div>\n\n                    <!-- card title -->\n                    <div class=\"card-content\">\n                                                    <h3 class=\"card-title\">Maison Neuf M\u00e9dia <\/h3>\n                        \n\n                                                    <div class=\"card-subtitle-container\">\n                                                                    <p class=\"card-subtitle\">\u00e0 Lille <\/p>\n                                \n                                \n                            <\/div>\n\n                                            <\/div>\n                <\/a>\n\n                \n\n            <\/article>\n\n\n        \n    <\/div>\n\n\n    <!-- scroll arrow right\/next -->\n            <div class=\"scroll-arrow arrow-next\">&#8250;<\/div>\n    \n\n<\/div>\n\n\n<div class=\"wp-block-group alignfull\" style=\"padding-top:var(--wp--preset--spacing--70);padding-right:var(--wp--preset--spacing--60);padding-bottom:var(--wp--preset--spacing--30);padding-left:var(--wp--preset--spacing--60)\"><div class=\"wp-block-group__inner-container is-layout-constrained wp-container-core-group-is-layout-e54a0138 wp-block-group-is-layout-constrained\">\n<h3 class=\"wp-block-heading alignfull\"><strong>Dans le monde<\/strong><\/h3>\n<\/div><\/div>\n\n\n<!-- for each card -->\n<div class=\"cards-container one_line columns- align-full\">\n\n    <!-- scroll arrow left\/previous -->\n            <div class=\"scroll-arrow arrow-prev\">&#8249;<\/div>\n    \n\n    <div class=\"cards-list one_line columns- align-full\">\n\n\n                        \n            <!-- The card -->\n            <article class=\"card standard\" data-animate-onshow=\"show-card\">\n                \n                <!-- card link -->\n                <a href=\"https:\/\/www.chemin-neuf.be\/ou-nous-trouver\/dans-le-monde\/\"\n                                        >\n\n                    <!-- card image -->\n                    <div class=\"card-image\" style=\"background: no-repeat center \/ cover url('https:\/\/www.chemin-neuf.be\/wp-content\/uploads\/2025\/10\/WhatsApp-Image-2025-10-15-a-11.29.42_1a9f9dcd.jpg')\">\n                    <\/div>\n\n                    <!-- card title -->\n                    <div class=\"card-content\">\n                                                    <h3 class=\"card-title\">Dans le monde<\/h3>\n                        \n\n                                            <\/div>\n                <\/a>\n\n                \n\n            <\/article>\n\n\n        \n    <\/div>\n\n\n    <!-- scroll arrow right\/next -->\n            <div class=\"scroll-arrow arrow-next\">&#8250;<\/div>\n    \n\n<\/div>\n\n\n<div class=\"wp-block-cover is-style-standard\" id=\"cnm\"><img loading=\"lazy\" decoding=\"async\" width=\"1024\" height=\"685\" class=\"wp-block-cover__image-background wp-image-66112 size-large\" alt=\"\" src=\"https:\/\/www.chemin-neuf.be\/wp-content\/uploads\/2025\/02\/CNM-1024x685.webp\" data-object-fit=\"cover\" srcset=\"https:\/\/www.chemin-neuf.be\/wp-content\/uploads\/2025\/02\/CNM-1024x685.webp 1024w, https:\/\/www.chemin-neuf.be\/wp-content\/uploads\/2025\/02\/CNM-300x201.webp 300w, https:\/\/www.chemin-neuf.be\/wp-content\/uploads\/2025\/02\/CNM-768x514.webp 768w, https:\/\/www.chemin-neuf.be\/wp-content\/uploads\/2025\/02\/CNM-1536x1027.webp 1536w, https:\/\/www.chemin-neuf.be\/wp-content\/uploads\/2025\/02\/CNM.webp 1899w\" sizes=\"auto, (max-width: 1024px) 100vw, 1024px\" \/><span aria-hidden=\"true\" class=\"wp-block-cover__background has-orange-background-color has-background-dim-30 has-background-dim\"><\/span><div class=\"wp-block-cover__inner-container is-layout-constrained wp-block-cover-is-layout-constrained\">\n<h1 class=\"wp-block-heading has-text-align-center has-extra-large-font-size\"><strong>Chemin Neuf Media<\/strong><\/h1>\n\n\n\n<p class=\"has-text-align-center has-white-color has-text-color has-normal-font-size\"><strong>Vid\u00e9os, articles, podcasts<br>Enseignements, t\u00e9moignages, chants&#8230;<\/strong><\/p>\n<\/div><\/div>\n\n\n\n<div class=\"wp-block-group alignfull\" style=\"padding-top:var(--wp--preset--spacing--70);padding-right:var(--wp--preset--spacing--60);padding-bottom:var(--wp--preset--spacing--30);padding-left:var(--wp--preset--spacing--60)\"><div class=\"wp-block-group__inner-container is-layout-constrained wp-container-core-group-is-layout-e54a0138 wp-block-group-is-layout-constrained\">\n<h3 class=\"wp-block-heading alignfull\"><strong>Acc\u00e9der \u00e0 la plateforme<\/strong><\/h3>\n<\/div><\/div>\n\n\n<!-- for each card -->\n<div class=\"cards-container one_line columns- align-full\">\n\n    <!-- scroll arrow left\/previous -->\n            <div class=\"scroll-arrow arrow-prev\">&#8249;<\/div>\n    \n\n    <div class=\"cards-list one_line columns- align-full\">\n\n\n                        \n            <!-- The card -->\n            <article class=\"card standard\" data-animate-onshow=\"show-card\">\n                \n                <!-- card link -->\n                <a href=\"https:\/\/www.chemin-neuf.media\"\n                    target=\"_blank\"                    >\n\n                    <!-- card image -->\n                    <div class=\"card-image\" style=\"background: no-repeat center \/ cover url('https:\/\/www.chemin-neuf.be\/wp-content\/uploads\/2025\/02\/CNM.webp')\">\n                    <\/div>\n\n                    <!-- card title -->\n                    <div class=\"card-content\">\n                                                    <h3 class=\"card-title\">Chemin Neuf M\u00e9dia<\/h3>\n                        \n\n                                            <\/div>\n                <\/a>\n\n                \n\n            <\/article>\n\n\n        \n    <\/div>\n\n\n    <!-- scroll arrow right\/next -->\n            <div class=\"scroll-arrow arrow-next\">&#8250;<\/div>\n    \n\n<\/div>\n\n\n<div class=\"wp-block-group alignfull\" style=\"padding-top:var(--wp--preset--spacing--70);padding-right:var(--wp--preset--spacing--60);padding-bottom:var(--wp--preset--spacing--30);padding-left:var(--wp--preset--spacing--60)\"><div class=\"wp-block-group__inner-container is-layout-constrained wp-container-core-group-is-layout-e54a0138 wp-block-group-is-layout-constrained\">\n<h3 class=\"wp-block-heading alignfull\"><strong>Nos coups de c\u0153ur<\/strong><\/h3>\n<\/div><\/div>\n\n\n<!-- for each card -->\n<div class=\"cards-container one_line columns- align-full\">\n\n    <!-- scroll arrow left\/previous -->\n            <div class=\"scroll-arrow arrow-prev\">&#8249;<\/div>\n    \n\n    <div class=\"cards-list one_line columns- align-full\">\n\n\n                        \n            <!-- The card -->\n            <article class=\"card standard\" data-animate-onshow=\"show-card\">\n                \n                <!-- card link -->\n                <a href=\"https:\/\/www.chemin-neuf.media\/fr\/m\/mgr-pierre-claverie-un-ami-pour-les-algeriens\/\"\n                    target=\"_blank\"                    >\n\n                    <!-- card image -->\n                    <div class=\"card-image\" style=\"background: no-repeat center \/ cover url('https:\/\/www.chemin-neuf.be\/wp-content\/uploads\/2026\/03\/httpsdam.chemin-neuf.netwp-contentuploads202603maxresdefault-9-300x300.jpg')\">\n                    <\/div>\n\n                    <!-- card title -->\n                    <div class=\"card-content\">\n                        \n\n                                            <\/div>\n                <\/a>\n\n                \n\n            <\/article>\n\n\n                        \n            <!-- The card -->\n            <article class=\"card standard\" data-animate-onshow=\"show-card\">\n                \n                <!-- card link -->\n                <a href=\"https:\/\/www.chemin-neuf.media\/m\/temoins-du-plus-grand-amour-les-19-martyrs-dalgerie\/\"\n                    target=\"_blank\"                    >\n\n                    <!-- card image -->\n                    <div class=\"card-image\" style=\"background: no-repeat center \/ cover url('https:\/\/www.chemin-neuf.be\/wp-content\/uploads\/2026\/03\/httpsdam.chemin-neuf.netwp-contentuploads202603maxresdefault-6-300x300.jpg')\">\n                    <\/div>\n\n                    <!-- card title -->\n                    <div class=\"card-content\">\n                        \n\n                                            <\/div>\n                <\/a>\n\n                \n\n            <\/article>\n\n\n                        \n            <!-- The card -->\n            <article class=\"card standard\" data-animate-onshow=\"show-card\">\n                \n                <!-- card link -->\n                <a href=\"https:\/\/www.chemin-neuf.media\/fr\/m\/sept-freres-pour-leternite-les-moines-de-tibhirine\/\"\n                    target=\"_blank\"                    >\n\n                    <!-- card image -->\n                    <div class=\"card-image\" style=\"background: no-repeat center \/ cover url('https:\/\/www.chemin-neuf.be\/wp-content\/uploads\/2026\/03\/httpsdam.chemin-neuf.netwp-contentuploads202603maxresdefault-5-300x300.jpg')\">\n                    <\/div>\n\n                    <!-- card title -->\n                    <div class=\"card-content\">\n                        \n\n                                            <\/div>\n                <\/a>\n\n                \n\n            <\/article>\n\n\n                        \n            <!-- The card -->\n            <article class=\"card standard\" data-animate-onshow=\"show-card\">\n                \n                <!-- card link -->\n                <a href=\"https:\/\/www.chemin-neuf.media\/fr\/m\/la-seule-question-a-se-poser-pendant-le-careme-pere-mustapha\/\"\n                    target=\"_blank\"                    >\n\n                    <!-- card image -->\n                    <div class=\"card-image\" style=\"background: no-repeat center \/ cover url('https:\/\/www.chemin-neuf.be\/wp-content\/uploads\/2026\/03\/httpsdam.chemin-neuf.netwp-contentuploads202603maxresdefault-4-300x300.jpg')\">\n                    <\/div>\n\n                    <!-- card title -->\n                    <div class=\"card-content\">\n                        \n\n                                            <\/div>\n                <\/a>\n\n                \n\n            <\/article>\n\n\n                        \n            <!-- The card -->\n            <article class=\"card standard\" data-animate-onshow=\"show-card\">\n                \n                <!-- card link -->\n                <a href=\"https:\/\/www.chemin-neuf.media\/fr\/m\/jesus-est-il-dieu-ou-juste-un-homme-emilia\/\"\n                    target=\"_blank\"                    >\n\n                    <!-- card image -->\n                    <div class=\"card-image\" style=\"background: no-repeat center \/ cover url('https:\/\/www.chemin-neuf.be\/wp-content\/uploads\/2026\/03\/httpsdam.chemin-neuf.netwp-contentuploads202603maxresdefault-2-300x300.jpg')\">\n                    <\/div>\n\n                    <!-- card title -->\n                    <div class=\"card-content\">\n                        \n\n                                            <\/div>\n                <\/a>\n\n                \n\n            <\/article>\n\n\n                        \n            <!-- The card -->\n            <article class=\"card standard\" data-animate-onshow=\"show-card\">\n                \n                <!-- card link -->\n                <a href=\"https:\/\/www.chemin-neuf.media\/fr\/m\/la-trinite-expliquee-en-10-minutes-par-mgr-etienne-veto\/\"\n                    target=\"_blank\"                    >\n\n                    <!-- card image -->\n                    <div class=\"card-image\" style=\"background: no-repeat center \/ cover url('https:\/\/www.chemin-neuf.be\/wp-content\/uploads\/2026\/03\/httpsdam.chemin-neuf.netwp-contentuploads202603maxresdefault-1-1-300x300.jpg')\">\n                    <\/div>\n\n                    <!-- card title -->\n                    <div class=\"card-content\">\n                        \n\n                                            <\/div>\n                <\/a>\n\n                \n\n            <\/article>\n\n\n                        \n            <!-- The card -->\n            <article class=\"card standard\" data-animate-onshow=\"show-card\">\n                \n                <!-- card link -->\n                <a href=\"https:\/\/www.chemin-neuf.media\/fr\/m\/si-dieu-existe-pourquoi-le-mal-et-la-souffrance-pere-benoit-de-maintenant-sj\/\"\n                    target=\"_blank\"                    >\n\n                    <!-- card image -->\n                    <div class=\"card-image\" style=\"background: no-repeat center \/ cover url('https:\/\/www.chemin-neuf.be\/wp-content\/uploads\/2026\/03\/httpsdam.chemin-neuf.netwp-contentuploads202603maxresdefault-1-300x300.jpg')\">\n                    <\/div>\n\n                    <!-- card title -->\n                    <div class=\"card-content\">\n                        \n\n                                            <\/div>\n                <\/a>\n\n                \n\n            <\/article>\n\n\n                        \n            <!-- The card -->\n            <article class=\"card standard\" data-animate-onshow=\"show-card\">\n                \n                <!-- card link -->\n                <a href=\"https:\/\/www.chemin-neuf.media\/fr\/m\/bienheureux-frassati\/\"\n                    target=\"_blank\"                    >\n\n                    <!-- card image -->\n                    <div class=\"card-image\" style=\"background: no-repeat center \/ cover url('https:\/\/www.chemin-neuf.be\/wp-content\/uploads\/2025\/11\/httpsdam.chemin-neuf.netwp-contentuploads202511maxresdefault-3-300x300.jpg')\">\n                    <\/div>\n\n                    <!-- card title -->\n                    <div class=\"card-content\">\n                        \n\n                                            <\/div>\n                <\/a>\n\n                \n\n            <\/article>\n\n\n                        \n            <!-- The card -->\n            <article class=\"card standard\" data-animate-onshow=\"show-card\">\n                \n                <!-- card link -->\n                <a href=\"https:\/\/www.chemin-neuf.media\/fr\/m\/podcast-1700-ans-du-concile-de-nicee\/\"\n                    target=\"_blank\"                    >\n\n                    <!-- card image -->\n                    <div class=\"card-image\" style=\"background: no-repeat center \/ cover url('https:\/\/www.chemin-neuf.be\/wp-content\/uploads\/2025\/11\/httpsdam.chemin-neuf.netwp-contentuploads202511Capture-decran-2025-11-19-a-17.59.08-300x300.png')\">\n                    <\/div>\n\n                    <!-- card title -->\n                    <div class=\"card-content\">\n                        \n\n                                            <\/div>\n                <\/a>\n\n                \n\n            <\/article>\n\n\n                        \n            <!-- The card -->\n            <article class=\"card standard\" data-animate-onshow=\"show-card\">\n                \n                <!-- card link -->\n                <a href=\"http:\/\/chemin-neuf.media\/fr\/m\/les-pauvres-peuvent-nous-enseigner-etienne-grieu-sj\/\"\n                    target=\"_blank\"                    >\n\n                    <!-- card image -->\n                    <div class=\"card-image\" style=\"background: no-repeat center \/ cover url('https:\/\/www.chemin-neuf.be\/wp-content\/uploads\/2025\/11\/httpsdam.chemin-neuf.netwp-contentuploads202511maxresdefault-1-300x300.jpg')\">\n                    <\/div>\n\n                    <!-- card title -->\n                    <div class=\"card-content\">\n                        \n\n                                            <\/div>\n                <\/a>\n\n                \n\n            <\/article>\n\n\n        \n    <\/div>\n\n\n    <!-- scroll arrow right\/next -->\n            <div class=\"scroll-arrow arrow-next\">&#8250;<\/div>\n    \n\n<\/div>\n\n\n<div class=\"wp-block-cover\" id=\"prier-pour-lunite\"><img decoding=\"async\" class=\"wp-block-cover__image-background wp-image-131781 size-large\" alt=\"\" src=\"https:\/\/www.chemin-neuf.fr\/wp-content\/uploads\/2025\/07\/allemagne-oecumenisme-1024x468.jpg\" data-object-fit=\"cover\"\/><span aria-hidden=\"true\" class=\"wp-block-cover__background has-orange-background-color has-background-dim-30 has-background-dim\"><\/span><div class=\"wp-block-cover__inner-container is-layout-constrained wp-block-cover-is-layout-constrained\">\n<h1 class=\"wp-block-heading has-text-align-center has-white-color has-text-color has-link-color has-extra-large-font-size wp-elements-831e9c3f9b6c685fe9d8420f5c92db57\"><strong>Prier pour l&rsquo;unit\u00e9 des chr\u00e9tiens<\/strong><\/h1>\n\n\n\n<p class=\"has-text-align-center has-white-color has-text-color has-link-color has-normal-font-size wp-elements-7af1df9d22736d894b698937aa2a387a\"><strong>avec la Communaut\u00e9 du Chemin Neuf<\/strong><\/p>\n<\/div><\/div>\n\n\n\n<div class=\"wp-block-group alignfull\" style=\"padding-top:var(--wp--preset--spacing--70);padding-right:var(--wp--preset--spacing--60);padding-bottom:var(--wp--preset--spacing--30);padding-left:var(--wp--preset--spacing--60)\"><div class=\"wp-block-group__inner-container is-layout-constrained wp-container-core-group-is-layout-e54a0138 wp-block-group-is-layout-constrained\">\n<h3 class=\"wp-block-heading alignfull\"><strong>Offices pour l&rsquo;unit\u00e9 des chr\u00e9tiens<\/strong><\/h3>\n<\/div><\/div>\n\n\n<!-- for each card -->\n<div class=\"cards-container one_line columns- align-full\">\n\n    <!-- scroll arrow left\/previous -->\n            <div class=\"scroll-arrow arrow-prev\">&#8249;<\/div>\n    \n\n    <div class=\"cards-list one_line columns- align-full\">\n\n\n                        \n            <!-- The card -->\n            <article class=\"card standard\" data-animate-onshow=\"show-card\">\n                \n                <!-- card link -->\n                <a href=\"https:\/\/www.chemin-neuf.be\/fr\/?post_type=post&#038;p=82125\"\n                                        >\n\n                    <!-- card image -->\n                    <div class=\"card-image\" style=\"background: no-repeat center \/ cover url('https:\/\/www.chemin-neuf.be\/wp-content\/uploads\/2026\/04\/httpsdam.chemin-neuf.netwp-contentuploads202604DSCF2223-scaled-1-300x300.jpg')\">\n                    <\/div>\n\n                    <!-- card title -->\n                    <div class=\"card-content\">\n                                                    <h3 class=\"card-title\">Office pour l&rsquo;Unit\u00e9 du jeudi 30 avril 2026<\/h3>\n                        \n\n                                                    <div class=\"card-subtitle-container\">\n                                                                    <p class=\"card-subtitle\">Laisse ton lion reposer avec ton agneau, Henri J.M. Nouwen<\/p>\n                                \n                                \n                            <\/div>\n\n                                            <\/div>\n                <\/a>\n\n                \n\n            <\/article>\n\n\n                        \n            <!-- The card -->\n            <article class=\"card standard\" data-animate-onshow=\"show-card\">\n                \n                <!-- card link -->\n                <a href=\"https:\/\/www.chemin-neuf.be\/fr\/?post_type=post&#038;p=81894\"\n                                        >\n\n                    <!-- card image -->\n                    <div class=\"card-image\" style=\"background: no-repeat center \/ cover url('https:\/\/www.chemin-neuf.be\/wp-content\/uploads\/2026\/04\/httpsdam.chemin-neuf.netwp-contentuploads202604WhatsApp-Image-2026-04-19-at-21.06.05-300x300.jpeg')\">\n                    <\/div>\n\n                    <!-- card title -->\n                    <div class=\"card-content\">\n                                                    <h3 class=\"card-title\">Office pour l&rsquo;Unit\u00e9 du jeudi 23 avril 2026<\/h3>\n                        \n\n                                                    <div class=\"card-subtitle-container\">\n                                                                    <p class=\"card-subtitle\">Cardinal Grzegorz Ry\u015b, extrait de l\u2019ouvrage intitul\u00e9 \u00ab Mandatum : faites ceci en m\u00e9moire de moi \u00bb<\/p>\n                                \n                                \n                            <\/div>\n\n                                            <\/div>\n                <\/a>\n\n                \n\n            <\/article>\n\n\n                        \n            <!-- The card -->\n            <article class=\"card standard\" data-animate-onshow=\"show-card\">\n                \n                <!-- card link -->\n                <a href=\"https:\/\/www.chemin-neuf.be\/fr\/?post_type=post&#038;p=79147\"\n                                        >\n\n                    <!-- card image -->\n                    <div class=\"card-image\" style=\"background: no-repeat center \/ cover url('https:\/\/www.chemin-neuf.be\/wp-content\/uploads\/2026\/04\/httpsdam.chemin-neuf.netwp-contentuploads202604IMG_Val-de-Paix-II-scaled-1-300x300.jpg')\">\n                    <\/div>\n\n                    <!-- card title -->\n                    <div class=\"card-content\">\n                                                    <h3 class=\"card-title\">Office pour l&rsquo;Unit\u00e9 du jeudi 16 avril 2026<\/h3>\n                        \n\n                                                    <div class=\"card-subtitle-container\">\n                                                                    <p class=\"card-subtitle\">La paix soit avec vous tous, vers une paix d\u00e9sarm\u00e9e et d\u00e9sarmante<\/p>\n                                \n                                \n                            <\/div>\n\n                                            <\/div>\n                <\/a>\n\n                \n\n            <\/article>\n\n\n        \n    <\/div>\n\n\n    <!-- scroll arrow right\/next -->\n            <div class=\"scroll-arrow arrow-next\">&#8250;<\/div>\n    \n\n<\/div>\n\n\n<div class=\"wp-block-buttons alignfull is-content-justification-left is-layout-flex wp-container-core-buttons-is-layout-ac7d9a5c wp-block-buttons-is-layout-flex\" style=\"padding-right:var(--wp--preset--spacing--40);padding-left:var(--wp--preset--spacing--40)\">\n<div class=\"wp-block-button\"><a class=\"wp-block-button__link wp-element-button\" href=\"https:\/\/www.chemin-neuf.fr\/inscription-office-de-prieres-du-jeudi\/\" target=\"_blank\" rel=\"noreferrer noopener\">S&rsquo;abonner<\/a><\/div>\n\n\n\n<div class=\"wp-block-button\"><a class=\"wp-block-button__link wp-element-button\" href=\"https:\/\/drive.google.com\/file\/d\/1eIeGwshzQCT4wmLXL_7laulCaTc98lMM\/view?usp=sharing\" target=\"_blank\" rel=\"noreferrer noopener\">T\u00e9l\u00e9charger une proposition de d\u00e9roul\u00e9<\/a><\/div>\n<\/div>\n\n\n\n<div class=\"wp-block-group alignfull\" style=\"padding-top:var(--wp--preset--spacing--70);padding-right:var(--wp--preset--spacing--60);padding-bottom:var(--wp--preset--spacing--30);padding-left:var(--wp--preset--spacing--60)\"><div class=\"wp-block-group__inner-container is-layout-constrained wp-container-core-group-is-layout-e54a0138 wp-block-group-is-layout-constrained\">\n<h3 class=\"wp-block-heading alignfull\"><strong>Offices pour l&rsquo;unit\u00e9 des chr\u00e9tiens en lien avec le peuple juif<\/strong><\/h3>\n<\/div><\/div>\n\n\n<!-- for each card -->\n<div class=\"cards-container one_line columns- align-full\">\n\n    <!-- scroll arrow left\/previous -->\n            <div class=\"scroll-arrow arrow-prev\">&#8249;<\/div>\n    \n\n    <div class=\"cards-list one_line columns- align-full\">\n\n\n                        \n            <!-- The card -->\n            <article class=\"card standard\" data-animate-onshow=\"show-card\">\n                \n                <!-- card link -->\n                <a href=\"https:\/\/www.chemin-neuf.be\/fr\/?post_type=post&#038;p=76463\"\n                                        >\n\n                    <!-- card image -->\n                    <div class=\"card-image\" style=\"background: no-repeat center \/ cover url('https:\/\/www.chemin-neuf.be\/wp-content\/uploads\/2026\/03\/httpsdam.chemin-neuf.netwp-contentuploads202511httpswww.chemin-neuf.org_.ukwp-contentuploads202110torah-4299038_1280-300x300.jpg')\">\n                    <\/div>\n\n                    <!-- card title -->\n                    <div class=\"card-content\">\n                                                    <h3 class=\"card-title\">Office de pri\u00e8re en lien avec le peuple juif du jeudi 2 avril 2026<\/h3>\n                        \n\n                                                    <div class=\"card-subtitle-container\">\n                                                                    <p class=\"card-subtitle\">Pourim et l\u2019esp\u00e9rance chr\u00e9tienne<\/p>\n                                \n                                \n                            <\/div>\n\n                                            <\/div>\n                <\/a>\n\n                \n\n            <\/article>\n\n\n                        \n            <!-- The card -->\n            <article class=\"card standard\" data-animate-onshow=\"show-card\">\n                \n                <!-- card link -->\n                <a href=\"https:\/\/www.chemin-neuf.be\/fr\/?post_type=post&#038;p=75228\"\n                                        >\n\n                    <!-- card image -->\n                    <div class=\"card-image\" style=\"background: no-repeat center \/ cover url('https:\/\/www.chemin-neuf.be\/wp-content\/uploads\/2026\/02\/httpsdam.chemin-neuf.netwp-contentuploads202510httpswww.chemin-neuf.frwp-contentuploads202110torah-4299038_1280-300x300.jpg')\">\n                    <\/div>\n\n                    <!-- card title -->\n                    <div class=\"card-content\">\n                                                    <h3 class=\"card-title\">Office de pri\u00e8re en lien avec le peuple juif du jeudi 5 mars 2026<\/h3>\n                        \n\n                                                    <div class=\"card-subtitle-container\">\n                                                                    <p class=\"card-subtitle\">Abraham Joshua Heschel, Les B\u00e2tisseurs du Temps<\/p>\n                                \n                                \n                            <\/div>\n\n                                            <\/div>\n                <\/a>\n\n                \n\n            <\/article>\n\n\n                        \n            <!-- The card -->\n            <article class=\"card standard\" data-animate-onshow=\"show-card\">\n                \n                <!-- card link -->\n                <a href=\"https:\/\/www.chemin-neuf.be\/fr\/?post_type=post&#038;p=74342\"\n                                        >\n\n                    <!-- card image -->\n                    <div class=\"card-image\" style=\"background: no-repeat center \/ cover url('https:\/\/www.chemin-neuf.be\/wp-content\/uploads\/2026\/01\/httpsdam.chemin-neuf.netwp-contentuploads202510httpswww.chemin-neuf.frwp-contentuploads202110torah-4299038_1280-300x300.jpg')\">\n                    <\/div>\n\n                    <!-- card title -->\n                    <div class=\"card-content\">\n                                                    <h3 class=\"card-title\">Office de pri\u00e8re en lien avec le peuple juif du jeudi 5 f\u00e9vrier 2026<\/h3>\n                        \n\n                                                    <div class=\"card-subtitle-container\">\n                                                                    <p class=\"card-subtitle\">Cardinal Pizzaballa : Passer du niveau \u00e9litiste \u00e0 celui des communaut\u00e9s<\/p>\n                                \n                                \n                            <\/div>\n\n                                            <\/div>\n                <\/a>\n\n                \n\n            <\/article>\n\n\n        \n    <\/div>\n\n\n    <!-- scroll arrow right\/next -->\n            <div class=\"scroll-arrow arrow-next\">&#8250;<\/div>\n    \n\n<\/div>\n\n\n<div class=\"wp-block-buttons alignfull is-content-justification-left is-layout-flex wp-container-core-buttons-is-layout-ac7d9a5c wp-block-buttons-is-layout-flex\" style=\"padding-right:var(--wp--preset--spacing--40);padding-left:var(--wp--preset--spacing--40)\">\n<div class=\"wp-block-button\"><a class=\"wp-block-button__link wp-element-button\" href=\"https:\/\/www.chemin-neuf.fr\/inscription-office-de-prieres-du-jeudi\/\" target=\"_blank\" rel=\"noreferrer noopener\">S&rsquo;abonner<\/a><\/div>\n\n\n\n<div class=\"wp-block-button\"><a class=\"wp-block-button__link wp-element-button\" href=\"https:\/\/drive.google.com\/file\/d\/1dyZzkFH-n8FAOkrAnAfegV5iO9A4F9lR\/view?usp=sharing\" target=\"_blank\" rel=\"noreferrer noopener\">T\u00e9l\u00e9charger une proposition de d\u00e9roul\u00e9<\/a><\/div>\n<\/div>\n","protected":false},"excerpt":{"rendered":"<p>Propositions \u00e0 venir Vivre un week-end, une session, une retraite Prier ensemble Habiter un Kot Etudiant Se former Partir avec nous Notre manifeste Nous avons \u00e9t\u00e9 saisis par le CHRIST Alors ENSEMBLE,Hommes et femmes,Couples et c\u00e9libataires consacr\u00e9s,De toutes langues et cultures,Chr\u00e9tiens de diff\u00e9rentes confessions, catholique, orthodoxe, protestante, \u00e9vang\u00e9lique&#8230; Et SANS PLUS ATTENDRE,Nous engageons notre vie [&hellip;]<\/p>\n","protected":false},"author":1,"featured_media":972,"parent":0,"menu_order":1,"comment_status":"closed","ping_status":"closed","template":"","meta":{"_acf_changed":false,"footnotes":""},"class_list":["post-75012","page","type-page","status-publish","has-post-thumbnail","hentry"],"acf":[],"yoast_head":"<!-- This site is optimized with the Yoast SEO plugin v27.5 - https:\/\/yoast.com\/product\/yoast-seo-wordpress\/ -->\n<title>La Communaut\u00e9 du Chemin Neuf en Belgique<\/title>\n<meta name=\"description\" content=\"Communaut\u00e9 du Chemin Neuf en Belgique Chemin Neuf Belgique Une communaut\u00e9 catholique \u00e0 vocation \u0153cum\u00e9nique\" \/>\n<meta name=\"robots\" content=\"index, follow, max-snippet:-1, max-image-preview:large, max-video-preview:-1\" \/>\n<link rel=\"canonical\" href=\"https:\/\/www.chemin-neuf.be\/fr\/\" \/>\n<meta property=\"og:locale\" content=\"fr_FR\" \/>\n<meta property=\"og:type\" content=\"article\" \/>\n<meta property=\"og:title\" content=\"La Communaut\u00e9 du Chemin Neuf en Belgique\" \/>\n<meta property=\"og:description\" content=\"Communaut\u00e9 du Chemin Neuf en Belgique Chemin Neuf Belgique Une communaut\u00e9 catholique \u00e0 vocation \u0153cum\u00e9nique\" \/>\n<meta property=\"og:url\" content=\"https:\/\/www.chemin-neuf.be\/fr\/\" \/>\n<meta property=\"og:site_name\" content=\"Chemin Neuf Belgique\" \/>\n<meta property=\"article:modified_time\" content=\"2026-04-23T16:39:18+00:00\" \/>\n<meta property=\"og:image\" content=\"https:\/\/www.chemin-neuf.be\/wp-content\/uploads\/2021\/02\/carre-zrg-aubes.jpg\" \/>\n\t<meta property=\"og:image:width\" content=\"600\" \/>\n\t<meta property=\"og:image:height\" content=\"600\" \/>\n\t<meta property=\"og:image:type\" content=\"image\/jpeg\" \/>\n<meta name=\"twitter:card\" content=\"summary_large_image\" \/>\n<meta name=\"twitter:label1\" content=\"Dur\u00e9e de lecture est.\" \/>\n\t<meta name=\"twitter:data1\" content=\"2 minutes\" \/>\n<script type=\"application\/ld+json\" class=\"yoast-schema-graph\">{\"@context\":\"https:\\\/\\\/schema.org\",\"@graph\":[{\"@type\":\"WebPage\",\"@id\":\"https:\\\/\\\/www.chemin-neuf.be\\\/fr\\\/\",\"url\":\"https:\\\/\\\/www.chemin-neuf.be\\\/fr\\\/\",\"name\":\"La Communaut\u00e9 du Chemin Neuf en Belgique\",\"isPartOf\":{\"@id\":\"https:\\\/\\\/www.chemin-neuf.be\\\/fr\\\/#website\"},\"primaryImageOfPage\":{\"@id\":\"https:\\\/\\\/www.chemin-neuf.be\\\/fr\\\/#primaryimage\"},\"image\":{\"@id\":\"https:\\\/\\\/www.chemin-neuf.be\\\/fr\\\/#primaryimage\"},\"thumbnailUrl\":\"https:\\\/\\\/www.chemin-neuf.be\\\/wp-content\\\/uploads\\\/2021\\\/02\\\/carre-zrg-aubes.jpg\",\"datePublished\":\"2026-03-17T16:36:48+00:00\",\"dateModified\":\"2026-04-23T16:39:18+00:00\",\"description\":\"Communaut\u00e9 du Chemin Neuf en Belgique Chemin Neuf Belgique Une communaut\u00e9 catholique \u00e0 vocation \u0153cum\u00e9nique\",\"breadcrumb\":{\"@id\":\"https:\\\/\\\/www.chemin-neuf.be\\\/fr\\\/#breadcrumb\"},\"inLanguage\":\"fr-BE\",\"potentialAction\":[{\"@type\":\"ReadAction\",\"target\":[\"https:\\\/\\\/www.chemin-neuf.be\\\/fr\\\/\"]}]},{\"@type\":\"ImageObject\",\"inLanguage\":\"fr-BE\",\"@id\":\"https:\\\/\\\/www.chemin-neuf.be\\\/fr\\\/#primaryimage\",\"url\":\"https:\\\/\\\/www.chemin-neuf.be\\\/wp-content\\\/uploads\\\/2021\\\/02\\\/carre-zrg-aubes.jpg\",\"contentUrl\":\"https:\\\/\\\/www.chemin-neuf.be\\\/wp-content\\\/uploads\\\/2021\\\/02\\\/carre-zrg-aubes.jpg\",\"width\":600,\"height\":600},{\"@type\":\"BreadcrumbList\",\"@id\":\"https:\\\/\\\/www.chemin-neuf.be\\\/fr\\\/#breadcrumb\",\"itemListElement\":[{\"@type\":\"ListItem\",\"position\":1,\"name\":\"Home\",\"item\":\"https:\\\/\\\/www.chemin-neuf.be\\\/fr\\\/\"},{\"@type\":\"ListItem\",\"position\":2,\"name\":\"La Communaut\u00e9 du Chemin Neuf en Belgique\"}]},{\"@type\":\"WebSite\",\"@id\":\"https:\\\/\\\/www.chemin-neuf.be\\\/fr\\\/#website\",\"url\":\"https:\\\/\\\/www.chemin-neuf.be\\\/fr\\\/\",\"name\":\"Chemin Neuf Belgique\",\"description\":\"Communaut\u00e9 du Chemin Neuf en Belgique\",\"potentialAction\":[{\"@type\":\"SearchAction\",\"target\":{\"@type\":\"EntryPoint\",\"urlTemplate\":\"https:\\\/\\\/www.chemin-neuf.be\\\/fr\\\/?s={search_term_string}\"},\"query-input\":{\"@type\":\"PropertyValueSpecification\",\"valueRequired\":true,\"valueName\":\"search_term_string\"}}],\"inLanguage\":\"fr-BE\"}]}<\/script>\n<!-- \/ Yoast SEO plugin. -->","yoast_head_json":{"title":"La Communaut\u00e9 du Chemin Neuf en Belgique","description":"Communaut\u00e9 du Chemin Neuf en Belgique Chemin Neuf Belgique Une communaut\u00e9 catholique \u00e0 vocation \u0153cum\u00e9nique","robots":{"index":"index","follow":"follow","max-snippet":"max-snippet:-1","max-image-preview":"max-image-preview:large","max-video-preview":"max-video-preview:-1"},"canonical":"https:\/\/www.chemin-neuf.be\/fr\/","og_locale":"fr_FR","og_type":"article","og_title":"La Communaut\u00e9 du Chemin Neuf en Belgique","og_description":"Communaut\u00e9 du Chemin Neuf en Belgique Chemin Neuf Belgique Une communaut\u00e9 catholique \u00e0 vocation \u0153cum\u00e9nique","og_url":"https:\/\/www.chemin-neuf.be\/fr\/","og_site_name":"Chemin Neuf Belgique","article_modified_time":"2026-04-23T16:39:18+00:00","og_image":[{"width":600,"height":600,"url":"https:\/\/www.chemin-neuf.be\/wp-content\/uploads\/2021\/02\/carre-zrg-aubes.jpg","type":"image\/jpeg"}],"twitter_card":"summary_large_image","twitter_misc":{"Dur\u00e9e de lecture est.":"2 minutes"},"schema":{"@context":"https:\/\/schema.org","@graph":[{"@type":"WebPage","@id":"https:\/\/www.chemin-neuf.be\/fr\/","url":"https:\/\/www.chemin-neuf.be\/fr\/","name":"La Communaut\u00e9 du Chemin Neuf en Belgique","isPartOf":{"@id":"https:\/\/www.chemin-neuf.be\/fr\/#website"},"primaryImageOfPage":{"@id":"https:\/\/www.chemin-neuf.be\/fr\/#primaryimage"},"image":{"@id":"https:\/\/www.chemin-neuf.be\/fr\/#primaryimage"},"thumbnailUrl":"https:\/\/www.chemin-neuf.be\/wp-content\/uploads\/2021\/02\/carre-zrg-aubes.jpg","datePublished":"2026-03-17T16:36:48+00:00","dateModified":"2026-04-23T16:39:18+00:00","description":"Communaut\u00e9 du Chemin Neuf en Belgique Chemin Neuf Belgique Une communaut\u00e9 catholique \u00e0 vocation \u0153cum\u00e9nique","breadcrumb":{"@id":"https:\/\/www.chemin-neuf.be\/fr\/#breadcrumb"},"inLanguage":"fr-BE","potentialAction":[{"@type":"ReadAction","target":["https:\/\/www.chemin-neuf.be\/fr\/"]}]},{"@type":"ImageObject","inLanguage":"fr-BE","@id":"https:\/\/www.chemin-neuf.be\/fr\/#primaryimage","url":"https:\/\/www.chemin-neuf.be\/wp-content\/uploads\/2021\/02\/carre-zrg-aubes.jpg","contentUrl":"https:\/\/www.chemin-neuf.be\/wp-content\/uploads\/2021\/02\/carre-zrg-aubes.jpg","width":600,"height":600},{"@type":"BreadcrumbList","@id":"https:\/\/www.chemin-neuf.be\/fr\/#breadcrumb","itemListElement":[{"@type":"ListItem","position":1,"name":"Home","item":"https:\/\/www.chemin-neuf.be\/fr\/"},{"@type":"ListItem","position":2,"name":"La Communaut\u00e9 du Chemin Neuf en Belgique"}]},{"@type":"WebSite","@id":"https:\/\/www.chemin-neuf.be\/fr\/#website","url":"https:\/\/www.chemin-neuf.be\/fr\/","name":"Chemin Neuf Belgique","description":"Communaut\u00e9 du Chemin Neuf en Belgique","potentialAction":[{"@type":"SearchAction","target":{"@type":"EntryPoint","urlTemplate":"https:\/\/www.chemin-neuf.be\/fr\/?s={search_term_string}"},"query-input":{"@type":"PropertyValueSpecification","valueRequired":true,"valueName":"search_term_string"}}],"inLanguage":"fr-BE"}]}},"_links":{"self":[{"href":"https:\/\/www.chemin-neuf.be\/fr\/wp-json\/wp\/v2\/pages\/75012","targetHints":{"allow":["GET"]}}],"collection":[{"href":"https:\/\/www.chemin-neuf.be\/fr\/wp-json\/wp\/v2\/pages"}],"about":[{"href":"https:\/\/www.chemin-neuf.be\/fr\/wp-json\/wp\/v2\/types\/page"}],"author":[{"embeddable":true,"href":"https:\/\/www.chemin-neuf.be\/fr\/wp-json\/wp\/v2\/users\/1"}],"replies":[{"embeddable":true,"href":"https:\/\/www.chemin-neuf.be\/fr\/wp-json\/wp\/v2\/comments?post=75012"}],"version-history":[{"count":6,"href":"https:\/\/www.chemin-neuf.be\/fr\/wp-json\/wp\/v2\/pages\/75012\/revisions"}],"predecessor-version":[{"id":82040,"href":"https:\/\/www.chemin-neuf.be\/fr\/wp-json\/wp\/v2\/pages\/75012\/revisions\/82040"}],"wp:featuredmedia":[{"embeddable":true,"href":"https:\/\/www.chemin-neuf.be\/fr\/wp-json\/wp\/v2\/media\/972"}],"wp:attachment":[{"href":"https:\/\/www.chemin-neuf.be\/fr\/wp-json\/wp\/v2\/media?parent=75012"}],"curies":[{"name":"wp","href":"https:\/\/api.w.org\/{rel}","templated":true}]}}