{"id":2104,"date":"2021-04-28T17:26:36","date_gmt":"2021-04-28T15:26:36","guid":{"rendered":"https:\/\/next.chemin-neuf.be\/priez-avec-nous\/anvers-monastere-et-basilique-sacre-coeur\/"},"modified":"2025-08-18T12:04:38","modified_gmt":"2025-08-18T10:04:38","slug":"priez-avec-nous-anvers","status":"publish","type":"page","link":"https:\/\/www.chemin-neuf.be\/fr\/priez-avec-nous-anvers\/","title":{"rendered":"Priez avec nous \u00e0 Anvers"},"content":{"rendered":"\n<p class=\"has-dark-gray-color has-beige-background-color has-text-color has-background\"><strong>Dans le <a href=\"https:\/\/www.chemin-neuf.be\/fr\/place\/baslique-sacre-coeur-berchem\/\">Monast\u00e8re et Basilique Sacr\u00e9 C\u0153ur<\/a><\/strong> \u00e0 Berchem (en n\u00e9erlandais).<br><em>Pour nos temps de pri\u00e8re en fran\u00e7ais: <a href=\"https:\/\/www.chemin-neuf.be\/fr\/priez-avec-nous\/temps-de-priere-carmel-de-mehagne\/\">Carmel de Mehagne, Li\u00e8ge<\/a><a href=\"https:\/\/www.chemin-neuf.be\/fr\/priez-avec-nous\/priez-avec-nous-anvers\/\">.<\/a><\/em><\/p>\n\n\n\n<div class=\"wp-block-columns is-layout-flex wp-container-core-columns-is-layout-9d6595d7 wp-block-columns-is-layout-flex\">\n<div class=\"wp-block-column is-vertically-aligned-top is-layout-flow wp-block-column-is-layout-flow\" style=\"flex-basis:45%\">\n<h3 class=\"wp-block-heading\">Horaires d&rsquo;ouverture<\/h3>\n\n\n\n<div class=\"wp-block-columns is-layout-flex wp-container-core-columns-is-layout-9d6595d7 wp-block-columns-is-layout-flex\">\n<div class=\"wp-block-column is-layout-flow wp-block-column-is-layout-flow\" style=\"flex-basis:100%\">\n<div class=\"wp-block-columns is-style-restricted-width is-layout-flex wp-container-core-columns-is-layout-9d6595d7 wp-block-columns-is-layout-flex\">\n<div class=\"wp-block-column is-vertically-aligned-center is-layout-flow wp-block-column-is-layout-flow\" style=\"flex-basis:100%\">\n<figure class=\"wp-block-table is-style-stripes\"><table class=\"has-fixed-layout\"><tbody><tr><td>Lundi<br>Mardi<br>Mercredi<br>Jeudi<br>Vendredi<br>Samedi<\/td><td>08h00-18h45<\/td><\/tr><tr><td>Dimanche<\/td><td>09h00-18h45<\/td><\/tr><\/tbody><\/table><\/figure>\n<\/div>\n<\/div>\n<\/div>\n<\/div>\n\n\n\n<h3 class=\"wp-block-heading\">Eucharistie (en n\u00e9erlandais)<\/h3>\n\n\n\n<div class=\"wp-block-columns is-style-restricted-width is-layout-flex wp-container-core-columns-is-layout-9d6595d7 wp-block-columns-is-layout-flex\">\n<div class=\"wp-block-column is-layout-flow wp-block-column-is-layout-flow\" style=\"flex-basis:100%\">\n<figure class=\"wp-block-table is-style-stripes\"><table class=\"has-fixed-layout\"><tbody><tr><td>Vendredi<\/td><td>12h00<\/td><\/tr><tr><td><\/td><td><\/td><\/tr><tr><td><\/td><td><\/td><\/tr><\/tbody><\/table><\/figure>\n<\/div>\n<\/div>\n\n\n\n<h4 class=\"wp-block-heading\">Adoration eucharistique<\/h4>\n\n\n\n<div class=\"wp-block-columns is-style-restricted-width is-layout-flex wp-container-core-columns-is-layout-9d6595d7 wp-block-columns-is-layout-flex\">\n<div class=\"wp-block-column is-layout-flow wp-block-column-is-layout-flow\" style=\"flex-basis:100%\">\n<figure class=\"wp-block-table is-style-stripes\"><table class=\"has-fixed-layout\"><tbody><tr><td>Lundi<br>Mercredi<br>Jeudi<br>Vendredi<\/td><td>18h00-18h45<\/td><\/tr><\/tbody><\/table><\/figure>\n<\/div>\n<\/div>\n\n\n\n<h4 class=\"wp-block-heading\">Pri\u00e8re pour l&rsquo;unit\u00e9 des Chr\u00e9tiens (en n\u00e9erlandais)<\/h4>\n\n\n\n<figure class=\"wp-block-table is-style-stripes\"><table class=\"has-fixed-layout\"><tbody><tr><td>Jeudi<\/td><td>12h<\/td><\/tr><\/tbody><\/table><\/figure>\n\n\n\n<h4 class=\"wp-block-heading\"><em>Confession sur rendez-vous <\/em><\/h4>\n\n\n\n<p class=\"has-white-background-color has-background\">les vendredis de 10.30h \u00e0 11.45h (sonner au couvent, nr.12) (pas juillet et ao\u00fbt)<\/p>\n<\/div>\n\n\n\n<div class=\"wp-block-column is-layout-flow wp-block-column-is-layout-flow\" style=\"flex-basis:10%\">\n<div style=\"height:30px\" aria-hidden=\"true\" class=\"wp-block-spacer\"><\/div>\n<\/div>\n\n\n\n<div class=\"wp-block-column is-vertically-aligned-top is-layout-flow wp-block-column-is-layout-flow\" style=\"flex-basis:45%\">\n<h3 class=\"wp-block-heading has-orange-color has-text-color\">C\u00e9l\u00e9brations (en n\u00e9erlandais)<\/h3>\n\n\n<div class=\"simcal-calendar simcal-default-calendar simcal-default-calendar-list simcal-default-calendar-light\" data-calendar-id=\"1416\" data-timezone=\"Europe\/Brussels\" data-offset=\"7200\" data-week-start=\"1\" data-calendar-start=\"1777672800\" data-calendar-end=\"1778258700\" data-events-first=\"1777874400\" data-events-last=\"1778258700\"><div class=\"simcal-calendar-list \"><dl class=\"simcal-events-list-container\" data-prev=\"1777068000\" data-next=\"1778277600\" data-heading-small=\"Mai 2026\" data-heading-large=\"mai 2026\">\t<dt class=\"simcal-day-label\" style=\"border-bottom: 1px solid #000000;\" ><span style=\"background-color: #000000; color: #ffffff;\"><span class=\"simcal-date-format\" data-date-format=\"l d F Y\">lundi 04 mai 2026<\/span> <\/span><\/dt>\n<dd class=\"simcal-weekday-1 simcal-past simcal-day simcal-day-has-events simcal-day-has-1-events simcal-events-calendar-1416 simcal-day-has-events simcal-day-has-2-events simcal-events-calendar-1416\" data-events-count=\"2\">\n\t<ul class=\"simcal-events\">\n\t<li class=\"simcal-event simcal-event-recurring simcal-event-has-location simcal-events-calendar-1416\" style=\"\" itemscope itemtype=\"http:\/\/schema.org\/Event\" data-start=\"1777874400\">\n\t\t<div class=\"simcal-event-details\"><p style=\"text-align: left\"><strong><span class=\"simcal-event-start simcal-event-start-date\" data-event-start=\"1777874400\" data-event-format=\"l d F Y\" itemprop=\"startDate\" content=\"2026-05-04T08:00:00+02:00\">lundi 04 mai 2026<\/span>&nbsp;&nbsp;<span class=\"simcal-event-start simcal-event-start-time\" data-event-start=\"1777874400\" data-event-format=\"H:i\" itemprop=\"startDate\" content=\"2026-05-04T08:00:00+02:00\">08:00<\/span> - <span class=\"simcal-event-end simcal-event-end-time\" data-event-end=\"1777876200\" data-event-format=\"H:i\" itemprop=\"endDate\" content=\"2026-05-04T08:30:00+02:00\">08:30<\/span> <span class=\"has-inline-color has-orange-color\"><span class=\"simcal-event-title\" itemprop=\"name\">Lauden<\/span><\/span><\/strong><\/p>\n<div style=\"text-align: left\"><\/div><\/div>\n\t<\/li>\n\t<li class=\"simcal-event simcal-event-recurring simcal-event-has-location simcal-events-calendar-1416\" style=\"\" itemscope itemtype=\"http:\/\/schema.org\/Event\" data-start=\"1777910400\">\n\t\t<div class=\"simcal-event-details\"><p style=\"text-align: left\"><strong><span class=\"simcal-event-start simcal-event-start-date\" data-event-start=\"1777910400\" data-event-format=\"l d F Y\" itemprop=\"startDate\" content=\"2026-05-04T18:00:00+02:00\">lundi 04 mai 2026<\/span>&nbsp;&nbsp;<span class=\"simcal-event-start simcal-event-start-time\" data-event-start=\"1777910400\" data-event-format=\"H:i\" itemprop=\"startDate\" content=\"2026-05-04T18:00:00+02:00\">18:00<\/span> - <span class=\"simcal-event-end simcal-event-end-time\" data-event-end=\"1777913100\" data-event-format=\"H:i\" itemprop=\"endDate\" content=\"2026-05-04T18:45:00+02:00\">18:45<\/span> <span class=\"has-inline-color has-orange-color\"><span class=\"simcal-event-title\" itemprop=\"name\">Eucharistische aanbidding<\/span><\/span><\/strong><\/p>\n<div style=\"text-align: left\"><\/div><\/div>\n\t<\/li>\n<\/ul>\n\n<\/dd>\n\t<dt class=\"simcal-day-label\" style=\"border-bottom: 1px solid #000000;\" ><span style=\"background-color: #000000; color: #ffffff;\"><span class=\"simcal-date-format\" data-date-format=\"l d F Y\">mercredi 06 mai 2026<\/span> <\/span><\/dt>\n<dd class=\"simcal-weekday-3 simcal-past simcal-day simcal-day-has-events simcal-day-has-1-events simcal-events-calendar-1416 simcal-day-has-events simcal-day-has-2-events simcal-events-calendar-1416\" data-events-count=\"2\">\n\t<ul class=\"simcal-events\">\n\t<li class=\"simcal-event simcal-event-recurring simcal-event-has-location simcal-events-calendar-1416\" style=\"\" itemscope itemtype=\"http:\/\/schema.org\/Event\" data-start=\"1778047200\">\n\t\t<div class=\"simcal-event-details\"><p style=\"text-align: left\"><strong><span class=\"simcal-event-start simcal-event-start-date\" data-event-start=\"1778047200\" data-event-format=\"l d F Y\" itemprop=\"startDate\" content=\"2026-05-06T08:00:00+02:00\">mercredi 06 mai 2026<\/span>&nbsp;&nbsp;<span class=\"simcal-event-start simcal-event-start-time\" data-event-start=\"1778047200\" data-event-format=\"H:i\" itemprop=\"startDate\" content=\"2026-05-06T08:00:00+02:00\">08:00<\/span> - <span class=\"simcal-event-end simcal-event-end-time\" data-event-end=\"1778049000\" data-event-format=\"H:i\" itemprop=\"endDate\" content=\"2026-05-06T08:30:00+02:00\">08:30<\/span> <span class=\"has-inline-color has-orange-color\"><span class=\"simcal-event-title\" itemprop=\"name\">Lauden<\/span><\/span><\/strong><\/p>\n<div style=\"text-align: left\"><\/div><\/div>\n\t<\/li>\n\t<li class=\"simcal-event simcal-event-recurring simcal-event-has-location simcal-events-calendar-1416\" style=\"\" itemscope itemtype=\"http:\/\/schema.org\/Event\" data-start=\"1778083200\">\n\t\t<div class=\"simcal-event-details\"><p style=\"text-align: left\"><strong><span class=\"simcal-event-start simcal-event-start-date\" data-event-start=\"1778083200\" data-event-format=\"l d F Y\" itemprop=\"startDate\" content=\"2026-05-06T18:00:00+02:00\">mercredi 06 mai 2026<\/span>&nbsp;&nbsp;<span class=\"simcal-event-start simcal-event-start-time\" data-event-start=\"1778083200\" data-event-format=\"H:i\" itemprop=\"startDate\" content=\"2026-05-06T18:00:00+02:00\">18:00<\/span> - <span class=\"simcal-event-end simcal-event-end-time\" data-event-end=\"1778085900\" data-event-format=\"H:i\" itemprop=\"endDate\" content=\"2026-05-06T18:45:00+02:00\">18:45<\/span> <span class=\"has-inline-color has-orange-color\"><span class=\"simcal-event-title\" itemprop=\"name\">Eucharistische aanbidding<\/span><\/span><\/strong><\/p>\n<div style=\"text-align: left\"><\/div><\/div>\n\t<\/li>\n<\/ul>\n\n<\/dd>\n\t<dt class=\"simcal-day-label\" style=\"border-bottom: 1px solid #000000;\" ><span style=\"background-color: #000000; color: #ffffff;\"><span class=\"simcal-date-format\" data-date-format=\"l d F Y\">jeudi 07 mai 2026<\/span> <\/span><\/dt>\n<dd class=\"simcal-weekday-4 simcal-past simcal-day simcal-day-has-events simcal-day-has-1-events simcal-events-calendar-1416 simcal-day-has-events simcal-day-has-2-events simcal-events-calendar-1416\" data-events-count=\"2\">\n\t<ul class=\"simcal-events\">\n\t<li class=\"simcal-event simcal-event-recurring simcal-event-has-location simcal-events-calendar-1416\" style=\"\" itemscope itemtype=\"http:\/\/schema.org\/Event\" data-start=\"1778133600\">\n\t\t<div class=\"simcal-event-details\"><p style=\"text-align: left\"><strong><span class=\"simcal-event-start simcal-event-start-date\" data-event-start=\"1778133600\" data-event-format=\"l d F Y\" itemprop=\"startDate\" content=\"2026-05-07T08:00:00+02:00\">jeudi 07 mai 2026<\/span>&nbsp;&nbsp;<span class=\"simcal-event-start simcal-event-start-time\" data-event-start=\"1778133600\" data-event-format=\"H:i\" itemprop=\"startDate\" content=\"2026-05-07T08:00:00+02:00\">08:00<\/span> - <span class=\"simcal-event-end simcal-event-end-time\" data-event-end=\"1778135400\" data-event-format=\"H:i\" itemprop=\"endDate\" content=\"2026-05-07T08:30:00+02:00\">08:30<\/span> <span class=\"has-inline-color has-orange-color\"><span class=\"simcal-event-title\" itemprop=\"name\">Gebed voor de eenheid onder de christenen<\/span><\/span><\/strong><\/p>\n<div style=\"text-align: left\"><\/div><\/div>\n\t<\/li>\n\t<li class=\"simcal-event simcal-event-recurring simcal-event-has-location simcal-events-calendar-1416\" style=\"\" itemscope itemtype=\"http:\/\/schema.org\/Event\" data-start=\"1778169600\">\n\t\t<div class=\"simcal-event-details\"><p style=\"text-align: left\"><strong><span class=\"simcal-event-start simcal-event-start-date\" data-event-start=\"1778169600\" data-event-format=\"l d F Y\" itemprop=\"startDate\" content=\"2026-05-07T18:00:00+02:00\">jeudi 07 mai 2026<\/span>&nbsp;&nbsp;<span class=\"simcal-event-start simcal-event-start-time\" data-event-start=\"1778169600\" data-event-format=\"H:i\" itemprop=\"startDate\" content=\"2026-05-07T18:00:00+02:00\">18:00<\/span> - <span class=\"simcal-event-end simcal-event-end-time\" data-event-end=\"1778172300\" data-event-format=\"H:i\" itemprop=\"endDate\" content=\"2026-05-07T18:45:00+02:00\">18:45<\/span> <span class=\"has-inline-color has-orange-color\"><span class=\"simcal-event-title\" itemprop=\"name\">Eucharistische aanbidding<\/span><\/span><\/strong><\/p>\n<div style=\"text-align: left\"><\/div><\/div>\n\t<\/li>\n<\/ul>\n\n<\/dd>\n\t<dt class=\"simcal-day-label\" style=\"border-bottom: 1px solid #000000;\" ><span style=\"background-color: #000000; color: #ffffff;\"><span class=\"simcal-date-format\" data-date-format=\"l d F Y\">vendredi 08 mai 2026<\/span> <\/span><\/dt>\n<dd class=\"simcal-weekday-5 simcal-past simcal-day simcal-day-has-events simcal-day-has-1-events simcal-events-calendar-1416 simcal-day-has-events simcal-day-has-2-events simcal-events-calendar-1416 simcal-day-has-events simcal-day-has-3-events simcal-events-calendar-1416 simcal-day-has-events simcal-day-has-4-events simcal-events-calendar-1416\" data-events-count=\"4\">\n\t<ul class=\"simcal-events\">\n\t<li class=\"simcal-event simcal-event-recurring simcal-event-has-location simcal-events-calendar-1416\" style=\"\" itemscope itemtype=\"http:\/\/schema.org\/Event\" data-start=\"1778221800\">\n\t\t<div class=\"simcal-event-details\"><p style=\"text-align: left\"><strong><span class=\"simcal-event-start simcal-event-start-date\" data-event-start=\"1778221800\" data-event-format=\"l d F Y\" itemprop=\"startDate\" content=\"2026-05-08T08:30:00+02:00\">vendredi 08 mai 2026<\/span>&nbsp;&nbsp;<span class=\"simcal-event-start simcal-event-start-time\" data-event-start=\"1778221800\" data-event-format=\"H:i\" itemprop=\"startDate\" content=\"2026-05-08T08:30:00+02:00\">08:30<\/span> - <span class=\"simcal-event-end simcal-event-end-time\" data-event-end=\"1778223600\" data-event-format=\"H:i\" itemprop=\"endDate\" content=\"2026-05-08T09:00:00+02:00\">09:00<\/span> <span class=\"has-inline-color has-orange-color\"><span class=\"simcal-event-title\" itemprop=\"name\">Lauden<\/span><\/span><\/strong><\/p>\n<div style=\"text-align: left\"><\/div><\/div>\n\t<\/li>\n\t<li class=\"simcal-event simcal-event-recurring simcal-event-has-location simcal-events-calendar-1416\" style=\"\" itemscope itemtype=\"http:\/\/schema.org\/Event\" data-start=\"1778230800\">\n\t\t<div class=\"simcal-event-details\"><p style=\"text-align: left\"><strong><span class=\"simcal-event-start simcal-event-start-date\" data-event-start=\"1778230800\" data-event-format=\"l d F Y\" itemprop=\"startDate\" content=\"2026-05-08T11:00:00+02:00\">vendredi 08 mai 2026<\/span>&nbsp;&nbsp;<span class=\"simcal-event-start simcal-event-start-time\" data-event-start=\"1778230800\" data-event-format=\"H:i\" itemprop=\"startDate\" content=\"2026-05-08T11:00:00+02:00\">11:00<\/span> - <span class=\"simcal-event-end simcal-event-end-time\" data-event-end=\"1778234400\" data-event-format=\"H:i\" itemprop=\"endDate\" content=\"2026-05-08T12:00:00+02:00\">12:00<\/span> <span class=\"has-inline-color has-orange-color\"><span class=\"simcal-event-title\" itemprop=\"name\">Biechtgelegenheid<\/span><\/span><\/strong><\/p>\n<div style=\"text-align: left\"><\/div><\/div>\n\t<\/li>\n\t<li class=\"simcal-event simcal-event-recurring simcal-event-has-location simcal-events-calendar-1416\" style=\"\" itemscope itemtype=\"http:\/\/schema.org\/Event\" data-start=\"1778235300\">\n\t\t<div class=\"simcal-event-details\"><p style=\"text-align: left\"><strong><span class=\"simcal-event-start simcal-event-start-date\" data-event-start=\"1778235300\" data-event-format=\"l d F Y\" itemprop=\"startDate\" content=\"2026-05-08T12:15:00+02:00\">vendredi 08 mai 2026<\/span>&nbsp;&nbsp;<span class=\"simcal-event-start simcal-event-start-time\" data-event-start=\"1778235300\" data-event-format=\"H:i\" itemprop=\"startDate\" content=\"2026-05-08T12:15:00+02:00\">12:15<\/span> - <span class=\"simcal-event-end simcal-event-end-time\" data-event-end=\"1778238000\" data-event-format=\"H:i\" itemprop=\"endDate\" content=\"2026-05-08T13:00:00+02:00\">13:00<\/span> <span class=\"has-inline-color has-orange-color\"><span class=\"simcal-event-title\" itemprop=\"name\">Eucharistieviering<\/span><\/span><\/strong><\/p>\n<div style=\"text-align: left\"><\/div><\/div>\n\t<\/li>\n\t<li class=\"simcal-event simcal-event-recurring simcal-event-has-location simcal-events-calendar-1416\" style=\"\" itemscope itemtype=\"http:\/\/schema.org\/Event\" data-start=\"1778256000\">\n\t\t<div class=\"simcal-event-details\"><p style=\"text-align: left\"><strong><span class=\"simcal-event-start simcal-event-start-date\" data-event-start=\"1778256000\" data-event-format=\"l d F Y\" itemprop=\"startDate\" content=\"2026-05-08T18:00:00+02:00\">vendredi 08 mai 2026<\/span>&nbsp;&nbsp;<span class=\"simcal-event-start simcal-event-start-time\" data-event-start=\"1778256000\" data-event-format=\"H:i\" itemprop=\"startDate\" content=\"2026-05-08T18:00:00+02:00\">18:00<\/span> - <span class=\"simcal-event-end simcal-event-end-time\" data-event-end=\"1778258700\" data-event-format=\"H:i\" itemprop=\"endDate\" content=\"2026-05-08T18:45:00+02:00\">18:45<\/span> <span class=\"has-inline-color has-orange-color\"><span class=\"simcal-event-title\" itemprop=\"name\">Eucharistische aanbidding<\/span><\/span><\/strong><\/p>\n<div style=\"text-align: left\"><\/div><\/div>\n\t<\/li>\n<\/ul>\n\n<\/dd>\n<\/dl><div class=\"simcal-ajax-loader simcal-spinner-top\" style=\"display: none;\"><i class=\"simcal-icon-spinner simcal-icon-spin\"><\/i><\/div><\/div><small class=\"simcal-powered simcal-align-right\">Powered by <a href=\"https:\/\/simplecalendar.io\" target=\"_blank\">Simple Calendar<\/a><\/small><\/div>\n\n\n\n<hr class=\"wp-block-separator has-css-opacity\"\/>\n\n\n\n<iframe loading=\"lazy\" class=\"mj-w-res-iframe\" scrolling=\"no\" marginheight=\"0\" marginwidth=\"0\" src=\"https:\/\/app.mailjet.com\/widget\/iframe\/6Hon\/ITL\" width=\"100%\" height=\"500px\" frameborder=\"0\"><\/iframe>\n\n<script type=\"text\/javascript\" src=\"https:\/\/app.mailjet.com\/statics\/js\/iframeResizer.min.js\"><\/script>\n<\/div>\n<\/div>\n","protected":false},"excerpt":{"rendered":"<p>Dans le Monast\u00e8re et Basilique Sacr\u00e9 C\u0153ur \u00e0 Berchem (en n\u00e9erlandais).Pour nos temps de pri\u00e8re en fran\u00e7ais: Carmel de Mehagne, Li\u00e8ge. Horaires d&rsquo;ouverture LundiMardiMercrediJeudiVendrediSamedi 08h00-18h45 Dimanche 09h00-18h45 Eucharistie (en n\u00e9erlandais) Vendredi 12h00 Adoration eucharistique LundiMercrediJeudiVendredi 18h00-18h45 Pri\u00e8re pour l&rsquo;unit\u00e9 des Chr\u00e9tiens (en n\u00e9erlandais) Jeudi 12h Confession sur rendez-vous les vendredis de 10.30h \u00e0 11.45h (sonner [&hellip;]<\/p>\n","protected":false},"author":1,"featured_media":2487,"parent":0,"menu_order":1,"comment_status":"closed","ping_status":"closed","template":"","meta":{"_acf_changed":false,"footnotes":""},"class_list":["post-2104","page","type-page","status-publish","has-post-thumbnail","hentry"],"acf":[],"yoast_head":"<!-- This site is optimized with the Yoast SEO plugin v27.5 - https:\/\/yoast.com\/product\/yoast-seo-wordpress\/ -->\n<title>Priez avec nous \u00e0 Anvers - Chemin Neuf Belgique<\/title>\n<meta name=\"description\" content=\"Dans le Monast\u00e8re et Basilique Sacr\u00e9 C\u0153ur \u00e0 Berchem (en n\u00e9erlandais).Pour nos temps de pri\u00e8re en fran\u00e7ais: Carmel de Mehagne, Li\u00e8ge. Horaires d&#039;ouverture\" \/>\n<meta name=\"robots\" content=\"index, follow, max-snippet:-1, max-image-preview:large, max-video-preview:-1\" \/>\n<link rel=\"canonical\" href=\"https:\/\/www.chemin-neuf.be\/fr\/priez-avec-nous-anvers\/\" \/>\n<meta property=\"og:locale\" content=\"fr_FR\" \/>\n<meta property=\"og:type\" content=\"article\" \/>\n<meta property=\"og:title\" content=\"Priez avec nous \u00e0 Anvers - Chemin Neuf Belgique\" \/>\n<meta property=\"og:description\" content=\"Dans le Monast\u00e8re et Basilique Sacr\u00e9 C\u0153ur \u00e0 Berchem (en n\u00e9erlandais).Pour nos temps de pri\u00e8re en fran\u00e7ais: Carmel de Mehagne, Li\u00e8ge. Horaires d&#039;ouverture\" \/>\n<meta property=\"og:url\" content=\"https:\/\/www.chemin-neuf.be\/fr\/priez-avec-nous-anvers\/\" \/>\n<meta property=\"og:site_name\" content=\"Chemin Neuf Belgique\" \/>\n<meta property=\"article:modified_time\" content=\"2025-08-18T10:04:38+00:00\" \/>\n<meta property=\"og:image\" content=\"https:\/\/www.chemin-neuf.be\/wp-content\/uploads\/2021\/05\/basilique_tymp-scaled-e1620285583240.jpg\" \/>\n\t<meta property=\"og:image:width\" content=\"1920\" \/>\n\t<meta property=\"og:image:height\" content=\"1133\" \/>\n\t<meta property=\"og:image:type\" content=\"image\/jpeg\" \/>\n<meta name=\"twitter:card\" content=\"summary_large_image\" \/>\n<meta name=\"twitter:label1\" content=\"Dur\u00e9e de lecture est.\" \/>\n\t<meta name=\"twitter:data1\" content=\"1 minute\" \/>\n<script type=\"application\/ld+json\" class=\"yoast-schema-graph\">{\"@context\":\"https:\\\/\\\/schema.org\",\"@graph\":[{\"@type\":\"WebPage\",\"@id\":\"https:\\\/\\\/www.chemin-neuf.be\\\/fr\\\/priez-avec-nous-anvers\\\/\",\"url\":\"https:\\\/\\\/www.chemin-neuf.be\\\/fr\\\/priez-avec-nous-anvers\\\/\",\"name\":\"Priez avec nous \u00e0 Anvers - Chemin Neuf Belgique\",\"isPartOf\":{\"@id\":\"https:\\\/\\\/www.chemin-neuf.be\\\/fr\\\/#website\"},\"primaryImageOfPage\":{\"@id\":\"https:\\\/\\\/www.chemin-neuf.be\\\/fr\\\/priez-avec-nous-anvers\\\/#primaryimage\"},\"image\":{\"@id\":\"https:\\\/\\\/www.chemin-neuf.be\\\/fr\\\/priez-avec-nous-anvers\\\/#primaryimage\"},\"thumbnailUrl\":\"https:\\\/\\\/www.chemin-neuf.be\\\/wp-content\\\/uploads\\\/2021\\\/05\\\/basilique_tymp-scaled-e1620285583240.jpg\",\"datePublished\":\"2021-04-28T15:26:36+00:00\",\"dateModified\":\"2025-08-18T10:04:38+00:00\",\"description\":\"Dans le Monast\u00e8re et Basilique Sacr\u00e9 C\u0153ur \u00e0 Berchem (en n\u00e9erlandais).Pour nos temps de pri\u00e8re en fran\u00e7ais: Carmel de Mehagne, Li\u00e8ge. Horaires d'ouverture\",\"breadcrumb\":{\"@id\":\"https:\\\/\\\/www.chemin-neuf.be\\\/fr\\\/priez-avec-nous-anvers\\\/#breadcrumb\"},\"inLanguage\":\"fr-BE\",\"potentialAction\":[{\"@type\":\"ReadAction\",\"target\":[\"https:\\\/\\\/www.chemin-neuf.be\\\/fr\\\/priez-avec-nous-anvers\\\/\"]}]},{\"@type\":\"ImageObject\",\"inLanguage\":\"fr-BE\",\"@id\":\"https:\\\/\\\/www.chemin-neuf.be\\\/fr\\\/priez-avec-nous-anvers\\\/#primaryimage\",\"url\":\"https:\\\/\\\/www.chemin-neuf.be\\\/wp-content\\\/uploads\\\/2021\\\/05\\\/basilique_tymp-scaled-e1620285583240.jpg\",\"contentUrl\":\"https:\\\/\\\/www.chemin-neuf.be\\\/wp-content\\\/uploads\\\/2021\\\/05\\\/basilique_tymp-scaled-e1620285583240.jpg\",\"width\":1920,\"height\":1133,\"caption\":\"charset=Ascii\"},{\"@type\":\"BreadcrumbList\",\"@id\":\"https:\\\/\\\/www.chemin-neuf.be\\\/fr\\\/priez-avec-nous-anvers\\\/#breadcrumb\",\"itemListElement\":[{\"@type\":\"ListItem\",\"position\":1,\"name\":\"Home\",\"item\":\"https:\\\/\\\/www.chemin-neuf.be\\\/fr\\\/\"},{\"@type\":\"ListItem\",\"position\":2,\"name\":\"Priv\u00e9\u00a0: PRIEZ\u00a0AVEC\u00a0NOUS\",\"item\":\"https:\\\/\\\/www.chemin-neuf.be\\\/fr\\\/?page_id=1491\"},{\"@type\":\"ListItem\",\"position\":3,\"name\":\"Priez avec nous \u00e0 Anvers\"}]},{\"@type\":\"WebSite\",\"@id\":\"https:\\\/\\\/www.chemin-neuf.be\\\/fr\\\/#website\",\"url\":\"https:\\\/\\\/www.chemin-neuf.be\\\/fr\\\/\",\"name\":\"Chemin Neuf Belgique\",\"description\":\"Communaut\u00e9 du Chemin Neuf en Belgique\",\"potentialAction\":[{\"@type\":\"SearchAction\",\"target\":{\"@type\":\"EntryPoint\",\"urlTemplate\":\"https:\\\/\\\/www.chemin-neuf.be\\\/fr\\\/?s={search_term_string}\"},\"query-input\":{\"@type\":\"PropertyValueSpecification\",\"valueRequired\":true,\"valueName\":\"search_term_string\"}}],\"inLanguage\":\"fr-BE\"}]}<\/script>\n<!-- \/ Yoast SEO plugin. -->","yoast_head_json":{"title":"Priez avec nous \u00e0 Anvers - Chemin Neuf Belgique","description":"Dans le Monast\u00e8re et Basilique Sacr\u00e9 C\u0153ur \u00e0 Berchem (en n\u00e9erlandais).Pour nos temps de pri\u00e8re en fran\u00e7ais: Carmel de Mehagne, Li\u00e8ge. Horaires d'ouverture","robots":{"index":"index","follow":"follow","max-snippet":"max-snippet:-1","max-image-preview":"max-image-preview:large","max-video-preview":"max-video-preview:-1"},"canonical":"https:\/\/www.chemin-neuf.be\/fr\/priez-avec-nous-anvers\/","og_locale":"fr_FR","og_type":"article","og_title":"Priez avec nous \u00e0 Anvers - Chemin Neuf Belgique","og_description":"Dans le Monast\u00e8re et Basilique Sacr\u00e9 C\u0153ur \u00e0 Berchem (en n\u00e9erlandais).Pour nos temps de pri\u00e8re en fran\u00e7ais: Carmel de Mehagne, Li\u00e8ge. Horaires d'ouverture","og_url":"https:\/\/www.chemin-neuf.be\/fr\/priez-avec-nous-anvers\/","og_site_name":"Chemin Neuf Belgique","article_modified_time":"2025-08-18T10:04:38+00:00","og_image":[{"width":1920,"height":1133,"url":"https:\/\/www.chemin-neuf.be\/wp-content\/uploads\/2021\/05\/basilique_tymp-scaled-e1620285583240.jpg","type":"image\/jpeg"}],"twitter_card":"summary_large_image","twitter_misc":{"Dur\u00e9e de lecture est.":"1 minute"},"schema":{"@context":"https:\/\/schema.org","@graph":[{"@type":"WebPage","@id":"https:\/\/www.chemin-neuf.be\/fr\/priez-avec-nous-anvers\/","url":"https:\/\/www.chemin-neuf.be\/fr\/priez-avec-nous-anvers\/","name":"Priez avec nous \u00e0 Anvers - Chemin Neuf Belgique","isPartOf":{"@id":"https:\/\/www.chemin-neuf.be\/fr\/#website"},"primaryImageOfPage":{"@id":"https:\/\/www.chemin-neuf.be\/fr\/priez-avec-nous-anvers\/#primaryimage"},"image":{"@id":"https:\/\/www.chemin-neuf.be\/fr\/priez-avec-nous-anvers\/#primaryimage"},"thumbnailUrl":"https:\/\/www.chemin-neuf.be\/wp-content\/uploads\/2021\/05\/basilique_tymp-scaled-e1620285583240.jpg","datePublished":"2021-04-28T15:26:36+00:00","dateModified":"2025-08-18T10:04:38+00:00","description":"Dans le Monast\u00e8re et Basilique Sacr\u00e9 C\u0153ur \u00e0 Berchem (en n\u00e9erlandais).Pour nos temps de pri\u00e8re en fran\u00e7ais: Carmel de Mehagne, Li\u00e8ge. Horaires d'ouverture","breadcrumb":{"@id":"https:\/\/www.chemin-neuf.be\/fr\/priez-avec-nous-anvers\/#breadcrumb"},"inLanguage":"fr-BE","potentialAction":[{"@type":"ReadAction","target":["https:\/\/www.chemin-neuf.be\/fr\/priez-avec-nous-anvers\/"]}]},{"@type":"ImageObject","inLanguage":"fr-BE","@id":"https:\/\/www.chemin-neuf.be\/fr\/priez-avec-nous-anvers\/#primaryimage","url":"https:\/\/www.chemin-neuf.be\/wp-content\/uploads\/2021\/05\/basilique_tymp-scaled-e1620285583240.jpg","contentUrl":"https:\/\/www.chemin-neuf.be\/wp-content\/uploads\/2021\/05\/basilique_tymp-scaled-e1620285583240.jpg","width":1920,"height":1133,"caption":"charset=Ascii"},{"@type":"BreadcrumbList","@id":"https:\/\/www.chemin-neuf.be\/fr\/priez-avec-nous-anvers\/#breadcrumb","itemListElement":[{"@type":"ListItem","position":1,"name":"Home","item":"https:\/\/www.chemin-neuf.be\/fr\/"},{"@type":"ListItem","position":2,"name":"Priv\u00e9\u00a0: PRIEZ\u00a0AVEC\u00a0NOUS","item":"https:\/\/www.chemin-neuf.be\/fr\/?page_id=1491"},{"@type":"ListItem","position":3,"name":"Priez avec nous \u00e0 Anvers"}]},{"@type":"WebSite","@id":"https:\/\/www.chemin-neuf.be\/fr\/#website","url":"https:\/\/www.chemin-neuf.be\/fr\/","name":"Chemin Neuf Belgique","description":"Communaut\u00e9 du Chemin Neuf en Belgique","potentialAction":[{"@type":"SearchAction","target":{"@type":"EntryPoint","urlTemplate":"https:\/\/www.chemin-neuf.be\/fr\/?s={search_term_string}"},"query-input":{"@type":"PropertyValueSpecification","valueRequired":true,"valueName":"search_term_string"}}],"inLanguage":"fr-BE"}]}},"_links":{"self":[{"href":"https:\/\/www.chemin-neuf.be\/fr\/wp-json\/wp\/v2\/pages\/2104","targetHints":{"allow":["GET"]}}],"collection":[{"href":"https:\/\/www.chemin-neuf.be\/fr\/wp-json\/wp\/v2\/pages"}],"about":[{"href":"https:\/\/www.chemin-neuf.be\/fr\/wp-json\/wp\/v2\/types\/page"}],"author":[{"embeddable":true,"href":"https:\/\/www.chemin-neuf.be\/fr\/wp-json\/wp\/v2\/users\/1"}],"replies":[{"embeddable":true,"href":"https:\/\/www.chemin-neuf.be\/fr\/wp-json\/wp\/v2\/comments?post=2104"}],"version-history":[{"count":26,"href":"https:\/\/www.chemin-neuf.be\/fr\/wp-json\/wp\/v2\/pages\/2104\/revisions"}],"predecessor-version":[{"id":68736,"href":"https:\/\/www.chemin-neuf.be\/fr\/wp-json\/wp\/v2\/pages\/2104\/revisions\/68736"}],"wp:featuredmedia":[{"embeddable":true,"href":"https:\/\/www.chemin-neuf.be\/fr\/wp-json\/wp\/v2\/media\/2487"}],"wp:attachment":[{"href":"https:\/\/www.chemin-neuf.be\/fr\/wp-json\/wp\/v2\/media?parent=2104"}],"curies":[{"name":"wp","href":"https:\/\/api.w.org\/{rel}","templated":true}]}}