{"id":1622,"date":"2021-04-15T13:30:01","date_gmt":"2021-04-15T11:30:01","guid":{"rendered":"https:\/\/next.chemin-neuf.be\/?page_id=1622"},"modified":"2025-05-26T20:46:13","modified_gmt":"2025-05-26T18:46:13","slug":"net-for-god","status":"publish","type":"page","link":"https:\/\/www.chemin-neuf.be\/fr\/priez-avec-nous\/net-for-god\/","title":{"rendered":"Soir\u00e9e Net for God"},"content":{"rendered":"\n<p class=\"has-text-align-center has-orange-color has-text-color has-large-font-size\"><span class=\"has-inline-color has-orange-color\">Nous nous r\u00e9unissons une fois par mois pour participer \u00e0 ce vaste r\u00e9seau mondial.<\/span><\/p>\n\n\n\n<blockquote class=\"wp-block-quote has-text-align-center is-layout-flow wp-block-quote-is-layout-flow\">\n<p><span class=\"has-inline-color has-beige-color\">\u00ab <strong>Pour que tous soient un\u2026 afin que le monde croie que tu m&rsquo;as envoy\u00e9 \u00bb<\/strong><\/span><\/p>\n<cite><strong>Jean 17, 21<\/strong><\/cite><\/blockquote>\n\n\n\n<h3 class=\"wp-block-heading\"><span class=\"has-inline-color has-orange-color\">D\u00e9roulement d&rsquo;une soir\u00e9e:<\/span><\/h3>\n\n\n\n<div class=\"wp-block-columns is-style-restricted-width is-layout-flex wp-container-core-columns-is-layout-9d6595d7 wp-block-columns-is-layout-flex\">\n<div class=\"wp-block-column is-vertically-aligned-center is-layout-flow wp-block-column-is-layout-flow\" style=\"flex-basis:50%\">\n<ul class=\"wp-block-list has-large-font-size\">\n<li>Temps de louange<\/li>\n\n\n\n<li>Regarder un film Net for God <\/li>\n\n\n\n<li>Partage sur le film<\/li>\n\n\n\n<li>Prier ensemble<\/li>\n\n\n\n<li>Temps de convivialit\u00e9<\/li>\n<\/ul>\n<\/div>\n\n\n\n<div class=\"wp-block-column is-layout-flow wp-block-column-is-layout-flow\" style=\"flex-basis:50%\">\n<figure class=\"wp-block-image size-large is-style-cover\"><img loading=\"lazy\" decoding=\"async\" width=\"1024\" height=\"680\" src=\"https:\/\/www.chemin-neuf.be\/wp-content\/uploads\/2021\/04\/9or0kishgvc-1024x680.jpg\" alt=\"person fishing in a body of water during nightime\" class=\"wp-image-1518\" srcset=\"https:\/\/www.chemin-neuf.be\/wp-content\/uploads\/2021\/04\/9or0kishgvc-1024x680.jpg 1024w, https:\/\/www.chemin-neuf.be\/wp-content\/uploads\/2021\/04\/9or0kishgvc-300x199.jpg 300w, https:\/\/www.chemin-neuf.be\/wp-content\/uploads\/2021\/04\/9or0kishgvc-768x510.jpg 768w, https:\/\/www.chemin-neuf.be\/wp-content\/uploads\/2021\/04\/9or0kishgvc-1536x1020.jpg 1536w, https:\/\/www.chemin-neuf.be\/wp-content\/uploads\/2021\/04\/9or0kishgvc.jpg 1600w\" sizes=\"auto, (max-width: 1024px) 100vw, 1024px\" \/><\/figure>\n<\/div>\n<\/div>\n\n\n\n<p class=\"has-large-font-size\"><strong>Tout le monde est bienvenu !<\/strong><\/p>\n\n\n\n<div class=\"wp-block-buttons is-horizontal is-content-justification-center is-layout-flex wp-container-core-buttons-is-layout-499968f5 wp-block-buttons-is-layout-flex\">\n<div class=\"wp-block-button is-style-outline is-style-outline--1\"><a class=\"wp-block-button__link has-orange-color has-beige-background-color has-text-color has-background wp-element-button\" href=\"https:\/\/www.chemin-neuf.be\/fr\/qui-sommes-nous\/monastere-invisible\/\" style=\"border-radius:12px\">Davantage sur Net for God<\/a><\/div>\n<\/div>\n\n\n\n<p class=\"has-text-align-center has-large-font-size\"><em>Pour plus d&rsquo;informations merci de nous contacter.<\/em><\/p>\n\n\n\n<div class=\"wp-block-columns is-style-restricted-width is-layout-flex wp-container-core-columns-is-layout-9d6595d7 wp-block-columns-is-layout-flex\">\n<div class=\"wp-block-column is-layout-flow wp-block-column-is-layout-flow\" style=\"flex-basis:100%\">\n\n<div class=\"cards-container  columns align\">\n    <div class=\"cards-list places-list columns align\">\n        \n        <!-- for each card -->\n        \n\n\n<article class=\"card place\">\n\n    <!-- edit post link -->\n    \n    <a href=\"https:\/\/www.chemin-neuf.be\/fr\/place\/carmel-de-mehagne\/\" title=\"Carmel de Mehagne\" target=\"_blank\">\n\n        <div class=\"post-thumb\">\n            <span style=\"background-image: url('https:\/\/www.chemin-neuf.be\/wp-content\/uploads\/2021\/02\/Communaute-Belgique.jpg')\"><\/span>\n        <\/div>\n\n        <div class=\"post-text\">\n            <div class=\"post-infos\">\n                <div class=\"post-cat\">\n                    <span class=\"cat-img\">Lieux o\u00f9 il y a un groupe de pri\u00e8re.<\/span>\n                    <span class=\"cat-name\">Groupe de pri\u00e8res<\/span>\n                <\/div>\n            <\/div>\n            <h2 class=\"place-title\">Carmel de Mehagne<\/h2>\n       <\/div>\n\n    <\/a>\n<\/article>\n\n\n<article class=\"card place\">\n\n    <!-- edit post link -->\n    \n    <a href=\"https:\/\/www.chemin-neuf.be\/fr\/place\/eglise-saint-jean-berchmans\/\" title=\"\u00c9glise Saint Jean Berchmans\" target=\"_blank\">\n\n        <div class=\"post-thumb\">\n            <span style=\"background-image: url('https:\/\/www.chemin-neuf.be\/wp-content\/uploads\/2021\/04\/College_St-Michel-Bxl-scaled.jpg')\"><\/span>\n        <\/div>\n\n        <div class=\"post-text\">\n            <div class=\"post-infos\">\n                <div class=\"post-cat\">\n                    <span class=\"cat-img\">Lieux o\u00f9 il y a un groupe de pri\u00e8re.<\/span>\n                    <span class=\"cat-name\">Groupe de pri\u00e8res<\/span>\n                <\/div>\n            <\/div>\n            <h2 class=\"place-title\">\u00c9glise Saint Jean Berchmans<\/h2>\n       <\/div>\n\n    <\/a>\n<\/article>\n    <\/div>\n<\/div><\/div>\n<\/div>\n\n\n\n<p><\/p>\n","protected":false},"excerpt":{"rendered":"<p>Nous nous r\u00e9unissons une fois par mois pour participer \u00e0 ce vaste r\u00e9seau mondial. \u00ab Pour que tous soient un\u2026 afin que le monde croie que tu m&rsquo;as envoy\u00e9 \u00bb Jean 17, 21 D\u00e9roulement d&rsquo;une soir\u00e9e: Tout le monde est bienvenu ! Pour plus d&rsquo;informations merci de nous contacter.<\/p>\n","protected":false},"author":1,"featured_media":936,"parent":1491,"menu_order":3,"comment_status":"closed","ping_status":"closed","template":"","meta":{"_acf_changed":false,"footnotes":""},"class_list":["post-1622","page","type-page","status-publish","has-post-thumbnail","hentry"],"acf":[],"yoast_head":"<!-- This site is optimized with the Yoast SEO plugin v27.5 - https:\/\/yoast.com\/product\/yoast-seo-wordpress\/ -->\n<title>Soir\u00e9e Net for God - Chemin Neuf Belgique<\/title>\n<meta name=\"description\" content=\"Nous nous r\u00e9unissons une fois par mois pour participer \u00e0 ce vaste r\u00e9seau mondial. \u00ab Pour que tous soient un\u2026 afin que le monde croie que tu m&#039;as envoy\u00e9 \u00bb\" \/>\n<meta name=\"robots\" content=\"index, follow, max-snippet:-1, max-image-preview:large, max-video-preview:-1\" \/>\n<link rel=\"canonical\" href=\"https:\/\/www.chemin-neuf.be\/fr\/priez-avec-nous\/net-for-god\/\" \/>\n<meta property=\"og:locale\" content=\"fr_FR\" \/>\n<meta property=\"og:type\" content=\"article\" \/>\n<meta property=\"og:title\" content=\"Soir\u00e9e Net for God - Chemin Neuf Belgique\" \/>\n<meta property=\"og:description\" content=\"Nous nous r\u00e9unissons une fois par mois pour participer \u00e0 ce vaste r\u00e9seau mondial. \u00ab Pour que tous soient un\u2026 afin que le monde croie que tu m&#039;as envoy\u00e9 \u00bb\" \/>\n<meta property=\"og:url\" content=\"https:\/\/www.chemin-neuf.be\/fr\/priez-avec-nous\/net-for-god\/\" \/>\n<meta property=\"og:site_name\" content=\"Chemin Neuf Belgique\" \/>\n<meta property=\"article:modified_time\" content=\"2025-05-26T18:46:13+00:00\" \/>\n<meta property=\"og:image\" content=\"https:\/\/www.chemin-neuf.be\/wp-content\/uploads\/2021\/02\/carre-carte-monde-NFG.jpg\" \/>\n\t<meta property=\"og:image:width\" content=\"600\" \/>\n\t<meta property=\"og:image:height\" content=\"600\" \/>\n\t<meta property=\"og:image:type\" content=\"image\/jpeg\" \/>\n<meta name=\"twitter:card\" content=\"summary_large_image\" \/>\n<meta name=\"twitter:label1\" content=\"Dur\u00e9e de lecture est.\" \/>\n\t<meta name=\"twitter:data1\" content=\"1 minute\" \/>\n<script type=\"application\/ld+json\" class=\"yoast-schema-graph\">{\"@context\":\"https:\\\/\\\/schema.org\",\"@graph\":[{\"@type\":\"WebPage\",\"@id\":\"https:\\\/\\\/www.chemin-neuf.be\\\/fr\\\/priez-avec-nous\\\/net-for-god\\\/\",\"url\":\"https:\\\/\\\/www.chemin-neuf.be\\\/fr\\\/priez-avec-nous\\\/net-for-god\\\/\",\"name\":\"Soir\u00e9e Net for God - Chemin Neuf Belgique\",\"isPartOf\":{\"@id\":\"https:\\\/\\\/www.chemin-neuf.be\\\/fr\\\/#website\"},\"primaryImageOfPage\":{\"@id\":\"https:\\\/\\\/www.chemin-neuf.be\\\/fr\\\/priez-avec-nous\\\/net-for-god\\\/#primaryimage\"},\"image\":{\"@id\":\"https:\\\/\\\/www.chemin-neuf.be\\\/fr\\\/priez-avec-nous\\\/net-for-god\\\/#primaryimage\"},\"thumbnailUrl\":\"https:\\\/\\\/www.chemin-neuf.be\\\/wp-content\\\/uploads\\\/2021\\\/02\\\/carre-carte-monde-NFG.jpg\",\"datePublished\":\"2021-04-15T11:30:01+00:00\",\"dateModified\":\"2025-05-26T18:46:13+00:00\",\"description\":\"Nous nous r\u00e9unissons une fois par mois pour participer \u00e0 ce vaste r\u00e9seau mondial. \u00ab Pour que tous soient un\u2026 afin que le monde croie que tu m'as envoy\u00e9 \u00bb\",\"breadcrumb\":{\"@id\":\"https:\\\/\\\/www.chemin-neuf.be\\\/fr\\\/priez-avec-nous\\\/net-for-god\\\/#breadcrumb\"},\"inLanguage\":\"fr-BE\",\"potentialAction\":[{\"@type\":\"ReadAction\",\"target\":[\"https:\\\/\\\/www.chemin-neuf.be\\\/fr\\\/priez-avec-nous\\\/net-for-god\\\/\"]}]},{\"@type\":\"ImageObject\",\"inLanguage\":\"fr-BE\",\"@id\":\"https:\\\/\\\/www.chemin-neuf.be\\\/fr\\\/priez-avec-nous\\\/net-for-god\\\/#primaryimage\",\"url\":\"https:\\\/\\\/www.chemin-neuf.be\\\/wp-content\\\/uploads\\\/2021\\\/02\\\/carre-carte-monde-NFG.jpg\",\"contentUrl\":\"https:\\\/\\\/www.chemin-neuf.be\\\/wp-content\\\/uploads\\\/2021\\\/02\\\/carre-carte-monde-NFG.jpg\",\"width\":600,\"height\":600},{\"@type\":\"BreadcrumbList\",\"@id\":\"https:\\\/\\\/www.chemin-neuf.be\\\/fr\\\/priez-avec-nous\\\/net-for-god\\\/#breadcrumb\",\"itemListElement\":[{\"@type\":\"ListItem\",\"position\":1,\"name\":\"Home\",\"item\":\"https:\\\/\\\/www.chemin-neuf.be\\\/fr\\\/\"},{\"@type\":\"ListItem\",\"position\":2,\"name\":\"Priv\u00e9\u00a0: PRIEZ\u00a0AVEC\u00a0NOUS\",\"item\":\"https:\\\/\\\/www.chemin-neuf.be\\\/fr\\\/?page_id=1491\"},{\"@type\":\"ListItem\",\"position\":3,\"name\":\"Soir\u00e9e Net for God\"}]},{\"@type\":\"WebSite\",\"@id\":\"https:\\\/\\\/www.chemin-neuf.be\\\/fr\\\/#website\",\"url\":\"https:\\\/\\\/www.chemin-neuf.be\\\/fr\\\/\",\"name\":\"Chemin Neuf Belgique\",\"description\":\"Communaut\u00e9 du Chemin Neuf en Belgique\",\"potentialAction\":[{\"@type\":\"SearchAction\",\"target\":{\"@type\":\"EntryPoint\",\"urlTemplate\":\"https:\\\/\\\/www.chemin-neuf.be\\\/fr\\\/?s={search_term_string}\"},\"query-input\":{\"@type\":\"PropertyValueSpecification\",\"valueRequired\":true,\"valueName\":\"search_term_string\"}}],\"inLanguage\":\"fr-BE\"}]}<\/script>\n<!-- \/ Yoast SEO plugin. -->","yoast_head_json":{"title":"Soir\u00e9e Net for God - Chemin Neuf Belgique","description":"Nous nous r\u00e9unissons une fois par mois pour participer \u00e0 ce vaste r\u00e9seau mondial. \u00ab Pour que tous soient un\u2026 afin que le monde croie que tu m'as envoy\u00e9 \u00bb","robots":{"index":"index","follow":"follow","max-snippet":"max-snippet:-1","max-image-preview":"max-image-preview:large","max-video-preview":"max-video-preview:-1"},"canonical":"https:\/\/www.chemin-neuf.be\/fr\/priez-avec-nous\/net-for-god\/","og_locale":"fr_FR","og_type":"article","og_title":"Soir\u00e9e Net for God - Chemin Neuf Belgique","og_description":"Nous nous r\u00e9unissons une fois par mois pour participer \u00e0 ce vaste r\u00e9seau mondial. \u00ab Pour que tous soient un\u2026 afin que le monde croie que tu m'as envoy\u00e9 \u00bb","og_url":"https:\/\/www.chemin-neuf.be\/fr\/priez-avec-nous\/net-for-god\/","og_site_name":"Chemin Neuf Belgique","article_modified_time":"2025-05-26T18:46:13+00:00","og_image":[{"width":600,"height":600,"url":"https:\/\/www.chemin-neuf.be\/wp-content\/uploads\/2021\/02\/carre-carte-monde-NFG.jpg","type":"image\/jpeg"}],"twitter_card":"summary_large_image","twitter_misc":{"Dur\u00e9e de lecture est.":"1 minute"},"schema":{"@context":"https:\/\/schema.org","@graph":[{"@type":"WebPage","@id":"https:\/\/www.chemin-neuf.be\/fr\/priez-avec-nous\/net-for-god\/","url":"https:\/\/www.chemin-neuf.be\/fr\/priez-avec-nous\/net-for-god\/","name":"Soir\u00e9e Net for God - Chemin Neuf Belgique","isPartOf":{"@id":"https:\/\/www.chemin-neuf.be\/fr\/#website"},"primaryImageOfPage":{"@id":"https:\/\/www.chemin-neuf.be\/fr\/priez-avec-nous\/net-for-god\/#primaryimage"},"image":{"@id":"https:\/\/www.chemin-neuf.be\/fr\/priez-avec-nous\/net-for-god\/#primaryimage"},"thumbnailUrl":"https:\/\/www.chemin-neuf.be\/wp-content\/uploads\/2021\/02\/carre-carte-monde-NFG.jpg","datePublished":"2021-04-15T11:30:01+00:00","dateModified":"2025-05-26T18:46:13+00:00","description":"Nous nous r\u00e9unissons une fois par mois pour participer \u00e0 ce vaste r\u00e9seau mondial. \u00ab Pour que tous soient un\u2026 afin que le monde croie que tu m'as envoy\u00e9 \u00bb","breadcrumb":{"@id":"https:\/\/www.chemin-neuf.be\/fr\/priez-avec-nous\/net-for-god\/#breadcrumb"},"inLanguage":"fr-BE","potentialAction":[{"@type":"ReadAction","target":["https:\/\/www.chemin-neuf.be\/fr\/priez-avec-nous\/net-for-god\/"]}]},{"@type":"ImageObject","inLanguage":"fr-BE","@id":"https:\/\/www.chemin-neuf.be\/fr\/priez-avec-nous\/net-for-god\/#primaryimage","url":"https:\/\/www.chemin-neuf.be\/wp-content\/uploads\/2021\/02\/carre-carte-monde-NFG.jpg","contentUrl":"https:\/\/www.chemin-neuf.be\/wp-content\/uploads\/2021\/02\/carre-carte-monde-NFG.jpg","width":600,"height":600},{"@type":"BreadcrumbList","@id":"https:\/\/www.chemin-neuf.be\/fr\/priez-avec-nous\/net-for-god\/#breadcrumb","itemListElement":[{"@type":"ListItem","position":1,"name":"Home","item":"https:\/\/www.chemin-neuf.be\/fr\/"},{"@type":"ListItem","position":2,"name":"Priv\u00e9\u00a0: PRIEZ\u00a0AVEC\u00a0NOUS","item":"https:\/\/www.chemin-neuf.be\/fr\/?page_id=1491"},{"@type":"ListItem","position":3,"name":"Soir\u00e9e Net for God"}]},{"@type":"WebSite","@id":"https:\/\/www.chemin-neuf.be\/fr\/#website","url":"https:\/\/www.chemin-neuf.be\/fr\/","name":"Chemin Neuf Belgique","description":"Communaut\u00e9 du Chemin Neuf en Belgique","potentialAction":[{"@type":"SearchAction","target":{"@type":"EntryPoint","urlTemplate":"https:\/\/www.chemin-neuf.be\/fr\/?s={search_term_string}"},"query-input":{"@type":"PropertyValueSpecification","valueRequired":true,"valueName":"search_term_string"}}],"inLanguage":"fr-BE"}]}},"_links":{"self":[{"href":"https:\/\/www.chemin-neuf.be\/fr\/wp-json\/wp\/v2\/pages\/1622","targetHints":{"allow":["GET"]}}],"collection":[{"href":"https:\/\/www.chemin-neuf.be\/fr\/wp-json\/wp\/v2\/pages"}],"about":[{"href":"https:\/\/www.chemin-neuf.be\/fr\/wp-json\/wp\/v2\/types\/page"}],"author":[{"embeddable":true,"href":"https:\/\/www.chemin-neuf.be\/fr\/wp-json\/wp\/v2\/users\/1"}],"replies":[{"embeddable":true,"href":"https:\/\/www.chemin-neuf.be\/fr\/wp-json\/wp\/v2\/comments?post=1622"}],"version-history":[{"count":23,"href":"https:\/\/www.chemin-neuf.be\/fr\/wp-json\/wp\/v2\/pages\/1622\/revisions"}],"predecessor-version":[{"id":67673,"href":"https:\/\/www.chemin-neuf.be\/fr\/wp-json\/wp\/v2\/pages\/1622\/revisions\/67673"}],"up":[{"embeddable":true,"href":"https:\/\/www.chemin-neuf.be\/fr\/wp-json\/wp\/v2\/pages\/1491"}],"wp:featuredmedia":[{"embeddable":true,"href":"https:\/\/www.chemin-neuf.be\/fr\/wp-json\/wp\/v2\/media\/936"}],"wp:attachment":[{"href":"https:\/\/www.chemin-neuf.be\/fr\/wp-json\/wp\/v2\/media?parent=1622"}],"curies":[{"name":"wp","href":"https:\/\/api.w.org\/{rel}","templated":true}]}}