{"id":1618,"date":"2021-04-15T14:10:01","date_gmt":"2021-04-15T12:10:01","guid":{"rendered":"https:\/\/next.chemin-neuf.be\/?page_id=1618"},"modified":"2025-08-06T16:49:26","modified_gmt":"2025-08-06T14:49:26","slug":"retraites","status":"publish","type":"page","link":"https:\/\/www.chemin-neuf.be\/fr\/missions\/retraites\/","title":{"rendered":"Retraites"},"content":{"rendered":"\n<div class=\"wp-block-columns is-style-restricted-width is-layout-flex wp-container-core-columns-is-layout-9d6595d7 wp-block-columns-is-layout-flex\">\n<div class=\"wp-block-column is-layout-flow wp-block-column-is-layout-flow\" style=\"flex-basis:100%\">\n<blockquote class=\"wp-block-quote is-style-large is-layout-flow wp-block-quote-is-layout-flow\">\n<p>Eh bien, moi, je vais la s\u00e9duire ; je la conduirai au d\u00e9sert et je parlerai \u00e0 son c\u0153ur.<\/p>\n<cite>Os\u00e9e 2, 16<\/cite><\/blockquote>\n<\/div>\n<\/div>\n\n\n\n<div class=\"wp-block-media-text alignwide has-media-on-the-right is-stacked-on-mobile is-image-fill-element\"><div class=\"wp-block-media-text__content\">\n<p>Avez-vous un besoin de vous s\u00e9parer du monde afin de <strong>chercher Dieu<\/strong> et d&rsquo;\u00eatre trouv\u00e9 par Lui ?<\/p>\n\n\n\n<p>Vous placer sous son regard, \u00eatre avec lui et<strong> vous reposer<\/strong> ?<\/p>\n\n\n\n<p>Pour apprendre \u00e0 <strong>conna\u00eetre le Christ de l&rsquo;int\u00e9rieur,<\/strong> afin de mieux l&rsquo;aimer et le servir ?<\/p>\n\n\n\n<p><br><strong>Reconna\u00eetre l&rsquo;appel de Dieu<\/strong> et choisir d&rsquo;y r\u00e9pondre ?<br><\/p>\n\n\n\n<p>Laisser Dieu <strong>gu\u00e9rir<\/strong> vos blessures ?<\/p>\n<\/div><figure class=\"wp-block-media-text__media\"><img loading=\"lazy\" decoding=\"async\" width=\"683\" height=\"1024\" src=\"https:\/\/www.chemin-neuf.be\/wp-content\/uploads\/2021\/04\/IMG_3393-683x1024-1.jpg\" alt=\"\" class=\"wp-image-2110 size-full\" style=\"object-position:50% 50%\" srcset=\"https:\/\/www.chemin-neuf.be\/wp-content\/uploads\/2021\/04\/IMG_3393-683x1024-1.jpg 683w, https:\/\/www.chemin-neuf.be\/wp-content\/uploads\/2021\/04\/IMG_3393-683x1024-1-200x300.jpg 200w\" sizes=\"auto, (max-width: 683px) 100vw, 683px\" \/><\/figure><\/div>\n\n\n\n<div class=\"wp-block-columns is-style-restricted-width is-layout-flex wp-container-core-columns-is-layout-9d6595d7 wp-block-columns-is-layout-flex\">\n<div class=\"wp-block-column is-layout-flow wp-block-column-is-layout-flow\" style=\"flex-basis:100%\">\n<p>Toutes nos retraites se fondent sur les <strong><em>Exercices Spirituels<\/em> d&rsquo;Ignace de Loyola<\/strong>.  Ils vous permettent de revenir \u00e0 <strong>l&rsquo;essentiel de votre vie<\/strong>. <br><strong>Apprenez-en davantage sur l&rsquo;exp\u00e9rience spirituelle d&rsquo;Ignace de Loyola<\/strong>:<\/p>\n\n\n\n<div class=\"wp-block-buttons is-horizontal is-content-justification-center is-layout-flex wp-container-core-buttons-is-layout-499968f5 wp-block-buttons-is-layout-flex\">\n<div class=\"wp-block-button is-style-outline is-style-outline--1\"><a class=\"wp-block-button__link has-orange-color has-beige-background-color has-text-color has-background wp-element-button\" style=\"border-radius:12px\" target=\"_blank\" rel=\"noreferrer noopener\">Ignace de Loyola<\/a><\/div>\n<\/div>\n\n\n\n<p>Les retraites se d\u00e9roulent toutes en silence, ce qui fait entrer chaque retraitant \u00e0 une plus grande intimit\u00e9 et \u00e9coute du Christ.<\/p>\n\n\n\n<p>Pour toutes nos retraites, il est n\u00e9cessaire d&rsquo;envoyer une lettre de motivation. Pour certaines retraites ou si c&rsquo;est la premi\u00e8re fois que vous voulez faire une retraite avec nous, un entretien est n\u00e9cessaire (sur place ou en ligne).<\/p>\n\n\n\n<h3 class=\"wp-block-heading has-orange-color has-text-color\">Retraite d&rsquo;une semaine<\/h3>\n\n\n\n<p>Il s&rsquo;agit d&rsquo;une semaine de retraite classique avec la spiritualit\u00e9 ignatienne.<\/p>\n\n\n\n<p>Le c\u0153ur de la retraite se trouve dans les temps de pri\u00e8re personnelle avec la <strong>Parole de Dieu<\/strong>.<\/p>\n\n\n\n<p>Un <strong>accompagnement spirituel<\/strong> quotidien est propos\u00e9 \u00e0 chaque retraitant. Vous \u00eates aid\u00e9 \u00e0 reconna\u00eetre les mouvements de l&rsquo;<strong>Esprit Saint<\/strong> et la mani\u00e8re dont Dieu vous parle et agit avec vous.<\/p>\n\n\n\n<p>Le programme d&rsquo;une retraite est un m\u00e9lange d&rsquo;<strong>enseignements, de t\u00e9moignages, de pri\u00e8re personnelle et communautaire, d&rsquo;accompagnement,<\/strong> avec aussi la possibilit\u00e9 d&rsquo;\u00eatre occup\u00e9 chaque jour avec ses mains et ses pieds (nettoyage, jardinage, coupe de l\u00e9gumes\u2026), ce qui contribue au bon \u00e9quilibre dans le rythme quotidien.<\/p>\n\n\n\n<h3 class=\"wp-block-heading has-orange-color has-text-color\">Gu\u00e9rison int\u00e9rieure ou retraite \u00ab\u00a0Silo\u00e9\u00a0\u00bb<\/h3>\n\n\n\n<div class=\"wp-block-media-text alignwide has-media-on-the-right is-stacked-on-mobile is-image-fill-element\"><div class=\"wp-block-media-text__content\">\n<p>La retraite d&rsquo;anamn\u00e8se offre un espace pour <strong>relire un \u00e9v\u00e9nement ou un moment de votre vie<\/strong> \u00e0 la lumi\u00e8re de l&rsquo;Esprit Saint. Ce faisant, vous pouvez commencer \u00e0 vous reconna\u00eetre comme aim\u00e9 de Dieu et comme un p\u00e9cheur qui a \u00e9t\u00e9 pardonn\u00e9, afin d&rsquo;\u00eatre <strong>r\u00e9concili\u00e9<\/strong> avec votre propre histoire en accueillant la <strong>gu\u00e9rison et la d\u00e9livrance en J\u00e9sus-Christ<\/strong>.<\/p>\n\n\n\n<p>Il s&rsquo;agit d&rsquo;une p\u00e9riode plus intensive que la retraite d&rsquo;une semaine, comprenant deux accompagnements par jour. \u00c0 part cela, le programme ressemble \u00e0 peu pr\u00e8s \u00e0 celui d\u00e9crit ci-dessus.<\/p>\n<\/div><figure class=\"wp-block-media-text__media\"><img loading=\"lazy\" decoding=\"async\" width=\"768\" height=\"1024\" src=\"https:\/\/www.chemin-neuf.be\/wp-content\/uploads\/2021\/04\/IMG_0482-768x1024-1.jpg\" alt=\"\" class=\"wp-image-2114 size-full\" style=\"object-position:50% 50%\" srcset=\"https:\/\/www.chemin-neuf.be\/wp-content\/uploads\/2021\/04\/IMG_0482-768x1024-1.jpg 768w, https:\/\/www.chemin-neuf.be\/wp-content\/uploads\/2021\/04\/IMG_0482-768x1024-1-225x300.jpg 225w\" sizes=\"auto, (max-width: 768px) 100vw, 768px\" \/><\/figure><\/div>\n\n\n\n<h3 class=\"wp-block-heading has-orange-color has-text-color\">Retraite en ligne<\/h3>\n\n\n\n<p>La retraite en ligne se fonde sur les Exercices Spirituels dans la <strong>vie quotidienne.<\/strong><\/p>\n\n\n\n<p> Le programme est <strong>adapt\u00e9 \u00e0 votre rythme de travail,<\/strong> de sorte que vous pouvez continuer \u00e0 travailler ou \u00e0 mener votre vie habituelle et vivre <strong>l&rsquo;approfondissement de votre relation avec Dieu<\/strong> <strong>\u00e0 la maison<\/strong>.<\/p>\n\n\n\n<p>Cette retraite demande que vous soyez disponible environ deux heures par jour. Vous d\u00e9terminerez \u00e9galement le moment de vos pri\u00e8res, le moment o\u00f9 vous regarderez les conf\u00e9rences et le moment o\u00f9 vous serez disponible pour l&rsquo;accompagnement spirituel que vous recevrez.<\/p>\n\n\n\n<h3 class=\"wp-block-heading\" id=\"propositions\">Propositions en Belgique<\/h3>\n\n\n\n<p>Aussi en France : <a href=\"https:\/\/chemin-neuf.fr\/nos-propositions\/retraites-spirituelles\/\" target=\"_blank\" rel=\"noreferrer noopener\">plus de propositions de retraites<\/a> sur le site de la Communaut\u00e9 du Chemin Neuf en France.<\/p>\n<\/div>\n<\/div>\n\n\n\n<div class=\"cards-container columns columns-3 align-\">\n\n    <!-- scroll arrow left\/previous -->\n    \n    <div class=\"cards-list columns proposition columns-3 align-\">\n\n        \n<article class=\"card proposition  proposition\" data-animate-onshow=\"show-card\">\n\n    <!-- edit post link -->\n    \n    <a href=\"https:\/\/www.chemin-neuf.be\/fr\/evenement\/exercices-spirituels-de-saint-ignace-2023\/\"\n       >\n\n        <div class=\"post-date\">\n                        <div class=\"post-time\">\n                <time datetime=\"20-02-2026\">\n                    <span class=\"day\">20<\/span>\n                    <span class=\"month\">F\u00e9v<\/span>\n                    <span class=\"year\">2026<\/span>\n                <\/time>\n            <\/div>\n                        \n                        <div class=\"post-time\">\n                <time datetime=\"23-02-2026\">\n                    <span class=\"day\">23<\/span>\n                    <span class=\"month\">F\u00e9v<\/span>\n                    <span class=\"year\">2026<\/span>\n                <\/time>\n            <\/div>\n                    <\/div>\n\n                <div class=\"bandeau\">\n            <span>Proposition pass\u00e9e<\/span>\n        <\/div>\n\n        <!-- Proposition image -->\n        <div class=\"post-thumb\">\n            <span style=\"background-image: url(https:\/\/www.chemin-neuf.be\/wp-content\/uploads\/2021\/02\/carre-bible-entiere.jpg);\"><\/span>\n        <\/div>\n\n        <!-- Proposition category -->\n        <div class=\"post-text\">\n            <div class=\"post-infos\">\n                                <div class=\"post-cat\">\n                                        <span class=\"cat-name\">Retraite Spirituelle<\/span>\n                <\/div>\n                            <\/div>\n            <h2 class=\"post-title\">Retraite fondamentale<\/h2>\n            <div class=\"post-excerpt\">\n                <p>faire connaissance avec les exercises spirituels\n<\/p>\n            <\/div>\n        <\/div>\n\n        <div class=\"post-lieu\">Carmel de Mehagne<\/div>\n    <\/a>\n<\/article>\n<article class=\"card proposition  proposition\" data-animate-onshow=\"show-card\">\n\n    <!-- edit post link -->\n    \n    <a href=\"https:\/\/www.chemin-neuf.be\/fr\/evenement\/anamnese2023\/\"\n       >\n\n        <div class=\"post-date\">\n                        <div class=\"post-time\">\n                <time datetime=\"29-04-2026\">\n                    <span class=\"day\">29<\/span>\n                    <span class=\"month\">Avr<\/span>\n                    <span class=\"year\">2026<\/span>\n                <\/time>\n            <\/div>\n                        \n                        <div class=\"post-time\">\n                <time datetime=\"03-05-2026\">\n                    <span class=\"day\">3<\/span>\n                    <span class=\"month\">Mai<\/span>\n                    <span class=\"year\">2026<\/span>\n                <\/time>\n            <\/div>\n                    <\/div>\n\n                <div class=\"bandeau\">\n            <span>Liste d&rsquo;attente<\/span>\n        <\/div>\n\n        <!-- Proposition image -->\n        <div class=\"post-thumb\">\n            <span style=\"background-image: url(https:\/\/www.chemin-neuf.be\/wp-content\/uploads\/2021\/04\/keygvoqztja.jpg);\"><\/span>\n        <\/div>\n\n        <!-- Proposition category -->\n        <div class=\"post-text\">\n            <div class=\"post-infos\">\n                                <div class=\"post-cat\">\n                                        <span class=\"cat-name\">Retraite Spirituelle<\/span>\n                <\/div>\n                            <\/div>\n            <h2 class=\"post-title\">Retraite Silo\u00e9<\/h2>\n            <div class=\"post-excerpt\">\n                <p>Une retraite pour relire son histoire avec la Parole de Dieu <\/p>\n            <\/div>\n        <\/div>\n\n        <div class=\"post-lieu\">Carmel de Mehagne<\/div>\n    <\/a>\n<\/article>\n    <\/div>\n\n    <!-- scroll arrow right\/next -->\n    \n<\/div>","protected":false},"excerpt":{"rendered":"<p>Eh bien, moi, je vais la s\u00e9duire ; je la conduirai au d\u00e9sert et je parlerai \u00e0 son c\u0153ur. Avez-vous un besoin de vous s\u00e9parer du monde afin de chercher Dieu et d&rsquo;\u00eatre trouv\u00e9 par Lui ? Vous placer sous son regard, \u00eatre avec lui et vous reposer ? Pour apprendre \u00e0 conna\u00eetre le Christ [&hellip;]<\/p>\n","protected":false},"author":1,"featured_media":1619,"parent":349,"menu_order":0,"comment_status":"closed","ping_status":"closed","template":"","meta":{"_acf_changed":false,"footnotes":""},"class_list":["post-1618","page","type-page","status-publish","has-post-thumbnail","hentry"],"acf":[],"yoast_head":"<!-- This site is optimized with the Yoast SEO plugin v27.5 - https:\/\/yoast.com\/product\/yoast-seo-wordpress\/ -->\n<title>Retraites - Chemin Neuf Belgique<\/title>\n<meta name=\"description\" content=\"Eh bien, moi, je vais la s\u00e9duire ; je la conduirai au d\u00e9sert et je parlerai \u00e0 son c\u0153ur. Os\u00e9e 2, 16 Avez-vous un besoin de vous s\u00e9parer du monde afin de\" \/>\n<meta name=\"robots\" content=\"index, follow, max-snippet:-1, max-image-preview:large, max-video-preview:-1\" \/>\n<link rel=\"canonical\" href=\"https:\/\/www.chemin-neuf.be\/fr\/missions\/retraites\/\" \/>\n<meta property=\"og:locale\" content=\"fr_FR\" \/>\n<meta property=\"og:type\" content=\"article\" \/>\n<meta property=\"og:title\" content=\"Retraites - Chemin Neuf Belgique\" \/>\n<meta property=\"og:description\" content=\"Eh bien, moi, je vais la s\u00e9duire ; je la conduirai au d\u00e9sert et je parlerai \u00e0 son c\u0153ur. Os\u00e9e 2, 16 Avez-vous un besoin de vous s\u00e9parer du monde afin de\" \/>\n<meta property=\"og:url\" content=\"https:\/\/www.chemin-neuf.be\/fr\/missions\/retraites\/\" \/>\n<meta property=\"og:site_name\" content=\"Chemin Neuf Belgique\" \/>\n<meta property=\"article:modified_time\" content=\"2025-08-06T14:49:26+00:00\" \/>\n<meta property=\"og:image\" content=\"https:\/\/www.chemin-neuf.be\/wp-content\/uploads\/2021\/04\/19il-6uc5c4.jpg\" \/>\n\t<meta property=\"og:image:width\" content=\"1600\" \/>\n\t<meta property=\"og:image:height\" content=\"1067\" \/>\n\t<meta property=\"og:image:type\" content=\"image\/jpeg\" \/>\n<meta name=\"twitter:card\" content=\"summary_large_image\" \/>\n<meta name=\"twitter:label1\" content=\"Dur\u00e9e de lecture est.\" \/>\n\t<meta name=\"twitter:data1\" content=\"3 minutes\" \/>\n<script type=\"application\/ld+json\" class=\"yoast-schema-graph\">{\"@context\":\"https:\\\/\\\/schema.org\",\"@graph\":[{\"@type\":\"WebPage\",\"@id\":\"https:\\\/\\\/www.chemin-neuf.be\\\/fr\\\/missions\\\/retraites\\\/\",\"url\":\"https:\\\/\\\/www.chemin-neuf.be\\\/fr\\\/missions\\\/retraites\\\/\",\"name\":\"Retraites - Chemin Neuf Belgique\",\"isPartOf\":{\"@id\":\"https:\\\/\\\/www.chemin-neuf.be\\\/fr\\\/#website\"},\"primaryImageOfPage\":{\"@id\":\"https:\\\/\\\/www.chemin-neuf.be\\\/fr\\\/missions\\\/retraites\\\/#primaryimage\"},\"image\":{\"@id\":\"https:\\\/\\\/www.chemin-neuf.be\\\/fr\\\/missions\\\/retraites\\\/#primaryimage\"},\"thumbnailUrl\":\"https:\\\/\\\/www.chemin-neuf.be\\\/wp-content\\\/uploads\\\/2021\\\/04\\\/19il-6uc5c4.jpg\",\"datePublished\":\"2021-04-15T12:10:01+00:00\",\"dateModified\":\"2025-08-06T14:49:26+00:00\",\"description\":\"Eh bien, moi, je vais la s\u00e9duire ; je la conduirai au d\u00e9sert et je parlerai \u00e0 son c\u0153ur. Os\u00e9e 2, 16 Avez-vous un besoin de vous s\u00e9parer du monde afin de\",\"breadcrumb\":{\"@id\":\"https:\\\/\\\/www.chemin-neuf.be\\\/fr\\\/missions\\\/retraites\\\/#breadcrumb\"},\"inLanguage\":\"fr-BE\",\"potentialAction\":[{\"@type\":\"ReadAction\",\"target\":[\"https:\\\/\\\/www.chemin-neuf.be\\\/fr\\\/missions\\\/retraites\\\/\"]}]},{\"@type\":\"ImageObject\",\"inLanguage\":\"fr-BE\",\"@id\":\"https:\\\/\\\/www.chemin-neuf.be\\\/fr\\\/missions\\\/retraites\\\/#primaryimage\",\"url\":\"https:\\\/\\\/www.chemin-neuf.be\\\/wp-content\\\/uploads\\\/2021\\\/04\\\/19il-6uc5c4.jpg\",\"contentUrl\":\"https:\\\/\\\/www.chemin-neuf.be\\\/wp-content\\\/uploads\\\/2021\\\/04\\\/19il-6uc5c4.jpg\",\"width\":1600,\"height\":1067,\"caption\":\"white book\"},{\"@type\":\"BreadcrumbList\",\"@id\":\"https:\\\/\\\/www.chemin-neuf.be\\\/fr\\\/missions\\\/retraites\\\/#breadcrumb\",\"itemListElement\":[{\"@type\":\"ListItem\",\"position\":1,\"name\":\"Home\",\"item\":\"https:\\\/\\\/www.chemin-neuf.be\\\/fr\\\/\"},{\"@type\":\"ListItem\",\"position\":2,\"name\":\"PROPOSITIONS\",\"item\":\"https:\\\/\\\/www.chemin-neuf.be\\\/fr\\\/missions\\\/\"},{\"@type\":\"ListItem\",\"position\":3,\"name\":\"Retraites\"}]},{\"@type\":\"WebSite\",\"@id\":\"https:\\\/\\\/www.chemin-neuf.be\\\/fr\\\/#website\",\"url\":\"https:\\\/\\\/www.chemin-neuf.be\\\/fr\\\/\",\"name\":\"Chemin Neuf Belgique\",\"description\":\"Communaut\u00e9 du Chemin Neuf en Belgique\",\"potentialAction\":[{\"@type\":\"SearchAction\",\"target\":{\"@type\":\"EntryPoint\",\"urlTemplate\":\"https:\\\/\\\/www.chemin-neuf.be\\\/fr\\\/?s={search_term_string}\"},\"query-input\":{\"@type\":\"PropertyValueSpecification\",\"valueRequired\":true,\"valueName\":\"search_term_string\"}}],\"inLanguage\":\"fr-BE\"}]}<\/script>\n<!-- \/ Yoast SEO plugin. -->","yoast_head_json":{"title":"Retraites - Chemin Neuf Belgique","description":"Eh bien, moi, je vais la s\u00e9duire ; je la conduirai au d\u00e9sert et je parlerai \u00e0 son c\u0153ur. Os\u00e9e 2, 16 Avez-vous un besoin de vous s\u00e9parer du monde afin de","robots":{"index":"index","follow":"follow","max-snippet":"max-snippet:-1","max-image-preview":"max-image-preview:large","max-video-preview":"max-video-preview:-1"},"canonical":"https:\/\/www.chemin-neuf.be\/fr\/missions\/retraites\/","og_locale":"fr_FR","og_type":"article","og_title":"Retraites - Chemin Neuf Belgique","og_description":"Eh bien, moi, je vais la s\u00e9duire ; je la conduirai au d\u00e9sert et je parlerai \u00e0 son c\u0153ur. Os\u00e9e 2, 16 Avez-vous un besoin de vous s\u00e9parer du monde afin de","og_url":"https:\/\/www.chemin-neuf.be\/fr\/missions\/retraites\/","og_site_name":"Chemin Neuf Belgique","article_modified_time":"2025-08-06T14:49:26+00:00","og_image":[{"width":1600,"height":1067,"url":"https:\/\/www.chemin-neuf.be\/wp-content\/uploads\/2021\/04\/19il-6uc5c4.jpg","type":"image\/jpeg"}],"twitter_card":"summary_large_image","twitter_misc":{"Dur\u00e9e de lecture est.":"3 minutes"},"schema":{"@context":"https:\/\/schema.org","@graph":[{"@type":"WebPage","@id":"https:\/\/www.chemin-neuf.be\/fr\/missions\/retraites\/","url":"https:\/\/www.chemin-neuf.be\/fr\/missions\/retraites\/","name":"Retraites - Chemin Neuf Belgique","isPartOf":{"@id":"https:\/\/www.chemin-neuf.be\/fr\/#website"},"primaryImageOfPage":{"@id":"https:\/\/www.chemin-neuf.be\/fr\/missions\/retraites\/#primaryimage"},"image":{"@id":"https:\/\/www.chemin-neuf.be\/fr\/missions\/retraites\/#primaryimage"},"thumbnailUrl":"https:\/\/www.chemin-neuf.be\/wp-content\/uploads\/2021\/04\/19il-6uc5c4.jpg","datePublished":"2021-04-15T12:10:01+00:00","dateModified":"2025-08-06T14:49:26+00:00","description":"Eh bien, moi, je vais la s\u00e9duire ; je la conduirai au d\u00e9sert et je parlerai \u00e0 son c\u0153ur. Os\u00e9e 2, 16 Avez-vous un besoin de vous s\u00e9parer du monde afin de","breadcrumb":{"@id":"https:\/\/www.chemin-neuf.be\/fr\/missions\/retraites\/#breadcrumb"},"inLanguage":"fr-BE","potentialAction":[{"@type":"ReadAction","target":["https:\/\/www.chemin-neuf.be\/fr\/missions\/retraites\/"]}]},{"@type":"ImageObject","inLanguage":"fr-BE","@id":"https:\/\/www.chemin-neuf.be\/fr\/missions\/retraites\/#primaryimage","url":"https:\/\/www.chemin-neuf.be\/wp-content\/uploads\/2021\/04\/19il-6uc5c4.jpg","contentUrl":"https:\/\/www.chemin-neuf.be\/wp-content\/uploads\/2021\/04\/19il-6uc5c4.jpg","width":1600,"height":1067,"caption":"white book"},{"@type":"BreadcrumbList","@id":"https:\/\/www.chemin-neuf.be\/fr\/missions\/retraites\/#breadcrumb","itemListElement":[{"@type":"ListItem","position":1,"name":"Home","item":"https:\/\/www.chemin-neuf.be\/fr\/"},{"@type":"ListItem","position":2,"name":"PROPOSITIONS","item":"https:\/\/www.chemin-neuf.be\/fr\/missions\/"},{"@type":"ListItem","position":3,"name":"Retraites"}]},{"@type":"WebSite","@id":"https:\/\/www.chemin-neuf.be\/fr\/#website","url":"https:\/\/www.chemin-neuf.be\/fr\/","name":"Chemin Neuf Belgique","description":"Communaut\u00e9 du Chemin Neuf en Belgique","potentialAction":[{"@type":"SearchAction","target":{"@type":"EntryPoint","urlTemplate":"https:\/\/www.chemin-neuf.be\/fr\/?s={search_term_string}"},"query-input":{"@type":"PropertyValueSpecification","valueRequired":true,"valueName":"search_term_string"}}],"inLanguage":"fr-BE"}]}},"_links":{"self":[{"href":"https:\/\/www.chemin-neuf.be\/fr\/wp-json\/wp\/v2\/pages\/1618","targetHints":{"allow":["GET"]}}],"collection":[{"href":"https:\/\/www.chemin-neuf.be\/fr\/wp-json\/wp\/v2\/pages"}],"about":[{"href":"https:\/\/www.chemin-neuf.be\/fr\/wp-json\/wp\/v2\/types\/page"}],"author":[{"embeddable":true,"href":"https:\/\/www.chemin-neuf.be\/fr\/wp-json\/wp\/v2\/users\/1"}],"replies":[{"embeddable":true,"href":"https:\/\/www.chemin-neuf.be\/fr\/wp-json\/wp\/v2\/comments?post=1618"}],"version-history":[{"count":24,"href":"https:\/\/www.chemin-neuf.be\/fr\/wp-json\/wp\/v2\/pages\/1618\/revisions"}],"predecessor-version":[{"id":68688,"href":"https:\/\/www.chemin-neuf.be\/fr\/wp-json\/wp\/v2\/pages\/1618\/revisions\/68688"}],"up":[{"embeddable":true,"href":"https:\/\/www.chemin-neuf.be\/fr\/wp-json\/wp\/v2\/pages\/349"}],"wp:featuredmedia":[{"embeddable":true,"href":"https:\/\/www.chemin-neuf.be\/fr\/wp-json\/wp\/v2\/media\/1619"}],"wp:attachment":[{"href":"https:\/\/www.chemin-neuf.be\/fr\/wp-json\/wp\/v2\/media?parent=1618"}],"curies":[{"name":"wp","href":"https:\/\/api.w.org\/{rel}","templated":true}]}}