{"id":1471,"date":"2021-04-14T00:33:00","date_gmt":"2021-04-13T22:33:00","guid":{"rendered":"https:\/\/next.chemin-neuf.be\/?page_id=1471"},"modified":"2026-04-09T11:37:03","modified_gmt":"2026-04-09T09:37:03","slug":"temps-de-priere-carmel-de-mehagne","status":"publish","type":"page","link":"https:\/\/www.chemin-neuf.be\/fr\/priez-avec-nous\/temps-de-priere-carmel-de-mehagne\/","title":{"rendered":"Priez avec nous au Carmel"},"content":{"rendered":"\n<div class=\"wp-block-columns is-style-restricted-width is-layout-flex wp-container-core-columns-is-layout-9d6595d7 wp-block-columns-is-layout-flex\">\n<div class=\"wp-block-column is-layout-flow wp-block-column-is-layout-flow\" style=\"flex-basis:100%\">\n<p class=\"has-orange-color has-text-color\"><strong> Au <a href=\"https:\/\/www.chemin-neuf.be\/fr\/place\/carmel-de-mehagne\/\">Carmel de Mehagne<\/a> (en fran\u00e7ais).<\/strong><\/p>\n\n\n\n<p class=\"has-dark-gray-color has-text-color\"><em>Pour nos temps de pri\u00e8res en n\u00e9erlandais : <a href=\"https:\/\/www.chemin-neuf.be\/fr\/priez-avec-nous\/priez-avec-nous-anvers\/\">Monast\u00e8re et Basilique Sacr\u00e9 C\u0153ur, Anvers<\/a>.<\/em><\/p>\n<\/div>\n<\/div>\n\n\n\n<p class=\"has-text-align-center has-orange-color has-white-background-color has-text-color has-background has-link-color has-large-font-size wp-elements-35f0c9e4dc231351b4342540fbe49af1\"><strong>Retrouvez ci-dessous les propositions ouvertes \u00e0 tous pour la saison 2025-2026 au Carmel de Mehagne<\/strong><\/p>\n\n\n<div class=\"wp-block-image\">\n<figure class=\"aligncenter size-large is-resized\"><img loading=\"lazy\" decoding=\"async\" width=\"1024\" height=\"498\" src=\"https:\/\/www.chemin-neuf.be\/wp-content\/uploads\/2025\/12\/gemeenschap-nov25-Banneux-3-1024x498.jpeg\" alt=\"\" class=\"wp-image-73357\" style=\"aspect-ratio:2.0563035495716036;width:615px;height:auto\" srcset=\"https:\/\/www.chemin-neuf.be\/wp-content\/uploads\/2025\/12\/gemeenschap-nov25-Banneux-3-1024x498.jpeg 1024w, https:\/\/www.chemin-neuf.be\/wp-content\/uploads\/2025\/12\/gemeenschap-nov25-Banneux-3-768x373.jpeg 768w, https:\/\/www.chemin-neuf.be\/wp-content\/uploads\/2025\/12\/gemeenschap-nov25-Banneux-3-1536x746.jpeg 1536w, https:\/\/www.chemin-neuf.be\/wp-content\/uploads\/2025\/12\/gemeenschap-nov25-Banneux-3.jpeg 1838w\" sizes=\"auto, (max-width: 1024px) 100vw, 1024px\" \/><\/figure>\n<\/div>\n\n\n<p class=\"has-text-align-center has-orange-color has-text-color has-link-color has-large-font-size wp-elements-41e9e235cbbc8517561768f5865beff9\"><strong><em>Le Christ est vraiment r\u00e9ssuscit\u00e9, alleluia! Bon temps pascal \u00e0 vous<\/em><\/strong><\/p>\n\n\n\n<p><\/p>\n\n\n<div class=\"wp-block-image\">\n<figure class=\"aligncenter size-full is-resized\"><img loading=\"lazy\" decoding=\"async\" width=\"530\" height=\"748\" src=\"https:\/\/www.chemin-neuf.be\/wp-content\/uploads\/2026\/04\/WhatsApp-Image-2026-04-08-at-21.46.18.jpeg\" alt=\"\" class=\"wp-image-77766\" style=\"width:612px;height:auto\"\/><\/figure>\n<\/div>\n\n\n<figure class=\"wp-block-embed is-type-video is-provider-youtube wp-block-embed-youtube wp-embed-aspect-16-9 wp-has-aspect-ratio\"><div class=\"wp-block-embed__wrapper\">\n<iframe loading=\"lazy\" title=\"Invitation 14 avril 2026 \u00e0 20:00h\" width=\"500\" height=\"281\" src=\"https:\/\/www.youtube.com\/embed\/K_LSfBSoJYE?feature=oembed\" frameborder=\"0\" allow=\"accelerometer; autoplay; clipboard-write; encrypted-media; gyroscope; picture-in-picture; web-share\" referrerpolicy=\"strict-origin-when-cross-origin\" allowfullscreen><\/iframe>\n<\/div><\/figure>\n\n\n\n<p>________________________________________________________________________________________________________________<\/p>\n\n\n\n<div class=\"wp-block-columns is-layout-flex wp-container-core-columns-is-layout-9d6595d7 wp-block-columns-is-layout-flex\">\n<div class=\"wp-block-column is-vertically-aligned-center is-layout-flow wp-block-column-is-layout-flow\" style=\"flex-basis:30%\">\n<h4 class=\"wp-block-heading\">Eucharistie<\/h4>\n\n\n\n<div class=\"wp-block-columns is-style-restricted-width is-layout-flex wp-container-core-columns-is-layout-9d6595d7 wp-block-columns-is-layout-flex\">\n<div class=\"wp-block-column is-layout-flow wp-block-column-is-layout-flow\" style=\"flex-basis:100%\">\n<figure class=\"wp-block-table is-style-stripes\"><table class=\"has-fixed-layout\"><tbody><tr><td>Lundi<br>Mercredi<br>Jeudi<br>Vendredi<br>Samedi<\/td><td>12h00<\/td><\/tr><tr><td>Dimanche<\/td><td>11h<\/td><\/tr><\/tbody><\/table><\/figure>\n\n\n\n<p><\/p>\n<\/div>\n<\/div>\n\n\n\n<h4 class=\"wp-block-heading\">Adoration eucharistique<\/h4>\n\n\n\n<div class=\"wp-block-columns is-style-restricted-width is-layout-flex wp-container-core-columns-is-layout-9d6595d7 wp-block-columns-is-layout-flex\">\n<div class=\"wp-block-column is-layout-flow wp-block-column-is-layout-flow\" style=\"flex-basis:100%\">\n<figure class=\"wp-block-table is-style-stripes\"><table class=\"has-fixed-layout\"><tbody><tr><td>Lundi<br>Mercredi<br>Jeudi<br>Vendredi<br>Dimanche<\/td><td>18h30-19h15<\/td><\/tr><\/tbody><\/table><\/figure>\n<\/div>\n<\/div>\n\n\n\n<h4 class=\"wp-block-heading\">Laudes<\/h4>\n\n\n\n<figure class=\"wp-block-table is-style-stripes\"><table class=\"has-fixed-layout\"><tbody><tr><td>Lundi<br>Mercredi<br>Jeudi<br>Vendredi<\/td><td>08h45<\/td><\/tr><\/tbody><\/table><\/figure>\n\n\n\n<h4 class=\"wp-block-heading\"><em>Confession sur rendez-vous<\/em><\/h4>\n\n\n\n<p><em>La chapelle est ouverte tous les jours de 8.30h \u00e0 19.30h<\/em><\/p>\n<\/div>\n\n\n\n<div class=\"wp-block-column is-layout-flow wp-block-column-is-layout-flow\" style=\"flex-basis:10%\"><\/div>\n\n\n\n<div class=\"wp-block-column is-vertically-aligned-top is-layout-flow wp-block-column-is-layout-flow\" style=\"flex-basis:50%\">\n<h3 class=\"wp-block-heading\">Groupe de pri\u00e8re et jeudis du Carmel<\/h3>\n\n\n\n<h3 class=\"wp-block-heading has-orange-color has-text-color has-normal-font-size\">Chaque semaine (en p\u00e9riode scolaire)<\/h3>\n\n\n\n<p class=\"has-normal-font-size\"><strong>Groupe de pri\u00e8re<\/strong>: chaque mardi soir \u00e0 20h: louange et pri\u00e8re autour de la Parole de Dieu. <\/p>\n\n\n\n<p class=\"has-normal-font-size\"><strong>Jeudis du Carmel<\/strong>: chaque jeudi \u00e0 partir de 8.45h, chacun est invit\u00e9 \u00e0 partager un temps fraternel de service et de rencontre autour de petits travaux. Eucharistie \u00e0 12h, suivi d&rsquo;un repas fraternel.<\/p>\n\n\n\n<hr class=\"wp-block-separator has-css-opacity\"\/>\n\n\n\n<h3 class=\"wp-block-heading\">Haltes spirituelles<\/h3>\n\n\n\n<div class=\"wp-block-buttons is-layout-flex wp-block-buttons-is-layout-flex\">\n<div class=\"wp-block-button\"><a class=\"wp-block-button__link wp-element-button\" href=\"https:\/\/www.chemin-neuf.be\/fr\/haltes-spirituelles\/\">Haltes spirituelles: pour plus d&rsquo;infos<\/a><\/div>\n<\/div>\n\n\n\n<p class=\"has-orange-color has-text-color has-normal-font-size\">Les dates: les haltes spirituelles reprendront en octobre 2026<\/p>\n\n\n\n<p class=\"has-black-color has-text-color has-normal-font-size\">De 9h \u00e0 16h, prendre le temps de s&rsquo;arr\u00eater et d&rsquo;\u00e9couter Dieu dans le silence (avec des enseignements, temps de pri\u00e8re personnelle, eucharistie, repas simplifi\u00e9 &#8230;<\/p>\n\n\n\n<p class=\"has-text-align-center\">_____________<\/p>\n\n\n\n<h3 class=\"wp-block-heading\">Retraites spirituelles<\/h3>\n\n\n\n<div class=\"wp-block-buttons is-layout-flex wp-block-buttons-is-layout-flex\">\n<div class=\"wp-block-button\"><a class=\"wp-block-button__link wp-element-button\" href=\"https:\/\/www.chemin-neuf.be\/fr\/missions\/retraites\/\">en savoir plus &#8230;<\/a><\/div>\n<\/div>\n\n\n\n<p><strong><a href=\"https:\/\/www.chemin-neuf.be\/fr\/missions\/retraites\/\">Retraite selon les Exercices<br>spirituels de st Ignace de Loyola<\/a> :<\/strong><br>S\u2019arr\u00eater pour se placer sous le regard de Dieu et<br>recevoir son souffle de vie. Apprendre \u00e0 m\u00e9diter la<br>Parole de Dieu, \u00e0 discerner et faire des choix.<br><em>(Un entretien personnel est n\u00e9cessaire pour<br>confirmer votre inscription.)<\/em><br><\/p>\n\n\n\n<p class=\"has-small-font-size\"><strong>Retraite de Gu\u00e9rison Int\u00e9rieure,<br>ou \u00ab retraite Silo\u00e9 \u00bb<\/strong>, une retraite pour relire son histoire avec la Parole de Dieu<br>(<em>Un entretien personnel est n\u00e9cessaire pour confirmer votre inscription<\/em>)<\/p>\n\n\n\n<p class=\"has-text-align-center\">____________<\/p>\n\n\n\n<h3 class=\"wp-block-heading\">Pour les propositions CANA pour couples<\/h3>\n\n\n\n<div class=\"wp-block-buttons is-layout-flex wp-block-buttons-is-layout-flex\">\n<div class=\"wp-block-button\"><a class=\"wp-block-button__link wp-element-button\" href=\"https:\/\/www.chemin-neuf.be\/fr\/mission-cana\/\">Voyez ici &#8230;<\/a><\/div>\n<\/div>\n\n\n\n<p class=\"has-text-align-center\">___________<\/p>\n\n\n\n\n<div class=\"cards-container columns columns-2 align-\">\n\n    <!-- scroll arrow left\/previous -->\n    \n\n    <div class=\"cards-list columns columns-2 align-\">\n\n\n        \n    <\/div>\n\n\n    <!-- scroll arrow right\/next -->\n    \n\n<\/div>\n\n\n<hr class=\"wp-block-separator has-css-opacity\"\/>\n<\/div>\n<\/div>\n\n\n\n<p><\/p>\n","protected":false},"excerpt":{"rendered":"<p>Au Carmel de Mehagne (en fran\u00e7ais). Pour nos temps de pri\u00e8res en n\u00e9erlandais : Monast\u00e8re et Basilique Sacr\u00e9 C\u0153ur, Anvers. Retrouvez ci-dessous les propositions ouvertes \u00e0 tous pour la saison 2025-2026 au Carmel de Mehagne Le Christ est vraiment r\u00e9ssuscit\u00e9, alleluia! Bon temps pascal \u00e0 vous ________________________________________________________________________________________________________________ Eucharistie LundiMercrediJeudiVendrediSamedi 12h00 Dimanche 11h Adoration eucharistique LundiMercrediJeudiVendrediDimanche [&hellip;]<\/p>\n","protected":false},"author":1,"featured_media":18390,"parent":1491,"menu_order":0,"comment_status":"closed","ping_status":"closed","template":"","meta":{"_acf_changed":false,"footnotes":""},"class_list":["post-1471","page","type-page","status-publish","has-post-thumbnail","hentry"],"acf":[],"yoast_head":"<!-- This site is optimized with the Yoast SEO plugin v27.5 - https:\/\/yoast.com\/product\/yoast-seo-wordpress\/ -->\n<title>Priez avec nous au Carmel de Mehagne - Communaut\u00e9 du Chemin Neuf<\/title>\n<meta name=\"description\" content=\"Eucharistie, adoration eucharistique, laudes...\" \/>\n<meta name=\"robots\" content=\"index, follow, max-snippet:-1, max-image-preview:large, max-video-preview:-1\" \/>\n<link rel=\"canonical\" href=\"https:\/\/www.chemin-neuf.be\/fr\/priez-avec-nous\/temps-de-priere-carmel-de-mehagne\/\" \/>\n<meta property=\"og:locale\" content=\"fr_FR\" \/>\n<meta property=\"og:type\" content=\"article\" \/>\n<meta property=\"og:title\" content=\"Priez avec nous au Carmel de Mehagne - Communaut\u00e9 du Chemin Neuf\" \/>\n<meta property=\"og:description\" content=\"Eucharistie, adoration eucharistique, laudes...\" \/>\n<meta property=\"og:url\" content=\"https:\/\/www.chemin-neuf.be\/fr\/priez-avec-nous\/temps-de-priere-carmel-de-mehagne\/\" \/>\n<meta property=\"og:site_name\" content=\"Chemin Neuf Belgique\" \/>\n<meta property=\"article:modified_time\" content=\"2026-04-09T09:37:03+00:00\" \/>\n<meta property=\"og:image\" content=\"https:\/\/www.chemin-neuf.be\/wp-content\/uploads\/2021\/11\/Communaute-Belgique2.jpg\" \/>\n\t<meta property=\"og:image:width\" content=\"1679\" \/>\n\t<meta property=\"og:image:height\" content=\"926\" \/>\n\t<meta property=\"og:image:type\" content=\"image\/jpeg\" \/>\n<meta name=\"twitter:card\" content=\"summary_large_image\" \/>\n<meta name=\"twitter:label1\" content=\"Dur\u00e9e de lecture est.\" \/>\n\t<meta name=\"twitter:data1\" content=\"2 minutes\" \/>\n<script type=\"application\/ld+json\" class=\"yoast-schema-graph\">{\"@context\":\"https:\\\/\\\/schema.org\",\"@graph\":[{\"@type\":\"WebPage\",\"@id\":\"https:\\\/\\\/www.chemin-neuf.be\\\/fr\\\/priez-avec-nous\\\/temps-de-priere-carmel-de-mehagne\\\/\",\"url\":\"https:\\\/\\\/www.chemin-neuf.be\\\/fr\\\/priez-avec-nous\\\/temps-de-priere-carmel-de-mehagne\\\/\",\"name\":\"Priez avec nous au Carmel de Mehagne - Communaut\u00e9 du Chemin Neuf\",\"isPartOf\":{\"@id\":\"https:\\\/\\\/www.chemin-neuf.be\\\/fr\\\/#website\"},\"primaryImageOfPage\":{\"@id\":\"https:\\\/\\\/www.chemin-neuf.be\\\/fr\\\/priez-avec-nous\\\/temps-de-priere-carmel-de-mehagne\\\/#primaryimage\"},\"image\":{\"@id\":\"https:\\\/\\\/www.chemin-neuf.be\\\/fr\\\/priez-avec-nous\\\/temps-de-priere-carmel-de-mehagne\\\/#primaryimage\"},\"thumbnailUrl\":\"https:\\\/\\\/www.chemin-neuf.be\\\/wp-content\\\/uploads\\\/2021\\\/11\\\/Communaute-Belgique2.jpg\",\"datePublished\":\"2021-04-13T22:33:00+00:00\",\"dateModified\":\"2026-04-09T09:37:03+00:00\",\"description\":\"Eucharistie, adoration eucharistique, laudes...\",\"breadcrumb\":{\"@id\":\"https:\\\/\\\/www.chemin-neuf.be\\\/fr\\\/priez-avec-nous\\\/temps-de-priere-carmel-de-mehagne\\\/#breadcrumb\"},\"inLanguage\":\"fr-BE\",\"potentialAction\":[{\"@type\":\"ReadAction\",\"target\":[\"https:\\\/\\\/www.chemin-neuf.be\\\/fr\\\/priez-avec-nous\\\/temps-de-priere-carmel-de-mehagne\\\/\"]}]},{\"@type\":\"ImageObject\",\"inLanguage\":\"fr-BE\",\"@id\":\"https:\\\/\\\/www.chemin-neuf.be\\\/fr\\\/priez-avec-nous\\\/temps-de-priere-carmel-de-mehagne\\\/#primaryimage\",\"url\":\"https:\\\/\\\/www.chemin-neuf.be\\\/wp-content\\\/uploads\\\/2021\\\/11\\\/Communaute-Belgique2.jpg\",\"contentUrl\":\"https:\\\/\\\/www.chemin-neuf.be\\\/wp-content\\\/uploads\\\/2021\\\/11\\\/Communaute-Belgique2.jpg\",\"width\":1679,\"height\":926},{\"@type\":\"BreadcrumbList\",\"@id\":\"https:\\\/\\\/www.chemin-neuf.be\\\/fr\\\/priez-avec-nous\\\/temps-de-priere-carmel-de-mehagne\\\/#breadcrumb\",\"itemListElement\":[{\"@type\":\"ListItem\",\"position\":1,\"name\":\"Home\",\"item\":\"https:\\\/\\\/www.chemin-neuf.be\\\/fr\\\/\"},{\"@type\":\"ListItem\",\"position\":2,\"name\":\"Priv\u00e9\u00a0: PRIEZ\u00a0AVEC\u00a0NOUS\",\"item\":\"https:\\\/\\\/www.chemin-neuf.be\\\/fr\\\/?page_id=1491\"},{\"@type\":\"ListItem\",\"position\":3,\"name\":\"Priez avec nous au Carmel\"}]},{\"@type\":\"WebSite\",\"@id\":\"https:\\\/\\\/www.chemin-neuf.be\\\/fr\\\/#website\",\"url\":\"https:\\\/\\\/www.chemin-neuf.be\\\/fr\\\/\",\"name\":\"Chemin Neuf Belgique\",\"description\":\"Communaut\u00e9 du Chemin Neuf en Belgique\",\"potentialAction\":[{\"@type\":\"SearchAction\",\"target\":{\"@type\":\"EntryPoint\",\"urlTemplate\":\"https:\\\/\\\/www.chemin-neuf.be\\\/fr\\\/?s={search_term_string}\"},\"query-input\":{\"@type\":\"PropertyValueSpecification\",\"valueRequired\":true,\"valueName\":\"search_term_string\"}}],\"inLanguage\":\"fr-BE\"}]}<\/script>\n<!-- \/ Yoast SEO plugin. -->","yoast_head_json":{"title":"Priez avec nous au Carmel de Mehagne - Communaut\u00e9 du Chemin Neuf","description":"Eucharistie, adoration eucharistique, laudes...","robots":{"index":"index","follow":"follow","max-snippet":"max-snippet:-1","max-image-preview":"max-image-preview:large","max-video-preview":"max-video-preview:-1"},"canonical":"https:\/\/www.chemin-neuf.be\/fr\/priez-avec-nous\/temps-de-priere-carmel-de-mehagne\/","og_locale":"fr_FR","og_type":"article","og_title":"Priez avec nous au Carmel de Mehagne - Communaut\u00e9 du Chemin Neuf","og_description":"Eucharistie, adoration eucharistique, laudes...","og_url":"https:\/\/www.chemin-neuf.be\/fr\/priez-avec-nous\/temps-de-priere-carmel-de-mehagne\/","og_site_name":"Chemin Neuf Belgique","article_modified_time":"2026-04-09T09:37:03+00:00","og_image":[{"width":1679,"height":926,"url":"https:\/\/www.chemin-neuf.be\/wp-content\/uploads\/2021\/11\/Communaute-Belgique2.jpg","type":"image\/jpeg"}],"twitter_card":"summary_large_image","twitter_misc":{"Dur\u00e9e de lecture est.":"2 minutes"},"schema":{"@context":"https:\/\/schema.org","@graph":[{"@type":"WebPage","@id":"https:\/\/www.chemin-neuf.be\/fr\/priez-avec-nous\/temps-de-priere-carmel-de-mehagne\/","url":"https:\/\/www.chemin-neuf.be\/fr\/priez-avec-nous\/temps-de-priere-carmel-de-mehagne\/","name":"Priez avec nous au Carmel de Mehagne - Communaut\u00e9 du Chemin Neuf","isPartOf":{"@id":"https:\/\/www.chemin-neuf.be\/fr\/#website"},"primaryImageOfPage":{"@id":"https:\/\/www.chemin-neuf.be\/fr\/priez-avec-nous\/temps-de-priere-carmel-de-mehagne\/#primaryimage"},"image":{"@id":"https:\/\/www.chemin-neuf.be\/fr\/priez-avec-nous\/temps-de-priere-carmel-de-mehagne\/#primaryimage"},"thumbnailUrl":"https:\/\/www.chemin-neuf.be\/wp-content\/uploads\/2021\/11\/Communaute-Belgique2.jpg","datePublished":"2021-04-13T22:33:00+00:00","dateModified":"2026-04-09T09:37:03+00:00","description":"Eucharistie, adoration eucharistique, laudes...","breadcrumb":{"@id":"https:\/\/www.chemin-neuf.be\/fr\/priez-avec-nous\/temps-de-priere-carmel-de-mehagne\/#breadcrumb"},"inLanguage":"fr-BE","potentialAction":[{"@type":"ReadAction","target":["https:\/\/www.chemin-neuf.be\/fr\/priez-avec-nous\/temps-de-priere-carmel-de-mehagne\/"]}]},{"@type":"ImageObject","inLanguage":"fr-BE","@id":"https:\/\/www.chemin-neuf.be\/fr\/priez-avec-nous\/temps-de-priere-carmel-de-mehagne\/#primaryimage","url":"https:\/\/www.chemin-neuf.be\/wp-content\/uploads\/2021\/11\/Communaute-Belgique2.jpg","contentUrl":"https:\/\/www.chemin-neuf.be\/wp-content\/uploads\/2021\/11\/Communaute-Belgique2.jpg","width":1679,"height":926},{"@type":"BreadcrumbList","@id":"https:\/\/www.chemin-neuf.be\/fr\/priez-avec-nous\/temps-de-priere-carmel-de-mehagne\/#breadcrumb","itemListElement":[{"@type":"ListItem","position":1,"name":"Home","item":"https:\/\/www.chemin-neuf.be\/fr\/"},{"@type":"ListItem","position":2,"name":"Priv\u00e9\u00a0: PRIEZ\u00a0AVEC\u00a0NOUS","item":"https:\/\/www.chemin-neuf.be\/fr\/?page_id=1491"},{"@type":"ListItem","position":3,"name":"Priez avec nous au Carmel"}]},{"@type":"WebSite","@id":"https:\/\/www.chemin-neuf.be\/fr\/#website","url":"https:\/\/www.chemin-neuf.be\/fr\/","name":"Chemin Neuf Belgique","description":"Communaut\u00e9 du Chemin Neuf en Belgique","potentialAction":[{"@type":"SearchAction","target":{"@type":"EntryPoint","urlTemplate":"https:\/\/www.chemin-neuf.be\/fr\/?s={search_term_string}"},"query-input":{"@type":"PropertyValueSpecification","valueRequired":true,"valueName":"search_term_string"}}],"inLanguage":"fr-BE"}]}},"_links":{"self":[{"href":"https:\/\/www.chemin-neuf.be\/fr\/wp-json\/wp\/v2\/pages\/1471","targetHints":{"allow":["GET"]}}],"collection":[{"href":"https:\/\/www.chemin-neuf.be\/fr\/wp-json\/wp\/v2\/pages"}],"about":[{"href":"https:\/\/www.chemin-neuf.be\/fr\/wp-json\/wp\/v2\/types\/page"}],"author":[{"embeddable":true,"href":"https:\/\/www.chemin-neuf.be\/fr\/wp-json\/wp\/v2\/users\/1"}],"replies":[{"embeddable":true,"href":"https:\/\/www.chemin-neuf.be\/fr\/wp-json\/wp\/v2\/comments?post=1471"}],"version-history":[{"count":123,"href":"https:\/\/www.chemin-neuf.be\/fr\/wp-json\/wp\/v2\/pages\/1471\/revisions"}],"predecessor-version":[{"id":77772,"href":"https:\/\/www.chemin-neuf.be\/fr\/wp-json\/wp\/v2\/pages\/1471\/revisions\/77772"}],"up":[{"embeddable":true,"href":"https:\/\/www.chemin-neuf.be\/fr\/wp-json\/wp\/v2\/pages\/1491"}],"wp:featuredmedia":[{"embeddable":true,"href":"https:\/\/www.chemin-neuf.be\/fr\/wp-json\/wp\/v2\/media\/18390"}],"wp:attachment":[{"href":"https:\/\/www.chemin-neuf.be\/fr\/wp-json\/wp\/v2\/media?parent=1471"}],"curies":[{"name":"wp","href":"https:\/\/api.w.org\/{rel}","templated":true}]}}