{"id":1371,"date":"2021-04-12T18:28:27","date_gmt":"2021-04-12T16:28:27","guid":{"rendered":"https:\/\/next.chemin-neuf.be\/?page_id=1371"},"modified":"2025-10-23T10:35:36","modified_gmt":"2025-10-23T08:35:36","slug":"groupes-de-priere","status":"publish","type":"page","link":"https:\/\/www.chemin-neuf.be\/fr\/priez-avec-nous\/groupes-de-priere\/","title":{"rendered":"Groupes de pri\u00e8re"},"content":{"rendered":"\n<p><\/p>\n\n\n<div class=\"wp-block-image\">\n<figure class=\"aligncenter size-large\"><img loading=\"lazy\" decoding=\"async\" width=\"724\" height=\"1024\" src=\"https:\/\/www.chemin-neuf.be\/wp-content\/uploads\/2025\/10\/Tracte-Soiree-de-Louange-1-1-724x1024.jpg\" alt=\"\" class=\"wp-image-70527\" srcset=\"https:\/\/www.chemin-neuf.be\/wp-content\/uploads\/2025\/10\/Tracte-Soiree-de-Louange-1-1-724x1024.jpg 724w, https:\/\/www.chemin-neuf.be\/wp-content\/uploads\/2025\/10\/Tracte-Soiree-de-Louange-1-1-768x1086.jpg 768w, https:\/\/www.chemin-neuf.be\/wp-content\/uploads\/2025\/10\/Tracte-Soiree-de-Louange-1-1-1086x1536.jpg 1086w, https:\/\/www.chemin-neuf.be\/wp-content\/uploads\/2025\/10\/Tracte-Soiree-de-Louange-1-1.jpg 1414w\" sizes=\"auto, (max-width: 724px) 100vw, 724px\" \/><\/figure>\n<\/div>\n\n\n<p>L&rsquo;\u00c9glise, la communaut\u00e9 chr\u00e9tienne, est n\u00e9e il y a deux mille ans de la pri\u00e8re commune des premiers chr\u00e9tiens, les disciples de J\u00e9sus. Comme \u00e0 l&rsquo;\u00e9poque, cette exp\u00e9rience se r\u00e9p\u00e8te \u00e0 nouveau !<\/p>\n\n\n\n<p>Fid\u00e8les aux origines de la Communaut\u00e9, les fr\u00e8res et s\u0153urs de la Communaut\u00e9 et du Cercle du Chemin Neuf se retrouvent <strong>chaque mardi <\/strong>soir pour <strong>louer<\/strong> le Seigneur, <strong>\u00e9couter sa Parole<\/strong> vivante et <strong>se soutenir dans la pri\u00e8re<\/strong>.<\/p>\n\n\n\n<p class=\"has-text-align-center has-large-font-size\">Bienvenue \u00e0 nos groupes de pri\u00e8res le mardi \u00e0 20&nbsp;h (sauf vacances scolaires)<br>\u00e0 Bruxelles (<a href=\"https:\/\/www.chemin-neuf.be\/fr\/place\/eglise-saint-jean-berchmans\/\">\u00c9glise Saint-Jean-Berchmans<\/a>) &#8211; Reprise le 10 Septembre<\/p>\n\n\n\n<p class=\"has-text-align-center has-large-font-size\"> \u00e0 Li\u00e8ge (<a href=\"https:\/\/www.chemin-neuf.be\/fr\/place\/carmel-de-mehagne\/\">Carmel de Mehagne<\/a>).<\/p>\n\n\n\n\n<div class=\"cards-container  columns aligncenter\">\n    <div class=\"cards-list places-list columns aligncenter\">\n        \n        <!-- for each card -->\n        \n\n\n<article class=\"card place\">\n\n    <!-- edit post link -->\n    \n    <a href=\"https:\/\/www.chemin-neuf.be\/fr\/place\/carmel-de-mehagne\/\" title=\"Carmel de Mehagne\" target=\"_blank\">\n\n        <div class=\"post-thumb\">\n            <span style=\"background-image: url('https:\/\/www.chemin-neuf.be\/wp-content\/uploads\/2021\/02\/Communaute-Belgique.jpg')\"><\/span>\n        <\/div>\n\n        <div class=\"post-text\">\n            <div class=\"post-infos\">\n                <div class=\"post-cat\">\n                    <span class=\"cat-img\">Lieux o\u00f9 il y a un groupe de pri\u00e8re.<\/span>\n                    <span class=\"cat-name\">Groupe de pri\u00e8res<\/span>\n                <\/div>\n            <\/div>\n            <h2 class=\"place-title\">Carmel de Mehagne<\/h2>\n       <\/div>\n\n    <\/a>\n<\/article>\n\n\n<article class=\"card place\">\n\n    <!-- edit post link -->\n    \n    <a href=\"https:\/\/www.chemin-neuf.be\/fr\/place\/eglise-saint-jean-berchmans\/\" title=\"\u00c9glise Saint Jean Berchmans\" target=\"_blank\">\n\n        <div class=\"post-thumb\">\n            <span style=\"background-image: url('https:\/\/www.chemin-neuf.be\/wp-content\/uploads\/2021\/04\/College_St-Michel-Bxl-scaled.jpg')\"><\/span>\n        <\/div>\n\n        <div class=\"post-text\">\n            <div class=\"post-infos\">\n                <div class=\"post-cat\">\n                    <span class=\"cat-img\">Lieux o\u00f9 il y a un groupe de pri\u00e8re.<\/span>\n                    <span class=\"cat-name\">Groupe de pri\u00e8res<\/span>\n                <\/div>\n            <\/div>\n            <h2 class=\"place-title\">\u00c9glise Saint Jean Berchmans<\/h2>\n       <\/div>\n\n    <\/a>\n<\/article>\n    <\/div>\n<\/div>\n\n\n<div class=\"wp-block-columns is-style-restricted-width is-layout-flex wp-container-core-columns-is-layout-9d6595d7 wp-block-columns-is-layout-flex\">\n<div class=\"wp-block-column is-layout-flow wp-block-column-is-layout-flow\">\n<figure class=\"wp-block-gallery has-nested-images columns-default wp-block-gallery-1 is-layout-flex wp-block-gallery-is-layout-flex\">\n<figure class=\"wp-block-image size-large\"><img loading=\"lazy\" decoding=\"async\" width=\"600\" height=\"600\" data-id=\"1054\" src=\"https:\/\/www.chemin-neuf.be\/wp-content\/uploads\/2021\/02\/carre-hds-jeune-prie-ss-logo.jpg\" alt=\"\" class=\"wp-image-1054\" srcset=\"https:\/\/www.chemin-neuf.be\/wp-content\/uploads\/2021\/02\/carre-hds-jeune-prie-ss-logo.jpg 600w, https:\/\/www.chemin-neuf.be\/wp-content\/uploads\/2021\/02\/carre-hds-jeune-prie-ss-logo-300x300.jpg 300w, https:\/\/www.chemin-neuf.be\/wp-content\/uploads\/2021\/02\/carre-hds-jeune-prie-ss-logo-150x150.jpg 150w\" sizes=\"auto, (max-width: 600px) 100vw, 600px\" \/><\/figure>\n\n\n\n<figure class=\"wp-block-image size-large\"><img loading=\"lazy\" decoding=\"async\" width=\"600\" height=\"600\" data-id=\"956\" src=\"https:\/\/www.chemin-neuf.be\/wp-content\/uploads\/2021\/02\/carre-MJ-parole.jpg\" alt=\"\" class=\"wp-image-956\" srcset=\"https:\/\/www.chemin-neuf.be\/wp-content\/uploads\/2021\/02\/carre-MJ-parole.jpg 600w, https:\/\/www.chemin-neuf.be\/wp-content\/uploads\/2021\/02\/carre-MJ-parole-300x300.jpg 300w, https:\/\/www.chemin-neuf.be\/wp-content\/uploads\/2021\/02\/carre-MJ-parole-150x150.jpg 150w\" sizes=\"auto, (max-width: 600px) 100vw, 600px\" \/><\/figure>\n\n\n\n<figure class=\"wp-block-image size-large\"><img loading=\"lazy\" decoding=\"async\" width=\"400\" height=\"600\" data-id=\"536\" src=\"https:\/\/www.chemin-neuf.be\/wp-content\/uploads\/2021\/02\/ccn-rectangle-MJ.jpg\" alt=\"\" class=\"wp-image-536\" srcset=\"https:\/\/www.chemin-neuf.be\/wp-content\/uploads\/2021\/02\/ccn-rectangle-MJ.jpg 400w, https:\/\/www.chemin-neuf.be\/wp-content\/uploads\/2021\/02\/ccn-rectangle-MJ-200x300.jpg 200w\" sizes=\"auto, (max-width: 400px) 100vw, 400px\" \/><\/figure>\n<\/figure>\n<\/div>\n<\/div>\n","protected":false},"excerpt":{"rendered":"<p>L&rsquo;\u00c9glise, la communaut\u00e9 chr\u00e9tienne, est n\u00e9e il y a deux mille ans de la pri\u00e8re commune des premiers chr\u00e9tiens, les disciples de J\u00e9sus. Comme \u00e0 l&rsquo;\u00e9poque, cette exp\u00e9rience se r\u00e9p\u00e8te \u00e0 nouveau ! Fid\u00e8les aux origines de la Communaut\u00e9, les fr\u00e8res et s\u0153urs de la Communaut\u00e9 et du Cercle du Chemin Neuf se retrouvent chaque [&hellip;]<\/p>\n","protected":false},"author":1,"featured_media":409,"parent":1491,"menu_order":2,"comment_status":"closed","ping_status":"closed","template":"","meta":{"_acf_changed":false,"footnotes":""},"class_list":["post-1371","page","type-page","status-publish","has-post-thumbnail","hentry"],"acf":[],"yoast_head":"<!-- This site is optimized with the Yoast SEO plugin v27.5 - https:\/\/yoast.com\/product\/yoast-seo-wordpress\/ -->\n<title>Groupes de pri\u00e8re - Chemin Neuf Belgique<\/title>\n<meta name=\"description\" content=\"L&#039;\u00c9glise, la communaut\u00e9 chr\u00e9tienne, est n\u00e9e il y a deux mille ans de la pri\u00e8re commune des premiers chr\u00e9tiens, les disciples de J\u00e9sus. Comme \u00e0 l&#039;\u00e9poque,\" \/>\n<meta name=\"robots\" content=\"index, follow, max-snippet:-1, max-image-preview:large, max-video-preview:-1\" \/>\n<link rel=\"canonical\" href=\"https:\/\/www.chemin-neuf.be\/fr\/priez-avec-nous\/groupes-de-priere\/\" \/>\n<meta property=\"og:locale\" content=\"fr_FR\" \/>\n<meta property=\"og:type\" content=\"article\" \/>\n<meta property=\"og:title\" content=\"Groupes de pri\u00e8re - Chemin Neuf Belgique\" \/>\n<meta property=\"og:description\" content=\"L&#039;\u00c9glise, la communaut\u00e9 chr\u00e9tienne, est n\u00e9e il y a deux mille ans de la pri\u00e8re commune des premiers chr\u00e9tiens, les disciples de J\u00e9sus. Comme \u00e0 l&#039;\u00e9poque,\" \/>\n<meta property=\"og:url\" content=\"https:\/\/www.chemin-neuf.be\/fr\/priez-avec-nous\/groupes-de-priere\/\" \/>\n<meta property=\"og:site_name\" content=\"Chemin Neuf Belgique\" \/>\n<meta property=\"article:modified_time\" content=\"2025-10-23T08:35:36+00:00\" \/>\n<meta property=\"og:image\" content=\"https:\/\/www.chemin-neuf.be\/wp-content\/uploads\/2021\/01\/carre-GP.jpeg\" \/>\n\t<meta property=\"og:image:width\" content=\"1920\" \/>\n\t<meta property=\"og:image:height\" content=\"1276\" \/>\n\t<meta property=\"og:image:type\" content=\"image\/jpeg\" \/>\n<meta name=\"twitter:card\" content=\"summary_large_image\" \/>\n<meta name=\"twitter:label1\" content=\"Dur\u00e9e de lecture est.\" \/>\n\t<meta name=\"twitter:data1\" content=\"2 minutes\" \/>\n<script type=\"application\/ld+json\" class=\"yoast-schema-graph\">{\"@context\":\"https:\\\/\\\/schema.org\",\"@graph\":[{\"@type\":\"WebPage\",\"@id\":\"https:\\\/\\\/www.chemin-neuf.be\\\/fr\\\/priez-avec-nous\\\/groupes-de-priere\\\/\",\"url\":\"https:\\\/\\\/www.chemin-neuf.be\\\/fr\\\/priez-avec-nous\\\/groupes-de-priere\\\/\",\"name\":\"Groupes de pri\u00e8re - Chemin Neuf Belgique\",\"isPartOf\":{\"@id\":\"https:\\\/\\\/www.chemin-neuf.be\\\/fr\\\/#website\"},\"primaryImageOfPage\":{\"@id\":\"https:\\\/\\\/www.chemin-neuf.be\\\/fr\\\/priez-avec-nous\\\/groupes-de-priere\\\/#primaryimage\"},\"image\":{\"@id\":\"https:\\\/\\\/www.chemin-neuf.be\\\/fr\\\/priez-avec-nous\\\/groupes-de-priere\\\/#primaryimage\"},\"thumbnailUrl\":\"https:\\\/\\\/www.chemin-neuf.be\\\/wp-content\\\/uploads\\\/2021\\\/01\\\/carre-GP.jpeg\",\"datePublished\":\"2021-04-12T16:28:27+00:00\",\"dateModified\":\"2025-10-23T08:35:36+00:00\",\"description\":\"L'\u00c9glise, la communaut\u00e9 chr\u00e9tienne, est n\u00e9e il y a deux mille ans de la pri\u00e8re commune des premiers chr\u00e9tiens, les disciples de J\u00e9sus. Comme \u00e0 l'\u00e9poque,\",\"breadcrumb\":{\"@id\":\"https:\\\/\\\/www.chemin-neuf.be\\\/fr\\\/priez-avec-nous\\\/groupes-de-priere\\\/#breadcrumb\"},\"inLanguage\":\"fr-BE\",\"potentialAction\":[{\"@type\":\"ReadAction\",\"target\":[\"https:\\\/\\\/www.chemin-neuf.be\\\/fr\\\/priez-avec-nous\\\/groupes-de-priere\\\/\"]}]},{\"@type\":\"ImageObject\",\"inLanguage\":\"fr-BE\",\"@id\":\"https:\\\/\\\/www.chemin-neuf.be\\\/fr\\\/priez-avec-nous\\\/groupes-de-priere\\\/#primaryimage\",\"url\":\"https:\\\/\\\/www.chemin-neuf.be\\\/wp-content\\\/uploads\\\/2021\\\/01\\\/carre-GP.jpeg\",\"contentUrl\":\"https:\\\/\\\/www.chemin-neuf.be\\\/wp-content\\\/uploads\\\/2021\\\/01\\\/carre-GP.jpeg\",\"width\":1920,\"height\":1276},{\"@type\":\"BreadcrumbList\",\"@id\":\"https:\\\/\\\/www.chemin-neuf.be\\\/fr\\\/priez-avec-nous\\\/groupes-de-priere\\\/#breadcrumb\",\"itemListElement\":[{\"@type\":\"ListItem\",\"position\":1,\"name\":\"Home\",\"item\":\"https:\\\/\\\/www.chemin-neuf.be\\\/fr\\\/\"},{\"@type\":\"ListItem\",\"position\":2,\"name\":\"Priv\u00e9\u00a0: PRIEZ\u00a0AVEC\u00a0NOUS\",\"item\":\"https:\\\/\\\/www.chemin-neuf.be\\\/fr\\\/?page_id=1491\"},{\"@type\":\"ListItem\",\"position\":3,\"name\":\"Groupes de pri\u00e8re\"}]},{\"@type\":\"WebSite\",\"@id\":\"https:\\\/\\\/www.chemin-neuf.be\\\/fr\\\/#website\",\"url\":\"https:\\\/\\\/www.chemin-neuf.be\\\/fr\\\/\",\"name\":\"Chemin Neuf Belgique\",\"description\":\"Communaut\u00e9 du Chemin Neuf en Belgique\",\"potentialAction\":[{\"@type\":\"SearchAction\",\"target\":{\"@type\":\"EntryPoint\",\"urlTemplate\":\"https:\\\/\\\/www.chemin-neuf.be\\\/fr\\\/?s={search_term_string}\"},\"query-input\":{\"@type\":\"PropertyValueSpecification\",\"valueRequired\":true,\"valueName\":\"search_term_string\"}}],\"inLanguage\":\"fr-BE\"}]}<\/script>\n<!-- \/ Yoast SEO plugin. -->","yoast_head_json":{"title":"Groupes de pri\u00e8re - Chemin Neuf Belgique","description":"L'\u00c9glise, la communaut\u00e9 chr\u00e9tienne, est n\u00e9e il y a deux mille ans de la pri\u00e8re commune des premiers chr\u00e9tiens, les disciples de J\u00e9sus. Comme \u00e0 l'\u00e9poque,","robots":{"index":"index","follow":"follow","max-snippet":"max-snippet:-1","max-image-preview":"max-image-preview:large","max-video-preview":"max-video-preview:-1"},"canonical":"https:\/\/www.chemin-neuf.be\/fr\/priez-avec-nous\/groupes-de-priere\/","og_locale":"fr_FR","og_type":"article","og_title":"Groupes de pri\u00e8re - Chemin Neuf Belgique","og_description":"L'\u00c9glise, la communaut\u00e9 chr\u00e9tienne, est n\u00e9e il y a deux mille ans de la pri\u00e8re commune des premiers chr\u00e9tiens, les disciples de J\u00e9sus. Comme \u00e0 l'\u00e9poque,","og_url":"https:\/\/www.chemin-neuf.be\/fr\/priez-avec-nous\/groupes-de-priere\/","og_site_name":"Chemin Neuf Belgique","article_modified_time":"2025-10-23T08:35:36+00:00","og_image":[{"width":1920,"height":1276,"url":"https:\/\/www.chemin-neuf.be\/wp-content\/uploads\/2021\/01\/carre-GP.jpeg","type":"image\/jpeg"}],"twitter_card":"summary_large_image","twitter_misc":{"Dur\u00e9e de lecture est.":"2 minutes"},"schema":{"@context":"https:\/\/schema.org","@graph":[{"@type":"WebPage","@id":"https:\/\/www.chemin-neuf.be\/fr\/priez-avec-nous\/groupes-de-priere\/","url":"https:\/\/www.chemin-neuf.be\/fr\/priez-avec-nous\/groupes-de-priere\/","name":"Groupes de pri\u00e8re - Chemin Neuf Belgique","isPartOf":{"@id":"https:\/\/www.chemin-neuf.be\/fr\/#website"},"primaryImageOfPage":{"@id":"https:\/\/www.chemin-neuf.be\/fr\/priez-avec-nous\/groupes-de-priere\/#primaryimage"},"image":{"@id":"https:\/\/www.chemin-neuf.be\/fr\/priez-avec-nous\/groupes-de-priere\/#primaryimage"},"thumbnailUrl":"https:\/\/www.chemin-neuf.be\/wp-content\/uploads\/2021\/01\/carre-GP.jpeg","datePublished":"2021-04-12T16:28:27+00:00","dateModified":"2025-10-23T08:35:36+00:00","description":"L'\u00c9glise, la communaut\u00e9 chr\u00e9tienne, est n\u00e9e il y a deux mille ans de la pri\u00e8re commune des premiers chr\u00e9tiens, les disciples de J\u00e9sus. Comme \u00e0 l'\u00e9poque,","breadcrumb":{"@id":"https:\/\/www.chemin-neuf.be\/fr\/priez-avec-nous\/groupes-de-priere\/#breadcrumb"},"inLanguage":"fr-BE","potentialAction":[{"@type":"ReadAction","target":["https:\/\/www.chemin-neuf.be\/fr\/priez-avec-nous\/groupes-de-priere\/"]}]},{"@type":"ImageObject","inLanguage":"fr-BE","@id":"https:\/\/www.chemin-neuf.be\/fr\/priez-avec-nous\/groupes-de-priere\/#primaryimage","url":"https:\/\/www.chemin-neuf.be\/wp-content\/uploads\/2021\/01\/carre-GP.jpeg","contentUrl":"https:\/\/www.chemin-neuf.be\/wp-content\/uploads\/2021\/01\/carre-GP.jpeg","width":1920,"height":1276},{"@type":"BreadcrumbList","@id":"https:\/\/www.chemin-neuf.be\/fr\/priez-avec-nous\/groupes-de-priere\/#breadcrumb","itemListElement":[{"@type":"ListItem","position":1,"name":"Home","item":"https:\/\/www.chemin-neuf.be\/fr\/"},{"@type":"ListItem","position":2,"name":"Priv\u00e9\u00a0: PRIEZ\u00a0AVEC\u00a0NOUS","item":"https:\/\/www.chemin-neuf.be\/fr\/?page_id=1491"},{"@type":"ListItem","position":3,"name":"Groupes de pri\u00e8re"}]},{"@type":"WebSite","@id":"https:\/\/www.chemin-neuf.be\/fr\/#website","url":"https:\/\/www.chemin-neuf.be\/fr\/","name":"Chemin Neuf Belgique","description":"Communaut\u00e9 du Chemin Neuf en Belgique","potentialAction":[{"@type":"SearchAction","target":{"@type":"EntryPoint","urlTemplate":"https:\/\/www.chemin-neuf.be\/fr\/?s={search_term_string}"},"query-input":{"@type":"PropertyValueSpecification","valueRequired":true,"valueName":"search_term_string"}}],"inLanguage":"fr-BE"}]}},"_links":{"self":[{"href":"https:\/\/www.chemin-neuf.be\/fr\/wp-json\/wp\/v2\/pages\/1371","targetHints":{"allow":["GET"]}}],"collection":[{"href":"https:\/\/www.chemin-neuf.be\/fr\/wp-json\/wp\/v2\/pages"}],"about":[{"href":"https:\/\/www.chemin-neuf.be\/fr\/wp-json\/wp\/v2\/types\/page"}],"author":[{"embeddable":true,"href":"https:\/\/www.chemin-neuf.be\/fr\/wp-json\/wp\/v2\/users\/1"}],"replies":[{"embeddable":true,"href":"https:\/\/www.chemin-neuf.be\/fr\/wp-json\/wp\/v2\/comments?post=1371"}],"version-history":[{"count":71,"href":"https:\/\/www.chemin-neuf.be\/fr\/wp-json\/wp\/v2\/pages\/1371\/revisions"}],"predecessor-version":[{"id":70530,"href":"https:\/\/www.chemin-neuf.be\/fr\/wp-json\/wp\/v2\/pages\/1371\/revisions\/70530"}],"up":[{"embeddable":true,"href":"https:\/\/www.chemin-neuf.be\/fr\/wp-json\/wp\/v2\/pages\/1491"}],"wp:featuredmedia":[{"embeddable":true,"href":"https:\/\/www.chemin-neuf.be\/fr\/wp-json\/wp\/v2\/media\/409"}],"wp:attachment":[{"href":"https:\/\/www.chemin-neuf.be\/fr\/wp-json\/wp\/v2\/media?parent=1371"}],"curies":[{"name":"wp","href":"https:\/\/api.w.org\/{rel}","templated":true}]}}