{"id":1312,"date":"2021-04-03T09:15:33","date_gmt":"2021-04-03T07:15:33","guid":{"rendered":"https:\/\/next.chemin-neuf.be\/qui-sommes-nous\/la-communaute-du-chemin-neuf-v2\/"},"modified":"2021-05-08T11:50:03","modified_gmt":"2021-05-08T09:50:03","slug":"la-communaute-du-chemin-neuf","status":"publish","type":"page","link":"https:\/\/www.chemin-neuf.be\/fr\/qui-sommes-nous\/la-communaute-du-chemin-neuf\/","title":{"rendered":"La Communaut\u00e9 <br>du Chemin Neuf"},"content":{"rendered":"\n<h3 class=\"has-text-align-center has-gray-color has-text-color wp-block-heading\"><strong>UNE COMMUNAUTE CATHOLIQUE<\/strong><br><strong>A VOCATION OECUMENIQUE<\/strong><\/h3>\n\n\n\n<div class=\"wp-block-columns is-style-default is-layout-flex wp-container-core-columns-is-layout-9d6595d7 wp-block-columns-is-layout-flex\">\n<div class=\"wp-block-column is-layout-flow wp-block-column-is-layout-flow\">\n<h4 class=\"has-text-align-center has-gray-color has-text-color wp-block-heading\"><strong>UNE <strong>DIVERSIT\u00c9 R\u00c9CONCILI\u00c9E<\/strong><span class=\"has-inline-color has-vivid-red-color\"><\/span><\/strong><\/h4>\n\n\n\n<h5 class=\"has-text-align-center wp-block-heading\"><strong>Dans une m\u00eame communaut\u00e9<\/strong><\/h5>\n\n\n\n<p><em><em>\u00ab\u00a0Oui, il est bon, il est doux pour des fr\u00e8res de vivre ensemble et d&rsquo;\u00eatre unis.\u00a0\u00bb Ps 132<\/em><\/em><\/p>\n\n\n\n<p style=\"line-height:1.6\">Couples et c\u00e9libataires consacr\u00e9s, femmes et hommes, originaires de diff\u00e9rents pays et de diff\u00e9rentes cultures, nous avons choisi l&rsquo;aventure de la vie communautaire \u00e0 la suite du Christ.<\/p>\n\n\n\n<p style=\"line-height:1.6\">R\u00e9unis dans un m\u00eame quartier ou sous un m\u00eame toit, nous exp\u00e9rimentons au quotidien que le partage multiplie. Partager ce que nous sommes nous rend davantage fr\u00e8res et s\u0153urs.<\/p>\n\n\n\n<p style=\"line-height:1.6\">Sur cet humble chemin d&rsquo;une vie quotidienne partag\u00e9e, nous exp\u00e9rimentons combien la rencontre de nos diversit\u00e9s est une richesse lorsqu&rsquo;elle passe par le creuset de la r\u00e9conciliation. De cette communion jaillit la joie et la f\u00eate qui sont au centre de notre communaut\u00e9.<\/p>\n<\/div>\n\n\n\n<div class=\"wp-block-column is-layout-flow wp-block-column-is-layout-flow\">\n<figure class=\"wp-block-gallery columns-2 is-cropped wp-block-gallery-1 is-layout-flex wp-block-gallery-is-layout-flex\"><ul class=\"blocks-gallery-grid\"><li class=\"blocks-gallery-item\"><figure><img decoding=\"async\" src=\"https:\/\/chemin-neuf.fr\/wp-content\/uploads\/2020\/11\/carre-ancel.jpg\" alt=\"\" data-id=\"1071\" data-full-url=\"https:\/\/chemin-neuf.fr\/wp-content\/uploads\/2020\/11\/carre-ancel.jpg\" data-link=\"https:\/\/chemin-neuf.fr\/qui-sommes-nous\/la-communaute\/carre-ancel\/\" class=\"wp-image-1071\"\/><\/figure><\/li><li class=\"blocks-gallery-item\"><figure><img decoding=\"async\" src=\"https:\/\/chemin-neuf.fr\/wp-content\/uploads\/2021\/02\/freres-du-Liban-1024x683.jpg\" alt=\"\" data-id=\"5802\" data-full-url=\"https:\/\/chemin-neuf.fr\/wp-content\/uploads\/2021\/02\/freres-du-Liban-scaled.jpg\" data-link=\"https:\/\/chemin-neuf.fr\/qui-sommes-nous\/la-communaute-du-chemin-neuf-v2\/freres-du-liban\/\" class=\"wp-image-5802\"\/><\/figure><\/li><li class=\"blocks-gallery-item\"><figure><img decoding=\"async\" src=\"https:\/\/chemin-neuf.fr\/wp-content\/uploads\/2020\/11\/carre-reconciliation.jpg\" alt=\"\" data-id=\"1397\" data-full-url=\"https:\/\/chemin-neuf.fr\/wp-content\/uploads\/2020\/11\/carre-reconciliation.jpg\" data-link=\"https:\/\/chemin-neuf.fr\/qui-sommes-nous\/la-communaute\/carre-reconciliation\/\" class=\"wp-image-1397\"\/><\/figure><\/li><li class=\"blocks-gallery-item\"><figure><img decoding=\"async\" src=\"https:\/\/chemin-neuf.fr\/wp-content\/uploads\/2021\/02\/agnes-de-champs-1024x681.jpeg\" alt=\"\" data-id=\"5256\" data-full-url=\"https:\/\/chemin-neuf.fr\/wp-content\/uploads\/2021\/02\/agnes-de-champs.jpeg\" data-link=\"https:\/\/chemin-neuf.fr\/qui-sommes-nous\/la-communaute\/agnes-de-champs\/\" class=\"wp-image-5256\"\/><\/figure><\/li><\/ul><\/figure>\n<\/div>\n<\/div>\n\n\n\n<div class=\"wp-block-columns is-layout-flex wp-container-core-columns-is-layout-9d6595d7 wp-block-columns-is-layout-flex\">\n<div class=\"wp-block-column is-layout-flow wp-block-column-is-layout-flow\">\n<div class=\"wp-block-group\"><div class=\"wp-block-group__inner-container is-layout-flow wp-block-group-is-layout-flow\">\n<figure class=\"wp-block-gallery aligncenter columns-2 is-cropped wp-block-gallery-2 is-layout-flex wp-block-gallery-is-layout-flex\"><ul class=\"blocks-gallery-grid\"><li class=\"blocks-gallery-item\"><figure><img decoding=\"async\" src=\"https:\/\/chemin-neuf.fr\/wp-content\/uploads\/2020\/10\/carre-office-unit\u00e9.jpg\" alt=\"\" data-id=\"645\" data-full-url=\"https:\/\/chemin-neuf.fr\/wp-content\/uploads\/2020\/10\/carre-office-unit\u00e9.jpg\" data-link=\"https:\/\/chemin-neuf.fr\/lieu\/monastere-de-bouvines\/carre-office-unite\/\" class=\"wp-image-645\"\/><\/figure><\/li><li class=\"blocks-gallery-item\"><figure><img decoding=\"async\" src=\"https:\/\/chemin-neuf.fr\/wp-content\/uploads\/2021\/02\/carre-icone-Pothieres.jpg\" alt=\"\" data-id=\"5583\" data-full-url=\"https:\/\/chemin-neuf.fr\/wp-content\/uploads\/2021\/02\/carre-icone-Pothieres.jpg\" data-link=\"https:\/\/chemin-neuf.fr\/carre-icone-pothieres\/\" class=\"wp-image-5583\"\/><\/figure><\/li><li class=\"blocks-gallery-item\"><figure><img decoding=\"async\" src=\"https:\/\/chemin-neuf.fr\/wp-content\/uploads\/2020\/11\/carre-GP.jpg\" alt=\"\" data-id=\"1657\" data-full-url=\"https:\/\/chemin-neuf.fr\/wp-content\/uploads\/2020\/11\/carre-GP.jpg\" data-link=\"https:\/\/chemin-neuf.fr\/lieu\/monastere-de-bouvines\/carre-gp\/\" class=\"wp-image-1657\"\/><\/figure><\/li><li class=\"blocks-gallery-item\"><figure><img decoding=\"async\" src=\"https:\/\/chemin-neuf.fr\/wp-content\/uploads\/2021\/02\/aa1b5e8b8a10b0a7753e192c9fc3aee3-1024x681.jpeg\" alt=\"\" data-id=\"5548\" data-full-url=\"https:\/\/chemin-neuf.fr\/wp-content\/uploads\/2021\/02\/aa1b5e8b8a10b0a7753e192c9fc3aee3.jpeg\" data-link=\"https:\/\/chemin-neuf.fr\/aa1b5e8b8a10b0a7753e192c9fc3aee3\/\" class=\"wp-image-5548\"\/><\/figure><\/li><\/ul><\/figure>\n<\/div><\/div>\n<\/div>\n\n\n\n<div class=\"wp-block-column is-layout-flow wp-block-column-is-layout-flow\">\n<h4 class=\"has-text-align-center has-gray-color has-text-color wp-block-heading\"><strong>UNE VOCATION OECUMENIQUE<\/strong><\/h4>\n\n\n\n<h5 class=\"has-text-align-center wp-block-heading\"><strong>\u00ab\u00a0Que tous soient un\u00a0\u00bb Jn 17, 21<\/strong><\/h5>\n\n\n\n<p><em>\u00ab\u00a0Nous osons croire \u00e0 l\u2019Unit\u00e9 visible de l\u2019Eglise et nous recevons comme mission d\u2019y travailler de toutes nos forces.\u00a0\u00bb<\/em> <em>Constitutions p. 20<\/em><\/p>\n\n\n\n<p style=\"line-height:1.6\">Ayant le d\u00e9sir de faire n\u00f4tre la pri\u00e8re de J\u00e9sus qui est le premier \u00e0 prier pour l\u00b4unit\u00e9, nous prions chaque jour ainsi : <em>\u00ab\u00a0Seigneur J\u00e9sus, qui as pri\u00e9 pour que tous soient un, nous te prions pour l\u2019unit\u00e9 des chr\u00e9tiens, telle que tu la veux, par les moyens que tu veux. Que ton Esprit nous donne d\u2019\u00e9prouver la souffrance de la s\u00e9paration, de voir notre p\u00e9ch\u00e9, et d\u2019esp\u00e9rer au-del\u00e0 de toute esp\u00e9rance. Amen\u00a0\u00bb<\/em><\/p>\n\n\n\n<p style=\"line-height:1.6\"><em>\u201cTout ce que nous pouvons faire ensemble, faisons-le.\u201d<\/em> Catholiques, protestants, \u00e9vang\u00e9liques, pentec\u00f4tistes, orthodoxes et anglicans, nous partageons notre vie quotidienne et portons ensemble nos missions, afin de t\u00e9moigner ensemble de l\u00b4amour du P\u00e8re pour tous ses enfants.&nbsp;<br>Sur ce chemin, nous proposons diverses formations \u0153cum\u00e9niques et nous souhaitons engager nos \u00c9glises avec nous et tisser des liens forts avec celles qui nous entourent.<\/p>\n<\/div>\n<\/div>\n\n\n\n<div class=\"wp-block-columns is-layout-flex wp-container-core-columns-is-layout-9d6595d7 wp-block-columns-is-layout-flex\">\n<div class=\"wp-block-column is-layout-flow wp-block-column-is-layout-flow\">\n<h4 class=\"has-text-align-center has-gray-color has-text-color wp-block-heading\"><strong>UNE DYNAMIQUE <strong>MISSIONNAIRE<\/strong><span class=\"has-inline-color has-vivid-red-color\"><\/span><\/strong><\/h4>\n\n\n\n<h5 class=\"has-text-align-center wp-block-heading\"><strong>Au service de l\u2019\u00c9glise et du monde<\/strong><\/h5>\n\n\n\n<p><em>\u00ab\u00a0Attach\u00e9s \u00e0 lui, nous avons le courage de mettre tous nos charismes au service des autres.\u00a0\u00bb<\/em> <em>Pape Fran\u00e7ois<\/em><\/p>\n\n\n\n<p style=\"line-height:1.6\">En r\u00e9ponse \u00e0 l&rsquo;appel du Christ et de l&rsquo;\u00c9glise, nous engageons nos vies pour \u00eatre au service des hommes et des femmes de notre temps, l\u00e0 o\u00f9 l&rsquo;Esprit nous envoie et nous conduit&nbsp;: au coin de la rue ou \u00e0 l&rsquo;autre bout du monde, dans les paroisses confi\u00e9es \u00e0 la Communaut\u00e9 ou dans la vie professionnelle, dans nos lieux de formations, foyers d\u2019\u00e9tudiants ou \u00e9coles de disciples, comme aupr\u00e8s des enfants de la rue.<\/p>\n\n\n\n<p style=\"line-height:1.6\">Ensemble ou individuellement, chacun avec son propre charisme, nous d\u00e9sirons \u00ab\u00a0\u00eatre tout \u00e0 tous\u00a0\u00bb et annoncer le Christ. Avec audace et ardeur, nous osons t\u00e9moigner du feu qui nous anime aupr\u00e8s des jeunes, familles, professionnels, retrait\u00e9s, adolescents&#8230;<\/p>\n<\/div>\n\n\n\n<div class=\"wp-block-column is-layout-flow wp-block-column-is-layout-flow\">\n<figure class=\"wp-block-gallery columns-2 is-cropped wp-block-gallery-3 is-layout-flex wp-block-gallery-is-layout-flex\"><ul class=\"blocks-gallery-grid\"><li class=\"blocks-gallery-item\"><figure><img decoding=\"async\" src=\"https:\/\/chemin-neuf.fr\/wp-content\/uploads\/2020\/11\/carre-soeurs.jpg\" alt=\"\" data-id=\"1073\" data-full-url=\"https:\/\/chemin-neuf.fr\/wp-content\/uploads\/2020\/11\/carre-soeurs.jpg\" data-link=\"https:\/\/chemin-neuf.fr\/qui-sommes-nous\/la-communaute\/carre-soeurs\/\" class=\"wp-image-1073\"\/><\/figure><\/li><li class=\"blocks-gallery-item\"><figure><img decoding=\"async\" src=\"https:\/\/chemin-neuf.fr\/wp-content\/uploads\/2021\/02\/carre-jet-afrique.jpg\" alt=\"\" data-id=\"5554\" data-full-url=\"https:\/\/chemin-neuf.fr\/wp-content\/uploads\/2021\/02\/carre-jet-afrique.jpg\" data-link=\"https:\/\/chemin-neuf.fr\/carre-jet-afrique\/\" class=\"wp-image-5554\"\/><\/figure><\/li><li class=\"blocks-gallery-item\"><figure><img decoding=\"async\" src=\"https:\/\/chemin-neuf.fr\/wp-content\/uploads\/2020\/12\/370x600-carre-MJ-parole.jpg\" alt=\"\" data-id=\"3166\" data-full-url=\"https:\/\/chemin-neuf.fr\/wp-content\/uploads\/2020\/12\/370x600-carre-MJ-parole.jpg\" data-link=\"https:\/\/chemin-neuf.fr\/monastere-invisible\/370x600-carre-mj-parole\/\" class=\"wp-image-3166\"\/><\/figure><\/li><li class=\"blocks-gallery-item\"><figure><img decoding=\"async\" src=\"https:\/\/chemin-neuf.fr\/wp-content\/uploads\/2020\/12\/carre-marina-bdef.jpg\" alt=\"\" data-id=\"2774\" data-full-url=\"https:\/\/chemin-neuf.fr\/wp-content\/uploads\/2020\/12\/carre-marina-bdef.jpg\" data-link=\"https:\/\/chemin-neuf.fr\/nos-propositions\/art-et-liturgie\/carre-marina-bdef\/\" class=\"wp-image-2774\"\/><\/figure><\/li><\/ul><\/figure>\n<\/div>\n<\/div>\n\n\n\n<div class=\"wp-block-columns is-layout-flex wp-container-core-columns-is-layout-9d6595d7 wp-block-columns-is-layout-flex\">\n<div class=\"wp-block-column is-layout-flow wp-block-column-is-layout-flow\">\n<div class=\"wp-block-group\"><div class=\"wp-block-group__inner-container is-layout-flow wp-block-group-is-layout-flow\">\n<figure class=\"wp-block-gallery aligncenter columns-2 is-cropped wp-block-gallery-4 is-layout-flex wp-block-gallery-is-layout-flex\"><ul class=\"blocks-gallery-grid\"><li class=\"blocks-gallery-item\"><figure><img decoding=\"async\" src=\"https:\/\/chemin-neuf.fr\/wp-content\/uploads\/2020\/11\/carre-Fran\u00e7ois-M-ens..jpg\" alt=\"\" data-id=\"2621\" data-full-url=\"https:\/\/chemin-neuf.fr\/wp-content\/uploads\/2020\/11\/carre-Fran\u00e7ois-M-ens..jpg\" data-link=\"https:\/\/chemin-neuf.fr\/nos-propositions\/en-paroisse\/carre-francois-m-ens\/\" class=\"wp-image-2621\"\/><\/figure><\/li><li class=\"blocks-gallery-item\"><figure><img decoding=\"async\" src=\"https:\/\/chemin-neuf.fr\/wp-content\/uploads\/2021\/01\/communaut\u00e9-prie-1024x683.jpeg\" alt=\"\" data-id=\"4457\" data-full-url=\"https:\/\/chemin-neuf.fr\/wp-content\/uploads\/2021\/01\/communaut\u00e9-prie.jpeg\" data-link=\"https:\/\/chemin-neuf.fr\/qui-sommes-nous\/la-communion\/communaute-prie\/\" class=\"wp-image-4457\"\/><\/figure><\/li><li class=\"blocks-gallery-item\"><figure><img decoding=\"async\" src=\"https:\/\/chemin-neuf.fr\/wp-content\/uploads\/2021\/02\/carre-famille-Peter-1.jpg\" alt=\"\" data-id=\"5820\" data-full-url=\"https:\/\/chemin-neuf.fr\/wp-content\/uploads\/2021\/02\/carre-famille-Peter-1.jpg\" data-link=\"https:\/\/chemin-neuf.fr\/qui-sommes-nous\/la-communaute-du-chemin-neuf-v2\/carre-famille-peter-2\/\" class=\"wp-image-5820\"\/><\/figure><\/li><li class=\"blocks-gallery-item\"><figure><img decoding=\"async\" src=\"https:\/\/chemin-neuf.fr\/wp-content\/uploads\/2021\/02\/carre-engagements.jpg\" alt=\"\" data-id=\"5675\" data-full-url=\"https:\/\/chemin-neuf.fr\/wp-content\/uploads\/2021\/02\/carre-engagements.jpg\" data-link=\"https:\/\/chemin-neuf.fr\/qui-sommes-nous\/la-communaute-du-chemin-neuf-v2\/carre-engagements\/\" class=\"wp-image-5675\"\/><\/figure><\/li><\/ul><\/figure>\n<\/div><\/div>\n<\/div>\n\n\n\n<div class=\"wp-block-column is-layout-flow wp-block-column-is-layout-flow\">\n<h4 class=\"has-text-align-center has-gray-color has-text-color wp-block-heading\"><strong>QUELQUES CHIFFRES<\/strong><\/h4>\n\n\n\n<p style=\"line-height:1.6\">2400 personnes sont engag\u00e9es dans la communaut\u00e9 pr\u00e9sente dans 30 pays, soit 80 dioc\u00e8ses ; parmi elles, 400 c\u00e9libataires consacr\u00e9s, dont 120 pr\u00eatres. Une centaine de fr\u00e8res et s\u0153urs poursuivent leurs \u00e9tudes philosophiques et th\u00e9ologiques dans diff\u00e9rentes universit\u00e9s ou leur formation spirituelle et communautaire dans les centres de la communaut\u00e9.<br>La Communion du Chemin Neuf regroupe 3000 membres qui sans \u00eatre communautaires, partagent la mission et la spiritualit\u00e9 de la communaut\u00e9.<\/p>\n\n\n\n<p style=\"line-height:1.6\">Dans le cadre de sa mission aupr\u00e8s des jeunes, la communaut\u00e9 anime 25 foyers d&rsquo;\u00e9tudiants et organise des festivals d&rsquo;\u00e9t\u00e9 qui rassemblent plusieurs milliers de jeunes. Chaque ann\u00e9e, elle envoie une vingtaine de jeunes en mission de solidarit\u00e9 internationale dans une dizaine de pays.<br>La Mission Cana, pr\u00e9sente dans 50 pays, regroupe 5000 couples engag\u00e9s de part le monde. Chaque ann\u00e9e, elle organise plus de 450 sessions et retraites pour couples et familles.<br>Depuis 1995, 30 paroisses ont \u00e9t\u00e9 confi\u00e9es \u00e0 la communaut\u00e9 dans une douzaine de pays.<\/p>\n\n\n\n<p style=\"line-height:1.6\">La communaut\u00e9 anime 8 centres de formation ouverts \u00e0 tous et poursuit la mission de diff\u00e9rentes congr\u00e9gations dans 17 abbayes. Par ailleurs, 51 maisons d&rsquo;accueil permettent le d\u00e9ploiement de la vie communautaire et de ses missions.<\/p>\n\n\n\n<div style=\"height:10px\" aria-hidden=\"true\" class=\"wp-block-spacer\"><\/div>\n<\/div>\n<\/div>\n\n\n\n<h4 class=\"has-text-align-center has-gray-color has-text-color wp-block-heading\"><span style=\"color:#5d6266\" class=\"has-inline-color\">Suscit\u00e9e par l\u2019Esprit-Saint, <\/span><br><span style=\"color:#5d6266\" class=\"has-inline-color\">la Communaut\u00e9 du Chemin Neuf est n\u00e9e<\/span><br><span style=\"color:#5d6266\" class=\"has-inline-color\">pour porter les d\u00e9fis de l\u2019\u00c9glise <\/span><br><span style=\"color:#5d6266\" class=\"has-inline-color\">et du monde de notre temps.<\/span><\/h4>\n\n\n\n<figure class=\"wp-block-gallery columns-3 is-cropped wp-block-gallery-5 is-layout-flex wp-block-gallery-is-layout-flex\"><ul class=\"blocks-gallery-grid\"><li class=\"blocks-gallery-item\"><figure><img decoding=\"async\" src=\"https:\/\/chemin-neuf.fr\/wp-content\/uploads\/2021\/01\/f025bd1d3293d7813ae74b42fe13ded7-1024x683.jpeg\" alt=\"\" data-id=\"4871\" data-full-url=\"https:\/\/chemin-neuf.fr\/wp-content\/uploads\/2021\/01\/f025bd1d3293d7813ae74b42fe13ded7.jpeg\" data-link=\"https:\/\/chemin-neuf.fr\/qui-sommes-nous\/la-communaute\/f025bd1d3293d7813ae74b42fe13ded7\/\" class=\"wp-image-4871\"\/><\/figure><\/li><li class=\"blocks-gallery-item\"><figure><img decoding=\"async\" src=\"https:\/\/chemin-neuf.fr\/wp-content\/uploads\/2021\/02\/carre-photos-formation-HDS-2.jpg\" alt=\"\" data-id=\"5237\" data-full-url=\"https:\/\/chemin-neuf.fr\/wp-content\/uploads\/2021\/02\/carre-photos-formation-HDS-2.jpg\" data-link=\"https:\/\/chemin-neuf.fr\/qui-sommes-nous\/la-communaute\/carre-photos-formation-hds-2\/\" class=\"wp-image-5237\"\/><\/figure><\/li><li class=\"blocks-gallery-item\"><figure><img decoding=\"async\" src=\"https:\/\/chemin-neuf.fr\/wp-content\/uploads\/2021\/02\/celib-ccn-bresil.jpg\" alt=\"\" data-id=\"5255\" data-full-url=\"https:\/\/chemin-neuf.fr\/wp-content\/uploads\/2021\/02\/celib-ccn-bresil.jpg\" data-link=\"https:\/\/chemin-neuf.fr\/qui-sommes-nous\/la-communaute\/celib-ccn-bresil-2\/\" class=\"wp-image-5255\"\/><\/figure><\/li><li class=\"blocks-gallery-item\"><figure><img decoding=\"async\" src=\"https:\/\/chemin-neuf.fr\/wp-content\/uploads\/2021\/01\/1-23.jpg\" alt=\"\" data-id=\"4877\" data-full-url=\"https:\/\/chemin-neuf.fr\/wp-content\/uploads\/2021\/01\/1-23.jpg\" data-link=\"https:\/\/chemin-neuf.fr\/qui-sommes-nous\/la-communaute\/1-23\/\" class=\"wp-image-4877\"\/><\/figure><\/li><li class=\"blocks-gallery-item\"><figure><img decoding=\"async\" src=\"https:\/\/chemin-neuf.fr\/wp-content\/uploads\/2021\/02\/carre-plantin.jpg\" alt=\"\" data-id=\"5556\" data-full-url=\"https:\/\/chemin-neuf.fr\/wp-content\/uploads\/2021\/02\/carre-plantin.jpg\" data-link=\"https:\/\/chemin-neuf.fr\/carre-plantin\/\" class=\"wp-image-5556\"\/><\/figure><\/li><li class=\"blocks-gallery-item\"><figure><img decoding=\"async\" src=\"https:\/\/chemin-neuf.fr\/wp-content\/uploads\/2021\/02\/carre-zrg-enfants.jpg\" alt=\"\" data-id=\"5271\" data-full-url=\"https:\/\/chemin-neuf.fr\/wp-content\/uploads\/2021\/02\/carre-zrg-enfants.jpg\" data-link=\"https:\/\/chemin-neuf.fr\/qui-sommes-nous\/la-communaute\/carre-zrg-enfants\/\" class=\"wp-image-5271\"\/><\/figure><\/li><li class=\"blocks-gallery-item\"><figure><img decoding=\"async\" src=\"https:\/\/chemin-neuf.fr\/wp-content\/uploads\/2021\/02\/39c8dadf161dec28a6b3909416592e6a-1024x683.jpeg\" alt=\"\" data-id=\"5241\" data-full-url=\"https:\/\/chemin-neuf.fr\/wp-content\/uploads\/2021\/02\/39c8dadf161dec28a6b3909416592e6a.jpeg\" data-link=\"https:\/\/chemin-neuf.fr\/39c8dadf161dec28a6b3909416592e6a\/\" class=\"wp-image-5241\"\/><\/figure><\/li><li class=\"blocks-gallery-item\"><figure><img decoding=\"async\" src=\"https:\/\/chemin-neuf.fr\/wp-content\/uploads\/2021\/02\/carre-croix-et-mains.jpg\" alt=\"\" data-id=\"5558\" data-full-url=\"https:\/\/chemin-neuf.fr\/wp-content\/uploads\/2021\/02\/carre-croix-et-mains.jpg\" data-link=\"https:\/\/chemin-neuf.fr\/carre-croix-et-mains\/\" class=\"wp-image-5558\"\/><\/figure><\/li><li class=\"blocks-gallery-item\"><figure><img decoding=\"async\" src=\"https:\/\/chemin-neuf.fr\/wp-content\/uploads\/2021\/02\/carre-couple-Bougeard.jpg\" alt=\"\" data-id=\"5564\" data-full-url=\"https:\/\/chemin-neuf.fr\/wp-content\/uploads\/2021\/02\/carre-couple-Bougeard.jpg\" data-link=\"https:\/\/chemin-neuf.fr\/carre-couple-bougeard\/\" class=\"wp-image-5564\"\/><\/figure><\/li><li class=\"blocks-gallery-item\"><figure><img decoding=\"async\" src=\"https:\/\/chemin-neuf.fr\/wp-content\/uploads\/2021\/02\/carre-service-2.jpg\" alt=\"\" data-id=\"5560\" data-full-url=\"https:\/\/chemin-neuf.fr\/wp-content\/uploads\/2021\/02\/carre-service-2.jpg\" data-link=\"https:\/\/chemin-neuf.fr\/carre-service-2\/\" class=\"wp-image-5560\"\/><\/figure><\/li><li class=\"blocks-gallery-item\"><figure><img decoding=\"async\" src=\"https:\/\/chemin-neuf.fr\/wp-content\/uploads\/2021\/02\/carre-vaiselle.jpg\" alt=\"\" data-id=\"5260\" data-full-url=\"https:\/\/chemin-neuf.fr\/wp-content\/uploads\/2021\/02\/carre-vaiselle.jpg\" data-link=\"https:\/\/chemin-neuf.fr\/carre-vaiselle\/\" class=\"wp-image-5260\"\/><\/figure><\/li><li class=\"blocks-gallery-item\"><figure><img decoding=\"async\" src=\"https:\/\/chemin-neuf.fr\/wp-content\/uploads\/2021\/02\/carre-itd-scriptorium.jpg\" alt=\"\" data-id=\"5566\" data-full-url=\"https:\/\/chemin-neuf.fr\/wp-content\/uploads\/2021\/02\/carre-itd-scriptorium.jpg\" data-link=\"https:\/\/chemin-neuf.fr\/carre-itd-scriptorium\/\" class=\"wp-image-5566\"\/><\/figure><\/li><\/ul><\/figure>\n","protected":false},"excerpt":{"rendered":"<p>UNE COMMUNAUTE CATHOLIQUEA VOCATION OECUMENIQUE UNE DIVERSIT\u00c9 R\u00c9CONCILI\u00c9E Dans une m\u00eame communaut\u00e9 \u00ab\u00a0Oui, il est bon, il est doux pour des fr\u00e8res de vivre ensemble et d&rsquo;\u00eatre unis.\u00a0\u00bb Ps 132 Couples et c\u00e9libataires consacr\u00e9s, femmes et hommes, originaires de diff\u00e9rents pays et de diff\u00e9rentes cultures, nous avons choisi l&rsquo;aventure de la vie communautaire \u00e0 la [&hellip;]<\/p>\n","protected":false},"author":1,"featured_media":1323,"parent":12,"menu_order":2,"comment_status":"closed","ping_status":"closed","template":"","meta":{"_acf_changed":false,"footnotes":""},"class_list":["post-1312","page","type-page","status-publish","has-post-thumbnail","hentry"],"acf":[],"yoast_head":"<!-- This site is optimized with the Yoast SEO plugin v27.5 - https:\/\/yoast.com\/product\/yoast-seo-wordpress\/ -->\n<title>La Communaut\u00e9 du Chemin Neuf - Chemin Neuf Belgique<\/title>\n<meta name=\"description\" content=\"UNE COMMUNAUTE CATHOLIQUEA VOCATION OECUMENIQUE UNE DIVERSIT\u00c9 R\u00c9CONCILI\u00c9E Dans une m\u00eame communaut\u00e9 &quot;Oui, il est bon, il est doux pour des fr\u00e8res de vivre\" \/>\n<meta name=\"robots\" content=\"index, follow, max-snippet:-1, max-image-preview:large, max-video-preview:-1\" \/>\n<link rel=\"canonical\" href=\"https:\/\/www.chemin-neuf.be\/fr\/qui-sommes-nous\/la-communaute-du-chemin-neuf\/\" \/>\n<meta property=\"og:locale\" content=\"fr_FR\" \/>\n<meta property=\"og:type\" content=\"article\" \/>\n<meta property=\"og:title\" content=\"La Communaut\u00e9 du Chemin Neuf - Chemin Neuf Belgique\" \/>\n<meta property=\"og:description\" content=\"UNE COMMUNAUTE CATHOLIQUEA VOCATION OECUMENIQUE UNE DIVERSIT\u00c9 R\u00c9CONCILI\u00c9E Dans une m\u00eame communaut\u00e9 &quot;Oui, il est bon, il est doux pour des fr\u00e8res de vivre\" \/>\n<meta property=\"og:url\" content=\"https:\/\/www.chemin-neuf.be\/fr\/qui-sommes-nous\/la-communaute-du-chemin-neuf\/\" \/>\n<meta property=\"og:site_name\" content=\"Chemin Neuf Belgique\" \/>\n<meta property=\"article:modified_time\" content=\"2021-05-08T09:50:03+00:00\" \/>\n<meta property=\"og:image\" content=\"https:\/\/www.chemin-neuf.be\/wp-content\/uploads\/2021\/04\/chemin-neuf-assemble-danse.jpeg\" \/>\n\t<meta property=\"og:image:width\" content=\"1993\" \/>\n\t<meta property=\"og:image:height\" content=\"1329\" \/>\n\t<meta property=\"og:image:type\" content=\"image\/jpeg\" \/>\n<meta name=\"twitter:card\" content=\"summary_large_image\" \/>\n<meta name=\"twitter:label1\" content=\"Dur\u00e9e de lecture est.\" \/>\n\t<meta name=\"twitter:data1\" content=\"9 minutes\" \/>\n<script type=\"application\/ld+json\" class=\"yoast-schema-graph\">{\"@context\":\"https:\\\/\\\/schema.org\",\"@graph\":[{\"@type\":\"WebPage\",\"@id\":\"https:\\\/\\\/www.chemin-neuf.be\\\/fr\\\/qui-sommes-nous\\\/la-communaute-du-chemin-neuf\\\/\",\"url\":\"https:\\\/\\\/www.chemin-neuf.be\\\/fr\\\/qui-sommes-nous\\\/la-communaute-du-chemin-neuf\\\/\",\"name\":\"La Communaut\u00e9 du Chemin Neuf - Chemin Neuf Belgique\",\"isPartOf\":{\"@id\":\"https:\\\/\\\/www.chemin-neuf.be\\\/fr\\\/#website\"},\"primaryImageOfPage\":{\"@id\":\"https:\\\/\\\/www.chemin-neuf.be\\\/fr\\\/qui-sommes-nous\\\/la-communaute-du-chemin-neuf\\\/#primaryimage\"},\"image\":{\"@id\":\"https:\\\/\\\/www.chemin-neuf.be\\\/fr\\\/qui-sommes-nous\\\/la-communaute-du-chemin-neuf\\\/#primaryimage\"},\"thumbnailUrl\":\"https:\\\/\\\/www.chemin-neuf.be\\\/wp-content\\\/uploads\\\/2021\\\/04\\\/chemin-neuf-assemble-danse.jpeg\",\"datePublished\":\"2021-04-03T07:15:33+00:00\",\"dateModified\":\"2021-05-08T09:50:03+00:00\",\"description\":\"UNE COMMUNAUTE CATHOLIQUEA VOCATION OECUMENIQUE UNE DIVERSIT\u00c9 R\u00c9CONCILI\u00c9E Dans une m\u00eame communaut\u00e9 \\\"Oui, il est bon, il est doux pour des fr\u00e8res de vivre\",\"breadcrumb\":{\"@id\":\"https:\\\/\\\/www.chemin-neuf.be\\\/fr\\\/qui-sommes-nous\\\/la-communaute-du-chemin-neuf\\\/#breadcrumb\"},\"inLanguage\":\"fr-BE\",\"potentialAction\":[{\"@type\":\"ReadAction\",\"target\":[\"https:\\\/\\\/www.chemin-neuf.be\\\/fr\\\/qui-sommes-nous\\\/la-communaute-du-chemin-neuf\\\/\"]}]},{\"@type\":\"ImageObject\",\"inLanguage\":\"fr-BE\",\"@id\":\"https:\\\/\\\/www.chemin-neuf.be\\\/fr\\\/qui-sommes-nous\\\/la-communaute-du-chemin-neuf\\\/#primaryimage\",\"url\":\"https:\\\/\\\/www.chemin-neuf.be\\\/wp-content\\\/uploads\\\/2021\\\/04\\\/chemin-neuf-assemble-danse.jpeg\",\"contentUrl\":\"https:\\\/\\\/www.chemin-neuf.be\\\/wp-content\\\/uploads\\\/2021\\\/04\\\/chemin-neuf-assemble-danse.jpeg\",\"width\":1920,\"height\":1280},{\"@type\":\"BreadcrumbList\",\"@id\":\"https:\\\/\\\/www.chemin-neuf.be\\\/fr\\\/qui-sommes-nous\\\/la-communaute-du-chemin-neuf\\\/#breadcrumb\",\"itemListElement\":[{\"@type\":\"ListItem\",\"position\":1,\"name\":\"Home\",\"item\":\"https:\\\/\\\/www.chemin-neuf.be\\\/fr\\\/\"},{\"@type\":\"ListItem\",\"position\":2,\"name\":\"Priv\u00e9\u00a0: QUI SOMMES NOUS ?\",\"item\":\"https:\\\/\\\/www.chemin-neuf.be\\\/fr\\\/qui-sommes-nous\\\/\"},{\"@type\":\"ListItem\",\"position\":3,\"name\":\"La Communaut\u00e9 du Chemin Neuf\"}]},{\"@type\":\"WebSite\",\"@id\":\"https:\\\/\\\/www.chemin-neuf.be\\\/fr\\\/#website\",\"url\":\"https:\\\/\\\/www.chemin-neuf.be\\\/fr\\\/\",\"name\":\"Chemin Neuf Belgique\",\"description\":\"Communaut\u00e9 du Chemin Neuf en Belgique\",\"potentialAction\":[{\"@type\":\"SearchAction\",\"target\":{\"@type\":\"EntryPoint\",\"urlTemplate\":\"https:\\\/\\\/www.chemin-neuf.be\\\/fr\\\/?s={search_term_string}\"},\"query-input\":{\"@type\":\"PropertyValueSpecification\",\"valueRequired\":true,\"valueName\":\"search_term_string\"}}],\"inLanguage\":\"fr-BE\"}]}<\/script>\n<!-- \/ Yoast SEO plugin. -->","yoast_head_json":{"title":"La Communaut\u00e9 du Chemin Neuf - Chemin Neuf Belgique","description":"UNE COMMUNAUTE CATHOLIQUEA VOCATION OECUMENIQUE UNE DIVERSIT\u00c9 R\u00c9CONCILI\u00c9E Dans une m\u00eame communaut\u00e9 \"Oui, il est bon, il est doux pour des fr\u00e8res de vivre","robots":{"index":"index","follow":"follow","max-snippet":"max-snippet:-1","max-image-preview":"max-image-preview:large","max-video-preview":"max-video-preview:-1"},"canonical":"https:\/\/www.chemin-neuf.be\/fr\/qui-sommes-nous\/la-communaute-du-chemin-neuf\/","og_locale":"fr_FR","og_type":"article","og_title":"La Communaut\u00e9 du Chemin Neuf - Chemin Neuf Belgique","og_description":"UNE COMMUNAUTE CATHOLIQUEA VOCATION OECUMENIQUE UNE DIVERSIT\u00c9 R\u00c9CONCILI\u00c9E Dans une m\u00eame communaut\u00e9 \"Oui, il est bon, il est doux pour des fr\u00e8res de vivre","og_url":"https:\/\/www.chemin-neuf.be\/fr\/qui-sommes-nous\/la-communaute-du-chemin-neuf\/","og_site_name":"Chemin Neuf Belgique","article_modified_time":"2021-05-08T09:50:03+00:00","og_image":[{"width":1993,"height":1329,"url":"https:\/\/www.chemin-neuf.be\/wp-content\/uploads\/2021\/04\/chemin-neuf-assemble-danse.jpeg","type":"image\/jpeg"}],"twitter_card":"summary_large_image","twitter_misc":{"Dur\u00e9e de lecture est.":"9 minutes"},"schema":{"@context":"https:\/\/schema.org","@graph":[{"@type":"WebPage","@id":"https:\/\/www.chemin-neuf.be\/fr\/qui-sommes-nous\/la-communaute-du-chemin-neuf\/","url":"https:\/\/www.chemin-neuf.be\/fr\/qui-sommes-nous\/la-communaute-du-chemin-neuf\/","name":"La Communaut\u00e9 du Chemin Neuf - Chemin Neuf Belgique","isPartOf":{"@id":"https:\/\/www.chemin-neuf.be\/fr\/#website"},"primaryImageOfPage":{"@id":"https:\/\/www.chemin-neuf.be\/fr\/qui-sommes-nous\/la-communaute-du-chemin-neuf\/#primaryimage"},"image":{"@id":"https:\/\/www.chemin-neuf.be\/fr\/qui-sommes-nous\/la-communaute-du-chemin-neuf\/#primaryimage"},"thumbnailUrl":"https:\/\/www.chemin-neuf.be\/wp-content\/uploads\/2021\/04\/chemin-neuf-assemble-danse.jpeg","datePublished":"2021-04-03T07:15:33+00:00","dateModified":"2021-05-08T09:50:03+00:00","description":"UNE COMMUNAUTE CATHOLIQUEA VOCATION OECUMENIQUE UNE DIVERSIT\u00c9 R\u00c9CONCILI\u00c9E Dans une m\u00eame communaut\u00e9 \"Oui, il est bon, il est doux pour des fr\u00e8res de vivre","breadcrumb":{"@id":"https:\/\/www.chemin-neuf.be\/fr\/qui-sommes-nous\/la-communaute-du-chemin-neuf\/#breadcrumb"},"inLanguage":"fr-BE","potentialAction":[{"@type":"ReadAction","target":["https:\/\/www.chemin-neuf.be\/fr\/qui-sommes-nous\/la-communaute-du-chemin-neuf\/"]}]},{"@type":"ImageObject","inLanguage":"fr-BE","@id":"https:\/\/www.chemin-neuf.be\/fr\/qui-sommes-nous\/la-communaute-du-chemin-neuf\/#primaryimage","url":"https:\/\/www.chemin-neuf.be\/wp-content\/uploads\/2021\/04\/chemin-neuf-assemble-danse.jpeg","contentUrl":"https:\/\/www.chemin-neuf.be\/wp-content\/uploads\/2021\/04\/chemin-neuf-assemble-danse.jpeg","width":1920,"height":1280},{"@type":"BreadcrumbList","@id":"https:\/\/www.chemin-neuf.be\/fr\/qui-sommes-nous\/la-communaute-du-chemin-neuf\/#breadcrumb","itemListElement":[{"@type":"ListItem","position":1,"name":"Home","item":"https:\/\/www.chemin-neuf.be\/fr\/"},{"@type":"ListItem","position":2,"name":"Priv\u00e9\u00a0: QUI SOMMES NOUS ?","item":"https:\/\/www.chemin-neuf.be\/fr\/qui-sommes-nous\/"},{"@type":"ListItem","position":3,"name":"La Communaut\u00e9 du Chemin Neuf"}]},{"@type":"WebSite","@id":"https:\/\/www.chemin-neuf.be\/fr\/#website","url":"https:\/\/www.chemin-neuf.be\/fr\/","name":"Chemin Neuf Belgique","description":"Communaut\u00e9 du Chemin Neuf en Belgique","potentialAction":[{"@type":"SearchAction","target":{"@type":"EntryPoint","urlTemplate":"https:\/\/www.chemin-neuf.be\/fr\/?s={search_term_string}"},"query-input":{"@type":"PropertyValueSpecification","valueRequired":true,"valueName":"search_term_string"}}],"inLanguage":"fr-BE"}]}},"_links":{"self":[{"href":"https:\/\/www.chemin-neuf.be\/fr\/wp-json\/wp\/v2\/pages\/1312","targetHints":{"allow":["GET"]}}],"collection":[{"href":"https:\/\/www.chemin-neuf.be\/fr\/wp-json\/wp\/v2\/pages"}],"about":[{"href":"https:\/\/www.chemin-neuf.be\/fr\/wp-json\/wp\/v2\/types\/page"}],"author":[{"embeddable":true,"href":"https:\/\/www.chemin-neuf.be\/fr\/wp-json\/wp\/v2\/users\/1"}],"replies":[{"embeddable":true,"href":"https:\/\/www.chemin-neuf.be\/fr\/wp-json\/wp\/v2\/comments?post=1312"}],"version-history":[{"count":4,"href":"https:\/\/www.chemin-neuf.be\/fr\/wp-json\/wp\/v2\/pages\/1312\/revisions"}],"predecessor-version":[{"id":2876,"href":"https:\/\/www.chemin-neuf.be\/fr\/wp-json\/wp\/v2\/pages\/1312\/revisions\/2876"}],"up":[{"embeddable":true,"href":"https:\/\/www.chemin-neuf.be\/fr\/wp-json\/wp\/v2\/pages\/12"}],"wp:featuredmedia":[{"embeddable":true,"href":"https:\/\/www.chemin-neuf.be\/fr\/wp-json\/wp\/v2\/media\/1323"}],"wp:attachment":[{"href":"https:\/\/www.chemin-neuf.be\/fr\/wp-json\/wp\/v2\/media?parent=1312"}],"curies":[{"name":"wp","href":"https:\/\/api.w.org\/{rel}","templated":true}]}}