{"id":1283,"date":"2021-03-25T15:56:36","date_gmt":"2021-03-25T14:56:36","guid":{"rendered":"https:\/\/next.chemin-neuf.be\/test-sample-page\/monastere-invisible\/"},"modified":"2021-05-08T12:02:23","modified_gmt":"2021-05-08T10:02:23","slug":"monastere-invisible","status":"publish","type":"page","link":"https:\/\/www.chemin-neuf.be\/fr\/qui-sommes-nous\/monastere-invisible\/","title":{"rendered":"Monast\u00e8re invisible"},"content":{"rendered":"\n<h3 class=\"has-text-align-center has-orange-color has-text-color wp-block-heading\"><strong>Unis par une m\u00eame vision,<\/strong><br><strong>Une m\u00eame passion,<br>Une m\u00eame mission !<\/strong><\/h3>\n\n\n\n<div class=\"wp-block-media-text alignwide is-stacked-on-mobile\"><figure class=\"wp-block-media-text__media\"><img decoding=\"async\" src=\"http:\/\/chemin-neuf.fr\/wp-content\/uploads\/2020\/10\/carre-office-unit\u00e9.jpg\" alt=\"\" class=\"wp-image-645 size-full\"\/><\/figure><div class=\"wp-block-media-text__content\">\n<h3 class=\"wp-block-heading\">La vision<strong> <\/strong>du<br><strong>\u00ab\u00a0Monast\u00e8re invisible\u00a0\u00bb<\/strong><\/h3>\n\n\n\n<p>Paul Couturier, pr\u00eatre fran\u00e7ais et pionnier de l\u2019 \u00ab\u0153cum\u00e9nisme spirituel\u00bb en 1944 partage sa vision :<br>\u00ab&nbsp;<em>Si chaque jeudi soir, comm\u00e9moraison hebdomadaire du Grand Jeudi, une multitude toujours plus grande de chr\u00e9tiens de toutes confessions formaient comme un immense r\u00e9seau enserrant la terre, comme un vaste monast\u00e8re invisible o\u00f9 tous seraient absorb\u00e9s en la pri\u00e8re du Christ pour l\u2019unit\u00e9, ne serait-ce pas l\u2019aube de l\u2019unit\u00e9 chr\u00e9tienne qui se l\u00e8verait sur le monde&nbsp;? N\u2019est-ce pas cette attitude d\u2019\u00e9mulation spirituelle sinc\u00e8re, profonde, ardente, que le P\u00e8re attend pour r\u00e9aliser l\u2019unit\u00e9 visible du corps de l\u2019\u00c9glise, pour faire tous les miracles n\u00e9cessaires pour r\u00e9unir en son \u00c9glise visible tous ceux qui l\u2019aiment et qui ont \u00e9t\u00e9 visiblement marqu\u00e9s du sceau baptismal&nbsp;?&nbsp;\u00bb<\/em><\/p>\n<\/div><\/div>\n\n\n\n<div class=\"wp-block-media-text alignwide has-media-on-the-right is-stacked-on-mobile\"><figure class=\"wp-block-media-text__media\"><img decoding=\"async\" src=\"http:\/\/chemin-neuf.fr\/wp-content\/uploads\/2020\/12\/carre-MJ-christ.jpg\" alt=\"\" class=\"wp-image-3176 size-full\"\/><\/figure><div class=\"wp-block-media-text__content\">\n<h3 class=\"wp-block-heading\">Une Mission<br><strong>\u00ab\u00a0Net for God\u00a0\u00bb<\/strong><\/h3>\n\n\n\n<p>D\u00e9coulant de cette vision, Net For God est devenu depuis 2000 un vaste r\u00e9seau mondial :<br><strong>RESEAU DE PRIERE<\/strong> pour l&rsquo;unit\u00e9 et la paix entre les pays, les cultures et les confessions chr\u00e9tiennes. Chaque jeudi soir, les membres du r\u00e9seau Net for God s&rsquo;unissent pour prier pour l&rsquo;Unit\u00e9 des Chr\u00e9tiens.<br><strong>RESEAU DE FORMATION<\/strong><br>Tous les mois, un film aborde une question d&rsquo;actualit\u00e9 sur l&rsquo;unit\u00e9 et t\u00e9moigne de l&rsquo;amour de Dieu \u00e0 l\u2019oeuvre dans le monde.<br><strong>RESEAU D&rsquo;EVANGELISATION<\/strong><br>Les membres issus de diff\u00e9rentes \u00e9glises chr\u00e9tiennes oeuvrent et t\u00e9moignent ensemble pour h\u00e2ter la venue du Royaume de Dieu sur terre.<br> <\/p>\n<\/div><\/div>\n\n\n\n<div class=\"wp-block-media-text alignwide is-stacked-on-mobile\"><figure class=\"wp-block-media-text__media\"><img decoding=\"async\" src=\"http:\/\/chemin-neuf.fr\/wp-content\/uploads\/2021\/01\/carre-equipe-nfg.jpg\" alt=\"\" class=\"wp-image-4853 size-full\"\/><\/figure><div class=\"wp-block-media-text__content\">\n<h3 class=\"wp-block-heading\">Une Equipe en<strong> Mission<\/strong><\/h3>\n\n\n\n<p>Pour tisser, faire vivre et animer ce r\u00e9seau, des fr\u00e8res et s\u0153urs de la Communaut\u00e9 prient et travaillent ensemble \u00e0 la maison ImaGO \u00e0 Villeneuve d&rsquo;Ascq (Lille). L&rsquo;\u00e9quipe Net for God est accompagn\u00e9e dans ses projets par Neuf Media, atelier de production vid\u00e9o de la Communaut\u00e9 du Chemin Neuf. Enfin la Media School permet chaque ann\u00e9e \u00e0 des jeunes de diff\u00e9rents pays et \u00c9glises de venir sur place pour se former \u00e0 \u00eatre \u00ab\u00a0missionnaires du web\u00a0\u00bb.<br>La mission Net for God est soutenue par de nombreux b\u00e9n\u00e9voles et donateurs qui lui permettent de mener \u00e0 bien ses diff\u00e9rents projets d&rsquo;\u00e9vang\u00e9lisation.<\/p>\n\n\n\n<div class=\"wp-block-buttons is-content-justification-right is-layout-flex wp-block-buttons-is-layout-flex\">\n<div class=\"wp-block-button\"><a class=\"wp-block-button__link no-border-radius\" href=\"https:\/\/www.netforgod.tv\/fr\/home\/mediaschool\" target=\"_blank\" rel=\"noreferrer noopener\">MEDIA SCHOOL<\/a><\/div>\n\n\n\n<div class=\"wp-block-button\"><a class=\"wp-block-button__link no-border-radius\" href=\"https:\/\/chemin-neuf.fr\/lieu\/maison-imago\/\" target=\"_blank\" rel=\"noreferrer noopener\">Maison ImaGO<\/a><\/div>\n\n\n\n<div class=\"wp-block-button\"><a class=\"wp-block-button__link no-border-radius\" href=\"https:\/\/www.neuf.media\/fr\/\" target=\"_blank\" rel=\"noreferrer noopener\">Neuf Media<\/a><\/div>\n<\/div>\n<\/div><\/div>\n\n\n\n<div class=\"wp-block-media-text alignwide has-media-on-the-right is-stacked-on-mobile is-image-fill\"><figure class=\"wp-block-media-text__media\" style=\"background-image:url(http:\/\/chemin-neuf.fr\/wp-content\/uploads\/2020\/12\/370x600-parole-de-Dieu.jpg);background-position:50% 50%\"><img decoding=\"async\" src=\"http:\/\/chemin-neuf.fr\/wp-content\/uploads\/2020\/12\/370x600-parole-de-Dieu.jpg\" alt=\"\" class=\"wp-image-3181 size-full\"\/><\/figure><div class=\"wp-block-media-text__content\">\n<h5 class=\"wp-block-heading\"><strong>LA PASSION DE L&rsquo;UNITE<\/strong><br>PRIEZ AVEC L&rsquo;OFFICE DE L&rsquo;UNITE DES CHRETIENS<\/h5>\n\n\n\n<p>Chaque jeudi soir, rejoignez la communaut\u00e9 et interc\u00e9dez particuli\u00e8rement pour les enjeux d&rsquo;unit\u00e9 dans le monde avec des textes sources de diff\u00e9rentes traditions chr\u00e9tiennes et divers intentions pour l&rsquo;unit\u00e9 et la r\u00e9conciliation.<\/p>\n\n\n\n<div class=\"wp-block-buttons is-content-justification-right is-layout-flex wp-block-buttons-is-layout-flex\">\n<div class=\"wp-block-button\"><a class=\"wp-block-button__link no-border-radius\" href=\"https:\/\/directs.chemin-neuf.fr\/\">Pri\u00e8re pour l&rsquo;unit\u00e9<\/a><\/div>\n\n\n\n<div class=\"wp-block-button\"><a class=\"wp-block-button__link no-border-radius\" href=\"https:\/\/chemin-neuf.fr\/monastere-invisible\/reseau-de-priere\/\" target=\"_blank\" rel=\"noreferrer noopener\">Texte de l&rsquo;office<\/a><\/div>\n<\/div>\n<\/div><\/div>\n\n\n\n<div class=\"wp-block-media-text alignwide is-stacked-on-mobile is-image-fill\"><figure class=\"wp-block-media-text__media\" style=\"background-image:url(http:\/\/chemin-neuf.fr\/wp-content\/uploads\/2020\/12\/370x600-carre-MJ-parole.jpg);background-position:50% 50%\"><img decoding=\"async\" src=\"http:\/\/chemin-neuf.fr\/wp-content\/uploads\/2020\/12\/370x600-carre-MJ-parole.jpg\" alt=\"\" class=\"wp-image-3166 size-full\"\/><\/figure><div class=\"wp-block-media-text__content\">\n<h5 class=\"wp-block-heading\"><strong>LA PASSION DE L&rsquo;UNITE<\/strong><br>FORMEZ-VOUS et VISIONNEZ UN FILM<\/h5>\n\n\n\n<p>Pour soutenir la pri\u00e8re et l&rsquo;engagement de chacun pour l&rsquo;unit\u00e9, approfondissez votre connaissance des \u00e9glises et du monde. Exemples de th\u00e8mes : CARLO ACUTIS | SICILE TERRE D&rsquo;ACCUEIL | IRENEE DE LYON | MARTYRS D&rsquo;ALGERIE | MARTIN LUTHER KING | CHURCH PLANTING | HRANT DINK | LES RUES DE L&rsquo;ESPERANCE\u2026<\/p>\n\n\n\n<div class=\"wp-block-buttons is-content-justification-right is-layout-flex wp-block-buttons-is-layout-flex\">\n<div class=\"wp-block-button\"><a class=\"wp-block-button__link no-border-radius\" href=\"https:\/\/www.youtube.com\/user\/CCNnetforgod\" target=\"_blank\" rel=\"noreferrer noopener\">Visionnez<\/a><\/div>\n<\/div>\n<\/div><\/div>\n\n\n\n<div class=\"wp-block-media-text alignwide has-media-on-the-right is-stacked-on-mobile is-image-fill\"><figure class=\"wp-block-media-text__media\" style=\"background-image:url(http:\/\/chemin-neuf.fr\/wp-content\/uploads\/2020\/12\/370x600-pri\u00e8re-des-fr\u00e8res.jpg);background-position:50% 50%\"><img decoding=\"async\" src=\"http:\/\/chemin-neuf.fr\/wp-content\/uploads\/2020\/12\/370x600-pri\u00e8re-des-fr\u00e8res.jpg\" alt=\"\" class=\"wp-image-3184 size-full\"\/><\/figure><div class=\"wp-block-media-text__content\">\n<h5 class=\"wp-block-heading\"><strong>LA PASSION DE L&rsquo;UNITE<\/strong><br>REJOIGNEZ UN &lsquo;POINT NET&rsquo;<\/h5>\n\n\n\n<p>Le r\u00e9seau NET FOR GOD est aussi compos\u00e9 de nombreux groupes \u00e0 travers le monde &#8211; plus de 700 POINTS NET &#8211; o\u00f9 des personnes se retrouvent chaque mois pour visionner notre film, partager et prier ensemble.<\/p>\n\n\n\n<div class=\"wp-block-buttons is-content-justification-right is-layout-flex wp-block-buttons-is-layout-flex\">\n<div class=\"wp-block-button\"><a class=\"wp-block-button__link no-border-radius\" href=\"https:\/\/www.netforgod.tv\/fr\/home\/le-reseau\" target=\"_blank\" rel=\"noreferrer noopener\">Rejoignez<\/a><\/div>\n<\/div>\n\n\n\n<p><\/p>\n<\/div><\/div>\n","protected":false},"excerpt":{"rendered":"<p>Unis par une m\u00eame vision,Une m\u00eame passion,Une m\u00eame mission ! La vision du\u00ab\u00a0Monast\u00e8re invisible\u00a0\u00bb Paul Couturier, pr\u00eatre fran\u00e7ais et pionnier de l\u2019 \u00ab\u0153cum\u00e9nisme spirituel\u00bb en 1944 partage sa vision :\u00ab&nbsp;Si chaque jeudi soir, comm\u00e9moraison hebdomadaire du Grand Jeudi, une multitude toujours plus grande de chr\u00e9tiens de toutes confessions formaient comme un immense r\u00e9seau enserrant la [&hellip;]<\/p>\n","protected":false},"author":1,"featured_media":1610,"parent":12,"menu_order":6,"comment_status":"closed","ping_status":"closed","template":"","meta":{"_acf_changed":false,"footnotes":""},"class_list":["post-1283","page","type-page","status-publish","has-post-thumbnail","hentry"],"acf":[],"yoast_head":"<!-- This site is optimized with the Yoast SEO plugin v27.5 - https:\/\/yoast.com\/product\/yoast-seo-wordpress\/ -->\n<title>Monast\u00e8re invisible - Chemin Neuf Belgique<\/title>\n<meta name=\"description\" content=\"Unis par une m\u00eame vision,Une m\u00eame passion,Une m\u00eame mission ! La vision du&quot;Monast\u00e8re invisible&quot; Paul Couturier, pr\u00eatre fran\u00e7ais et pionnier de l\u2019\" \/>\n<meta name=\"robots\" content=\"index, follow, max-snippet:-1, max-image-preview:large, max-video-preview:-1\" \/>\n<link rel=\"canonical\" href=\"https:\/\/www.chemin-neuf.be\/fr\/qui-sommes-nous\/monastere-invisible\/\" \/>\n<meta property=\"og:locale\" content=\"fr_FR\" \/>\n<meta property=\"og:type\" content=\"article\" \/>\n<meta property=\"og:title\" content=\"Monast\u00e8re invisible - Chemin Neuf Belgique\" \/>\n<meta property=\"og:description\" content=\"Unis par une m\u00eame vision,Une m\u00eame passion,Une m\u00eame mission ! La vision du&quot;Monast\u00e8re invisible&quot; Paul Couturier, pr\u00eatre fran\u00e7ais et pionnier de l\u2019\" \/>\n<meta property=\"og:url\" content=\"https:\/\/www.chemin-neuf.be\/fr\/qui-sommes-nous\/monastere-invisible\/\" \/>\n<meta property=\"og:site_name\" content=\"Chemin Neuf Belgique\" \/>\n<meta property=\"article:modified_time\" content=\"2021-05-08T10:02:23+00:00\" \/>\n<meta property=\"og:image\" content=\"https:\/\/www.chemin-neuf.be\/wp-content\/uploads\/2021\/04\/earth-NFG.jpg\" \/>\n\t<meta property=\"og:image:width\" content=\"1920\" \/>\n\t<meta property=\"og:image:height\" content=\"950\" \/>\n\t<meta property=\"og:image:type\" content=\"image\/jpeg\" \/>\n<meta name=\"twitter:card\" content=\"summary_large_image\" \/>\n<meta name=\"twitter:label1\" content=\"Dur\u00e9e de lecture est.\" \/>\n\t<meta name=\"twitter:data1\" content=\"4 minutes\" \/>\n<script type=\"application\/ld+json\" class=\"yoast-schema-graph\">{\"@context\":\"https:\\\/\\\/schema.org\",\"@graph\":[{\"@type\":\"WebPage\",\"@id\":\"https:\\\/\\\/www.chemin-neuf.be\\\/fr\\\/qui-sommes-nous\\\/monastere-invisible\\\/\",\"url\":\"https:\\\/\\\/www.chemin-neuf.be\\\/fr\\\/qui-sommes-nous\\\/monastere-invisible\\\/\",\"name\":\"Monast\u00e8re invisible - Chemin Neuf Belgique\",\"isPartOf\":{\"@id\":\"https:\\\/\\\/www.chemin-neuf.be\\\/fr\\\/#website\"},\"primaryImageOfPage\":{\"@id\":\"https:\\\/\\\/www.chemin-neuf.be\\\/fr\\\/qui-sommes-nous\\\/monastere-invisible\\\/#primaryimage\"},\"image\":{\"@id\":\"https:\\\/\\\/www.chemin-neuf.be\\\/fr\\\/qui-sommes-nous\\\/monastere-invisible\\\/#primaryimage\"},\"thumbnailUrl\":\"https:\\\/\\\/www.chemin-neuf.be\\\/wp-content\\\/uploads\\\/2021\\\/04\\\/earth-NFG.jpg\",\"datePublished\":\"2021-03-25T14:56:36+00:00\",\"dateModified\":\"2021-05-08T10:02:23+00:00\",\"description\":\"Unis par une m\u00eame vision,Une m\u00eame passion,Une m\u00eame mission ! La vision du\\\"Monast\u00e8re invisible\\\" Paul Couturier, pr\u00eatre fran\u00e7ais et pionnier de l\u2019\",\"breadcrumb\":{\"@id\":\"https:\\\/\\\/www.chemin-neuf.be\\\/fr\\\/qui-sommes-nous\\\/monastere-invisible\\\/#breadcrumb\"},\"inLanguage\":\"fr-BE\",\"potentialAction\":[{\"@type\":\"ReadAction\",\"target\":[\"https:\\\/\\\/www.chemin-neuf.be\\\/fr\\\/qui-sommes-nous\\\/monastere-invisible\\\/\"]}]},{\"@type\":\"ImageObject\",\"inLanguage\":\"fr-BE\",\"@id\":\"https:\\\/\\\/www.chemin-neuf.be\\\/fr\\\/qui-sommes-nous\\\/monastere-invisible\\\/#primaryimage\",\"url\":\"https:\\\/\\\/www.chemin-neuf.be\\\/wp-content\\\/uploads\\\/2021\\\/04\\\/earth-NFG.jpg\",\"contentUrl\":\"https:\\\/\\\/www.chemin-neuf.be\\\/wp-content\\\/uploads\\\/2021\\\/04\\\/earth-NFG.jpg\",\"width\":1920,\"height\":950},{\"@type\":\"BreadcrumbList\",\"@id\":\"https:\\\/\\\/www.chemin-neuf.be\\\/fr\\\/qui-sommes-nous\\\/monastere-invisible\\\/#breadcrumb\",\"itemListElement\":[{\"@type\":\"ListItem\",\"position\":1,\"name\":\"Home\",\"item\":\"https:\\\/\\\/www.chemin-neuf.be\\\/fr\\\/\"},{\"@type\":\"ListItem\",\"position\":2,\"name\":\"Priv\u00e9\u00a0: QUI SOMMES NOUS ?\",\"item\":\"https:\\\/\\\/www.chemin-neuf.be\\\/fr\\\/qui-sommes-nous\\\/\"},{\"@type\":\"ListItem\",\"position\":3,\"name\":\"Monast\u00e8re invisible\"}]},{\"@type\":\"WebSite\",\"@id\":\"https:\\\/\\\/www.chemin-neuf.be\\\/fr\\\/#website\",\"url\":\"https:\\\/\\\/www.chemin-neuf.be\\\/fr\\\/\",\"name\":\"Chemin Neuf Belgique\",\"description\":\"Communaut\u00e9 du Chemin Neuf en Belgique\",\"potentialAction\":[{\"@type\":\"SearchAction\",\"target\":{\"@type\":\"EntryPoint\",\"urlTemplate\":\"https:\\\/\\\/www.chemin-neuf.be\\\/fr\\\/?s={search_term_string}\"},\"query-input\":{\"@type\":\"PropertyValueSpecification\",\"valueRequired\":true,\"valueName\":\"search_term_string\"}}],\"inLanguage\":\"fr-BE\"}]}<\/script>\n<!-- \/ Yoast SEO plugin. -->","yoast_head_json":{"title":"Monast\u00e8re invisible - Chemin Neuf Belgique","description":"Unis par une m\u00eame vision,Une m\u00eame passion,Une m\u00eame mission ! La vision du\"Monast\u00e8re invisible\" Paul Couturier, pr\u00eatre fran\u00e7ais et pionnier de l\u2019","robots":{"index":"index","follow":"follow","max-snippet":"max-snippet:-1","max-image-preview":"max-image-preview:large","max-video-preview":"max-video-preview:-1"},"canonical":"https:\/\/www.chemin-neuf.be\/fr\/qui-sommes-nous\/monastere-invisible\/","og_locale":"fr_FR","og_type":"article","og_title":"Monast\u00e8re invisible - Chemin Neuf Belgique","og_description":"Unis par une m\u00eame vision,Une m\u00eame passion,Une m\u00eame mission ! La vision du\"Monast\u00e8re invisible\" Paul Couturier, pr\u00eatre fran\u00e7ais et pionnier de l\u2019","og_url":"https:\/\/www.chemin-neuf.be\/fr\/qui-sommes-nous\/monastere-invisible\/","og_site_name":"Chemin Neuf Belgique","article_modified_time":"2021-05-08T10:02:23+00:00","og_image":[{"width":1920,"height":950,"url":"https:\/\/www.chemin-neuf.be\/wp-content\/uploads\/2021\/04\/earth-NFG.jpg","type":"image\/jpeg"}],"twitter_card":"summary_large_image","twitter_misc":{"Dur\u00e9e de lecture est.":"4 minutes"},"schema":{"@context":"https:\/\/schema.org","@graph":[{"@type":"WebPage","@id":"https:\/\/www.chemin-neuf.be\/fr\/qui-sommes-nous\/monastere-invisible\/","url":"https:\/\/www.chemin-neuf.be\/fr\/qui-sommes-nous\/monastere-invisible\/","name":"Monast\u00e8re invisible - Chemin Neuf Belgique","isPartOf":{"@id":"https:\/\/www.chemin-neuf.be\/fr\/#website"},"primaryImageOfPage":{"@id":"https:\/\/www.chemin-neuf.be\/fr\/qui-sommes-nous\/monastere-invisible\/#primaryimage"},"image":{"@id":"https:\/\/www.chemin-neuf.be\/fr\/qui-sommes-nous\/monastere-invisible\/#primaryimage"},"thumbnailUrl":"https:\/\/www.chemin-neuf.be\/wp-content\/uploads\/2021\/04\/earth-NFG.jpg","datePublished":"2021-03-25T14:56:36+00:00","dateModified":"2021-05-08T10:02:23+00:00","description":"Unis par une m\u00eame vision,Une m\u00eame passion,Une m\u00eame mission ! La vision du\"Monast\u00e8re invisible\" Paul Couturier, pr\u00eatre fran\u00e7ais et pionnier de l\u2019","breadcrumb":{"@id":"https:\/\/www.chemin-neuf.be\/fr\/qui-sommes-nous\/monastere-invisible\/#breadcrumb"},"inLanguage":"fr-BE","potentialAction":[{"@type":"ReadAction","target":["https:\/\/www.chemin-neuf.be\/fr\/qui-sommes-nous\/monastere-invisible\/"]}]},{"@type":"ImageObject","inLanguage":"fr-BE","@id":"https:\/\/www.chemin-neuf.be\/fr\/qui-sommes-nous\/monastere-invisible\/#primaryimage","url":"https:\/\/www.chemin-neuf.be\/wp-content\/uploads\/2021\/04\/earth-NFG.jpg","contentUrl":"https:\/\/www.chemin-neuf.be\/wp-content\/uploads\/2021\/04\/earth-NFG.jpg","width":1920,"height":950},{"@type":"BreadcrumbList","@id":"https:\/\/www.chemin-neuf.be\/fr\/qui-sommes-nous\/monastere-invisible\/#breadcrumb","itemListElement":[{"@type":"ListItem","position":1,"name":"Home","item":"https:\/\/www.chemin-neuf.be\/fr\/"},{"@type":"ListItem","position":2,"name":"Priv\u00e9\u00a0: QUI SOMMES NOUS ?","item":"https:\/\/www.chemin-neuf.be\/fr\/qui-sommes-nous\/"},{"@type":"ListItem","position":3,"name":"Monast\u00e8re invisible"}]},{"@type":"WebSite","@id":"https:\/\/www.chemin-neuf.be\/fr\/#website","url":"https:\/\/www.chemin-neuf.be\/fr\/","name":"Chemin Neuf Belgique","description":"Communaut\u00e9 du Chemin Neuf en Belgique","potentialAction":[{"@type":"SearchAction","target":{"@type":"EntryPoint","urlTemplate":"https:\/\/www.chemin-neuf.be\/fr\/?s={search_term_string}"},"query-input":{"@type":"PropertyValueSpecification","valueRequired":true,"valueName":"search_term_string"}}],"inLanguage":"fr-BE"}]}},"_links":{"self":[{"href":"https:\/\/www.chemin-neuf.be\/fr\/wp-json\/wp\/v2\/pages\/1283","targetHints":{"allow":["GET"]}}],"collection":[{"href":"https:\/\/www.chemin-neuf.be\/fr\/wp-json\/wp\/v2\/pages"}],"about":[{"href":"https:\/\/www.chemin-neuf.be\/fr\/wp-json\/wp\/v2\/types\/page"}],"author":[{"embeddable":true,"href":"https:\/\/www.chemin-neuf.be\/fr\/wp-json\/wp\/v2\/users\/1"}],"replies":[{"embeddable":true,"href":"https:\/\/www.chemin-neuf.be\/fr\/wp-json\/wp\/v2\/comments?post=1283"}],"version-history":[{"count":6,"href":"https:\/\/www.chemin-neuf.be\/fr\/wp-json\/wp\/v2\/pages\/1283\/revisions"}],"predecessor-version":[{"id":2885,"href":"https:\/\/www.chemin-neuf.be\/fr\/wp-json\/wp\/v2\/pages\/1283\/revisions\/2885"}],"up":[{"embeddable":true,"href":"https:\/\/www.chemin-neuf.be\/fr\/wp-json\/wp\/v2\/pages\/12"}],"wp:featuredmedia":[{"embeddable":true,"href":"https:\/\/www.chemin-neuf.be\/fr\/wp-json\/wp\/v2\/media\/1610"}],"wp:attachment":[{"href":"https:\/\/www.chemin-neuf.be\/fr\/wp-json\/wp\/v2\/media?parent=1283"}],"curies":[{"name":"wp","href":"https:\/\/api.w.org\/{rel}","templated":true}]}}